{"id":11234,"date":"2020-03-23T18:06:54","date_gmt":"2020-03-23T18:06:54","guid":{"rendered":"https:\/\/wlwp.it\/essenzediluce\/i-sistemi-illuminanti-essenze-di-luce\/menhir-minimal\/"},"modified":"2026-03-05T16:54:16","modified_gmt":"2026-03-05T15:54:16","slug":"menhir-minimal","status":"publish","type":"page","link":"https:\/\/essenzediluce.com\/de\/i-sistemi-illuminanti-essenze-di-luce\/menhir-minimal\/","title":{"rendered":"Menhir Minimal"},"content":{"rendered":"<div class=\"wpb-content-wrapper\">[vc_row][vc_column]\n\t\t\t<!-- START MenhirMinimal_DE_2020 REVOLUTION SLIDER 6.6.16 --><p class=\"rs-p-wp-fix\"><\/p>\n\t\t\t<rs-module-wrap id=\"rev_slider_46_1_wrapper\" data-source=\"gallery\" style=\"visibility:hidden;background:transparent;padding:0;margin:0px auto;margin-top:0;margin-bottom:0;\">\n\t\t\t\t<rs-module id=\"rev_slider_46_1\" style=\"\" data-version=\"6.6.16\">\n\t\t\t\t\t<rs-slides style=\"overflow: hidden; position: absolute;\">\n\t\t\t\t\t\t<rs-slide style=\"position: absolute;\" data-key=\"rs-113\" data-title=\"Slide\" data-in=\"o:0;\" data-out=\"a:false;\">\n\t\t\t\t\t\t\t<img decoding=\"async\" src=\"\/\/essenzediluce.com\/wp-content\/plugins\/revslider\/public\/assets\/assets\/dummy.png\" alt=\"\" title=\"EL-WebSite-Menhir Minimal\" width=\"2000\" height=\"900\" class=\"rev-slidebg tp-rs-img rs-lazyload\" data-lazyload=\"\/\/essenzediluce.com\/wp-content\/uploads\/2023\/06\/EL-WebSite-Menhir-Minimal-2.jpg\" data-no-retina>\n<!--\n\t\t\t\t\t\t\t--><rs-layer\n\t\t\t\t\t\t\t\tid=\"slider-46-slide-113-layer-1\" \n\t\t\t\t\t\t\t\tclass=\"ht\"\n\t\t\t\t\t\t\t\tdata-type=\"text\"\n\t\t\t\t\t\t\t\tdata-rsp_ch=\"on\"\n\t\t\t\t\t\t\t\tdata-xy=\"xo:40px,63px,75px,52px;yo:98px,56px,53px,46px;\"\n\t\t\t\t\t\t\t\tdata-text=\"w:normal;s:70,57,60,45;l:90,74,70,50;fw:300,300,300,100;a:left,left,center,center;\"\n\t\t\t\t\t\t\t\tdata-dim=\"w:auto,auto,316px,226px;\"\n\t\t\t\t\t\t\t\tdata-frame_0=\"sX:0.9;sY:0.9;\"\n\t\t\t\t\t\t\t\tdata-frame_1=\"st:500;sp:1000;\"\n\t\t\t\t\t\t\t\tdata-frame_999=\"o:0;st:w;sR:5500;\"\n\t\t\t\t\t\t\t\tstyle=\"z-index:9;font-family:'Roboto';\"\n\t\t\t\t\t\t\t>MENHIR MINIMAL \n\t\t\t\t\t\t\t<\/rs-layer><!--\n\n\t\t\t\t\t\t\t--><rs-layer\n\t\t\t\t\t\t\t\tid=\"slider-46-slide-113-layer-2\" \n\t\t\t\t\t\t\t\tclass=\"ht\"\n\t\t\t\t\t\t\t\tdata-type=\"text\"\n\t\t\t\t\t\t\t\tdata-rsp_ch=\"on\"\n\t\t\t\t\t\t\t\tdata-xy=\"xo:46px,68px,38px,51px;yo:191px,151px,229px,186px;\"\n\t\t\t\t\t\t\t\tdata-text=\"w:normal;s:45,37,40,35;l:60,49,45,40;fw:300;a:left,left,center,center;\"\n\t\t\t\t\t\t\t\tdata-dim=\"w:auto,470px,357px,220px;h:auto,119px,90px,121px;\"\n\t\t\t\t\t\t\t\tdata-frame_0=\"sX:0.9;sY:0.9;\"\n\t\t\t\t\t\t\t\tdata-frame_1=\"st:1000;sp:1000;\"\n\t\t\t\t\t\t\t\tdata-frame_999=\"o:0;st:w;sR:5000;\"\n\t\t\t\t\t\t\t\tstyle=\"z-index:8;font-family:'Roboto';\"\n\t\t\t\t\t\t\t>Wesentlichkeit der Form \n\t\t\t\t\t\t\t<\/rs-layer><!--\n-->\t\t\t\t\t\t<\/rs-slide>\n\t\t\t\t\t<\/rs-slides>\n\t\t\t\t\t<rs-static-layers class=\"rs-stl-visible\"><!--\n\t\t\t\t\t--><\/rs-static-layers>\n\t\t\t\t<\/rs-module>\n\t\t\t\t<script>\n\t\t\t\t\tsetREVStartSize({c: 'rev_slider_46_1',rl:[1920,1024,778,480],el:[868,768,960,720],gw:[1240,1024,778,480],gh:[868,768,960,720],type:'standard',justify:'',layout:'fullwidth',mh:\"0\"});if (window.RS_MODULES!==undefined && window.RS_MODULES.modules!==undefined && window.RS_MODULES.modules[\"revslider461\"]!==undefined) {window.RS_MODULES.modules[\"revslider461\"].once = false;window.revapi46 = undefined;if (window.RS_MODULES.checkMinimal!==undefined) window.RS_MODULES.checkMinimal()}\n\t\t\t\t<\/script>\n\t\t\t<\/rs-module-wrap>\n\t\t\t<!-- END REVOLUTION SLIDER -->\n[\/vc_column][\/vc_row][vc_row][vc_column][vc_empty_space height=&#8221;72&#8243;][vc_column_text css_animation=&#8221;fadeIn&#8221;]\r\n<h1 style=\"text-align: center;\">BELEUCHTUNG IN ZEITGEN\u00d6SSISCHEN UMGEBUNGEN<\/h1>\r\nMenhir Minimal ist eine <strong>quadratische oder kugelf\u00f6rmige Stehleuchte aus Naturstein<\/strong>. Die feine Textur charakterisiert die <strong>einfachen, linearen, wesentlichen Geometrien mit eleganten Details<\/strong>, die handgefertigt wurden, um der Form unter vollst\u00e4ndiger Ber\u00fccksichtigung der Integrationsidee Identit\u00e4t zu verleihen. LED-Beleuchtung und die omnidirektionale Streuung des Lichtstrahls eignen sich ideal zum Einf\u00fcgen als technisches oder emotionales Licht in G\u00e4rten, Wohngeb\u00e4uden, Hotels, Alleen, \u00f6ffentlichen Gr\u00fcnfl\u00e4chen sowie als Stadtm\u00f6bel auf Pl\u00e4tzen. Das Monolithprodukt erm\u00f6glicht gleichzeitig eine Sitzfunktion, w\u00e4hrend die Struktur und das Gewicht der Lampe eine Garantie gegen Vandalismus bieten, wenn sie in \u00f6ffentlichen Umgebungen aufgestellt wird.[\/vc_column_text][vc_empty_space height=&#8221;50&#8243;][\/vc_column][\/vc_row][vc_row][vc_column width=&#8221;1\/4&#8243;][vc_single_image image=&#8221;12512&#8243; img_size=&#8221;full&#8221; alignment=&#8221;center&#8221; onclick=&#8221;zoom&#8221; css_animation=&#8221;fadeIn&#8221;][\/vc_column][vc_column width=&#8221;3\/4&#8243;][vc_custom_heading text=&#8221;MENHIR MINIMAL&#8221;][vc_column_text]<strong>Quadratische, polierte Gartenlampe f\u00fcr den Au\u00dfenbereich<\/strong>. Es verf\u00fcgt \u00fcber drei Lichtquellen in der horizontalen Ebene mit konstanter Lichtabstrahlung. Dieser Lampentyp ist ideal, wenn eine h\u00f6here Lichtintensit\u00e4t erforderlich ist.\r\n\r\nAbmessungen: <strong>30 x 30 x 60 cm<\/strong>\r\nGewicht: <strong>130 &#8211; 160 kg<\/strong>[\/vc_column_text][\/vc_column][\/vc_row][vc_row][vc_column width=&#8221;1\/4&#8243;][vc_single_image image=&#8221;12516&#8243; img_size=&#8221;FULL&#8221; alignment=&#8221;center&#8221; onclick=&#8221;zoom&#8221; css_animation=&#8221;fadeIn&#8221;][\/vc_column][vc_column width=&#8221;3\/4&#8243;][vc_custom_heading text=&#8221;MENHIR SPHERA&#8221;][vc_column_text]<strong>Glatte, kugelf\u00f6rmige, verstellbare Au\u00dfenleuchte <\/strong>mit einem zentralen Lichtteil mit konstantem Lichtaustritt, die gedreht werden kann, um das Licht in den umgebenden Raum zu lenken, z. B. um Fu\u00dfg\u00e4ngerzonen zu beleuchten und abzugrenzen, und die auch als Sitzgelegenheit auf belebten Pl\u00e4tzen dienen kann.\r\n\r\nAbmessungen: <strong>durchmesser 35 cm<\/strong>\r\nGewicht: <strong>50 &#8211; 70 kg<\/strong>[\/vc_column_text][\/vc_column][\/vc_row][vc_row full_width=&#8221;stretch_row_content_no_spaces&#8221;][vc_column css=&#8221;.vc_custom_1588220236962{padding-top: 0px !important;}&#8221;][vc_empty_space]\n\t\t\t<!-- START Making of Menhir Minimal REVOLUTION SLIDER 6.6.16 --><p class=\"rs-p-wp-fix\"><\/p>\n\t\t\t<rs-module-wrap id=\"rev_slider_150_2_wrapper\" data-source=\"gallery\" style=\"visibility:hidden;background:transparent;padding:0;margin:0px auto;margin-top:0;margin-bottom:0;\">\n\t\t\t\t<rs-module id=\"rev_slider_150_2\" style=\"\" data-version=\"6.6.16\">\n\t\t\t\t\t<rs-slides style=\"overflow: hidden; position: absolute;\">\n\t\t\t\t\t\t<rs-slide style=\"position: absolute;\" data-key=\"rs-242\" data-title=\"Slide\" data-in=\"o:0;\" data-out=\"a:false;\">\n\t\t\t\t\t\t\t<img decoding=\"async\" src=\"\/\/essenzediluce.com\/wp-content\/plugins\/revslider\/public\/assets\/assets\/dummy.png\" alt=\"Slide\" title=\"Menhir Minimal\" class=\"rev-slidebg tp-rs-img rs-lazyload\" data-lazyload=\"\/\/essenzediluce.com\/wp-content\/plugins\/revslider\/public\/assets\/assets\/transparent.png\" data-no-retina>\n<!--\n\t\t\t\t\t\t\t--><rs-layer\n\t\t\t\t\t\t\t\tid=\"slider-150-slide-242-layer-4\" \n\t\t\t\t\t\t\t\tclass=\"rs-layer-video intrinsic-ignore\"\n\t\t\t\t\t\t\t\tdata-type=\"video\"\n\t\t\t\t\t\t\t\tdata-rsp_ch=\"on\"\n\t\t\t\t\t\t\t\tdata-xy=\"x:c;\"\n\t\t\t\t\t\t\t\tdata-text=\"w:normal;\"\n\t\t\t\t\t\t\t\tdata-dim=\"w:100%;h:100%;\"\n\t\t\t\t\t\t\t\tdata-actions='o:click;a:jumptoslide;slide:previous;'\n\t\t\t\t\t\t\t\tdata-basealign=\"slide\"\n\t\t\t\t\t\t\t\tdata-video=\"vfc:true;twa:false;vd:100;l:true;ptimer:false;nse:f;\"\n\t\t\t\t\t\t\t\tdata-poster=\"\/\/essenzediluce.com\/wp-content\/uploads\/revslider\/video-media\/Video-Minimal-Making-of_242_layer.jpeg\"\n\t\t\t\t\t\t\t\tdata-mp4=\"\/\/essenzediluce.com\/wp-content\/uploads\/2024\/06\/Video-Minimal-Making-of.mp4\"\n\t\t\t\t\t\t\t\tdata-frame_999=\"o:0;st:w;\"\n\t\t\t\t\t\t\t\tstyle=\"z-index:6;\"\n\t\t\t\t\t\t\t>\n\t\t\t\t\t\t\t<\/rs-layer><!--\n-->\t\t\t\t\t\t<\/rs-slide>\n\t\t\t\t\t<\/rs-slides>\n\t\t\t\t<\/rs-module>\n\t\t\t\t<script>\n\t\t\t\t\tsetREVStartSize({c: 'rev_slider_150_2',rl:[1920,1024,778,480],el:[900],gw:[1240],gh:[900],type:'standard',justify:'',layout:'fullwidth',mh:\"0\"});if (window.RS_MODULES!==undefined && window.RS_MODULES.modules!==undefined && window.RS_MODULES.modules[\"revslider1502\"]!==undefined) {window.RS_MODULES.modules[\"revslider1502\"].once = false;window.revapi150 = undefined;if (window.RS_MODULES.checkMinimal!==undefined) window.RS_MODULES.checkMinimal()}\n\t\t\t\t<\/script>\n\t\t\t<\/rs-module-wrap>\n\t\t\t<!-- END REVOLUTION SLIDER -->\n[\/vc_column][\/vc_row][vc_row full_width=&#8221;stretch_row&#8221; gap=&#8221;25&#8243; equal_height=&#8221;yes&#8221; content_placement=&#8221;middle&#8221; css=&#8221;.vc_custom_1588220028361{padding-top: 40px !important;background-color: #f2f2f2 !important;}&#8221;][vc_column width=&#8221;1\/3&#8243;][vc_column_text css=&#8221;.vc_custom_1663058100702{padding-top: 50px !important;}&#8221;]\r\n<h4>NAT\u00dcRLICHE TEXTUREN<\/h4>\r\n<h3><strong>EDLE MATERIALIEN<\/strong><\/h3>\r\nRaffinierte Marmore und Travertine bewahren eine zeitlose Sch\u00f6nheit und richten die exklusivsten R\u00e4ume ein, indem sie helle T\u00f6ne mit zarten Nuancen kontrastieren. Ein Design, das sich perfekt in die <strong>modernsten Umgebungen einf\u00fcgt<\/strong>.\r\n\r\n<span style=\"color: #525252;\">\u00a0<\/span>[\/vc_column_text][\/vc_column][vc_column width=&#8221;2\/3&#8243; css=&#8221;.vc_custom_1585905128595{border-left-width: 0px !important;padding-left: 0px !important;background-position: center !important;background-repeat: no-repeat !important;background-size: cover !important;}&#8221;][vc_single_image image=&#8221;9968&#8243; img_size=&#8221;full&#8221; alignment=&#8221;center&#8221; onclick=&#8221;zoom&#8221; css_animation=&#8221;fadeIn&#8221;][\/vc_column][\/vc_row][vc_row full_width=&#8221;stretch_row&#8221; gap=&#8221;25&#8243; equal_height=&#8221;yes&#8221; content_placement=&#8221;middle&#8221; css=&#8221;.vc_custom_1588219746481{background-color: #f2f2f2 !important;}&#8221;][vc_column width=&#8221;2\/3&#8243; css=&#8221;.vc_custom_1585905128595{border-left-width: 0px !important;padding-left: 0px !important;background-position: center !important;background-repeat: no-repeat !important;background-size: cover !important;}&#8221;][vc_single_image image=&#8221;11241&#8243; img_size=&#8221;full&#8221; alignment=&#8221;center&#8221; onclick=&#8221;zoom&#8221; css_animation=&#8221;fadeIn&#8221;][\/vc_column][vc_column width=&#8221;1\/3&#8243;][vc_column_text css_animation=&#8221;fadeIn&#8221; css=&#8221;.vc_custom_1663058176185{padding-top: 50px !important;}&#8221;]\r\n<h4>POSITIONIERUNG<\/h4>\r\n<h3><strong>\u00d6FFENTLICHE R\u00c4UME<\/strong><\/h3>\r\nMenhirs bietet unz\u00e4hlige L\u00f6sungen f\u00fcr die Beleuchtung moderner \u00f6ffentlicher Orte, an denen eine besondere Widerstandsf\u00e4higkeit erforderlich ist. Dank der besonderen Struktur der Leuchte und des Gewichts des Steins k\u00f6nnen Minimal und Sphera ohne Angst vor Vandalismus als Sitzgelegenheit dienen.[\/vc_column_text][\/vc_column][\/vc_row][vc_row full_width=&#8221;stretch_row_content&#8221;][vc_column css=&#8221;.vc_custom_1588219932201{padding-top: 0px !important;padding-right: 0px !important;padding-left: 0px !important;}&#8221;][vc_single_image image=&#8221;12472&#8243; img_size=&#8221;full&#8221; alignment=&#8221;center&#8221; onclick=&#8221;zoom&#8221; css_animation=&#8221;fadeIn&#8221; css=&#8221;.vc_custom_1654512871196{margin-bottom: 0px !important;}&#8221;][\/vc_column][\/vc_row][vc_row][vc_column][vc_empty_space height=&#8221;60px&#8221;][vc_column_text css_animation=&#8221;fadeIn&#8221; css=&#8221;.vc_custom_1713176792477{margin-bottom: 0px !important;padding-top: 0px !important;padding-bottom: 0px !important;}&#8221;]\r\n<h2 style=\"text-align: center;\">TECHNISCHE DATEN<\/h2>\r\n[\/vc_column_text][\/vc_column][\/vc_row][vc_row][vc_column width=&#8221;1\/4&#8243; css=&#8221;.vc_custom_1587725344904{background-color: #ffffff !important;}&#8221;][\/vc_column][vc_column width=&#8221;1\/4&#8243; css=&#8221;.vc_custom_1587725355321{background-color: #ffffff !important;}&#8221;][vc_single_image image=&#8221;9676&#8243; img_size=&#8221;250X250&#8243; alignment=&#8221;center&#8221; onclick=&#8221;custom_link&#8221; img_link_target=&#8221;_blank&#8221; css=&#8221;&#8221; link=&#8221;https:\/\/essenzediluce.com\/wp-content\/uploads\/2026\/03\/EL-Datasheet-Atmosphere-Menhir-Minimal-MINIMAL_v.4.pdf&#8221;][vc_column_text css=&#8221;.vc_custom_1772725943036{margin-bottom: 0px !important;padding-bottom: 0px !important;}&#8221;]\r\n<h4 style=\"text-align: center; padding-top: 0; margin-top: 0; padding-bottom: 0; margin-bottom: 0;\"><i class=\"fa fa-download\" aria-hidden=\"true\"><\/i> <a class=\"ht\" href=\"https:\/\/essenzediluce.com\/wp-content\/uploads\/2026\/03\/EL-Datasheet-Atmosphere-Menhir-Minimal-MINIMAL_v.4.pdf\" target=\"_blank\" rel=\"noopener noreferrer\"><strong><u>MINIMAL<\/u><\/strong><\/a><\/h4>\r\n<p style=\"text-align: center;\">Drei horizontale Leuchtabschnitte, quadratische Form<\/p>\r\n[\/vc_column_text][\/vc_column][vc_column width=&#8221;1\/4&#8243; css=&#8221;.vc_custom_1587725364185{background-color: #ffffff !important;}&#8221;][vc_single_image image=&#8221;9684&#8243; img_size=&#8221;250X250&#8243; alignment=&#8221;center&#8221; onclick=&#8221;custom_link&#8221; img_link_target=&#8221;_blank&#8221; css=&#8221;&#8221; link=&#8221;https:\/\/essenzediluce.com\/wp-content\/uploads\/2026\/03\/EL-Datasheet-Atmosphere-Menhir-Minimal-SPHERA_v.4.pdf&#8221;][vc_column_text css=&#8221;.vc_custom_1772725921443{margin-bottom: 0px !important;padding-bottom: 0px !important;}&#8221;]\r\n<h4 style=\"text-align: center; padding-top: 0; margin-top: 0; padding-bottom: 0; margin-bottom: 0;\"><i class=\"fa fa-download\" aria-hidden=\"true\"><\/i> <a class=\"ht\" href=\"https:\/\/essenzediluce.com\/wp-content\/uploads\/2026\/03\/EL-Datasheet-Atmosphere-Menhir-Minimal-SPHERA_v.4.pdf\" target=\"_blank\" rel=\"noopener noreferrer\"><strong><u>SPHERA<\/u><\/strong><\/a><\/h4>\r\n<p style=\"text-align: center;\">Ein einstellbarer Leuchtabschnitt, sph\u00e4rische Form<\/p>\r\n[\/vc_column_text][\/vc_column][vc_column width=&#8221;1\/4&#8243; css=&#8221;.vc_custom_1587725371428{background-color: #ffffff !important;}&#8221;][\/vc_column][\/vc_row][vc_row full_width=&#8221;stretch_row&#8221; css=&#8221;.vc_custom_1750243706945{background-color: #F2F2F2 !important;}&#8221;][vc_column][vc_empty_space height=&#8221;32&#8243;][vc_column_text css=&#8221;&#8221;]\r\n<h2 style=\"padding: 0.8em 0px 0.5em; text-align: center;\">PLUG &amp; PLAY-SYSTEM<\/h2>\r\n<p style=\"text-align: center;\">Dank der Kompatibilit\u00e4t von Menhir Minimal mit dem neuen <strong data-start=\"174\" data-end=\"189\">Plug &amp; Play-System<\/strong> ist die Installation dieses Produkts noch schneller, intuitiver und f\u00fcr jeden erschwinglich.<\/p>\r\n<p style=\"text-align: center;\"><strong>\u2192<\/strong> <a href=\"https:\/\/essenzediluce.com\/de\/plug-play\/\" target=\"_blank\" rel=\"noopener\"><strong><u>PLUG &amp; PLAY MEHR ENTDECKEN<\/u><\/strong><\/a><\/p>\r\n[\/vc_column_text][vc_empty_space][\/vc_column][\/vc_row][vc_row][vc_column][vc_column_text]\r\n<h2 style=\"text-align: center;\">VERF\u00dcGBARE TEXTUREN F\u00dcR DIESES PRODUKT ENTDECKEN<\/h2>\r\n[\/vc_column_text][\/vc_column][\/vc_row][vc_row][vc_column width=&#8221;1\/3&#8243;][vc_single_image image=&#8221;12235&#8243; img_size=&#8221;250&#215;250&#8243; alignment=&#8221;center&#8221; css_animation=&#8221;fadeIn&#8221;][vc_column_text css_animation=&#8221;fadeIn&#8221;]\r\n<h6 style=\"text-align: center; padding-top: 0; margin-top: 0; padding-bottom: 0; margin-bottom: 0;\">Standard-Textur<\/h6>\r\n<h4 style=\"text-align: center; padding-top: 0; margin-top: 0; padding-bottom: 0; margin-bottom: 0;\"><strong>TRAVERTIN\r\nIVORY<\/strong><\/h4>\r\n[\/vc_column_text][vc_column_text css_animation=&#8221;fadeIn&#8221;]\r\n<p style=\"text-align: center;\">Travertin ist ein chemischer Kalkstein, der in Latium gewonnen wird. Er zeichnet sich durch eine beige F\u00e4rbung und seine por\u00f6se Struktur aus.<\/p>\r\n[\/vc_column_text][\/vc_column][vc_column width=&#8221;1\/3&#8243;][vc_single_image image=&#8221;21540&#8243; img_size=&#8221;250&#215;250&#8243; alignment=&#8221;center&#8221; css_animation=&#8221;fadeIn&#8221; css=&#8221;&#8221;][vc_column_text css_animation=&#8221;fadeIn&#8221;]\r\n<h6 style=\"text-align: center; padding-top: 0; margin-top: 0; padding-bottom: 0; margin-bottom: 0;\">Standard-Textur<\/h6>\r\n<h4 style=\"text-align: center; padding-top: 0; margin-top: 0; padding-bottom: 0; margin-bottom: 0;\"><strong>MARMOR\r\n<span style=\"letter-spacing: -1px;\">ITALIAN FLOWERY GREY<\/span><\/strong><\/h4>\r\n[\/vc_column_text][vc_column_text]\r\n<p style=\"text-align: center;\">Italian Flowery Grey ist ein italienischer Marmor, der in Friaul-Julisch-Venetien gewonnen wird und sich durch helle T\u00f6ne von wei\u00df bis hellgrau, mit elfenbeinfarbenen, grauen und rosafarbenen Adern auszeichnet.<\/p>\r\n[\/vc_column_text][\/vc_column][vc_column width=&#8221;1\/3&#8243;][vc_single_image image=&#8221;21174&#8243; img_size=&#8221;250&#215;250&#8243; alignment=&#8221;center&#8221; css_animation=&#8221;fadeIn&#8221; css=&#8221;&#8221;][vc_column_text css_animation=&#8221;fadeIn&#8221; css=&#8221;&#8221;]\r\n<h6 style=\"text-align: center; padding-top: 0; margin-top: 0; padding-bottom: 0; margin-bottom: 0;\">Standard-Textur<\/h6>\r\n<h4 style=\"text-align: center; padding-top: 0; margin-top: 0; padding-bottom: 0; margin-bottom: 0;\"><strong>MARMOR\r\nBIANCO DI CARRARA<\/strong><\/h4>\r\n[\/vc_column_text][vc_column_text css=&#8221;&#8221;]\r\n<p style=\"text-align: center;\">Er hat eine dunkelwei\u00dfe Grundfarbe mit gr\u00e4ulichen Adern, die manchmal ins Schwarze \u00fcbergehen. Dank seiner mittelfeinen Maserung hat er eine glatte Oberfl\u00e4che ohne Hohlr\u00e4ume, die sich hervorragend f\u00fcr polierte Arbeiten eignet.<\/p>\r\n[\/vc_column_text][\/vc_column][\/vc_row][vc_row][vc_column][vc_empty_space height=&#8221;60&#8243;][vc_column_text]\r\n<h3 style=\"text-align: center;\">KONTAKTIEREN SIE UNS F\u00dcR WEITERE INFORMATIONEN \u00dcBER MENHIR MINIMAL<\/h3>\r\n[\/vc_column_text]\n<div class=\"wpcf7 no-js\" id=\"wpcf7-f20909-o1\" lang=\"de-DE\" dir=\"ltr\" data-wpcf7-id=\"20909\">\n<div class=\"screen-reader-response\"><p role=\"status\" aria-live=\"polite\" aria-atomic=\"true\"><\/p> <ul><\/ul><\/div>\n<form action=\"\/de\/wp-json\/wp\/v2\/pages\/11234#wpcf7-f20909-o1\" method=\"post\" class=\"wpcf7-form init\" aria-label=\"Kontaktformular\" novalidate=\"novalidate\" data-status=\"init\">\n<div style=\"display: none;\">\n<input type=\"hidden\" name=\"_wpcf7\" value=\"20909\" \/>\n<input type=\"hidden\" name=\"_wpcf7_version\" value=\"6.0.6\" \/>\n<input type=\"hidden\" name=\"_wpcf7_locale\" value=\"de_DE\" \/>\n<input type=\"hidden\" name=\"_wpcf7_unit_tag\" value=\"wpcf7-f20909-o1\" \/>\n<input type=\"hidden\" name=\"_wpcf7_container_post\" value=\"0\" \/>\n<input type=\"hidden\" name=\"_wpcf7_posted_data_hash\" value=\"\" \/>\n<\/div>\n<div class=\"two-column\">\n\t<div class=\"left\">\n\t\t<p><span class=\"wpcf7-form-control-wrap\" data-name=\"your-name\"><input size=\"40\" maxlength=\"400\" class=\"wpcf7-form-control wpcf7-text wpcf7-validates-as-required\" aria-required=\"true\" aria-invalid=\"false\" placeholder=\"Ihr Name*\" value=\"\" type=\"text\" name=\"your-name\" \/><\/span>\n\t\t<\/p>\n\t<\/div>\n\t<div class=\"right\">\n\t\t<p><span class=\"wpcf7-form-control-wrap\" data-name=\"your-surname\"><input size=\"40\" maxlength=\"400\" class=\"wpcf7-form-control wpcf7-text wpcf7-validates-as-required\" aria-required=\"true\" aria-invalid=\"false\" placeholder=\"Ihr Nachname*\" value=\"\" type=\"text\" name=\"your-surname\" \/><\/span>\n\t\t<\/p>\n\t<\/div>\n<\/div>\n<div class=\"two-column\">\n\t<div class=\"left comp-left\">\n\t\t<p><span class=\"wpcf7-form-control-wrap\" data-name=\"phone\"><input size=\"40\" maxlength=\"400\" class=\"wpcf7-form-control wpcf7-tel wpcf7-validates-as-required wpcf7-text wpcf7-validates-as-tel\" aria-required=\"true\" aria-invalid=\"false\" placeholder=\"Telefon*\" value=\"\" type=\"tel\" name=\"phone\" \/><\/span>\n\t\t<\/p>\n\t<\/div>\n\t<div class=\"right comp-right\">\n\t\t<p><span class=\"wpcf7-form-control-wrap\" data-name=\"your-email\"><input size=\"40\" maxlength=\"400\" class=\"wpcf7-form-control wpcf7-email wpcf7-validates-as-required wpcf7-text wpcf7-validates-as-email\" aria-required=\"true\" aria-invalid=\"false\" placeholder=\"E-Mail*\" value=\"\" type=\"email\" name=\"your-email\" \/><\/span>\n\t\t<\/p>\n\t<\/div>\n<\/div>\n<div class=\"two-column\">\n\t<div class=\"left\">\n\t\t<p><span class=\"wpcf7-form-control-wrap\" data-name=\"citta\"><input size=\"40\" maxlength=\"400\" class=\"wpcf7-form-control wpcf7-text wpcf7-validates-as-required\" aria-required=\"true\" aria-invalid=\"false\" placeholder=\"St\u00e4dte*\" value=\"\" type=\"text\" name=\"citta\" \/><\/span>\n\t\t<\/p>\n\t<\/div>\n\t<div class=\"right\">\n\t\t<p><span class=\"wpcf7-form-control-wrap\" data-name=\"CAP\"><input size=\"40\" maxlength=\"400\" class=\"wpcf7-form-control wpcf7-text\" aria-invalid=\"false\" placeholder=\"Postleitzahl\" value=\"\" type=\"text\" name=\"CAP\" \/><\/span>\n\t\t<\/p>\n\t<\/div>\n<\/div>\n<div class=\"comp\">\n\t<p><span class=\"wpcf7-form-control-wrap\" data-name=\"company\"><input size=\"40\" maxlength=\"400\" class=\"wpcf7-form-control wpcf7-text\" aria-invalid=\"false\" placeholder=\"Firmenname (Erforderlich)\" value=\"\" type=\"text\" name=\"company\" \/><\/span>\n\t<\/p>\n<\/div>\n<div>\n\t<p>Stellenbeschreibung*: <span class=\"wpcf7-form-control-wrap\" data-name=\"ruolo\"><select class=\"wpcf7-form-control wpcf7-select wpcf7-validates-as-required\" aria-required=\"true\" aria-invalid=\"false\" name=\"ruolo\"><option value=\"\">&#8211; Bitte ausw\u00e4hlen &#8211;<\/option><option value=\"Privat\">Privat<\/option><option value=\"Architekt\">Architekt<\/option><option value=\"G\u00e4rtner\">G\u00e4rtner<\/option><option value=\"Landschaftsg\u00e4rtner\">Landschaftsg\u00e4rtner<\/option><option value=\"Einzelh\u00e4ndler\">Einzelh\u00e4ndler<\/option><option value=\"Installateur\">Installateur<\/option><\/select><\/span>\n\t<\/p>\n<\/div>\n<div class=\"message\">\n\t<p><span class=\"wpcf7-form-control-wrap\" data-name=\"your-message\"><textarea cols=\"40\" rows=\"10\" maxlength=\"2000\" class=\"wpcf7-form-control wpcf7-textarea wpcf7-validates-as-required\" aria-required=\"true\" aria-invalid=\"false\" placeholder=\"Nachricht*\" name=\"your-message\"><\/textarea><\/span>\n\t<\/p>\n<\/div>\n<div>\n\t<p><span class=\"wpcf7-form-control-wrap\" data-name=\"accept-this\"><span class=\"wpcf7-form-control wpcf7-acceptance\"><span class=\"wpcf7-list-item\"><input type=\"checkbox\" name=\"accept-this\" value=\"1\" aria-invalid=\"false\" \/><\/span><\/span><\/span> JA, ICH AKZEPTIERE DIE ALLGEMEINEN GESCH\u00c4FTSBEDINGUNGEN: Ich erkl\u00e4re mich mit der Verarbeitung meiner pers\u00f6nlichen Daten zum alleinigen Zweck der Bearbeitung meiner Anfrage und deren Aktualisierung einverstanden.<a class=\"fancybox-iframe {width:100%,height:100%}\" href=\"https:\/\/essenzediluce.com\/privacy-policy\/\"><strong>Privacy Policy<\/strong><\/a>\n\t<\/p>\n<\/div>\n<div>\n\t<p><span class=\"wpcf7-form-control-wrap\" data-name=\"your-consent-sendinblue\"><span class=\"wpcf7-form-control wpcf7-acceptance optional\"><span class=\"wpcf7-list-item\"><label><input type=\"checkbox\" name=\"your-consent-sendinblue\" value=\"1\" aria-invalid=\"false\" \/><span class=\"wpcf7-list-item-label\">MICH F\u00dcR DEN NEWSLETTER ANMELDEN<\/span><\/label><\/span><\/span><\/span>: Ich m\u00f6chte Mitteilungen und Aktualisierungen \u00fcber Projekte, neue Produkte und Veranstaltungen erhalten. - Kein Spam von Essenze di Luce versprochen!-\n\t<\/p>\n<\/div>\n<div>\n\t<p><input class=\"wpcf7-form-control wpcf7-submit has-spinner\" type=\"submit\" value=\"Senden\" \/>\n\t<\/p>\n<\/div><div class=\"wpcf7-response-output\" aria-hidden=\"true\"><\/div>\n<\/form>\n<\/div>\n[vc_empty_space height=&#8221;60px&#8221;][\/vc_column][\/vc_row][vc_row full_width=&#8221;stretch_row_content&#8221; css_animation=&#8221;fadeIn&#8221;][vc_column]\n\t\t\t<!-- START TaglioMinimal_2020 REVOLUTION SLIDER 6.6.16 --><p class=\"rs-p-wp-fix\"><\/p>\n\t\t\t<rs-module-wrap id=\"rev_slider_33_3_wrapper\" data-source=\"gallery\" style=\"visibility:hidden;background:transparent;padding:0;margin:0px auto;margin-top:0;margin-bottom:0;\">\n\t\t\t\t<rs-module id=\"rev_slider_33_3\" style=\"\" data-version=\"6.6.16\">\n\t\t\t\t\t<rs-slides style=\"overflow: hidden; position: absolute;\">\n\t\t\t\t\t\t<rs-slide style=\"position: absolute;\" data-key=\"rs-100\" data-title=\"Slide\" data-anim=\"ms:1000;r:0;\" data-in=\"o:0;\" data-out=\"a:false;\" data-sloop=\"s:-50;e:4500;\">\n\t\t\t\t\t\t\t<img decoding=\"async\" src=\"\/\/essenzediluce.com\/wp-content\/plugins\/revslider\/public\/assets\/assets\/transparent.png\" alt=\"Slide\" title=\"Menhir Minimal\" class=\"rev-slidebg tp-rs-img\" data-no-retina>\n<!--\n\t\t\t\t\t\t\t--><rs-layer\n\t\t\t\t\t\t\t\tid=\"slider-33-slide-100-layer-2\" \n\t\t\t\t\t\t\t\tclass=\"rs-layer-video intrinsic-ignore\"\n\t\t\t\t\t\t\t\tdata-type=\"video\"\n\t\t\t\t\t\t\t\tdata-rsp_ch=\"on\"\n\t\t\t\t\t\t\t\tdata-xy=\"y:-2px;\"\n\t\t\t\t\t\t\t\tdata-text=\"w:normal;\"\n\t\t\t\t\t\t\t\tdata-dim=\"w:100%;h:654px;\"\n\t\t\t\t\t\t\t\tdata-basealign=\"slide\"\n\t\t\t\t\t\t\t\tdata-video=\"vfc:true;ap:no1sttime;vd:100;l:false;ptimer:false;\"\n\t\t\t\t\t\t\t\tdata-mp4=\"\/\/essenzediluce.com\/wp-content\/uploads\/2020\/04\/Taglio-Menhir-Minimal-720p.mp4\"\n\t\t\t\t\t\t\t\tdata-frame_999=\"o:0;st:w;\"\n\t\t\t\t\t\t\t\tstyle=\"z-index:5;\"\n\t\t\t\t\t\t\t>\n\t\t\t\t\t\t\t<\/rs-layer><!--\n-->\t\t\t\t\t\t<\/rs-slide>\n\t\t\t\t\t<\/rs-slides>\n\t\t\t\t<\/rs-module>\n\t\t\t\t<script>\n\t\t\t\t\tsetREVStartSize({c: 'rev_slider_33_3',rl:[1920,1024,778,480],el:[900],gw:[1240],gh:[900],type:'hero',justify:'',layout:'fullwidth',mh:\"0\"});if (window.RS_MODULES!==undefined && window.RS_MODULES.modules!==undefined && window.RS_MODULES.modules[\"revslider333\"]!==undefined) {window.RS_MODULES.modules[\"revslider333\"].once = false;window.revapi33 = undefined;if (window.RS_MODULES.checkMinimal!==undefined) window.RS_MODULES.checkMinimal()}\n\t\t\t\t<\/script>\n\t\t\t<\/rs-module-wrap>\n\t\t\t<!-- END REVOLUTION SLIDER -->\n[\/vc_column][\/vc_row][vc_row][vc_column][vc_empty_space][\/vc_column][\/vc_row]<\/div>","protected":false},"excerpt":{"rendered":"<p>[vc_row][vc_column][\/vc_column][\/vc_row][vc_row][vc_column][vc_empty_space height=&#8221;72&#8243;][vc_column_text css_animation=&#8221;fadeIn&#8221;] BELEUCHTUNG IN ZEITGEN\u00d6SSISCHEN UMGEBUNGEN Menhir Minimal ist eine quadratische oder kugelf\u00f6rmige Stehleuchte aus Naturstein. Die feine Textur charakterisiert die einfachen, linearen, wesentlichen Geometrien mit eleganten Details, die handgefertigt wurden, um der Form unter vollst\u00e4ndiger Ber\u00fccksichtigung der Integrationsidee&hellip;<\/p>\n<p> <a class=\"more-link\" href=\"https:\/\/essenzediluce.com\/de\/i-sistemi-illuminanti-essenze-di-luce\/menhir-minimal\/\">Weiterlesen<\/a><\/p>\n","protected":false},"author":2,"featured_media":11236,"parent":10993,"menu_order":4,"comment_status":"closed","ping_status":"closed","template":"","meta":{"footnotes":""},"class_list":["post-11234","page","type-page","status-publish","has-post-thumbnail"],"yoast_head":"<!-- This site is optimized with the Yoast SEO plugin v24.5 - https:\/\/yoast.com\/wordpress\/plugins\/seo\/ -->\n<title>Menhir Minimal - Glatte, quadratische LED-Lampe f\u00fcr den Au\u00dfenbereich<\/title>\n<meta name=\"description\" content=\"Beleuchtungssystem mit LED-Technologie aus Natursteinmit quadratischer und glatter Form f\u00fcr den Au\u00dfenbereich.\" \/>\n<meta name=\"robots\" content=\"index, follow, max-snippet:-1, max-image-preview:large, max-video-preview:-1\" \/>\n<link rel=\"canonical\" href=\"https:\/\/essenzediluce.com\/de\/i-sistemi-illuminanti-essenze-di-luce\/menhir-minimal\/\" \/>\n<meta property=\"og:locale\" content=\"de_DE\" \/>\n<meta property=\"og:type\" content=\"article\" \/>\n<meta property=\"og:title\" content=\"Menhir Minimal - Glatte, quadratische LED-Lampe f\u00fcr den Au\u00dfenbereich\" \/>\n<meta property=\"og:description\" content=\"Beleuchtungssystem mit LED-Technologie aus Natursteinmit quadratischer und glatter Form f\u00fcr den Au\u00dfenbereich.\" \/>\n<meta property=\"og:url\" content=\"https:\/\/essenzediluce.com\/de\/i-sistemi-illuminanti-essenze-di-luce\/menhir-minimal\/\" \/>\n<meta property=\"og:site_name\" content=\"Essenze di Luce\" \/>\n<meta property=\"article:publisher\" content=\"https:\/\/www.facebook.com\/essenzediluce.italy\/\" \/>\n<meta property=\"article:modified_time\" content=\"2026-03-05T15:54:16+00:00\" \/>\n<meta property=\"og:image\" content=\"https:\/\/essenzediluce.com\/wp-content\/uploads\/2020\/03\/Menhir-Minimal.jpg\" \/>\n\t<meta property=\"og:image:width\" content=\"1620\" \/>\n\t<meta property=\"og:image:height\" content=\"1080\" \/>\n\t<meta property=\"og:image:type\" content=\"image\/jpeg\" \/>\n<meta name=\"twitter:card\" content=\"summary_large_image\" \/>\n<meta name=\"twitter:label1\" content=\"Gesch\u00e4tzte Lesezeit\" \/>\n\t<meta name=\"twitter:data1\" content=\"4\u00a0Minuten\" \/>\n<script type=\"application\/ld+json\" class=\"yoast-schema-graph\">{\"@context\":\"https:\/\/schema.org\",\"@graph\":[{\"@type\":\"WebPage\",\"@id\":\"https:\/\/essenzediluce.com\/de\/i-sistemi-illuminanti-essenze-di-luce\/menhir-minimal\/\",\"url\":\"https:\/\/essenzediluce.com\/de\/i-sistemi-illuminanti-essenze-di-luce\/menhir-minimal\/\",\"name\":\"Menhir Minimal - Glatte, quadratische LED-Lampe f\u00fcr den Au\u00dfenbereich\",\"isPartOf\":{\"@id\":\"https:\/\/essenzediluce.com\/#website\"},\"primaryImageOfPage\":{\"@id\":\"https:\/\/essenzediluce.com\/de\/i-sistemi-illuminanti-essenze-di-luce\/menhir-minimal\/#primaryimage\"},\"image\":{\"@id\":\"https:\/\/essenzediluce.com\/de\/i-sistemi-illuminanti-essenze-di-luce\/menhir-minimal\/#primaryimage\"},\"thumbnailUrl\":\"https:\/\/essenzediluce.com\/wp-content\/uploads\/2020\/03\/Menhir-Minimal.jpg\",\"datePublished\":\"2020-03-23T18:06:54+00:00\",\"dateModified\":\"2026-03-05T15:54:16+00:00\",\"description\":\"Beleuchtungssystem mit LED-Technologie aus Natursteinmit quadratischer und glatter Form f\u00fcr den Au\u00dfenbereich.\",\"breadcrumb\":{\"@id\":\"https:\/\/essenzediluce.com\/de\/i-sistemi-illuminanti-essenze-di-luce\/menhir-minimal\/#breadcrumb\"},\"inLanguage\":\"de\",\"potentialAction\":[{\"@type\":\"ReadAction\",\"target\":[\"https:\/\/essenzediluce.com\/de\/i-sistemi-illuminanti-essenze-di-luce\/menhir-minimal\/\"]}]},{\"@type\":\"ImageObject\",\"inLanguage\":\"de\",\"@id\":\"https:\/\/essenzediluce.com\/de\/i-sistemi-illuminanti-essenze-di-luce\/menhir-minimal\/#primaryimage\",\"url\":\"https:\/\/essenzediluce.com\/wp-content\/uploads\/2020\/03\/Menhir-Minimal.jpg\",\"contentUrl\":\"https:\/\/essenzediluce.com\/wp-content\/uploads\/2020\/03\/Menhir-Minimal.jpg\",\"width\":1620,\"height\":1080,\"caption\":\"Lampada da terra da esterno moderna\"},{\"@type\":\"BreadcrumbList\",\"@id\":\"https:\/\/essenzediluce.com\/de\/i-sistemi-illuminanti-essenze-di-luce\/menhir-minimal\/#breadcrumb\",\"itemListElement\":[{\"@type\":\"ListItem\",\"position\":1,\"name\":\"Home\",\"item\":\"https:\/\/essenzediluce.com\/de\/\"},{\"@type\":\"ListItem\",\"position\":2,\"name\":\"Produkte\",\"item\":\"https:\/\/essenzediluce.com\/de\/i-sistemi-illuminanti-essenze-di-luce\/\"},{\"@type\":\"ListItem\",\"position\":3,\"name\":\"Menhir Minimal\"}]},{\"@type\":\"WebSite\",\"@id\":\"https:\/\/essenzediluce.com\/#website\",\"url\":\"https:\/\/essenzediluce.com\/\",\"name\":\"Essenze di Luce\",\"description\":\"\",\"publisher\":{\"@id\":\"https:\/\/essenzediluce.com\/#organization\"},\"potentialAction\":[{\"@type\":\"SearchAction\",\"target\":{\"@type\":\"EntryPoint\",\"urlTemplate\":\"https:\/\/essenzediluce.com\/?s={search_term_string}\"},\"query-input\":{\"@type\":\"PropertyValueSpecification\",\"valueRequired\":true,\"valueName\":\"search_term_string\"}}],\"inLanguage\":\"de\"},{\"@type\":\"Organization\",\"@id\":\"https:\/\/essenzediluce.com\/#organization\",\"name\":\"Essenze di Luce\",\"url\":\"https:\/\/essenzediluce.com\/\",\"logo\":{\"@type\":\"ImageObject\",\"inLanguage\":\"de\",\"@id\":\"https:\/\/essenzediluce.com\/#\/schema\/logo\/image\/\",\"url\":\"https:\/\/essenzediluce.com\/wp-content\/uploads\/2017\/03\/el.jpg\",\"contentUrl\":\"https:\/\/essenzediluce.com\/wp-content\/uploads\/2017\/03\/el.jpg\",\"width\":512,\"height\":512,\"caption\":\"Essenze di Luce\"},\"image\":{\"@id\":\"https:\/\/essenzediluce.com\/#\/schema\/logo\/image\/\"},\"sameAs\":[\"https:\/\/www.facebook.com\/essenzediluce.italy\/\",\"https:\/\/www.instagram.com\/essenzediluce\/\",\"https:\/\/www.youtube.com\/channel\/UCXKJKPfUYADaJMEm_9NAvrA\"]}]}<\/script>\n<!-- \/ Yoast SEO plugin. -->","yoast_head_json":{"title":"Menhir Minimal - Glatte, quadratische LED-Lampe f\u00fcr den Au\u00dfenbereich","description":"Beleuchtungssystem mit LED-Technologie aus Natursteinmit quadratischer und glatter Form f\u00fcr den Au\u00dfenbereich.","robots":{"index":"index","follow":"follow","max-snippet":"max-snippet:-1","max-image-preview":"max-image-preview:large","max-video-preview":"max-video-preview:-1"},"canonical":"https:\/\/essenzediluce.com\/de\/i-sistemi-illuminanti-essenze-di-luce\/menhir-minimal\/","og_locale":"de_DE","og_type":"article","og_title":"Menhir Minimal - Glatte, quadratische LED-Lampe f\u00fcr den Au\u00dfenbereich","og_description":"Beleuchtungssystem mit LED-Technologie aus Natursteinmit quadratischer und glatter Form f\u00fcr den Au\u00dfenbereich.","og_url":"https:\/\/essenzediluce.com\/de\/i-sistemi-illuminanti-essenze-di-luce\/menhir-minimal\/","og_site_name":"Essenze di Luce","article_publisher":"https:\/\/www.facebook.com\/essenzediluce.italy\/","article_modified_time":"2026-03-05T15:54:16+00:00","og_image":[{"width":1620,"height":1080,"url":"https:\/\/essenzediluce.com\/wp-content\/uploads\/2020\/03\/Menhir-Minimal.jpg","type":"image\/jpeg"}],"twitter_card":"summary_large_image","twitter_misc":{"Gesch\u00e4tzte Lesezeit":"4\u00a0Minuten"},"schema":{"@context":"https:\/\/schema.org","@graph":[{"@type":"WebPage","@id":"https:\/\/essenzediluce.com\/de\/i-sistemi-illuminanti-essenze-di-luce\/menhir-minimal\/","url":"https:\/\/essenzediluce.com\/de\/i-sistemi-illuminanti-essenze-di-luce\/menhir-minimal\/","name":"Menhir Minimal - Glatte, quadratische LED-Lampe f\u00fcr den Au\u00dfenbereich","isPartOf":{"@id":"https:\/\/essenzediluce.com\/#website"},"primaryImageOfPage":{"@id":"https:\/\/essenzediluce.com\/de\/i-sistemi-illuminanti-essenze-di-luce\/menhir-minimal\/#primaryimage"},"image":{"@id":"https:\/\/essenzediluce.com\/de\/i-sistemi-illuminanti-essenze-di-luce\/menhir-minimal\/#primaryimage"},"thumbnailUrl":"https:\/\/essenzediluce.com\/wp-content\/uploads\/2020\/03\/Menhir-Minimal.jpg","datePublished":"2020-03-23T18:06:54+00:00","dateModified":"2026-03-05T15:54:16+00:00","description":"Beleuchtungssystem mit LED-Technologie aus Natursteinmit quadratischer und glatter Form f\u00fcr den Au\u00dfenbereich.","breadcrumb":{"@id":"https:\/\/essenzediluce.com\/de\/i-sistemi-illuminanti-essenze-di-luce\/menhir-minimal\/#breadcrumb"},"inLanguage":"de","potentialAction":[{"@type":"ReadAction","target":["https:\/\/essenzediluce.com\/de\/i-sistemi-illuminanti-essenze-di-luce\/menhir-minimal\/"]}]},{"@type":"ImageObject","inLanguage":"de","@id":"https:\/\/essenzediluce.com\/de\/i-sistemi-illuminanti-essenze-di-luce\/menhir-minimal\/#primaryimage","url":"https:\/\/essenzediluce.com\/wp-content\/uploads\/2020\/03\/Menhir-Minimal.jpg","contentUrl":"https:\/\/essenzediluce.com\/wp-content\/uploads\/2020\/03\/Menhir-Minimal.jpg","width":1620,"height":1080,"caption":"Lampada da terra da esterno moderna"},{"@type":"BreadcrumbList","@id":"https:\/\/essenzediluce.com\/de\/i-sistemi-illuminanti-essenze-di-luce\/menhir-minimal\/#breadcrumb","itemListElement":[{"@type":"ListItem","position":1,"name":"Home","item":"https:\/\/essenzediluce.com\/de\/"},{"@type":"ListItem","position":2,"name":"Produkte","item":"https:\/\/essenzediluce.com\/de\/i-sistemi-illuminanti-essenze-di-luce\/"},{"@type":"ListItem","position":3,"name":"Menhir Minimal"}]},{"@type":"WebSite","@id":"https:\/\/essenzediluce.com\/#website","url":"https:\/\/essenzediluce.com\/","name":"Essenze di Luce","description":"","publisher":{"@id":"https:\/\/essenzediluce.com\/#organization"},"potentialAction":[{"@type":"SearchAction","target":{"@type":"EntryPoint","urlTemplate":"https:\/\/essenzediluce.com\/?s={search_term_string}"},"query-input":{"@type":"PropertyValueSpecification","valueRequired":true,"valueName":"search_term_string"}}],"inLanguage":"de"},{"@type":"Organization","@id":"https:\/\/essenzediluce.com\/#organization","name":"Essenze di Luce","url":"https:\/\/essenzediluce.com\/","logo":{"@type":"ImageObject","inLanguage":"de","@id":"https:\/\/essenzediluce.com\/#\/schema\/logo\/image\/","url":"https:\/\/essenzediluce.com\/wp-content\/uploads\/2017\/03\/el.jpg","contentUrl":"https:\/\/essenzediluce.com\/wp-content\/uploads\/2017\/03\/el.jpg","width":512,"height":512,"caption":"Essenze di Luce"},"image":{"@id":"https:\/\/essenzediluce.com\/#\/schema\/logo\/image\/"},"sameAs":["https:\/\/www.facebook.com\/essenzediluce.italy\/","https:\/\/www.instagram.com\/essenzediluce\/","https:\/\/www.youtube.com\/channel\/UCXKJKPfUYADaJMEm_9NAvrA"]}]}},"_links":{"self":[{"href":"https:\/\/essenzediluce.com\/de\/wp-json\/wp\/v2\/pages\/11234"}],"collection":[{"href":"https:\/\/essenzediluce.com\/de\/wp-json\/wp\/v2\/pages"}],"about":[{"href":"https:\/\/essenzediluce.com\/de\/wp-json\/wp\/v2\/types\/page"}],"author":[{"embeddable":true,"href":"https:\/\/essenzediluce.com\/de\/wp-json\/wp\/v2\/users\/2"}],"replies":[{"embeddable":true,"href":"https:\/\/essenzediluce.com\/de\/wp-json\/wp\/v2\/comments?post=11234"}],"version-history":[{"count":30,"href":"https:\/\/essenzediluce.com\/de\/wp-json\/wp\/v2\/pages\/11234\/revisions"}],"predecessor-version":[{"id":23412,"href":"https:\/\/essenzediluce.com\/de\/wp-json\/wp\/v2\/pages\/11234\/revisions\/23412"}],"up":[{"embeddable":true,"href":"https:\/\/essenzediluce.com\/de\/wp-json\/wp\/v2\/pages\/10993"}],"wp:featuredmedia":[{"embeddable":true,"href":"https:\/\/essenzediluce.com\/de\/wp-json\/wp\/v2\/media\/11236"}],"wp:attachment":[{"href":"https:\/\/essenzediluce.com\/de\/wp-json\/wp\/v2\/media?parent=11234"}],"curies":[{"name":"wp","href":"https:\/\/api.w.org\/{rel}","templated":true}]}}