{"id":11585,"date":"2020-03-23T18:07:57","date_gmt":"2020-03-23T18:07:57","guid":{"rendered":"https:\/\/essenzediluce.com\/i-sistemi-illuminanti-essenze-di-luce\/stake\/"},"modified":"2026-03-06T13:03:52","modified_gmt":"2026-03-06T12:03:52","slug":"stake","status":"publish","type":"page","link":"https:\/\/essenzediluce.com\/de\/i-sistemi-illuminanti-essenze-di-luce\/stake\/","title":{"rendered":"Stake"},"content":{"rendered":"<div class=\"wpb-content-wrapper\">[vc_row][vc_column]\n\t\t\t<!-- START STAKE_DEU new REVOLUTION SLIDER 6.6.16 --><p class=\"rs-p-wp-fix\"><\/p>\n\t\t\t<rs-module-wrap id=\"rev_slider_80_1_wrapper\" data-source=\"gallery\" style=\"visibility:hidden;background:transparent;padding:0;\">\n\t\t\t\t<rs-module id=\"rev_slider_80_1\" style=\"\" data-version=\"6.6.16\">\n\t\t\t\t\t<rs-slides style=\"overflow: hidden; position: absolute;\">\n\t\t\t\t\t\t<rs-slide style=\"position: absolute;\" data-key=\"rs-147\" data-title=\"Slide\" data-anim=\"ms:600;\" data-in=\"o:0;\" data-out=\"a:false;\">\n\t\t\t\t\t\t\t<img decoding=\"async\" src=\"\/\/essenzediluce.com\/wp-content\/plugins\/revslider\/public\/assets\/assets\/dummy.png\" alt=\"Paletto Led da Giardino - Garden Bollar Light\" title=\"Slider-Stake-trittico\" width=\"1920\" height=\"1080\" class=\"rev-slidebg tp-rs-img rs-lazyload\" data-lazyload=\"\/\/essenzediluce.com\/wp-content\/uploads\/2024\/06\/Slider-Stake-trittico.jpg\" data-no-retina>\n<!--\n\t\t\t\t\t\t\t--><rs-layer\n\t\t\t\t\t\t\t\tid=\"slider-80-slide-147-layer-1\" \n\t\t\t\t\t\t\t\tclass=\"ht\"\n\t\t\t\t\t\t\t\tdata-type=\"text\"\n\t\t\t\t\t\t\t\tdata-rsp_ch=\"on\"\n\t\t\t\t\t\t\t\tdata-xy=\"xo:120px,88px,48px,43px;yo:309px,217px,265px,144px;\"\n\t\t\t\t\t\t\t\tdata-text=\"w:normal;s:42,45,40,35;l:60,50,45,40;fw:300;\"\n\t\t\t\t\t\t\t\tdata-dim=\"w:auto,710px,539px,286px;h:auto,auto,auto,139px;\"\n\t\t\t\t\t\t\t\tdata-frame_0=\"sX:0.9;sY:0.9;\"\n\t\t\t\t\t\t\t\tdata-frame_1=\"st:1000;sp:1000;sR:1000;\"\n\t\t\t\t\t\t\t\tdata-frame_999=\"o:0;st:w;sR:7000;\"\n\t\t\t\t\t\t\t\tstyle=\"z-index:8;font-family:'Open Sans';\"\n\t\t\t\t\t\t\t>Beleuchten Sie Ihren Weg \n\t\t\t\t\t\t\t<\/rs-layer><!--\n\n\t\t\t\t\t\t\t--><rs-layer\n\t\t\t\t\t\t\t\tid=\"slider-80-slide-147-layer-2\" \n\t\t\t\t\t\t\t\tclass=\"ht\"\n\t\t\t\t\t\t\t\tdata-type=\"text\"\n\t\t\t\t\t\t\t\tdata-rsp_ch=\"on\"\n\t\t\t\t\t\t\t\tdata-xy=\"xo:119px,88px,50px,45px;yo:214px,110px,164px,73px;\"\n\t\t\t\t\t\t\t\tdata-text=\"w:normal;s:80,60,60,45;l:90,90,80,50;\"\n\t\t\t\t\t\t\t\tdata-dim=\"w:399px,329px,249px,153px;\"\n\t\t\t\t\t\t\t\tdata-frame_0=\"sX:0.9;sY:0.9;\"\n\t\t\t\t\t\t\t\tdata-frame_1=\"st:500;sp:1000;sR:500;\"\n\t\t\t\t\t\t\t\tdata-frame_999=\"o:0;st:w;sR:7400;\"\n\t\t\t\t\t\t\t\tstyle=\"z-index:9;font-family:'Open Sans';\"\n\t\t\t\t\t\t\t>STAKE \n\t\t\t\t\t\t\t<\/rs-layer><!--\n-->\t\t\t\t\t\t<\/rs-slide>\n\t\t\t\t\t<\/rs-slides>\n\t\t\t\t<\/rs-module>\n\t\t\t\t<script>\n\t\t\t\t\tsetREVStartSize({c: 'rev_slider_80_1',rl:[1920,1024,778,480],el:[868,768,960,720],gw:[1240,1024,778,480],gh:[868,768,960,720],type:'hero',justify:'',layout:'fullscreen',offsetContainer:'',offset:'',mh:\"0\"});if (window.RS_MODULES!==undefined && window.RS_MODULES.modules!==undefined && window.RS_MODULES.modules[\"revslider801\"]!==undefined) {window.RS_MODULES.modules[\"revslider801\"].once = false;window.revapi80 = undefined;if (window.RS_MODULES.checkMinimal!==undefined) window.RS_MODULES.checkMinimal()}\n\t\t\t\t<\/script>\n\t\t\t<\/rs-module-wrap>\n\t\t\t<!-- END REVOLUTION SLIDER -->\n[\/vc_column][\/vc_row][vc_row css=&#8221;.vc_custom_1585414950582{background-color: #ffffff !important;}&#8221;][vc_column][vc_column_text]\r\n<h1 style=\"text-align: center;\">BELEUCHTEN SIE IHREN WEG<\/h1>\r\n<strong>Stake ist die Naturstein-Garten-Stehleuchte mit einer fadenf\u00f6rmigen vertikalen Lichtquelle von nur 4mm Dicke.<\/strong> Die Wesentlichkeit der Form charakterisiert diese Pollerleuchte tags\u00fcber als architektonisches und gestalterisches Element und abends als technische Beleuchtung f\u00fcr Gehwege, Wege, Au\u00dfenwohnbereiche in Wohnumgebungen und Beherbergungsbetrieben.\r\n\r\nDer wasserdichte LED-Streifen ist in einen Kern aus rostfreiem <strong>Stahl Aisi316L eingebettet<\/strong>, um eine maximale Best\u00e4ndigkeit gegen chemische und atmosph\u00e4rische Einfl\u00fcsse sowie eine lange Lebensdauer zu gew\u00e4hrleisten.[\/vc_column_text][vc_empty_space][\/vc_column][\/vc_row][vc_row full_width=&#8221;stretch_row&#8221; gap=&#8221;25&#8243; equal_height=&#8221;yes&#8221; content_placement=&#8221;middle&#8221; css=&#8221;.vc_custom_1720781471619{background-color: #ffffff !important;}&#8221;][vc_column width=&#8221;1\/2&#8243; css=&#8221;.vc_custom_1587631014188{padding: 0px !important;background-position: center !important;background-repeat: no-repeat !important;background-size: cover !important;}&#8221;][vc_single_image image=&#8221;19387&#8243; img_size=&#8221;547&#215;460&#8243; alignment=&#8221;center&#8221; onclick=&#8221;zoom&#8221; css_animation=&#8221;fadeIn&#8221; css=&#8221;.vc_custom_1720781316720{margin-top: 0px !important;margin-right: 0px !important;margin-bottom: 0px !important;margin-left: 0px !important;padding-top: 0px !important;padding-right: 0px !important;padding-bottom: 0px !important;padding-left: 0px !important;}&#8221;][\/vc_column][vc_column css_animation=&#8221;none&#8221; width=&#8221;1\/2&#8243; css=&#8221;.vc_custom_1744187845486{padding-top: 50px !important;padding-right: 50px !important;padding-bottom: 50px !important;padding-left: 50px !important;background-color: #0000007A !important;}&#8221;][vc_custom_heading text=&#8221;ARDESIA BLACK PILLAR&#8221; font_container=&#8221;tag:h2|font_size:35|text_align:center|color:%23FFFFFF&#8221; use_theme_fonts=&#8221;yes&#8221; css_animation=&#8221;fadeIn&#8221; css=&#8221;.vc_custom_1744187873853{padding-bottom: 10px !important;}&#8221;][vc_column_text css_animation=&#8221;fadeIn&#8221; css=&#8221;&#8221;]\r\n<p style=\"text-align: center;\"><span style=\"color: #ffffff;\">Die <strong>schwarze Schieferfarbe<\/strong> erm\u00f6glicht eine perfekte Integration in jede Art von Garten und sorgt f\u00fcr einen kontrastvollen Akzent. Diese Stehleuchte passt hervorragend zu <strong>modernen und avantgardistischen Stilen<\/strong><\/span>.<\/p>\r\n[\/vc_column_text][\/vc_column][\/vc_row][vc_row full_width=&#8221;stretch_row&#8221; gap=&#8221;25&#8243; equal_height=&#8221;yes&#8221; content_placement=&#8221;middle&#8221; css=&#8221;.vc_custom_1720781475457{background-color: #ffffff !important;}&#8221;][vc_column css_animation=&#8221;none&#8221; width=&#8221;1\/2&#8243; css=&#8221;.vc_custom_1720781506394{padding-top: 50px !important;padding-right: 50px !important;padding-bottom: 50px !important;padding-left: 50px !important;background-color: #d3c8c2 !important;}&#8221;][vc_custom_heading text=&#8221;MARMOR TRANI&#8221; font_container=&#8221;tag:h2|font_size:35|text_align:center&#8221; use_theme_fonts=&#8221;yes&#8221; css_animation=&#8221;fadeIn&#8221; css=&#8221;.vc_custom_1652166856657{padding-bottom: 10px !important;}&#8221;][vc_column_text css_animation=&#8221;fadeIn&#8221;]\r\n<p style=\"text-align: center;\">Die <strong>havannabeige Farbe<\/strong> des Trani-Marmors eignet sich ideal zur Gestaltung eines <strong>mediterran inspirierten Au\u00dfenbereichs<\/strong>, in dem <strong>warme Farbt\u00f6ne<\/strong> vorherrschen. Die lebendige Farbe dieses reizvollen Steins findet auch in verschiedenfarbigen Blumenbeeten eine perfekte Harmonie.<\/p>\r\n[\/vc_column_text][\/vc_column][vc_column width=&#8221;1\/2&#8243; css=&#8221;.vc_custom_1587631876795{margin: 0px !important;padding: 0px !important;background-position: center !important;background-repeat: no-repeat !important;background-size: cover !important;}&#8221;][vc_single_image image=&#8221;19378&#8243; img_size=&#8221;547&#215;460&#8243; alignment=&#8221;center&#8221; onclick=&#8221;zoom&#8221; css_animation=&#8221;fadeIn&#8221; css=&#8221;.vc_custom_1720781327566{margin-top: 0px !important;margin-right: 0px !important;margin-bottom: 0px !important;margin-left: 0px !important;padding-top: 0px !important;padding-right: 0px !important;padding-bottom: 0px !important;padding-left: 0px !important;}&#8221;][\/vc_column][\/vc_row][vc_row full_width=&#8221;stretch_row&#8221; gap=&#8221;25&#8243; equal_height=&#8221;yes&#8221; content_placement=&#8221;middle&#8221; css=&#8221;.vc_custom_1720781483187{background-color: #ffffff !important;}&#8221;][vc_column width=&#8221;1\/2&#8243; css=&#8221;.vc_custom_1587631014188{padding: 0px !important;background-position: center !important;background-repeat: no-repeat !important;background-size: cover !important;}&#8221;][vc_single_image image=&#8221;19391&#8243; img_size=&#8221;547&#215;460&#8243; alignment=&#8221;center&#8221; onclick=&#8221;zoom&#8221; css_animation=&#8221;fadeIn&#8221; css=&#8221;.vc_custom_1720781338630{margin-top: 0px !important;margin-right: 0px !important;margin-bottom: 0px !important;margin-left: 0px !important;padding-top: 0px !important;padding-right: 0px !important;padding-bottom: 0px !important;padding-left: 0px !important;}&#8221;][\/vc_column][vc_column css_animation=&#8221;none&#8221; width=&#8221;1\/2&#8243; css=&#8221;.vc_custom_1720781519720{padding-top: 50px !important;padding-right: 50px !important;padding-bottom: 50px !important;padding-left: 50px !important;background-color: #adbcc8 !important;}&#8221;][vc_custom_heading text=&#8221;PIETRA DI LUSERNA&#8221; font_container=&#8221;tag:h2|font_size:35|text_align:center&#8221; use_theme_fonts=&#8221;yes&#8221; css_animation=&#8221;fadeIn&#8221; css=&#8221;.vc_custom_1660119482035{padding-bottom: 10px !important;}&#8221;][vc_column_text css_animation=&#8221;fadeIn&#8221;]\r\n<p style=\"text-align: center;\">Das &#8220;Pietra di Luserna&#8221; (Luserna-Gestein) ist ein lamellarer Gneistyp, d. h. eine Reihe \u00fcbereinanderliegender Schichten. Der aus Norditalien stammende Stein zeichnet sich durch seine un\u00fcbertroffene Festigkeit und seine unverwechselbare <strong>graublaue Farbe mit nat\u00fcrlicher Maserung aus, die durch den Quarzanteil des Steins entsteht<\/strong>.<\/p>\r\n[\/vc_column_text][\/vc_column][\/vc_row][vc_row full_width=&#8221;stretch_row&#8221; gap=&#8221;25&#8243; equal_height=&#8221;yes&#8221; content_placement=&#8221;middle&#8221; css=&#8221;.vc_custom_1720781487016{background-color: #ffffff !important;}&#8221;][vc_column css_animation=&#8221;none&#8221; width=&#8221;1\/2&#8243; css=&#8221;.vc_custom_1744187821000{padding-top: 50px !important;padding-right: 50px !important;padding-bottom: 50px !important;padding-left: 50px !important;background-color: #F4F4F4 !important;}&#8221;][vc_custom_heading text=&#8221;MARMOR BIANCO CARRARA&#8221; font_container=&#8221;tag:h2|font_size:35|text_align:center&#8221; use_theme_fonts=&#8221;yes&#8221; css_animation=&#8221;fadeIn&#8221; css=&#8221;.vc_custom_1744187781844{padding-bottom: 10px !important;}&#8221;][vc_column_text css_animation=&#8221;fadeIn&#8221; css=&#8221;&#8221;]\r\n<p style=\"text-align: center;\">Er hat eine dunkelwei\u00dfe Grundfarbe mit gr\u00e4ulichen Adern, die manchmal ins Schwarze \u00fcbergehen. Dank seiner mittelfeinen Maserung hat er eine glatte Oberfl\u00e4che ohne Hohlr\u00e4ume, die sich hervorragend f\u00fcr polierte Arbeiten eignet.<\/p>\r\n[\/vc_column_text][\/vc_column][vc_column width=&#8221;1\/2&#8243; css=&#8221;.vc_custom_1587631876795{margin: 0px !important;padding: 0px !important;background-position: center !important;background-repeat: no-repeat !important;background-size: cover !important;}&#8221;][vc_single_image image=&#8221;21567&#8243; img_size=&#8221;547&#215;460&#8243; alignment=&#8221;center&#8221; onclick=&#8221;zoom&#8221; css_animation=&#8221;fadeIn&#8221; css=&#8221;.vc_custom_1744187808606{margin-top: 0px !important;margin-right: 0px !important;margin-bottom: 0px !important;margin-left: 0px !important;padding-top: 0px !important;padding-right: 0px !important;padding-bottom: 0px !important;padding-left: 0px !important;}&#8221;][\/vc_column][\/vc_row][vc_row full_width=&#8221;stretch_row&#8221; gap=&#8221;25&#8243; equal_height=&#8221;yes&#8221; content_placement=&#8221;middle&#8221; css=&#8221;.vc_custom_1720781487016{background-color: #ffffff !important;}&#8221;][vc_column width=&#8221;1\/2&#8243; css=&#8221;.vc_custom_1587631876795{margin: 0px !important;padding: 0px !important;background-position: center !important;background-repeat: no-repeat !important;background-size: cover !important;}&#8221;][vc_single_image image=&#8221;19374&#8243; img_size=&#8221;547&#215;460&#8243; alignment=&#8221;center&#8221; onclick=&#8221;zoom&#8221; css_animation=&#8221;fadeIn&#8221; css=&#8221;.vc_custom_1720781352701{margin-top: 0px !important;margin-right: 0px !important;margin-bottom: 0px !important;margin-left: 0px !important;padding-top: 0px !important;padding-right: 0px !important;padding-bottom: 0px !important;padding-left: 0px !important;}&#8221;][\/vc_column][vc_column css_animation=&#8221;none&#8221; width=&#8221;1\/2&#8243; css=&#8221;.vc_custom_1744187834500{padding-top: 50px !important;padding-right: 50px !important;padding-bottom: 50px !important;padding-left: 50px !important;background-color: #C4C4C4 !important;}&#8221;][vc_custom_heading text=&#8221;MARMOR ITALIAN FLOWERY GREY&#8221; font_container=&#8221;tag:h2|font_size:35|text_align:center&#8221; use_theme_fonts=&#8221;yes&#8221; css_animation=&#8221;fadeIn&#8221; css=&#8221;.vc_custom_1718176093426{padding-bottom: 10px !important;}&#8221;][vc_column_text css_animation=&#8221;fadeIn&#8221;]\r\n<p style=\"text-align: center;\">Der aus der italienischen Region Friaul stammende Marmor ist ein widerstandsf\u00e4higer Kalkstein, der sich dank seiner zarten und neutralen Farben (<strong>wei\u00df, hellblau und grau<\/strong>) harmonisch in die verschiedensten architektonischen Stile einf\u00fcgt.<\/p>\r\n[\/vc_column_text][\/vc_column][\/vc_row][vc_row full_width=&#8221;stretch_row&#8221; gap=&#8221;25&#8243; equal_height=&#8221;yes&#8221; content_placement=&#8221;middle&#8221; css=&#8221;.vc_custom_1587805681682{background-color: #ffffff !important;}&#8221;][vc_column css_animation=&#8221;none&#8221; width=&#8221;1\/2&#8243; css=&#8221;.vc_custom_1720781536268{padding-top: 50px !important;padding-right: 50px !important;padding-bottom: 50px !important;padding-left: 50px !important;background-color: #768882 !important;}&#8221;][vc_custom_heading text=&#8221;CHALET GR\u00dcNER MARMOR&#8221; font_container=&#8221;tag:h2|font_size:35|text_align:center&#8221; use_theme_fonts=&#8221;yes&#8221; css_animation=&#8221;fadeIn&#8221; css=&#8221;.vc_custom_1720781387437{padding-bottom: 10px !important;}&#8221;][vc_column_text css_animation=&#8221;fadeIn&#8221;]\r\n<p style=\"text-align: center;\">Gr\u00fcner Marmor mit <strong>hellen und dunklen Schattierungen von Smaragdgr\u00fcn und unregelm\u00e4\u00dfigen wei\u00dfen Adern<\/strong>, die der Textur Glanz verleihen. Es handelt sich um ein Material mit gleichm\u00e4\u00dfiger Struktur, was es \u00e4u\u00dferst widerstandsf\u00e4hig macht.<\/p>\r\n[\/vc_column_text][\/vc_column][vc_column width=&#8221;1\/2&#8243; css=&#8221;.vc_custom_1587631014188{padding: 0px !important;background-position: center !important;background-repeat: no-repeat !important;background-size: cover !important;}&#8221;][vc_single_image image=&#8221;19383&#8243; img_size=&#8221;547&#215;460&#8243; alignment=&#8221;center&#8221; onclick=&#8221;zoom&#8221; css_animation=&#8221;fadeIn&#8221; css=&#8221;.vc_custom_1720781365563{margin-top: 0px !important;margin-right: 0px !important;margin-bottom: 0px !important;margin-left: 0px !important;padding-top: 0px !important;padding-right: 0px !important;padding-bottom: 0px !important;padding-left: 0px !important;}&#8221;][\/vc_column][\/vc_row][vc_row][vc_column]\n\t\t\t<!-- START Stake_Making of REVOLUTION SLIDER 6.6.16 --><p class=\"rs-p-wp-fix\"><\/p>\n\t\t\t<rs-module-wrap id=\"rev_slider_151_2_wrapper\" data-source=\"gallery\" style=\"visibility:hidden;background:transparent;padding:0;margin:0px auto;margin-top:0;margin-bottom:0;\">\n\t\t\t\t<rs-module id=\"rev_slider_151_2\" style=\"\" data-version=\"6.6.16\">\n\t\t\t\t\t<rs-slides style=\"overflow: hidden; position: absolute;\">\n\t\t\t\t\t\t<rs-slide style=\"position: absolute;\" data-key=\"rs-243\" data-title=\"Slide\" data-in=\"o:0;\" data-out=\"a:false;\">\n\t\t\t\t\t\t\t<img decoding=\"async\" src=\"\/\/essenzediluce.com\/wp-content\/plugins\/revslider\/public\/assets\/assets\/dummy.png\" alt=\"Slide\" title=\"Stake\" class=\"rev-slidebg tp-rs-img rs-lazyload\" data-lazyload=\"\/\/essenzediluce.com\/wp-content\/plugins\/revslider\/public\/assets\/assets\/transparent.png\" data-no-retina>\n<!--\n\t\t\t\t\t\t\t--><rs-layer\n\t\t\t\t\t\t\t\tid=\"slider-151-slide-243-layer-4\" \n\t\t\t\t\t\t\t\tclass=\"rs-layer-video intrinsic-ignore\"\n\t\t\t\t\t\t\t\tdata-type=\"video\"\n\t\t\t\t\t\t\t\tdata-rsp_ch=\"on\"\n\t\t\t\t\t\t\t\tdata-xy=\"x:c;\"\n\t\t\t\t\t\t\t\tdata-text=\"w:normal;\"\n\t\t\t\t\t\t\t\tdata-dim=\"w:100%;h:100%;\"\n\t\t\t\t\t\t\t\tdata-actions='o:click;a:jumptoslide;slide:previous;'\n\t\t\t\t\t\t\t\tdata-basealign=\"slide\"\n\t\t\t\t\t\t\t\tdata-video=\"vfc:true;twa:false;vd:100;l:true;ptimer:false;nse:f;\"\n\t\t\t\t\t\t\t\tdata-poster=\"\/\/essenzediluce.com\/wp-content\/uploads\/revslider\/video-media\/Video-Stake-Paletto-Led-Giardino-Garden-Bollar-Light_243_layer.jpeg\"\n\t\t\t\t\t\t\t\tdata-mp4=\"\/\/essenzediluce.com\/wp-content\/uploads\/2024\/06\/Video-Stake-Paletto-Led-Giardino-Garden-Bollar-Light.mp4\"\n\t\t\t\t\t\t\t\tdata-frame_999=\"o:0;st:w;\"\n\t\t\t\t\t\t\t\tstyle=\"z-index:5;\"\n\t\t\t\t\t\t\t>\n\t\t\t\t\t\t\t<\/rs-layer><!--\n-->\t\t\t\t\t\t<\/rs-slide>\n\t\t\t\t\t<\/rs-slides>\n\t\t\t\t<\/rs-module>\n\t\t\t\t<script>\n\t\t\t\t\tsetREVStartSize({c: 'rev_slider_151_2',rl:[1920,1024,778,480],el:[900],gw:[1240],gh:[900],type:'standard',justify:'',layout:'fullwidth',mh:\"0\"});if (window.RS_MODULES!==undefined && window.RS_MODULES.modules!==undefined && window.RS_MODULES.modules[\"revslider1512\"]!==undefined) {window.RS_MODULES.modules[\"revslider1512\"].once = false;window.revapi151 = undefined;if (window.RS_MODULES.checkMinimal!==undefined) window.RS_MODULES.checkMinimal()}\n\t\t\t\t<\/script>\n\t\t\t<\/rs-module-wrap>\n\t\t\t<!-- END REVOLUTION SLIDER -->\n[\/vc_column][\/vc_row][vc_row][vc_column][vc_column_text]\r\n<h2 style=\"text-align: center;\">TECHNISCHES LICHT UND EMOTIONALES LICHT<\/h2>\r\n[\/vc_column_text][\/vc_column][\/vc_row][vc_row full_width=&#8221;stretch_row&#8221; gap=&#8221;25&#8243; equal_height=&#8221;yes&#8221; content_placement=&#8221;middle&#8221; css=&#8221;.vc_custom_1588222678616{background-color: #f2f2f2 !important;}&#8221;][vc_column width=&#8221;2\/3&#8243; css=&#8221;.vc_custom_1585905128595{border-left-width: 0px !important;padding-left: 0px !important;background-position: center !important;background-repeat: no-repeat !important;background-size: cover !important;}&#8221;][vc_single_image image=&#8221;11597&#8243; img_size=&#8221;full&#8221; alignment=&#8221;center&#8221; onclick=&#8221;zoom&#8221; css_animation=&#8221;fadeIn&#8221;][\/vc_column][vc_column width=&#8221;1\/3&#8243;][vc_column_text css=&#8221;.vc_custom_1660123017393{padding-top: 50px !important;}&#8221;]\r\n<h4>HOHE QUALIT\u00c4T<\/h4>\r\n<h3 style=\"padding: 0.8em 0 .5em;\"><strong>FUNKTIONALE VERFEINERUNG<\/strong><\/h3>\r\nDie Wasserdichtigkeit wird durch ein spezielles Harz gew\u00e4hrleistet, das das LED-Beleuchtungselement umgibt, sowie durch die Verwendung von Neoprenkabeln, die elastischer und widerstandsf\u00e4higer sind als herk\u00f6mmliche Materialien. Schutzart IP68 und extreme Widerstandsf\u00e4higkeit unter allen Einsatzbedingungen.[\/vc_column_text][\/vc_column][\/vc_row][vc_row full_width=&#8221;stretch_row&#8221; gap=&#8221;25&#8243; equal_height=&#8221;yes&#8221; content_placement=&#8221;middle&#8221; css=&#8221;.vc_custom_1588222747262{background-color: #f2f2f2 !important;}&#8221;][vc_column width=&#8221;1\/3&#8243;][vc_column_text css_animation=&#8221;fadeIn&#8221; css=&#8221;.vc_custom_1660123095098{padding-top: 50px !important;}&#8221;]\r\n<h4>SCHNELLE POSITIONIERUNG<\/h4>\r\n<h3 style=\"padding: 0.8em 0 .5em;\"><strong>DIREKTE BEFESTIGUNG AUF DEM BODEN<\/strong><\/h3>\r\nPraktische und schnelle Halterung f\u00fcr die direkte Befestigung des Produkts am Boden. Die vier Pfl\u00f6cke erm\u00f6glichen es, den Pfahl im Boden zu befestigen, wo Granulat oder Gras die Stahlplatte im Laufe der Zeit bedecken, was einen nat\u00fcrlichen \u00e4sthetischen Effekt ergibt.[\/vc_column_text][\/vc_column][vc_column width=&#8221;2\/3&#8243; css=&#8221;.vc_custom_1585905128595{border-left-width: 0px !important;padding-left: 0px !important;background-position: center !important;background-repeat: no-repeat !important;background-size: cover !important;}&#8221;][vc_single_image image=&#8221;11598&#8243; img_size=&#8221;full&#8221; alignment=&#8221;center&#8221; onclick=&#8221;zoom&#8221; css_animation=&#8221;fadeIn&#8221;][\/vc_column][\/vc_row][vc_row full_width=&#8221;stretch_row&#8221; gap=&#8221;25&#8243; equal_height=&#8221;yes&#8221; content_placement=&#8221;middle&#8221; css=&#8221;.vc_custom_1588222678616{background-color: #f2f2f2 !important;}&#8221;][vc_column width=&#8221;2\/3&#8243; css=&#8221;.vc_custom_1585905128595{border-left-width: 0px !important;padding-left: 0px !important;background-position: center !important;background-repeat: no-repeat !important;background-size: cover !important;}&#8221;][vc_single_image image=&#8221;11522&#8243; img_size=&#8221;1500&#215;1200&#8243; alignment=&#8221;center&#8221; onclick=&#8221;zoom&#8221; css_animation=&#8221;fadeIn&#8221;][\/vc_column][vc_column width=&#8221;1\/3&#8243;][vc_column_text css=&#8221;.vc_custom_1660123165222{padding-top: 50px !important;}&#8221;]\r\n<h4>CUSTOMISATION<\/h4>\r\n<h3 style=\"padding: 0.8em 0 .5em;\"><strong>DOPPELTE LICHTEMISSION<\/strong><\/h3>\r\nIn manchen Umgebungen und Installationen ist es wichtig, die Lichtemission zu verdoppeln, um wichtige Details des Gartens hervorzuheben oder um zwei gegen\u00fcberliegende Durchgangsbereiche zu beleuchten. Es ist m\u00f6glich, Stake individuell zu gestalten, indem man zwei helle LED-Linien einf\u00fcgt, die einander gegen\u00fcberliegen, um in eine doppelte Richtung zu leuchten.[\/vc_column_text][\/vc_column][\/vc_row][vc_row][vc_column][vc_column_text]\r\n<h2 style=\"text-align: center;\">TECHNISCHE DATEN HERUNTERLADEN<\/h2>\r\n[\/vc_column_text][\/vc_column][\/vc_row][vc_row][vc_column width=&#8221;1\/6&#8243; css=&#8221;.vc_custom_1587725344904{background-color: #ffffff !important;}&#8221;][\/vc_column][vc_column width=&#8221;2\/6&#8243; css=&#8221;.vc_custom_1715327476062{margin-top: 0px !important;border-top-width: 0px !important;padding-top: 0px !important;background-color: #ffffff !important;}&#8221;][vc_single_image image=&#8221;11586&#8243; img_size=&#8221;320X320&#8243; alignment=&#8221;center&#8221; onclick=&#8221;custom_link&#8221; img_link_target=&#8221;_blank&#8221; css_animation=&#8221;fadeIn&#8221; css=&#8221;.vc_custom_1772798568142{margin-bottom: 0px !important;padding-bottom: 0px !important;background-color: #ffffff !important;}&#8221; link=&#8221;https:\/\/essenzediluce.com\/wp-content\/uploads\/2026\/03\/EL-Datasheet-Essential-STAKE_v.4.pdf&#8221;][vc_column_text css=&#8221;.vc_custom_1772798620958{margin-bottom: 0px !important;padding-bottom: 0px !important;}&#8221;]\r\n<h4 style=\"text-align: center; padding-top: 0; margin-top: 0; padding-bottom: 0; margin-bottom: 0;\"><i class=\"fa fa-download\" aria-hidden=\"true\"><\/i> <a class=\"ht\" href=\"https:\/\/essenzediluce.com\/wp-content\/uploads\/2026\/03\/EL-Datasheet-Essential-STAKE_v.4.pdf\" target=\"_blank\" rel=\"noopener noreferrer\"><strong><u>STAKE<\/u><\/strong><\/a><\/h4>\r\n<p style=\"text-align: center;\">LED-Gartenstecker\r\nPollerleuchte \/ Sockelleuchten<\/p>\r\n[\/vc_column_text][\/vc_column][vc_column width=&#8221;2\/6&#8243; css=&#8221;.vc_custom_1587725364185{background-color: #ffffff !important;}&#8221;][vc_empty_space][vc_column_text css=&#8221;&#8221;]<strong>TECHNISCHE HAUPTDATEN<\/strong>:\r\n\r\n24VDc | 6W | 110 lm | 2700K\r\nIP Protection Rate: IP68\r\nPeso indicativo: 10-12 kg\r\nDimensioni indicative: 8 x 10 x 60 cm[\/vc_column_text][\/vc_column][vc_column width=&#8221;1\/6&#8243;][\/vc_column][\/vc_row][vc_row][vc_column][vc_empty_space height=&#8221;50&#8243;][vc_btn title=&#8221;BIM UND 3D BIBLIOTHEK HERUNTERLADEN&#8221; style=&#8221;classic&#8221; color=&#8221;black&#8221; size=&#8221;lg&#8221; align=&#8221;center&#8221; i_icon_fontawesome=&#8221;fas fa-download&#8221; css_animation=&#8221;fadeIn&#8221; add_icon=&#8221;true&#8221; link=&#8221;url:https%3A%2F%2Fessenzediluce.com%2Fde%2Fbim%2F|title:BIM&#8221;][vc_empty_space height=&#8221;70&#8243;][\/vc_column][\/vc_row][vc_row full_width=&#8221;stretch_row&#8221; css=&#8221;.vc_custom_1750244013578{background-color: #F2F2F2 !important;}&#8221;][vc_column][vc_column_text css=&#8221;&#8221;]\r\n<h2 style=\"padding: 0.8em 0px 0.5em; text-align: center;\">PLUG &amp; PLAY-SYSTEM<\/h2>\r\n<p style=\"text-align: center;\">Dank der Kompatibilit\u00e4t von Stake mit dem neuen <strong data-start=\"174\" data-end=\"189\">Plug &amp; Play-System<\/strong> ist die Installation dieses Produkts noch schneller, intuitiver und f\u00fcr jeden erschwinglich.<\/p>\r\n<p style=\"text-align: center;\"><strong>\u2192<\/strong> <a href=\"https:\/\/essenzediluce.com\/de\/plug-play\/\" target=\"_blank\" rel=\"noopener\"><strong><u>PLUG &amp; PLAY MEHR ENTDECKEN<\/u><\/strong><\/a><\/p>\r\n[\/vc_column_text][vc_empty_space][\/vc_column][\/vc_row][vc_row][vc_column][vc_column_text css_animation=&#8221;fadeIn&#8221;]\r\n<h3 style=\"text-align: center;\">KONTAKTIEREN SIE UNS F\u00dcR WEITERE INFORMATIONEN \u00dcBER STAKE<\/h3>\r\n[\/vc_column_text]\n<div class=\"wpcf7 no-js\" id=\"wpcf7-f20909-o1\" lang=\"de-DE\" dir=\"ltr\" data-wpcf7-id=\"20909\">\n<div class=\"screen-reader-response\"><p role=\"status\" aria-live=\"polite\" aria-atomic=\"true\"><\/p> <ul><\/ul><\/div>\n<form action=\"\/de\/wp-json\/wp\/v2\/pages\/11585#wpcf7-f20909-o1\" method=\"post\" class=\"wpcf7-form init\" aria-label=\"Kontaktformular\" novalidate=\"novalidate\" data-status=\"init\">\n<div style=\"display: none;\">\n<input type=\"hidden\" name=\"_wpcf7\" value=\"20909\" \/>\n<input type=\"hidden\" name=\"_wpcf7_version\" value=\"6.0.6\" \/>\n<input type=\"hidden\" name=\"_wpcf7_locale\" value=\"de_DE\" \/>\n<input type=\"hidden\" name=\"_wpcf7_unit_tag\" value=\"wpcf7-f20909-o1\" \/>\n<input type=\"hidden\" name=\"_wpcf7_container_post\" value=\"0\" \/>\n<input type=\"hidden\" name=\"_wpcf7_posted_data_hash\" value=\"\" \/>\n<\/div>\n<div class=\"two-column\">\n\t<div class=\"left\">\n\t\t<p><span class=\"wpcf7-form-control-wrap\" data-name=\"your-name\"><input size=\"40\" maxlength=\"400\" class=\"wpcf7-form-control wpcf7-text wpcf7-validates-as-required\" aria-required=\"true\" aria-invalid=\"false\" placeholder=\"Ihr Name*\" value=\"\" type=\"text\" name=\"your-name\" \/><\/span>\n\t\t<\/p>\n\t<\/div>\n\t<div class=\"right\">\n\t\t<p><span class=\"wpcf7-form-control-wrap\" data-name=\"your-surname\"><input size=\"40\" maxlength=\"400\" class=\"wpcf7-form-control wpcf7-text wpcf7-validates-as-required\" aria-required=\"true\" aria-invalid=\"false\" placeholder=\"Ihr Nachname*\" value=\"\" type=\"text\" name=\"your-surname\" \/><\/span>\n\t\t<\/p>\n\t<\/div>\n<\/div>\n<div class=\"two-column\">\n\t<div class=\"left comp-left\">\n\t\t<p><span class=\"wpcf7-form-control-wrap\" data-name=\"phone\"><input size=\"40\" maxlength=\"400\" class=\"wpcf7-form-control wpcf7-tel wpcf7-validates-as-required wpcf7-text wpcf7-validates-as-tel\" aria-required=\"true\" aria-invalid=\"false\" placeholder=\"Telefon*\" value=\"\" type=\"tel\" name=\"phone\" \/><\/span>\n\t\t<\/p>\n\t<\/div>\n\t<div class=\"right comp-right\">\n\t\t<p><span class=\"wpcf7-form-control-wrap\" data-name=\"your-email\"><input size=\"40\" maxlength=\"400\" class=\"wpcf7-form-control wpcf7-email wpcf7-validates-as-required wpcf7-text wpcf7-validates-as-email\" aria-required=\"true\" aria-invalid=\"false\" placeholder=\"E-Mail*\" value=\"\" type=\"email\" name=\"your-email\" \/><\/span>\n\t\t<\/p>\n\t<\/div>\n<\/div>\n<div class=\"two-column\">\n\t<div class=\"left\">\n\t\t<p><span class=\"wpcf7-form-control-wrap\" data-name=\"citta\"><input size=\"40\" maxlength=\"400\" class=\"wpcf7-form-control wpcf7-text wpcf7-validates-as-required\" aria-required=\"true\" aria-invalid=\"false\" placeholder=\"St\u00e4dte*\" value=\"\" type=\"text\" name=\"citta\" \/><\/span>\n\t\t<\/p>\n\t<\/div>\n\t<div class=\"right\">\n\t\t<p><span class=\"wpcf7-form-control-wrap\" data-name=\"CAP\"><input size=\"40\" maxlength=\"400\" class=\"wpcf7-form-control wpcf7-text\" aria-invalid=\"false\" placeholder=\"Postleitzahl\" value=\"\" type=\"text\" name=\"CAP\" \/><\/span>\n\t\t<\/p>\n\t<\/div>\n<\/div>\n<div class=\"comp\">\n\t<p><span class=\"wpcf7-form-control-wrap\" data-name=\"company\"><input size=\"40\" maxlength=\"400\" class=\"wpcf7-form-control wpcf7-text\" aria-invalid=\"false\" placeholder=\"Firmenname (Erforderlich)\" value=\"\" type=\"text\" name=\"company\" \/><\/span>\n\t<\/p>\n<\/div>\n<div>\n\t<p>Stellenbeschreibung*: <span class=\"wpcf7-form-control-wrap\" data-name=\"ruolo\"><select class=\"wpcf7-form-control wpcf7-select wpcf7-validates-as-required\" aria-required=\"true\" aria-invalid=\"false\" name=\"ruolo\"><option value=\"\">&#8211; Bitte ausw\u00e4hlen &#8211;<\/option><option value=\"Privat\">Privat<\/option><option value=\"Architekt\">Architekt<\/option><option value=\"G\u00e4rtner\">G\u00e4rtner<\/option><option value=\"Landschaftsg\u00e4rtner\">Landschaftsg\u00e4rtner<\/option><option value=\"Einzelh\u00e4ndler\">Einzelh\u00e4ndler<\/option><option value=\"Installateur\">Installateur<\/option><\/select><\/span>\n\t<\/p>\n<\/div>\n<div class=\"message\">\n\t<p><span class=\"wpcf7-form-control-wrap\" data-name=\"your-message\"><textarea cols=\"40\" rows=\"10\" maxlength=\"2000\" class=\"wpcf7-form-control wpcf7-textarea wpcf7-validates-as-required\" aria-required=\"true\" aria-invalid=\"false\" placeholder=\"Nachricht*\" name=\"your-message\"><\/textarea><\/span>\n\t<\/p>\n<\/div>\n<div>\n\t<p><span class=\"wpcf7-form-control-wrap\" data-name=\"accept-this\"><span class=\"wpcf7-form-control wpcf7-acceptance\"><span class=\"wpcf7-list-item\"><input type=\"checkbox\" name=\"accept-this\" value=\"1\" aria-invalid=\"false\" \/><\/span><\/span><\/span> JA, ICH AKZEPTIERE DIE ALLGEMEINEN GESCH\u00c4FTSBEDINGUNGEN: Ich erkl\u00e4re mich mit der Verarbeitung meiner pers\u00f6nlichen Daten zum alleinigen Zweck der Bearbeitung meiner Anfrage und deren Aktualisierung einverstanden.<a class=\"fancybox-iframe {width:100%,height:100%}\" href=\"https:\/\/essenzediluce.com\/privacy-policy\/\"><strong>Privacy Policy<\/strong><\/a>\n\t<\/p>\n<\/div>\n<div>\n\t<p><span class=\"wpcf7-form-control-wrap\" data-name=\"your-consent-sendinblue\"><span class=\"wpcf7-form-control wpcf7-acceptance optional\"><span class=\"wpcf7-list-item\"><label><input type=\"checkbox\" name=\"your-consent-sendinblue\" value=\"1\" aria-invalid=\"false\" \/><span class=\"wpcf7-list-item-label\">MICH F\u00dcR DEN NEWSLETTER ANMELDEN<\/span><\/label><\/span><\/span><\/span>: Ich m\u00f6chte Mitteilungen und Aktualisierungen \u00fcber Projekte, neue Produkte und Veranstaltungen erhalten. - Kein Spam von Essenze di Luce versprochen!-\n\t<\/p>\n<\/div>\n<div>\n\t<p><input class=\"wpcf7-form-control wpcf7-submit has-spinner\" type=\"submit\" value=\"Senden\" \/>\n\t<\/p>\n<\/div><div class=\"wpcf7-response-output\" aria-hidden=\"true\"><\/div>\n<\/form>\n<\/div>\n[vc_column_text]\r\n\r\nI am text block. Click edit button to change this text. Lorem ipsum dolor sit amet, consectetur adipiscing elit. Ut elit tellus, luctus nec ullamcorper mattis, pulvinar dapibus leo.\r\n\r\n[\/vc_column_text][vc_empty_space height=&#8221;60px&#8221;][\/vc_column][\/vc_row]<\/div>","protected":false},"excerpt":{"rendered":"<p>[vc_row][vc_column][\/vc_column][\/vc_row][vc_row css=&#8221;.vc_custom_1585414950582{background-color: #ffffff !important;}&#8221;][vc_column][vc_column_text] BELEUCHTEN SIE IHREN WEG Stake ist die Naturstein-Garten-Stehleuchte mit einer fadenf\u00f6rmigen vertikalen Lichtquelle von nur 4mm Dicke. Die Wesentlichkeit der Form charakterisiert diese Pollerleuchte tags\u00fcber als architektonisches und gestalterisches Element und abends als technische Beleuchtung f\u00fcr&hellip;<\/p>\n<p> <a class=\"more-link\" href=\"https:\/\/essenzediluce.com\/de\/i-sistemi-illuminanti-essenze-di-luce\/stake\/\">Weiterlesen<\/a><\/p>\n","protected":false},"author":2,"featured_media":21460,"parent":10993,"menu_order":6,"comment_status":"closed","ping_status":"closed","template":"","meta":{"footnotes":""},"class_list":["post-11585","page","type-page","status-publish","has-post-thumbnail"],"yoast_head":"<!-- This site is optimized with the Yoast SEO plugin v24.5 - https:\/\/yoast.com\/wordpress\/plugins\/seo\/ -->\n<title>Stake - Stehleuchte aus Naturstein mit einer vertikalen Lichtquelle<\/title>\n<meta name=\"description\" content=\"Bodenleuchte aus Naturstein, mit einer nur 4 mm fadenf\u00f6rmigen vertikalen Lichtquelle entworfen. 100% Handmade in Italy.\" \/>\n<meta name=\"robots\" content=\"index, follow, max-snippet:-1, max-image-preview:large, max-video-preview:-1\" \/>\n<link rel=\"canonical\" href=\"https:\/\/essenzediluce.com\/de\/i-sistemi-illuminanti-essenze-di-luce\/stake\/\" \/>\n<meta property=\"og:locale\" content=\"de_DE\" \/>\n<meta property=\"og:type\" content=\"article\" \/>\n<meta property=\"og:title\" content=\"Stake - Stehleuchte aus Naturstein mit einer vertikalen Lichtquelle\" \/>\n<meta property=\"og:description\" content=\"Bodenleuchte aus Naturstein, mit einer nur 4 mm fadenf\u00f6rmigen vertikalen Lichtquelle entworfen. 100% Handmade in Italy.\" \/>\n<meta property=\"og:url\" content=\"https:\/\/essenzediluce.com\/de\/i-sistemi-illuminanti-essenze-di-luce\/stake\/\" \/>\n<meta property=\"og:site_name\" content=\"Essenze di Luce\" \/>\n<meta property=\"article:publisher\" content=\"https:\/\/www.facebook.com\/essenzediluce.italy\/\" \/>\n<meta property=\"article:modified_time\" content=\"2026-03-06T12:03:52+00:00\" \/>\n<meta property=\"og:image\" content=\"https:\/\/essenzediluce.com\/wp-content\/uploads\/2025\/03\/Paletto-led-da-giardino-Stake-Essenze-di-Luce.webp\" \/>\n\t<meta property=\"og:image:width\" content=\"1200\" \/>\n\t<meta property=\"og:image:height\" content=\"1200\" \/>\n\t<meta property=\"og:image:type\" content=\"image\/webp\" \/>\n<meta name=\"twitter:card\" content=\"summary_large_image\" \/>\n<meta name=\"twitter:label1\" content=\"Gesch\u00e4tzte Lesezeit\" \/>\n\t<meta name=\"twitter:data1\" content=\"8\u00a0Minuten\" \/>\n<script type=\"application\/ld+json\" class=\"yoast-schema-graph\">{\"@context\":\"https:\/\/schema.org\",\"@graph\":[{\"@type\":\"WebPage\",\"@id\":\"https:\/\/essenzediluce.com\/de\/i-sistemi-illuminanti-essenze-di-luce\/stake\/\",\"url\":\"https:\/\/essenzediluce.com\/de\/i-sistemi-illuminanti-essenze-di-luce\/stake\/\",\"name\":\"Stake - Stehleuchte aus Naturstein mit einer vertikalen Lichtquelle\",\"isPartOf\":{\"@id\":\"https:\/\/essenzediluce.com\/#website\"},\"primaryImageOfPage\":{\"@id\":\"https:\/\/essenzediluce.com\/de\/i-sistemi-illuminanti-essenze-di-luce\/stake\/#primaryimage\"},\"image\":{\"@id\":\"https:\/\/essenzediluce.com\/de\/i-sistemi-illuminanti-essenze-di-luce\/stake\/#primaryimage\"},\"thumbnailUrl\":\"https:\/\/essenzediluce.com\/wp-content\/uploads\/2025\/03\/Paletto-led-da-giardino-Stake-Essenze-di-Luce.webp\",\"datePublished\":\"2020-03-23T18:07:57+00:00\",\"dateModified\":\"2026-03-06T12:03:52+00:00\",\"description\":\"Bodenleuchte aus Naturstein, mit einer nur 4 mm fadenf\u00f6rmigen vertikalen Lichtquelle entworfen. 100% Handmade in Italy.\",\"breadcrumb\":{\"@id\":\"https:\/\/essenzediluce.com\/de\/i-sistemi-illuminanti-essenze-di-luce\/stake\/#breadcrumb\"},\"inLanguage\":\"de\",\"potentialAction\":[{\"@type\":\"ReadAction\",\"target\":[\"https:\/\/essenzediluce.com\/de\/i-sistemi-illuminanti-essenze-di-luce\/stake\/\"]}]},{\"@type\":\"ImageObject\",\"inLanguage\":\"de\",\"@id\":\"https:\/\/essenzediluce.com\/de\/i-sistemi-illuminanti-essenze-di-luce\/stake\/#primaryimage\",\"url\":\"https:\/\/essenzediluce.com\/wp-content\/uploads\/2025\/03\/Paletto-led-da-giardino-Stake-Essenze-di-Luce.webp\",\"contentUrl\":\"https:\/\/essenzediluce.com\/wp-content\/uploads\/2025\/03\/Paletto-led-da-giardino-Stake-Essenze-di-Luce.webp\",\"width\":1200,\"height\":1200,\"caption\":\"Paletto led da giardino Stake Essenze di Luce\"},{\"@type\":\"BreadcrumbList\",\"@id\":\"https:\/\/essenzediluce.com\/de\/i-sistemi-illuminanti-essenze-di-luce\/stake\/#breadcrumb\",\"itemListElement\":[{\"@type\":\"ListItem\",\"position\":1,\"name\":\"Home\",\"item\":\"https:\/\/essenzediluce.com\/de\/\"},{\"@type\":\"ListItem\",\"position\":2,\"name\":\"Produkte\",\"item\":\"https:\/\/essenzediluce.com\/de\/i-sistemi-illuminanti-essenze-di-luce\/\"},{\"@type\":\"ListItem\",\"position\":3,\"name\":\"Stake\"}]},{\"@type\":\"WebSite\",\"@id\":\"https:\/\/essenzediluce.com\/#website\",\"url\":\"https:\/\/essenzediluce.com\/\",\"name\":\"Essenze di Luce\",\"description\":\"\",\"publisher\":{\"@id\":\"https:\/\/essenzediluce.com\/#organization\"},\"potentialAction\":[{\"@type\":\"SearchAction\",\"target\":{\"@type\":\"EntryPoint\",\"urlTemplate\":\"https:\/\/essenzediluce.com\/?s={search_term_string}\"},\"query-input\":{\"@type\":\"PropertyValueSpecification\",\"valueRequired\":true,\"valueName\":\"search_term_string\"}}],\"inLanguage\":\"de\"},{\"@type\":\"Organization\",\"@id\":\"https:\/\/essenzediluce.com\/#organization\",\"name\":\"Essenze di Luce\",\"url\":\"https:\/\/essenzediluce.com\/\",\"logo\":{\"@type\":\"ImageObject\",\"inLanguage\":\"de\",\"@id\":\"https:\/\/essenzediluce.com\/#\/schema\/logo\/image\/\",\"url\":\"https:\/\/essenzediluce.com\/wp-content\/uploads\/2017\/03\/el.jpg\",\"contentUrl\":\"https:\/\/essenzediluce.com\/wp-content\/uploads\/2017\/03\/el.jpg\",\"width\":512,\"height\":512,\"caption\":\"Essenze di Luce\"},\"image\":{\"@id\":\"https:\/\/essenzediluce.com\/#\/schema\/logo\/image\/\"},\"sameAs\":[\"https:\/\/www.facebook.com\/essenzediluce.italy\/\",\"https:\/\/www.instagram.com\/essenzediluce\/\",\"https:\/\/www.youtube.com\/channel\/UCXKJKPfUYADaJMEm_9NAvrA\"]}]}<\/script>\n<!-- \/ Yoast SEO plugin. -->","yoast_head_json":{"title":"Stake - Stehleuchte aus Naturstein mit einer vertikalen Lichtquelle","description":"Bodenleuchte aus Naturstein, mit einer nur 4 mm fadenf\u00f6rmigen vertikalen Lichtquelle entworfen. 100% Handmade in Italy.","robots":{"index":"index","follow":"follow","max-snippet":"max-snippet:-1","max-image-preview":"max-image-preview:large","max-video-preview":"max-video-preview:-1"},"canonical":"https:\/\/essenzediluce.com\/de\/i-sistemi-illuminanti-essenze-di-luce\/stake\/","og_locale":"de_DE","og_type":"article","og_title":"Stake - Stehleuchte aus Naturstein mit einer vertikalen Lichtquelle","og_description":"Bodenleuchte aus Naturstein, mit einer nur 4 mm fadenf\u00f6rmigen vertikalen Lichtquelle entworfen. 100% Handmade in Italy.","og_url":"https:\/\/essenzediluce.com\/de\/i-sistemi-illuminanti-essenze-di-luce\/stake\/","og_site_name":"Essenze di Luce","article_publisher":"https:\/\/www.facebook.com\/essenzediluce.italy\/","article_modified_time":"2026-03-06T12:03:52+00:00","og_image":[{"width":1200,"height":1200,"url":"https:\/\/essenzediluce.com\/wp-content\/uploads\/2025\/03\/Paletto-led-da-giardino-Stake-Essenze-di-Luce.webp","type":"image\/webp"}],"twitter_card":"summary_large_image","twitter_misc":{"Gesch\u00e4tzte Lesezeit":"8\u00a0Minuten"},"schema":{"@context":"https:\/\/schema.org","@graph":[{"@type":"WebPage","@id":"https:\/\/essenzediluce.com\/de\/i-sistemi-illuminanti-essenze-di-luce\/stake\/","url":"https:\/\/essenzediluce.com\/de\/i-sistemi-illuminanti-essenze-di-luce\/stake\/","name":"Stake - Stehleuchte aus Naturstein mit einer vertikalen Lichtquelle","isPartOf":{"@id":"https:\/\/essenzediluce.com\/#website"},"primaryImageOfPage":{"@id":"https:\/\/essenzediluce.com\/de\/i-sistemi-illuminanti-essenze-di-luce\/stake\/#primaryimage"},"image":{"@id":"https:\/\/essenzediluce.com\/de\/i-sistemi-illuminanti-essenze-di-luce\/stake\/#primaryimage"},"thumbnailUrl":"https:\/\/essenzediluce.com\/wp-content\/uploads\/2025\/03\/Paletto-led-da-giardino-Stake-Essenze-di-Luce.webp","datePublished":"2020-03-23T18:07:57+00:00","dateModified":"2026-03-06T12:03:52+00:00","description":"Bodenleuchte aus Naturstein, mit einer nur 4 mm fadenf\u00f6rmigen vertikalen Lichtquelle entworfen. 100% Handmade in Italy.","breadcrumb":{"@id":"https:\/\/essenzediluce.com\/de\/i-sistemi-illuminanti-essenze-di-luce\/stake\/#breadcrumb"},"inLanguage":"de","potentialAction":[{"@type":"ReadAction","target":["https:\/\/essenzediluce.com\/de\/i-sistemi-illuminanti-essenze-di-luce\/stake\/"]}]},{"@type":"ImageObject","inLanguage":"de","@id":"https:\/\/essenzediluce.com\/de\/i-sistemi-illuminanti-essenze-di-luce\/stake\/#primaryimage","url":"https:\/\/essenzediluce.com\/wp-content\/uploads\/2025\/03\/Paletto-led-da-giardino-Stake-Essenze-di-Luce.webp","contentUrl":"https:\/\/essenzediluce.com\/wp-content\/uploads\/2025\/03\/Paletto-led-da-giardino-Stake-Essenze-di-Luce.webp","width":1200,"height":1200,"caption":"Paletto led da giardino Stake Essenze di Luce"},{"@type":"BreadcrumbList","@id":"https:\/\/essenzediluce.com\/de\/i-sistemi-illuminanti-essenze-di-luce\/stake\/#breadcrumb","itemListElement":[{"@type":"ListItem","position":1,"name":"Home","item":"https:\/\/essenzediluce.com\/de\/"},{"@type":"ListItem","position":2,"name":"Produkte","item":"https:\/\/essenzediluce.com\/de\/i-sistemi-illuminanti-essenze-di-luce\/"},{"@type":"ListItem","position":3,"name":"Stake"}]},{"@type":"WebSite","@id":"https:\/\/essenzediluce.com\/#website","url":"https:\/\/essenzediluce.com\/","name":"Essenze di Luce","description":"","publisher":{"@id":"https:\/\/essenzediluce.com\/#organization"},"potentialAction":[{"@type":"SearchAction","target":{"@type":"EntryPoint","urlTemplate":"https:\/\/essenzediluce.com\/?s={search_term_string}"},"query-input":{"@type":"PropertyValueSpecification","valueRequired":true,"valueName":"search_term_string"}}],"inLanguage":"de"},{"@type":"Organization","@id":"https:\/\/essenzediluce.com\/#organization","name":"Essenze di Luce","url":"https:\/\/essenzediluce.com\/","logo":{"@type":"ImageObject","inLanguage":"de","@id":"https:\/\/essenzediluce.com\/#\/schema\/logo\/image\/","url":"https:\/\/essenzediluce.com\/wp-content\/uploads\/2017\/03\/el.jpg","contentUrl":"https:\/\/essenzediluce.com\/wp-content\/uploads\/2017\/03\/el.jpg","width":512,"height":512,"caption":"Essenze di Luce"},"image":{"@id":"https:\/\/essenzediluce.com\/#\/schema\/logo\/image\/"},"sameAs":["https:\/\/www.facebook.com\/essenzediluce.italy\/","https:\/\/www.instagram.com\/essenzediluce\/","https:\/\/www.youtube.com\/channel\/UCXKJKPfUYADaJMEm_9NAvrA"]}]}},"_links":{"self":[{"href":"https:\/\/essenzediluce.com\/de\/wp-json\/wp\/v2\/pages\/11585"}],"collection":[{"href":"https:\/\/essenzediluce.com\/de\/wp-json\/wp\/v2\/pages"}],"about":[{"href":"https:\/\/essenzediluce.com\/de\/wp-json\/wp\/v2\/types\/page"}],"author":[{"embeddable":true,"href":"https:\/\/essenzediluce.com\/de\/wp-json\/wp\/v2\/users\/2"}],"replies":[{"embeddable":true,"href":"https:\/\/essenzediluce.com\/de\/wp-json\/wp\/v2\/comments?post=11585"}],"version-history":[{"count":35,"href":"https:\/\/essenzediluce.com\/de\/wp-json\/wp\/v2\/pages\/11585\/revisions"}],"predecessor-version":[{"id":23443,"href":"https:\/\/essenzediluce.com\/de\/wp-json\/wp\/v2\/pages\/11585\/revisions\/23443"}],"up":[{"embeddable":true,"href":"https:\/\/essenzediluce.com\/de\/wp-json\/wp\/v2\/pages\/10993"}],"wp:featuredmedia":[{"embeddable":true,"href":"https:\/\/essenzediluce.com\/de\/wp-json\/wp\/v2\/media\/21460"}],"wp:attachment":[{"href":"https:\/\/essenzediluce.com\/de\/wp-json\/wp\/v2\/media?parent=11585"}],"curies":[{"name":"wp","href":"https:\/\/api.w.org\/{rel}","templated":true}]}}