{"id":13173,"date":"2022-09-06T12:41:47","date_gmt":"2022-09-06T12:41:47","guid":{"rendered":"https:\/\/essenzediluce.com\/?page_id=13173"},"modified":"2026-03-05T17:08:16","modified_gmt":"2026-03-05T16:08:16","slug":"menhir-sound-pro","status":"publish","type":"page","link":"https:\/\/essenzediluce.com\/de\/i-sistemi-illuminanti-essenze-di-luce\/menhir-sound-pro\/","title":{"rendered":"Menhir Sound Pro"},"content":{"rendered":"<div class=\"wpb-content-wrapper\">[vc_row][vc_column]\n\t\t\t<!-- START MenhirSoundPRO_DE REVOLUTION SLIDER 6.6.16 --><p class=\"rs-p-wp-fix\"><\/p>\n\t\t\t<rs-module-wrap id=\"rev_slider_79_1_wrapper\" data-source=\"gallery\" style=\"visibility:hidden;background:transparent;padding:0;margin:0px auto;margin-top:0;margin-bottom:0;\">\n\t\t\t\t<rs-module id=\"rev_slider_79_1\" style=\"\" data-version=\"6.6.16\">\n\t\t\t\t\t<rs-slides style=\"overflow: hidden; position: absolute;\">\n\t\t\t\t\t\t<rs-slide style=\"position: absolute;\" data-key=\"rs-146\" data-title=\"Slide\" data-in=\"o:0;\" data-out=\"a:false;\">\n\t\t\t\t\t\t\t<img decoding=\"async\" src=\"\/\/essenzediluce.com\/wp-content\/plugins\/revslider\/public\/assets\/assets\/dummy.png\" alt=\"\" title=\"Menhire Sound PRO-Banner img PRO\" width=\"1900\" height=\"1054\" class=\"rev-slidebg tp-rs-img rs-lazyload\" data-lazyload=\"\/\/essenzediluce.com\/wp-content\/uploads\/2022\/08\/Menhire-Sound-PRO-Banner-img-PRO.jpg\" data-no-retina>\n<!--\n\t\t\t\t\t\t\t--><rs-layer\n\t\t\t\t\t\t\t\tid=\"slider-79-slide-146-layer-0\" \n\t\t\t\t\t\t\t\tdata-type=\"text\"\n\t\t\t\t\t\t\t\tdata-rsp_ch=\"on\"\n\t\t\t\t\t\t\t\tdata-xy=\"xo:76px,62px,45px,37px;yo:234px,193px,184px,191px;\"\n\t\t\t\t\t\t\t\tdata-text=\"w:normal;s:50,50,40,30;l:60,60,45,35;fw:300;\"\n\t\t\t\t\t\t\t\tdata-dim=\"w:884px,924px,716px,422px;h:227px,187px,auto,auto;\"\n\t\t\t\t\t\t\t\tdata-frame_999=\"o:0;st:w;\"\n\t\t\t\t\t\t\t\tstyle=\"z-index:11;font-family:'Roboto';\"\n\t\t\t\t\t\t\t>Leichtes Design und Audio-Lautsprecherf\u00fcr den Au\u00dfenbereich \n\t\t\t\t\t\t\t<\/rs-layer><!--\n\n\t\t\t\t\t\t\t--><rs-layer\n\t\t\t\t\t\t\t\tid=\"slider-79-slide-146-layer-6\" \n\t\t\t\t\t\t\t\tdata-type=\"text\"\n\t\t\t\t\t\t\t\tdata-rsp_ch=\"on\"\n\t\t\t\t\t\t\t\tdata-xy=\"xo:72px,59px,44px,35px;yo:124px,62px,47px,71px;\"\n\t\t\t\t\t\t\t\tdata-text=\"w:normal;s:70,70,60,45;l:90,90,80,50;fw:300;\"\n\t\t\t\t\t\t\t\tdata-dim=\"w:auto,925px,718px,357px;\"\n\t\t\t\t\t\t\t\tdata-frame_999=\"o:0;st:w;\"\n\t\t\t\t\t\t\t\tstyle=\"z-index:12;font-family:'Roboto';\"\n\t\t\t\t\t\t\t>MENHIR SOUND PRO \n\t\t\t\t\t\t\t<\/rs-layer><!--\n-->\t\t\t\t\t\t<\/rs-slide>\n\t\t\t\t\t<\/rs-slides>\n\t\t\t\t<\/rs-module>\n\t\t\t\t<script>\n\t\t\t\t\tsetREVStartSize({c: 'rev_slider_79_1',rl:[1920,1024,778,480],el:[867.997,768,545,720],gw:[1240,1024,778,480],gh:[868,768,960,720],type:'hero',justify:'',layout:'fullwidth',mh:\"0\"});if (window.RS_MODULES!==undefined && window.RS_MODULES.modules!==undefined && window.RS_MODULES.modules[\"revslider791\"]!==undefined) {window.RS_MODULES.modules[\"revslider791\"].once = false;window.revapi79 = undefined;if (window.RS_MODULES.checkMinimal!==undefined) window.RS_MODULES.checkMinimal()}\n\t\t\t\t<\/script>\n\t\t\t<\/rs-module-wrap>\n\t\t\t<!-- END REVOLUTION SLIDER -->\n[\/vc_column][\/vc_row][vc_row][vc_column][vc_empty_space height=&#8221;60&#8243;][vc_column_text]\r\n<h1 style=\"text-align: center;\"><strong>GARTEN LAUTSPRECHER: DIE NEUE FORM DES KLANGS<\/strong><\/h1>\r\n<h1 style=\"text-align: center;\"><strong>Das Original Essenze di Luce<\/strong>\u00ae<\/h1>\r\n[\/vc_column_text][vc_column_text]\r\n<h2 style=\"text-align: center;\">&#8211; Outdoor lautsprecher mit beleuchtung system &#8211;<\/h2>\r\n[\/vc_column_text][vc_column_text css_animation=&#8221;fadeIn&#8221;]Menhir Sound Pro ist ein noch nie dagewesener <strong>Au\u00dfenlautsprecher<\/strong>, der einen 360\u00b0-Rundumklang mit leistungsstarker Audio-Performance und konkurrenzlosem Design liefert. Ein Lautsprecher kreiert f\u00fcr Au\u00dfenbereiche kleinerer und mittlerer Gr\u00f6\u00dfe, bei denen Leistung und extrem hohe Klangtreue erforderlich sind, um Akustik f\u00fcr das menschliche Ohr so rein, pr\u00e4zise und authentisch wie m\u00f6glich wiederzugeben.\r\n\r\n<strong>Die Audio-Innovation kombiniert mit moderner LED-Technologie<\/strong> erm\u00f6glicht eine Vielzahl von Anwendungen: Gewerbliche &amp; private Gr\u00fcnfl\u00e4chen, Schwimmbad- &amp; Wellnessbereiche, &#8230; Eine neue Art den Au\u00dfenraum mit stimmungsvollem Licht und hochaufl\u00f6sender Musik zu erleben.\r\n<blockquote>\r\n<h4 style=\"text-align: left;\"><strong>DER ROBUSTESTE OUTDOOR-LAUTSPRECHER MIT UNVERWECHSELBAREM DESIGN<\/strong><\/h4>\r\n<\/blockquote>\r\n[\/vc_column_text][\/vc_column][\/vc_row][vc_row][vc_column][vc_empty_space height=&#8221;60&#8243;][\/vc_column][\/vc_row][vc_row full_width=&#8221;stretch_row&#8221; gap=&#8221;25&#8243; equal_height=&#8221;yes&#8221; css=&#8221;.vc_custom_1585905277714{background-color: #f2f2f2 !important;}&#8221;][vc_column css_animation=&#8221;fadeIn&#8221; width=&#8221;1\/3&#8243;][vc_empty_space][vc_column_text css=&#8221;.vc_custom_1660126118694{padding-top: 50px !important;}&#8221;]\r\n<h4><strong>DIE SILHOUETTE DES KLANGS<\/strong><\/h4>\r\n<h3 style=\"padding: 0.8em 0 .5em;\"><strong>OUTDOOR LUXUS<\/strong><\/h3>\r\nSound Pro ist die neue Dimension des Outdoor-Luxus, die durch die Kombination von Licht und hochwertigem Stereosound eine multifunktionale Umgebung f\u00fcr einzigartige Eindr\u00fccke bei Tag, Abend und Nacht schafft. <strong>Die perfekte Wahl f\u00fcr einen luxuri\u00f6sen und veredelten Au\u00dfenraum.\u00a0<\/strong>[\/vc_column_text][\/vc_column][vc_column css_animation=&#8221;fadeIn&#8221; width=&#8221;2\/3&#8243; css=&#8221;.vc_custom_1587890929364{border-left-width: 0px !important;padding-left: 0px !important;background-position: center !important;background-repeat: no-repeat !important;background-size: cover !important;}&#8221;][vc_single_image image=&#8221;20613&#8243; img_size=&#8221;1500&#215;1000&#8243; alignment=&#8221;center&#8221; onclick=&#8221;zoom&#8221; css=&#8221;&#8221;][\/vc_column][\/vc_row][vc_row full_width=&#8221;stretch_row&#8221; gap=&#8221;25&#8243; equal_height=&#8221;yes&#8221; css=&#8221;.vc_custom_1585905277714{background-color: #f2f2f2 !important;}&#8221;][vc_column css_animation=&#8221;fadeIn&#8221; width=&#8221;2\/3&#8243; css=&#8221;.vc_custom_1587890957422{border-left-width: 0px !important;padding-left: 0px !important;background-position: center !important;background-repeat: no-repeat !important;background-size: cover !important;}&#8221;][vc_single_image image=&#8221;13016&#8243; img_size=&#8221;full&#8221; alignment=&#8221;center&#8221; onclick=&#8221;zoom&#8221;][\/vc_column][vc_column css_animation=&#8221;fadeIn&#8221; width=&#8221;1\/3&#8243;][vc_empty_space][vc_column_text css=&#8221;.vc_custom_1660126160600{padding-top: 50px !important;}&#8221;]\r\n<h4><strong>TECHNIK MADE IN ITALIEN<\/strong><\/h4>\r\n<h3 style=\"padding: 0.8em 0 .5em;\"><strong>HI-FI-SOUND<\/strong><\/h3>\r\nDer Aufbau des Lautsprechers besteht aus<strong> einer Akustik-Linse, einem integrierten Tieft\u00f6ner und zwei LED-Lichtquellen<\/strong>. Das Oberteil des Monolithen wird mittels spezieller Kernbohrtechnik ausgearbeitet. So entsteht gen\u00fcgend Raum zur Aufnahme des Lautsprechers und des Tieft\u00f6ners. <strong>Der Sound tritt aus einem nur 17 mm hohen Bauteil.<\/strong>[\/vc_column_text][\/vc_column][\/vc_row][vc_row full_width=&#8221;stretch_row&#8221; gap=&#8221;25&#8243; equal_height=&#8221;yes&#8221; css=&#8221;.vc_custom_1585905277714{background-color: #f2f2f2 !important;}&#8221;][vc_column css_animation=&#8221;fadeIn&#8221; width=&#8221;1\/3&#8243;][vc_empty_space][vc_column_text css=&#8221;.vc_custom_1660126213510{padding-top: 50px !important;}&#8221;]\r\n<h4><strong>KRAFTVOLL UND KRISTALLKLAR<\/strong><\/h4>\r\n<h3 style=\"padding: 0.8em 0 .5em;\">KLANGBILD<\/h3>\r\nDank des integrierten Tieft\u00f6ners, f\u00fcr die tiefen Frequenzen, und der Stahl-Akustik-Linse f\u00fcr die mittleren und hohen T\u00f6ne steuert, ist der Klang des Sound PRO kraftvoll und kristallklar. <strong>Der Neodym-Lautsprecher f\u00fcr den Au\u00dfenbereich ist tropentauglich<\/strong> und h\u00e4lt allen Wetterbedingungen stand. <strong>220 W Leistung<\/strong> bei sehr hoher Klangtreue.[\/vc_column_text][\/vc_column][vc_column css_animation=&#8221;fadeIn&#8221; width=&#8221;2\/3&#8243; css=&#8221;.vc_custom_1587890929364{border-left-width: 0px !important;padding-left: 0px !important;background-position: center !important;background-repeat: no-repeat !important;background-size: cover !important;}&#8221;][vc_single_image image=&#8221;11891&#8243; img_size=&#8221;1500&#215;1000&#8243; alignment=&#8221;center&#8221; onclick=&#8221;zoom&#8221; css=&#8221;&#8221;][\/vc_column][\/vc_row][vc_row full_width=&#8221;stretch_row&#8221; gap=&#8221;25&#8243; equal_height=&#8221;yes&#8221; css=&#8221;.vc_custom_1585905277714{background-color: #f2f2f2 !important;}&#8221;][vc_column css_animation=&#8221;fadeIn&#8221; width=&#8221;2\/3&#8243; css=&#8221;.vc_custom_1587890957422{border-left-width: 0px !important;padding-left: 0px !important;background-position: center !important;background-repeat: no-repeat !important;background-size: cover !important;}&#8221;][vc_single_image image=&#8221;13655&#8243; img_size=&#8221;full&#8221; alignment=&#8221;center&#8221; onclick=&#8221;zoom&#8221;][\/vc_column][vc_column css_animation=&#8221;fadeIn&#8221; width=&#8221;1\/3&#8243;][vc_column_text css=&#8221;.vc_custom_1687423505124{padding-top: 50px !important;}&#8221;]\r\n<h4>BELEUCHTUNG<\/h4>\r\n<h3><strong>SZENOGRAFISCHE WIRKUNG<\/strong><\/h3>\r\nMenhir Sound, in der Steinversion mit nat\u00fcrlicher oder quadratischer Form, verf\u00fcgt \u00fcber <strong>einen einzigen leuchtenden<\/strong> Ausschnitt mit zwei Led-Lichtquellen im Inneren, die sich an gegen\u00fcberliegenden Polen befinden, um einen <strong>szenografischen Lichteffekt<\/strong> zu erzielen. Die Leuchtelemente sind mit einem speziellen Harz behandelt, das ihre Haltbarkeit bewahrt und das Produkt vollkommen <strong>wasserdicht<\/strong> macht.[\/vc_column_text][\/vc_column][\/vc_row][vc_row el_class=&#8221;showsliderforlessthan&#8221;][vc_column][vc_empty_space][\/vc_column][\/vc_row][vc_row][vc_column width=&#8221;1\/2&#8243;][vc_custom_heading text=&#8221;DIE GROSSE HERAUSFORDERUNG&#8221;][\/vc_column][vc_column width=&#8221;1\/2&#8243;][vc_column_text]Einen Au\u00dfenlautsprecher mit neuartigem Design in Naturstein zu kreiieren. Leistungsf\u00e4hig genug, um pr\u00e4zise und kraftvoll ein sehr hochwertiges Klangbild durch ein nur 17mm hohes Bauteil zu \u00fcbertragen.[\/vc_column_text][\/vc_column][\/vc_row][vc_row][vc_column width=&#8221;1\/2&#8243;][vc_custom_heading text=&#8221;WIE WIR ES TUN&#8221;][\/vc_column][vc_column width=&#8221;1\/2&#8243;][vc_column_text]Es brauchte zwei Jahre Forschung, Entwicklung und Produkttests, um unsere gr\u00f6\u00dfte Herausforderung zu meistern. Indem wir Toningenieure und Steinspezialisten zusammengebracht haben, haben wir <strong>den PRO-Sound-Boden mit integriertem Lautsprecher und Tieft\u00f6ner geschaffen<\/strong>, der mit einer speziellen Bearbeitung des Steins eine noch nie dagewesene Audio-Performance liefert.\r\n\r\nDar\u00fcber hinaus erm\u00f6glicht die <strong>tropentaugliche Lautsprechermembran<\/strong> den Einsatz auch unter widrigsten Wetterbedingungen. Keine zus\u00e4tzlichen Schutzma\u00dfnahmen erforderlich.[\/vc_column_text][\/vc_column][\/vc_row][vc_row][vc_column width=&#8221;1\/2&#8243;][vc_custom_heading text=&#8221;DAS ERGEBNIS&#8221;][\/vc_column][vc_column width=&#8221;1\/2&#8243;][vc_column_text]Ein einzigartiger Aussenlautsprecher, welcher die \u00e4sthetische Sch\u00f6nheit und das einmalige Design des Natursteinhandwerks bewahrt, der im Freien verwendet werden kann und keine Wartung erfordert.[\/vc_column_text][\/vc_column][\/vc_row][vc_row el_class=&#8221;showsliderforlessthan&#8221;][vc_column][vc_empty_space][\/vc_column][\/vc_row][vc_row full_width=&#8221;stretch_row_content&#8221;][vc_column css_animation=&#8221;fadeIn&#8221; width=&#8221;1\/6&#8243;][\/vc_column][vc_column width=&#8221;2\/3&#8243;][vc_column_text]<div class=\"epyt-video-wrapper\"><div  id=\"_ytid_39580\"  width=\"800\" height=\"450\"  data-origwidth=\"800\" data-origheight=\"450\" data-facadesrc=\"https:\/\/www.youtube.com\/embed\/QZ_Tt-tKSUo?enablejsapi=1&autoplay=0&cc_load_policy=0&cc_lang_pref=&iv_load_policy=1&loop=0&rel=1&fs=1&playsinline=0&autohide=2&theme=dark&color=red&controls=1&disablekb=0&\" class=\"__youtube_prefs__ epyt-facade no-lazyload\" data-epautoplay=\"1\" ><img decoding=\"async\" data-spai-excluded=\"true\" class=\"epyt-facade-poster skip-lazy\" loading=\"lazy\"  alt=\"YouTube player\"  src=\"https:\/\/i.ytimg.com\/vi\/QZ_Tt-tKSUo\/maxresdefault.jpg\"  \/><button class=\"epyt-facade-play\" aria-label=\"Play\"><svg data-no-lazy=\"1\" height=\"100%\" version=\"1.1\" viewBox=\"0 0 68 48\" width=\"100%\"><path class=\"ytp-large-play-button-bg\" d=\"M66.52,7.74c-0.78-2.93-2.49-5.41-5.42-6.19C55.79,.13,34,0,34,0S12.21,.13,6.9,1.55 C3.97,2.33,2.27,4.81,1.48,7.74C0.06,13.05,0,24,0,24s0.06,10.95,1.48,16.26c0.78,2.93,2.49,5.41,5.42,6.19 C12.21,47.87,34,48,34,48s21.79-0.13,27.1-1.55c2.93-0.78,4.64-3.26,5.42-6.19C67.94,34.95,68,24,68,24S67.94,13.05,66.52,7.74z\" fill=\"#f00\"><\/path><path d=\"M 45,24 27,14 27,34\" fill=\"#fff\"><\/path><\/svg><\/button><\/div><\/div>[\/vc_column_text][\/vc_column][vc_column width=&#8221;1\/6&#8243;][\/vc_column][\/vc_row][vc_row][vc_column][vc_empty_space height=&#8221;60&#8243;][vc_column_text css_animation=&#8221;fadeIn&#8221;]\r\n<h2 style=\"text-align: center;\">INTEGRIERTES KONTROLLSYSTEM F\u00dcR DIE TONWIEDERGABE<\/h2>\r\n[\/vc_column_text][\/vc_column][\/vc_row][vc_row el_class=&#8221;showsliderforlessthan&#8221;][vc_column width=&#8221;1\/3&#8243;][vc_empty_space height=&#8221;20&#8243;][vc_single_image image=&#8221;15728&#8243; img_size=&#8221;full&#8221;][\/vc_column][vc_column width=&#8221;2\/3&#8243;][vc_column_text]Menhir Sound PRO erm\u00f6glicht es, den Sound entweder im manuellen Modus \u00fcber ein Smartphone oder integriert in bereits vorhandene Audiosysteme in einem Haus oder Geb\u00e4ude, im automatischen Modus zu steuern. Die Kompatibilit\u00e4t, die w\u00e4hrend der Entwicklungsphase untersucht wurde, erm\u00f6glicht eine perfekte Kontinuit\u00e4t zwischen der Au\u00dfen- und Innenumgebung und vor allem eine einfache und schnelle Audiokontrolle f\u00fcr den Benutzer.\r\n\r\n<strong>Steuern Sie die Musik \u00fcber Ihr Smartphone<\/strong>: Laden Sie dank des WLAN-Systems einfach die App herunter, nutzen Sie Ihre bevorzugten Musikdienste und genie\u00dfen Sie die Musik bequem in Ihrem eigenen Au\u00dfenbereich.\r\n\r\n<strong>Wenn Sie hingegen bereits \u00fcber ein internes Audiosystem verf\u00fcgen<\/strong>, k\u00f6nnen Sie Menhir Sound Pro integrieren, sowie z\u00fcgig und einfach mit der zentralen \u00a0Audiokontrolle Ihre Musik steuern.[\/vc_column_text][\/vc_column][\/vc_row][vc_row full_width=&#8221;stretch_row_content&#8221;][vc_column][vc_single_image image=&#8221;15724&#8243; img_size=&#8221;800&#215;95&#8243; alignment=&#8221;center&#8221;][vc_empty_space height=&#8221;10&#8243;][\/vc_column][\/vc_row][vc_row full_width=&#8221;stretch_row&#8221; css=&#8221;.vc_custom_1687423725063{background-color: #668195 !important;}&#8221;][vc_column width=&#8221;2\/5&#8243;][vc_column_text css=&#8221;.vc_custom_1687423624718{background-color: #668195 !important;}&#8221;]\r\n<h1 style=\"text-align: center;\"><strong><span style=\"color: #ffffff;\">MENHIR SOUND PRO<\/span> <\/strong><\/h1>\r\n[\/vc_column_text][vc_single_image image=&#8221;15710&#8243; img_size=&#8221;full&#8221; alignment=&#8221;center&#8221;][vc_column_text]<span style=\"color: #ffffff;\">Ideal f\u00fcr kleine bis mittelgro\u00dfe private oder \u00f6ffentliche R\u00e4ume, in denen omnidirektionale Audioqualit\u00e4t, Leistung und sehr hohe Klangtreue erforderlich sind.<\/span>[\/vc_column_text][vc_column_text]<img loading=\"lazy\" decoding=\"async\" class=\"alignnone wp-image-13005 alignleft\" src=\"https:\/\/essenzediluce.com\/wp-content\/uploads\/2022\/07\/LOCATION-ICON-300x300.png\" alt=\"\" width=\"50\" height=\"50\" srcset=\"https:\/\/essenzediluce.com\/wp-content\/uploads\/2022\/07\/LOCATION-ICON-300x300.png 300w, https:\/\/essenzediluce.com\/wp-content\/uploads\/2022\/07\/LOCATION-ICON-320x320.png 320w, https:\/\/essenzediluce.com\/wp-content\/uploads\/2022\/07\/LOCATION-ICON-100x100.png 100w, https:\/\/essenzediluce.com\/wp-content\/uploads\/2022\/07\/LOCATION-ICON-150x150.png 150w, https:\/\/essenzediluce.com\/wp-content\/uploads\/2022\/07\/LOCATION-ICON.png 512w\" sizes=\"(max-width: 50px) 100vw, 50px\" \/><span style=\"color: #ffffff;\"><strong>Location<\/strong>: Wohngebiet, Pool, Boutique, Gr\u00fcnfl\u00e4chen von Unternehmen usw&#8230;<\/span>[\/vc_column_text][vc_column_text]<img loading=\"lazy\" decoding=\"async\" class=\"alignnone wp-image-13001 alignleft\" src=\"https:\/\/essenzediluce.com\/wp-content\/uploads\/2022\/07\/COPERTURA-ICON.png\" alt=\"\" width=\"50\" height=\"50\" \/><span style=\"color: #ffffff;\"><strong>Technische Daten Audio<\/strong>: Leistung 220W Rms, Impedanz 8\u03a9, Schutzart IP 65<\/span>[\/vc_column_text][vc_column_text]<img loading=\"lazy\" decoding=\"async\" class=\"alignnone wp-image-12997 alignleft\" src=\"https:\/\/essenzediluce.com\/wp-content\/uploads\/2022\/07\/DIMENSIONI-ICON-300x300.png\" alt=\"\" width=\"50\" height=\"50\" srcset=\"https:\/\/essenzediluce.com\/wp-content\/uploads\/2022\/07\/DIMENSIONI-ICON-300x300.png 300w, https:\/\/essenzediluce.com\/wp-content\/uploads\/2022\/07\/DIMENSIONI-ICON-320x320.png 320w, https:\/\/essenzediluce.com\/wp-content\/uploads\/2022\/07\/DIMENSIONI-ICON-100x100.png 100w, https:\/\/essenzediluce.com\/wp-content\/uploads\/2022\/07\/DIMENSIONI-ICON-150x150.png 150w, https:\/\/essenzediluce.com\/wp-content\/uploads\/2022\/07\/DIMENSIONI-ICON.png 384w\" sizes=\"(max-width: 50px) 100vw, 50px\" \/><span style=\"color: #ffffff;\"><strong>Abmessungen<\/strong>: 80 x 40 x 60 cm im Durchschnitt\r\n<strong>Gewicht<\/strong>: 220 &#8211; 300 kg<\/span>[\/vc_column_text][\/vc_column][vc_column width=&#8221;1\/5&#8243;][vc_column_text css=&#8221;.vc_custom_1687423694782{background-color: #668195 !important;}&#8221;]\r\n<h1 style=\"text-align: center;\"><strong><span style=\"color: #ffffff;\"><u>vs<\/u><\/span> <\/strong><\/h1>\r\n[\/vc_column_text][\/vc_column][vc_column width=&#8221;2\/5&#8243;][vc_column_text css=&#8221;.vc_custom_1687423671619{background-color: #668195 !important;}&#8221;]\r\n<h1 style=\"text-align: center;\"><a href=\"https:\/\/essenzediluce.com\/de\/i-sistemi-illuminanti-essenze-di-luce\/menhir-sound\/\" target=\"_blank\" rel=\"noopener\"><span style=\"color: #ffffff;\">MENHIR SOUND<\/span><\/a><\/h1>\r\n[\/vc_column_text][vc_single_image image=&#8221;15706&#8243; img_size=&#8221;full&#8221; alignment=&#8221;center&#8221;][vc_column_text]<span style=\"color: #ffffff;\">F\u00fcr gro\u00dfe R\u00e4ume, in denen ein gleichm\u00e4\u00dfiger Schalldruck und eine homogene HiFi-Diffusion erforderlich sind, ideal f\u00fcr gut im Raum verteilte Hintergrundmusik.<\/span>[\/vc_column_text][vc_column_text]<img loading=\"lazy\" decoding=\"async\" class=\"wp-image-13005 alignleft\" src=\"https:\/\/essenzediluce.com\/wp-content\/uploads\/2022\/07\/LOCATION-ICON-300x300.png\" alt=\"\" width=\"50\" height=\"50\" srcset=\"https:\/\/essenzediluce.com\/wp-content\/uploads\/2022\/07\/LOCATION-ICON-300x300.png 300w, https:\/\/essenzediluce.com\/wp-content\/uploads\/2022\/07\/LOCATION-ICON-320x320.png 320w, https:\/\/essenzediluce.com\/wp-content\/uploads\/2022\/07\/LOCATION-ICON-100x100.png 100w, https:\/\/essenzediluce.com\/wp-content\/uploads\/2022\/07\/LOCATION-ICON-150x150.png 150w, https:\/\/essenzediluce.com\/wp-content\/uploads\/2022\/07\/LOCATION-ICON.png 512w\" sizes=\"(max-width: 50px) 100vw, 50px\" \/><span style=\"color: #ffffff;\"><strong>Location<\/strong>: Hotels, Restaurants, Clubs, \u00f6ffentliche R\u00e4ume, Au\u00dfenterrassen von Wohnh\u00e4usern usw&#8230;<\/span>[\/vc_column_text][vc_column_text]<img loading=\"lazy\" decoding=\"async\" class=\"alignnone wp-image-13001 alignleft\" src=\"https:\/\/essenzediluce.com\/wp-content\/uploads\/2022\/07\/COPERTURA-ICON.png\" alt=\"\" width=\"50\" height=\"50\" \/><span style=\"color: #ffffff;\"><strong>Technische Daten Audio<\/strong>: Leistung 30W Rms, Impedanz 8\u03a9, Schutzart IP 65<\/span>[\/vc_column_text][vc_column_text]<img loading=\"lazy\" decoding=\"async\" class=\"alignnone wp-image-12997 alignleft\" src=\"https:\/\/essenzediluce.com\/wp-content\/uploads\/2022\/07\/DIMENSIONI-ICON-300x300.png\" alt=\"\" width=\"50\" height=\"50\" srcset=\"https:\/\/essenzediluce.com\/wp-content\/uploads\/2022\/07\/DIMENSIONI-ICON-300x300.png 300w, https:\/\/essenzediluce.com\/wp-content\/uploads\/2022\/07\/DIMENSIONI-ICON-320x320.png 320w, https:\/\/essenzediluce.com\/wp-content\/uploads\/2022\/07\/DIMENSIONI-ICON-100x100.png 100w, https:\/\/essenzediluce.com\/wp-content\/uploads\/2022\/07\/DIMENSIONI-ICON-150x150.png 150w, https:\/\/essenzediluce.com\/wp-content\/uploads\/2022\/07\/DIMENSIONI-ICON.png 384w\" sizes=\"(max-width: 50px) 100vw, 50px\" \/><span style=\"color: #ffffff;\"><strong>Abmessungen<\/strong>: 60 x 30 x 35 cm im Durchschnitt\r\n<strong>Gewicht<\/strong>: 120 &#8211; 200 kg<\/span>[\/vc_column_text][vc_column_text]\r\n<p style=\"text-align: center;\"><a href=\"https:\/\/essenzediluce.com\/de\/i-sistemi-illuminanti-essenze-di-luce\/menhir-sound\/\" target=\"_blank\" rel=\"noopener\"><span style=\"color: #ffffff;\"><u>Erfahren Sie mehr \u00fcber Menhir Sound&#8230;<\/u><\/span><\/a><\/p>\r\n[\/vc_column_text][\/vc_column][\/vc_row][vc_row full_width=&#8221;stretch_row_content&#8221;][vc_column][vc_empty_space][\/vc_column][\/vc_row][vc_row css=&#8221;.vc_custom_1587888323796{margin-bottom: 0px !important;padding-bottom: 0px !important;}&#8221;][vc_column css_animation=&#8221;none&#8221; css=&#8221;.vc_custom_1587888112158{margin-bottom: 0px !important;padding-bottom: 0px !important;}&#8221;][vc_column_text css_animation=&#8221;fadeIn&#8221; css=&#8221;.vc_custom_1713175418868{margin-bottom: 0px !important;padding-top: 0px !important;padding-bottom: 0px !important;}&#8221;]\r\n<h2 style=\"text-align: center;\">TECHNISCHE DATEN<\/h2>\r\n[\/vc_column_text][vc_row_inner][vc_column_inner width=&#8221;1\/4&#8243;][\/vc_column_inner][vc_column_inner width=&#8221;1\/2&#8243; css=&#8221;.vc_custom_1651489151984{background-color: #ffffff !important;}&#8221;][vc_single_image image=&#8221;11902&#8243; alignment=&#8221;center&#8221; onclick=&#8221;custom_link&#8221; css_animation=&#8221;fadeIn&#8221; css=&#8221;&#8221; link=&#8221;https:\/\/essenzediluce.com\/wp-content\/uploads\/2026\/03\/EL-Datasheet-Audio-Menhir-Sound-Pro-220W_v.4.pdf&#8221;][vc_column_text css=&#8221;.vc_custom_1772726892633{background-color: #ffffff !important;}&#8221;]\r\n<h4 style=\"text-align: center; padding-top: 0; margin-top: 0; padding-bottom: 0; margin-bottom: 0;\"><i class=\"fa fa-download\" aria-hidden=\"true\"><\/i> <a href=\"https:\/\/essenzediluce.com\/wp-content\/uploads\/2026\/03\/EL-Datasheet-Audio-Menhir-Sound-Pro-220W_v.4.pdf\" target=\"_blank\" rel=\"noopener noreferrer\"><strong><u>SOUND PRO<\/u><\/strong><\/a><\/h4>\r\n<p style=\"text-align: center;\">Outdoor-Lautsprecher mit LED-Beleuchtung<\/p>\r\n[\/vc_column_text][\/vc_column_inner][vc_column_inner width=&#8221;1\/4&#8243;][\/vc_column_inner][\/vc_row_inner][\/vc_column][\/vc_row][vc_row][vc_column][vc_empty_space height=&#8221;50&#8243;][vc_btn title=&#8221;BIM UND 3D BIBLIOTHEK HERUNTERLADEN&#8221; style=&#8221;classic&#8221; color=&#8221;black&#8221; size=&#8221;lg&#8221; align=&#8221;center&#8221; i_icon_fontawesome=&#8221;fas fa-download&#8221; css_animation=&#8221;fadeIn&#8221; add_icon=&#8221;true&#8221; link=&#8221;url:https%3A%2F%2Fessenzediluce.com%2Fde%2Fbim%2F|title:BIM&#8221;][vc_empty_space height=&#8221;70&#8243;][\/vc_column][\/vc_row][vc_row full_width=&#8221;stretch_row&#8221; css=&#8221;.vc_custom_1750243959684{background-color: #F2F2F2 !important;}&#8221;][vc_column][vc_column_text css=&#8221;&#8221;]\r\n<h2 style=\"padding: 0.8em 0px 0.5em; text-align: center;\">PLUG &amp; PLAY-SYSTEM<\/h2>\r\n<p style=\"text-align: center;\">Dank der Kompatibilit\u00e4t von Menhir Sound PRO mit dem neuen <strong data-start=\"174\" data-end=\"189\">Plug &amp; Play-System<\/strong> ist die Installation dieses Produkts noch schneller, intuitiver und f\u00fcr jeden erschwinglich.<\/p>\r\n<p style=\"text-align: center;\"><strong>\u2192<\/strong> <a href=\"https:\/\/essenzediluce.com\/de\/plug-play\/\" target=\"_blank\" rel=\"noopener\"><strong><u>PLUG &amp; PLAY MEHR ENTDECKEN<\/u><\/strong><\/a><\/p>\r\n[\/vc_column_text][vc_empty_space][\/vc_column][\/vc_row][vc_row][vc_column][vc_column_text css_animation=&#8221;fadeIn&#8221;]\r\n<h2 style=\"text-align: center;\">VERF\u00dcGBARE TEXTUREN F\u00dcR DIESES PRODUKT ENTDECKEN<\/h2>\r\n[\/vc_column_text][\/vc_column][\/vc_row][vc_row equal_height=&#8221;yes&#8221;][vc_column width=&#8221;1\/3&#8243; css=&#8221;.vc_custom_1587913909948{padding-right: 5px !important;padding-left: 5px !important;}&#8221;][vc_single_image image=&#8221;12177&#8243; img_size=&#8221;320X320&#8243; alignment=&#8221;center&#8221; css_animation=&#8221;fadeIn&#8221; css=&#8221;.vc_custom_1653293582801{padding-bottom: 0px !important;background-color: #ffffff !important;}&#8221;][vc_column_text]\r\n<h6 style=\"text-align: center;\">Standard-Textur<\/h6>\r\n<h4 style=\"text-align: center;\"><strong>MARMOR\r\nITALIAN FLOWERY GREY<\/strong><\/h4>\r\n<p style=\"text-align: center;\">Italian Flowery Grey ist ein italienischer Marmor, der in Friaul-Julisch-Venetien gewonnen wird und sich durch helle T\u00f6ne von wei\u00df bis hellgrau, mit elfenbeinfarbenen, grauen und rosafarbenen Adern auszeichnet.<\/p>\r\n[\/vc_column_text][\/vc_column][vc_column width=&#8221;1\/3&#8243; css=&#8221;.vc_custom_1587913916675{padding-right: 5px !important;padding-left: 5px !important;}&#8221;][vc_single_image image=&#8221;12181&#8243; img_size=&#8221;320X320&#8243; alignment=&#8221;center&#8221; css_animation=&#8221;fadeIn&#8221; css=&#8221;.vc_custom_1653293591608{padding-bottom: 0px !important;background-color: #ffffff !important;}&#8221;][vc_column_text]\r\n<h6 style=\"text-align: center;\">Standard-Textur<\/h6>\r\n<h4 style=\"text-align: center;\"><strong>MARMOR\r\n<\/strong><strong>TRANI<\/strong><\/h4>\r\n<p style=\"text-align: center;\">Trani-Stein ist ein in Apulien gewonnenes Karbonatgestein, das aus der Sedimentation feink\u00f6rniger Schichten in beiger Havanna-Farbe stammt.<\/p>\r\n[\/vc_column_text][\/vc_column][vc_column width=&#8221;1\/3&#8243; css=&#8221;.vc_custom_1587913930403{padding-right: 5px !important;padding-left: 5px !important;}&#8221;][vc_single_image image=&#8221;12169&#8243; img_size=&#8221;320X320&#8243; alignment=&#8221;center&#8221; css_animation=&#8221;fadeIn&#8221; css=&#8221;.vc_custom_1652864038364{padding-bottom: 0px !important;background-color: #ffffff !important;}&#8221;][vc_column_text]\r\n<h6 style=\"text-align: center;\">Texturen auf Anfrage<\/h6>\r\n<h4 style=\"text-align: center;\"><strong>INDIVIDUELLE<\/strong>\r\n<strong>TEXTUREN<\/strong><\/h4>\r\n<p style=\"text-align: center;\"><a href=\"https:\/\/essenzediluce.com\/de\/texture\/\" target=\"_blank\" rel=\"noopener\"><span style=\"text-decoration: underline;\">Weitere Texturen auf Anfrage erh\u00e4ltlich<\/span><\/a>. Kontaktieren Sie uns f\u00fcr eine spezifische Anpassung an Ihr Projekt.<\/p>\r\n[\/vc_column_text][\/vc_column][\/vc_row][vc_row][vc_column][vc_empty_space height=&#8221;60&#8243;][vc_column_text]\r\n<h3 style=\"text-align: center;\">KONTAKTIEREN SIE UNS F\u00dcR WEITERE INFORMATIONEN \u00dcBER MENHIR SOUND PRO<\/h3>\r\n[\/vc_column_text]\n<div class=\"wpcf7 no-js\" id=\"wpcf7-f20909-o1\" lang=\"de-DE\" dir=\"ltr\" data-wpcf7-id=\"20909\">\n<div class=\"screen-reader-response\"><p role=\"status\" aria-live=\"polite\" aria-atomic=\"true\"><\/p> <ul><\/ul><\/div>\n<form action=\"\/de\/wp-json\/wp\/v2\/pages\/13173#wpcf7-f20909-o1\" method=\"post\" class=\"wpcf7-form init\" aria-label=\"Kontaktformular\" novalidate=\"novalidate\" data-status=\"init\">\n<div style=\"display: none;\">\n<input type=\"hidden\" name=\"_wpcf7\" value=\"20909\" \/>\n<input type=\"hidden\" name=\"_wpcf7_version\" value=\"6.0.6\" \/>\n<input type=\"hidden\" name=\"_wpcf7_locale\" value=\"de_DE\" \/>\n<input type=\"hidden\" name=\"_wpcf7_unit_tag\" value=\"wpcf7-f20909-o1\" \/>\n<input type=\"hidden\" name=\"_wpcf7_container_post\" value=\"0\" \/>\n<input type=\"hidden\" name=\"_wpcf7_posted_data_hash\" value=\"\" \/>\n<\/div>\n<div class=\"two-column\">\n\t<div class=\"left\">\n\t\t<p><span class=\"wpcf7-form-control-wrap\" data-name=\"your-name\"><input size=\"40\" maxlength=\"400\" class=\"wpcf7-form-control wpcf7-text wpcf7-validates-as-required\" aria-required=\"true\" aria-invalid=\"false\" placeholder=\"Ihr Name*\" value=\"\" type=\"text\" name=\"your-name\" \/><\/span>\n\t\t<\/p>\n\t<\/div>\n\t<div class=\"right\">\n\t\t<p><span class=\"wpcf7-form-control-wrap\" data-name=\"your-surname\"><input size=\"40\" maxlength=\"400\" class=\"wpcf7-form-control wpcf7-text wpcf7-validates-as-required\" aria-required=\"true\" aria-invalid=\"false\" placeholder=\"Ihr Nachname*\" value=\"\" type=\"text\" name=\"your-surname\" \/><\/span>\n\t\t<\/p>\n\t<\/div>\n<\/div>\n<div class=\"two-column\">\n\t<div class=\"left comp-left\">\n\t\t<p><span class=\"wpcf7-form-control-wrap\" data-name=\"phone\"><input size=\"40\" maxlength=\"400\" class=\"wpcf7-form-control wpcf7-tel wpcf7-validates-as-required wpcf7-text wpcf7-validates-as-tel\" aria-required=\"true\" aria-invalid=\"false\" placeholder=\"Telefon*\" value=\"\" type=\"tel\" name=\"phone\" \/><\/span>\n\t\t<\/p>\n\t<\/div>\n\t<div class=\"right comp-right\">\n\t\t<p><span class=\"wpcf7-form-control-wrap\" data-name=\"your-email\"><input size=\"40\" maxlength=\"400\" class=\"wpcf7-form-control wpcf7-email wpcf7-validates-as-required wpcf7-text wpcf7-validates-as-email\" aria-required=\"true\" aria-invalid=\"false\" placeholder=\"E-Mail*\" value=\"\" type=\"email\" name=\"your-email\" \/><\/span>\n\t\t<\/p>\n\t<\/div>\n<\/div>\n<div class=\"two-column\">\n\t<div class=\"left\">\n\t\t<p><span class=\"wpcf7-form-control-wrap\" data-name=\"citta\"><input size=\"40\" maxlength=\"400\" class=\"wpcf7-form-control wpcf7-text wpcf7-validates-as-required\" aria-required=\"true\" aria-invalid=\"false\" placeholder=\"St\u00e4dte*\" value=\"\" type=\"text\" name=\"citta\" \/><\/span>\n\t\t<\/p>\n\t<\/div>\n\t<div class=\"right\">\n\t\t<p><span class=\"wpcf7-form-control-wrap\" data-name=\"CAP\"><input size=\"40\" maxlength=\"400\" class=\"wpcf7-form-control wpcf7-text\" aria-invalid=\"false\" placeholder=\"Postleitzahl\" value=\"\" type=\"text\" name=\"CAP\" \/><\/span>\n\t\t<\/p>\n\t<\/div>\n<\/div>\n<div class=\"comp\">\n\t<p><span class=\"wpcf7-form-control-wrap\" data-name=\"company\"><input size=\"40\" maxlength=\"400\" class=\"wpcf7-form-control wpcf7-text\" aria-invalid=\"false\" placeholder=\"Firmenname (Erforderlich)\" value=\"\" type=\"text\" name=\"company\" \/><\/span>\n\t<\/p>\n<\/div>\n<div>\n\t<p>Stellenbeschreibung*: <span class=\"wpcf7-form-control-wrap\" data-name=\"ruolo\"><select class=\"wpcf7-form-control wpcf7-select wpcf7-validates-as-required\" aria-required=\"true\" aria-invalid=\"false\" name=\"ruolo\"><option value=\"\">&#8211; Bitte ausw\u00e4hlen &#8211;<\/option><option value=\"Privat\">Privat<\/option><option value=\"Architekt\">Architekt<\/option><option value=\"G\u00e4rtner\">G\u00e4rtner<\/option><option value=\"Landschaftsg\u00e4rtner\">Landschaftsg\u00e4rtner<\/option><option value=\"Einzelh\u00e4ndler\">Einzelh\u00e4ndler<\/option><option value=\"Installateur\">Installateur<\/option><\/select><\/span>\n\t<\/p>\n<\/div>\n<div class=\"message\">\n\t<p><span class=\"wpcf7-form-control-wrap\" data-name=\"your-message\"><textarea cols=\"40\" rows=\"10\" maxlength=\"2000\" class=\"wpcf7-form-control wpcf7-textarea wpcf7-validates-as-required\" aria-required=\"true\" aria-invalid=\"false\" placeholder=\"Nachricht*\" name=\"your-message\"><\/textarea><\/span>\n\t<\/p>\n<\/div>\n<div>\n\t<p><span class=\"wpcf7-form-control-wrap\" data-name=\"accept-this\"><span class=\"wpcf7-form-control wpcf7-acceptance\"><span class=\"wpcf7-list-item\"><input type=\"checkbox\" name=\"accept-this\" value=\"1\" aria-invalid=\"false\" \/><\/span><\/span><\/span> JA, ICH AKZEPTIERE DIE ALLGEMEINEN GESCH\u00c4FTSBEDINGUNGEN: Ich erkl\u00e4re mich mit der Verarbeitung meiner pers\u00f6nlichen Daten zum alleinigen Zweck der Bearbeitung meiner Anfrage und deren Aktualisierung einverstanden.<a class=\"fancybox-iframe {width:100%,height:100%}\" href=\"https:\/\/essenzediluce.com\/privacy-policy\/\"><strong>Privacy Policy<\/strong><\/a>\n\t<\/p>\n<\/div>\n<div>\n\t<p><span class=\"wpcf7-form-control-wrap\" data-name=\"your-consent-sendinblue\"><span class=\"wpcf7-form-control wpcf7-acceptance optional\"><span class=\"wpcf7-list-item\"><label><input type=\"checkbox\" name=\"your-consent-sendinblue\" value=\"1\" aria-invalid=\"false\" \/><span class=\"wpcf7-list-item-label\">MICH F\u00dcR DEN NEWSLETTER ANMELDEN<\/span><\/label><\/span><\/span><\/span>: Ich m\u00f6chte Mitteilungen und Aktualisierungen \u00fcber Projekte, neue Produkte und Veranstaltungen erhalten. - Kein Spam von Essenze di Luce versprochen!-\n\t<\/p>\n<\/div>\n<div>\n\t<p><input class=\"wpcf7-form-control wpcf7-submit has-spinner\" type=\"submit\" value=\"Senden\" \/>\n\t<\/p>\n<\/div><div class=\"wpcf7-response-output\" aria-hidden=\"true\"><\/div>\n<\/form>\n<\/div>\n[vc_empty_space height=&#8221;60px&#8221;][\/vc_column][\/vc_row]<\/div>","protected":false},"excerpt":{"rendered":"<p>[vc_row][vc_column][\/vc_column][\/vc_row][vc_row][vc_column][vc_empty_space height=&#8221;60&#8243;][vc_column_text] GARTEN LAUTSPRECHER: DIE NEUE FORM DES KLANGS Das Original Essenze di Luce\u00ae [\/vc_column_text][vc_column_text] &#8211; Outdoor lautsprecher mit beleuchtung system &#8211; [\/vc_column_text][vc_column_text css_animation=&#8221;fadeIn&#8221;]Menhir Sound Pro ist ein noch nie dagewesener Au\u00dfenlautsprecher, der einen 360\u00b0-Rundumklang mit leistungsstarker Audio-Performance und konkurrenzlosem&hellip;<\/p>\n<p> <a class=\"more-link\" href=\"https:\/\/essenzediluce.com\/de\/i-sistemi-illuminanti-essenze-di-luce\/menhir-sound-pro\/\">Weiterlesen<\/a><\/p>\n","protected":false},"author":13,"featured_media":12674,"parent":10993,"menu_order":4,"comment_status":"closed","ping_status":"closed","template":"","meta":{"footnotes":""},"class_list":["post-13173","page","type-page","status-publish","has-post-thumbnail"],"yoast_head":"<!-- This site is optimized with the Yoast SEO plugin v24.5 - https:\/\/yoast.com\/wordpress\/plugins\/seo\/ -->\n<title>Menhir Sound Pro - Outdoor-Lautsprecher - Essenze di Luce<\/title>\n<meta name=\"description\" content=\"Outdoor-Lautsprecher mit der LED-Gartenbeleuchtung. Ideal f\u00fcr kleine bis mittelgro\u00dfe private oder \u00f6ffentliche R\u00e4ume, in denen omnidirektionale Audioqualit\u00e4t, Leistung und sehr hohe Klangtreue erforderlich sind.\" \/>\n<meta name=\"robots\" content=\"index, follow, max-snippet:-1, max-image-preview:large, max-video-preview:-1\" \/>\n<link rel=\"canonical\" href=\"https:\/\/essenzediluce.com\/de\/i-sistemi-illuminanti-essenze-di-luce\/menhir-sound-pro\/\" \/>\n<meta property=\"og:locale\" content=\"de_DE\" \/>\n<meta property=\"og:type\" content=\"article\" \/>\n<meta property=\"og:title\" content=\"Menhir Sound Pro - Outdoor-Lautsprecher - Essenze di Luce\" \/>\n<meta property=\"og:description\" content=\"Outdoor-Lautsprecher mit der LED-Gartenbeleuchtung. Ideal f\u00fcr kleine bis mittelgro\u00dfe private oder \u00f6ffentliche R\u00e4ume, in denen omnidirektionale Audioqualit\u00e4t, Leistung und sehr hohe Klangtreue erforderlich sind.\" \/>\n<meta property=\"og:url\" content=\"https:\/\/essenzediluce.com\/de\/i-sistemi-illuminanti-essenze-di-luce\/menhir-sound-pro\/\" \/>\n<meta property=\"og:site_name\" content=\"Essenze di Luce\" \/>\n<meta property=\"article:publisher\" content=\"https:\/\/www.facebook.com\/essenzediluce.italy\/\" \/>\n<meta property=\"article:modified_time\" content=\"2026-03-05T16:08:16+00:00\" \/>\n<meta property=\"og:image\" content=\"https:\/\/essenzediluce.com\/wp-content\/uploads\/2022\/06\/EL-WebSite-PRODOTTI-IMG-Sound-PRO.jpg\" \/>\n\t<meta property=\"og:image:width\" content=\"960\" \/>\n\t<meta property=\"og:image:height\" content=\"720\" \/>\n\t<meta property=\"og:image:type\" content=\"image\/jpeg\" \/>\n<meta name=\"twitter:card\" content=\"summary_large_image\" \/>\n<meta name=\"twitter:label1\" content=\"Gesch\u00e4tzte Lesezeit\" \/>\n\t<meta name=\"twitter:data1\" content=\"10\u00a0Minuten\" \/>\n<script type=\"application\/ld+json\" class=\"yoast-schema-graph\">{\"@context\":\"https:\/\/schema.org\",\"@graph\":[{\"@type\":\"WebPage\",\"@id\":\"https:\/\/essenzediluce.com\/de\/i-sistemi-illuminanti-essenze-di-luce\/menhir-sound-pro\/\",\"url\":\"https:\/\/essenzediluce.com\/de\/i-sistemi-illuminanti-essenze-di-luce\/menhir-sound-pro\/\",\"name\":\"Menhir Sound Pro - Outdoor-Lautsprecher - Essenze di Luce\",\"isPartOf\":{\"@id\":\"https:\/\/essenzediluce.com\/#website\"},\"primaryImageOfPage\":{\"@id\":\"https:\/\/essenzediluce.com\/de\/i-sistemi-illuminanti-essenze-di-luce\/menhir-sound-pro\/#primaryimage\"},\"image\":{\"@id\":\"https:\/\/essenzediluce.com\/de\/i-sistemi-illuminanti-essenze-di-luce\/menhir-sound-pro\/#primaryimage\"},\"thumbnailUrl\":\"https:\/\/essenzediluce.com\/wp-content\/uploads\/2022\/06\/EL-WebSite-PRODOTTI-IMG-Sound-PRO.jpg\",\"datePublished\":\"2022-09-06T12:41:47+00:00\",\"dateModified\":\"2026-03-05T16:08:16+00:00\",\"description\":\"Outdoor-Lautsprecher mit der LED-Gartenbeleuchtung. Ideal f\u00fcr kleine bis mittelgro\u00dfe private oder \u00f6ffentliche R\u00e4ume, in denen omnidirektionale Audioqualit\u00e4t, Leistung und sehr hohe Klangtreue erforderlich sind.\",\"breadcrumb\":{\"@id\":\"https:\/\/essenzediluce.com\/de\/i-sistemi-illuminanti-essenze-di-luce\/menhir-sound-pro\/#breadcrumb\"},\"inLanguage\":\"de\",\"potentialAction\":[{\"@type\":\"ReadAction\",\"target\":[\"https:\/\/essenzediluce.com\/de\/i-sistemi-illuminanti-essenze-di-luce\/menhir-sound-pro\/\"]}]},{\"@type\":\"ImageObject\",\"inLanguage\":\"de\",\"@id\":\"https:\/\/essenzediluce.com\/de\/i-sistemi-illuminanti-essenze-di-luce\/menhir-sound-pro\/#primaryimage\",\"url\":\"https:\/\/essenzediluce.com\/wp-content\/uploads\/2022\/06\/EL-WebSite-PRODOTTI-IMG-Sound-PRO.jpg\",\"contentUrl\":\"https:\/\/essenzediluce.com\/wp-content\/uploads\/2022\/06\/EL-WebSite-PRODOTTI-IMG-Sound-PRO.jpg\",\"width\":960,\"height\":720,\"caption\":\"Lampade Da Terra Per Esterno in marmo e diffusori per esterno\"},{\"@type\":\"BreadcrumbList\",\"@id\":\"https:\/\/essenzediluce.com\/de\/i-sistemi-illuminanti-essenze-di-luce\/menhir-sound-pro\/#breadcrumb\",\"itemListElement\":[{\"@type\":\"ListItem\",\"position\":1,\"name\":\"Home\",\"item\":\"https:\/\/essenzediluce.com\/de\/\"},{\"@type\":\"ListItem\",\"position\":2,\"name\":\"Produkte\",\"item\":\"https:\/\/essenzediluce.com\/de\/i-sistemi-illuminanti-essenze-di-luce\/\"},{\"@type\":\"ListItem\",\"position\":3,\"name\":\"Menhir Sound Pro\"}]},{\"@type\":\"WebSite\",\"@id\":\"https:\/\/essenzediluce.com\/#website\",\"url\":\"https:\/\/essenzediluce.com\/\",\"name\":\"Essenze di Luce\",\"description\":\"\",\"publisher\":{\"@id\":\"https:\/\/essenzediluce.com\/#organization\"},\"potentialAction\":[{\"@type\":\"SearchAction\",\"target\":{\"@type\":\"EntryPoint\",\"urlTemplate\":\"https:\/\/essenzediluce.com\/?s={search_term_string}\"},\"query-input\":{\"@type\":\"PropertyValueSpecification\",\"valueRequired\":true,\"valueName\":\"search_term_string\"}}],\"inLanguage\":\"de\"},{\"@type\":\"Organization\",\"@id\":\"https:\/\/essenzediluce.com\/#organization\",\"name\":\"Essenze di Luce\",\"url\":\"https:\/\/essenzediluce.com\/\",\"logo\":{\"@type\":\"ImageObject\",\"inLanguage\":\"de\",\"@id\":\"https:\/\/essenzediluce.com\/#\/schema\/logo\/image\/\",\"url\":\"https:\/\/essenzediluce.com\/wp-content\/uploads\/2017\/03\/el.jpg\",\"contentUrl\":\"https:\/\/essenzediluce.com\/wp-content\/uploads\/2017\/03\/el.jpg\",\"width\":512,\"height\":512,\"caption\":\"Essenze di Luce\"},\"image\":{\"@id\":\"https:\/\/essenzediluce.com\/#\/schema\/logo\/image\/\"},\"sameAs\":[\"https:\/\/www.facebook.com\/essenzediluce.italy\/\",\"https:\/\/www.instagram.com\/essenzediluce\/\",\"https:\/\/www.youtube.com\/channel\/UCXKJKPfUYADaJMEm_9NAvrA\"]}]}<\/script>\n<!-- \/ Yoast SEO plugin. -->","yoast_head_json":{"title":"Menhir Sound Pro - Outdoor-Lautsprecher - Essenze di Luce","description":"Outdoor-Lautsprecher mit der LED-Gartenbeleuchtung. Ideal f\u00fcr kleine bis mittelgro\u00dfe private oder \u00f6ffentliche R\u00e4ume, in denen omnidirektionale Audioqualit\u00e4t, Leistung und sehr hohe Klangtreue erforderlich sind.","robots":{"index":"index","follow":"follow","max-snippet":"max-snippet:-1","max-image-preview":"max-image-preview:large","max-video-preview":"max-video-preview:-1"},"canonical":"https:\/\/essenzediluce.com\/de\/i-sistemi-illuminanti-essenze-di-luce\/menhir-sound-pro\/","og_locale":"de_DE","og_type":"article","og_title":"Menhir Sound Pro - Outdoor-Lautsprecher - Essenze di Luce","og_description":"Outdoor-Lautsprecher mit der LED-Gartenbeleuchtung. Ideal f\u00fcr kleine bis mittelgro\u00dfe private oder \u00f6ffentliche R\u00e4ume, in denen omnidirektionale Audioqualit\u00e4t, Leistung und sehr hohe Klangtreue erforderlich sind.","og_url":"https:\/\/essenzediluce.com\/de\/i-sistemi-illuminanti-essenze-di-luce\/menhir-sound-pro\/","og_site_name":"Essenze di Luce","article_publisher":"https:\/\/www.facebook.com\/essenzediluce.italy\/","article_modified_time":"2026-03-05T16:08:16+00:00","og_image":[{"width":960,"height":720,"url":"https:\/\/essenzediluce.com\/wp-content\/uploads\/2022\/06\/EL-WebSite-PRODOTTI-IMG-Sound-PRO.jpg","type":"image\/jpeg"}],"twitter_card":"summary_large_image","twitter_misc":{"Gesch\u00e4tzte Lesezeit":"10\u00a0Minuten"},"schema":{"@context":"https:\/\/schema.org","@graph":[{"@type":"WebPage","@id":"https:\/\/essenzediluce.com\/de\/i-sistemi-illuminanti-essenze-di-luce\/menhir-sound-pro\/","url":"https:\/\/essenzediluce.com\/de\/i-sistemi-illuminanti-essenze-di-luce\/menhir-sound-pro\/","name":"Menhir Sound Pro - Outdoor-Lautsprecher - Essenze di Luce","isPartOf":{"@id":"https:\/\/essenzediluce.com\/#website"},"primaryImageOfPage":{"@id":"https:\/\/essenzediluce.com\/de\/i-sistemi-illuminanti-essenze-di-luce\/menhir-sound-pro\/#primaryimage"},"image":{"@id":"https:\/\/essenzediluce.com\/de\/i-sistemi-illuminanti-essenze-di-luce\/menhir-sound-pro\/#primaryimage"},"thumbnailUrl":"https:\/\/essenzediluce.com\/wp-content\/uploads\/2022\/06\/EL-WebSite-PRODOTTI-IMG-Sound-PRO.jpg","datePublished":"2022-09-06T12:41:47+00:00","dateModified":"2026-03-05T16:08:16+00:00","description":"Outdoor-Lautsprecher mit der LED-Gartenbeleuchtung. Ideal f\u00fcr kleine bis mittelgro\u00dfe private oder \u00f6ffentliche R\u00e4ume, in denen omnidirektionale Audioqualit\u00e4t, Leistung und sehr hohe Klangtreue erforderlich sind.","breadcrumb":{"@id":"https:\/\/essenzediluce.com\/de\/i-sistemi-illuminanti-essenze-di-luce\/menhir-sound-pro\/#breadcrumb"},"inLanguage":"de","potentialAction":[{"@type":"ReadAction","target":["https:\/\/essenzediluce.com\/de\/i-sistemi-illuminanti-essenze-di-luce\/menhir-sound-pro\/"]}]},{"@type":"ImageObject","inLanguage":"de","@id":"https:\/\/essenzediluce.com\/de\/i-sistemi-illuminanti-essenze-di-luce\/menhir-sound-pro\/#primaryimage","url":"https:\/\/essenzediluce.com\/wp-content\/uploads\/2022\/06\/EL-WebSite-PRODOTTI-IMG-Sound-PRO.jpg","contentUrl":"https:\/\/essenzediluce.com\/wp-content\/uploads\/2022\/06\/EL-WebSite-PRODOTTI-IMG-Sound-PRO.jpg","width":960,"height":720,"caption":"Lampade Da Terra Per Esterno in marmo e diffusori per esterno"},{"@type":"BreadcrumbList","@id":"https:\/\/essenzediluce.com\/de\/i-sistemi-illuminanti-essenze-di-luce\/menhir-sound-pro\/#breadcrumb","itemListElement":[{"@type":"ListItem","position":1,"name":"Home","item":"https:\/\/essenzediluce.com\/de\/"},{"@type":"ListItem","position":2,"name":"Produkte","item":"https:\/\/essenzediluce.com\/de\/i-sistemi-illuminanti-essenze-di-luce\/"},{"@type":"ListItem","position":3,"name":"Menhir Sound Pro"}]},{"@type":"WebSite","@id":"https:\/\/essenzediluce.com\/#website","url":"https:\/\/essenzediluce.com\/","name":"Essenze di Luce","description":"","publisher":{"@id":"https:\/\/essenzediluce.com\/#organization"},"potentialAction":[{"@type":"SearchAction","target":{"@type":"EntryPoint","urlTemplate":"https:\/\/essenzediluce.com\/?s={search_term_string}"},"query-input":{"@type":"PropertyValueSpecification","valueRequired":true,"valueName":"search_term_string"}}],"inLanguage":"de"},{"@type":"Organization","@id":"https:\/\/essenzediluce.com\/#organization","name":"Essenze di Luce","url":"https:\/\/essenzediluce.com\/","logo":{"@type":"ImageObject","inLanguage":"de","@id":"https:\/\/essenzediluce.com\/#\/schema\/logo\/image\/","url":"https:\/\/essenzediluce.com\/wp-content\/uploads\/2017\/03\/el.jpg","contentUrl":"https:\/\/essenzediluce.com\/wp-content\/uploads\/2017\/03\/el.jpg","width":512,"height":512,"caption":"Essenze di Luce"},"image":{"@id":"https:\/\/essenzediluce.com\/#\/schema\/logo\/image\/"},"sameAs":["https:\/\/www.facebook.com\/essenzediluce.italy\/","https:\/\/www.instagram.com\/essenzediluce\/","https:\/\/www.youtube.com\/channel\/UCXKJKPfUYADaJMEm_9NAvrA"]}]}},"_links":{"self":[{"href":"https:\/\/essenzediluce.com\/de\/wp-json\/wp\/v2\/pages\/13173"}],"collection":[{"href":"https:\/\/essenzediluce.com\/de\/wp-json\/wp\/v2\/pages"}],"about":[{"href":"https:\/\/essenzediluce.com\/de\/wp-json\/wp\/v2\/types\/page"}],"author":[{"embeddable":true,"href":"https:\/\/essenzediluce.com\/de\/wp-json\/wp\/v2\/users\/13"}],"replies":[{"embeddable":true,"href":"https:\/\/essenzediluce.com\/de\/wp-json\/wp\/v2\/comments?post=13173"}],"version-history":[{"count":30,"href":"https:\/\/essenzediluce.com\/de\/wp-json\/wp\/v2\/pages\/13173\/revisions"}],"predecessor-version":[{"id":23421,"href":"https:\/\/essenzediluce.com\/de\/wp-json\/wp\/v2\/pages\/13173\/revisions\/23421"}],"up":[{"embeddable":true,"href":"https:\/\/essenzediluce.com\/de\/wp-json\/wp\/v2\/pages\/10993"}],"wp:featuredmedia":[{"embeddable":true,"href":"https:\/\/essenzediluce.com\/de\/wp-json\/wp\/v2\/media\/12674"}],"wp:attachment":[{"href":"https:\/\/essenzediluce.com\/de\/wp-json\/wp\/v2\/media?parent=13173"}],"curies":[{"name":"wp","href":"https:\/\/api.w.org\/{rel}","templated":true}]}}