{"id":17404,"date":"2023-11-15T08:03:21","date_gmt":"2023-11-15T07:03:21","guid":{"rendered":"https:\/\/essenzediluce.com\/?page_id=17404"},"modified":"2026-04-20T12:02:25","modified_gmt":"2026-04-20T10:02:25","slug":"beleuchtung-blumenbeete-ray","status":"publish","type":"page","link":"https:\/\/essenzediluce.com\/de\/i-sistemi-illuminanti-essenze-di-luce\/beleuchtung-blumenbeete-ray\/","title":{"rendered":"Ray"},"content":{"rendered":"<div class=\"wpb-content-wrapper\">[vc_row][vc_column]\n\t\t\t<!-- START RAY_deu REVOLUTION SLIDER 6.6.16 --><p class=\"rs-p-wp-fix\"><\/p>\n\t\t\t<rs-module-wrap id=\"rev_slider_139_1_wrapper\" data-source=\"gallery\" style=\"visibility:hidden;background:transparent;padding:0;\">\n\t\t\t\t<rs-module id=\"rev_slider_139_1\" style=\"\" data-version=\"6.6.16\">\n\t\t\t\t\t<rs-slides style=\"overflow: hidden; position: absolute;\">\n\t\t\t\t\t\t<rs-slide style=\"position: absolute;\" data-key=\"rs-228\" data-title=\"Slide\" data-anim=\"ms:600;\" data-in=\"o:0;\" data-out=\"a:false;\">\n\t\t\t\t\t\t\t<img decoding=\"async\" src=\"\/\/essenzediluce.com\/wp-content\/plugins\/revslider\/public\/assets\/assets\/dummy.png\" alt=\"\" title=\"EL-WebSite-SliderRevolution-RAY-Illuminazione aiuole\" width=\"1900\" height=\"1080\" class=\"rev-slidebg tp-rs-img rs-lazyload\" data-lazyload=\"\/\/essenzediluce.com\/wp-content\/uploads\/2023\/11\/EL-WebSite-SliderRevolution-RAY-Illuminazione-aiuole.jpg\" data-no-retina>\n<!--\n\t\t\t\t\t\t\t--><rs-layer\n\t\t\t\t\t\t\t\tid=\"slider-139-slide-228-layer-1\" \n\t\t\t\t\t\t\t\tclass=\"ht\"\n\t\t\t\t\t\t\t\tdata-type=\"text\"\n\t\t\t\t\t\t\t\tdata-rsp_ch=\"on\"\n\t\t\t\t\t\t\t\tdata-xy=\"xo:95px,78px,54px,33px;yo:325px,268px,254px,156px;\"\n\t\t\t\t\t\t\t\tdata-text=\"w:normal;s:42,45,40,35;l:60,50,45,40;fw:300;\"\n\t\t\t\t\t\t\t\tdata-dim=\"w:709px,585px,611px,434px;h:155px,128px,auto,133px;\"\n\t\t\t\t\t\t\t\tdata-frame_0=\"sX:0.9;sY:0.9;\"\n\t\t\t\t\t\t\t\tdata-frame_1=\"st:1000;sp:1000;sR:1000;\"\n\t\t\t\t\t\t\t\tdata-frame_999=\"o:0;st:w;sR:7000;\"\n\t\t\t\t\t\t\t\tstyle=\"z-index:8;font-family:'Open Sans';\"\n\t\t\t\t\t\t\t>Beleuchtung f\u00fcr Blumenbeete<br \/>\nund kleine Gr\u00fcnfl\u00e4chen \n\t\t\t\t\t\t\t<\/rs-layer><!--\n\n\t\t\t\t\t\t\t--><rs-layer\n\t\t\t\t\t\t\t\tid=\"slider-139-slide-228-layer-2\" \n\t\t\t\t\t\t\t\tclass=\"ht\"\n\t\t\t\t\t\t\t\tdata-type=\"text\"\n\t\t\t\t\t\t\t\tdata-rsp_ch=\"on\"\n\t\t\t\t\t\t\t\tdata-xy=\"xo:88px,72px,55px,35px;yo:192px,158px,131px,73px;\"\n\t\t\t\t\t\t\t\tdata-text=\"w:normal;s:80,60,60,45;l:90,90,80,50;fw:400,300,300,300;\"\n\t\t\t\t\t\t\t\tdata-dim=\"w:auto,auto,294px,181px;\"\n\t\t\t\t\t\t\t\tdata-frame_0=\"sX:0.9;sY:0.9;\"\n\t\t\t\t\t\t\t\tdata-frame_1=\"st:500;sp:1000;sR:500;\"\n\t\t\t\t\t\t\t\tdata-frame_999=\"o:0;st:w;sR:7400;\"\n\t\t\t\t\t\t\t\tstyle=\"z-index:9;font-family:'Open Sans';\"\n\t\t\t\t\t\t\t>RAY \n\t\t\t\t\t\t\t<\/rs-layer><!--\n-->\t\t\t\t\t\t<\/rs-slide>\n\t\t\t\t\t<\/rs-slides>\n\t\t\t\t<\/rs-module>\n\t\t\t\t<script>\n\t\t\t\t\tsetREVStartSize({c: 'rev_slider_139_1',rl:[1920,1024,778,480],el:[868,768,960,720],gw:[1240,1024,778,480],gh:[868,768,960,720],type:'hero',justify:'',layout:'fullscreen',offsetContainer:'',offset:'',mh:\"0\"});if (window.RS_MODULES!==undefined && window.RS_MODULES.modules!==undefined && window.RS_MODULES.modules[\"revslider1391\"]!==undefined) {window.RS_MODULES.modules[\"revslider1391\"].once = false;window.revapi139 = undefined;if (window.RS_MODULES.checkMinimal!==undefined) window.RS_MODULES.checkMinimal()}\n\t\t\t\t<\/script>\n\t\t\t<\/rs-module-wrap>\n\t\t\t<!-- END REVOLUTION SLIDER -->\n[\/vc_column][\/vc_row][vc_row][vc_column css_animation=&#8221;none&#8221;][vc_empty_space height=&#8221;55&#8243;][vc_column_text css_animation=&#8221;fadeIn&#8221;]\r\n<h1 style=\"text-align: center;\"><strong>RAY<\/strong><sup><strong>\u00a9\r\n<\/strong><\/sup>BELEUCHTUNG F\u00dcR BLUMENBEETE UND KLEINE GR\u00dcNFL\u00c4CHEN<\/h1>\r\n<h3 style=\"text-align: center;\">Unser neuestes Beleuchtungskonzept aus Naturstein<strong>\r\n<\/strong><\/h3>\r\n[\/vc_column_text][vc_column_text]Die ewige Eleganz des Marmors trifft einmal mehr auf die LED-Technologie in einer kleinen Gartenleuchte, die geeignet ist, Blumenbeete, kleine gr\u00fcne Ecken und Terrassen auf diffuse und diskrete Weise zu beleuchten.\r\n\r\nErh\u00e4ltlich in vier Materialvarianten mit Nuancen, die an die Farben der Natur erinnern, beh\u00e4lt Ray\u00a9 die wichtigsten Merkmale unserer Produkte bei: <strong>Sie ist eine Gartenleuchte aus reinem Marmor, sie widersteht auch den rauesten Au\u00dfenbedingungen, sie wird in Italien handgefertigt, jedes St\u00fcck ist einzigartig und unterscheidet sich vom anderen.<\/strong>[\/vc_column_text][\/vc_column][\/vc_row][vc_row full_width=&#8221;stretch_row_content&#8221; css=&#8221;.vc_custom_1721212350360{margin-top: 0px !important;margin-right: 50px !important;margin-bottom: 0px !important;margin-left: 50px !important;border-top-width: 0px !important;border-bottom-width: 0px !important;padding-top: 0px !important;padding-bottom: 0px !important;}&#8221;][vc_column css=&#8221;.vc_custom_1721212359006{margin-top: 0px !important;margin-bottom: 0px !important;border-top-width: 0px !important;border-bottom-width: 0px !important;padding-top: 0px !important;padding-bottom: 0px !important;}&#8221;][vc_single_image image=&#8221;17329&#8243; img_size=&#8221;full&#8221; alignment=&#8221;center&#8221; css=&#8221;.vc_custom_1721212366585{margin-top: 0px !important;margin-bottom: 0px !important;border-top-width: 0px !important;border-bottom-width: 0px !important;padding-top: 0px !important;padding-bottom: 0px !important;}&#8221;][vc_column_text css=&#8221;.vc_custom_1721212373251{margin-top: 0px !important;border-top-width: 0px !important;padding-top: 0px !important;}&#8221;]\r\n<h1 style=\"text-align: center;\"><strong>Die Einzigartigkeit ist real.<\/strong><\/h1>\r\n[\/vc_column_text][\/vc_column][\/vc_row][vc_row full_width=&#8221;stretch_row&#8221; gap=&#8221;25&#8243; equal_height=&#8221;yes&#8221; css=&#8221;.vc_custom_1587739135507{padding-top: 30px !important;background-color: #f2f2f2 !important;}&#8221;][vc_column css_animation=&#8221;none&#8221; width=&#8221;1\/2&#8243; css=&#8221;.vc_custom_1587881413293{border-left-width: 0px !important;padding-top: 20px !important;padding-left: 0px !important;background-position: center !important;background-repeat: no-repeat !important;background-size: cover !important;}&#8221;][vc_single_image image=&#8221;17350&#8243; img_size=&#8221;2000&#215;1500&#8243; alignment=&#8221;center&#8221; onclick=&#8221;zoom&#8221; css_animation=&#8221;fadeIn&#8221;][\/vc_column][vc_column css_animation=&#8221;none&#8221; width=&#8221;1\/2&#8243;][vc_column_text css_animation=&#8221;fadeIn&#8221; css=&#8221;&#8221;]\r\n<h4 class=\"uc\">DIFFUSES LICHT<\/h4>\r\n<h3 style=\"padding: .8em 0 .5em;\"><strong>DIE FASZINATION DES GLASES<\/strong><\/h3>\r\n<strong>Das in Marmor eingebettete Licht wird durch die Weichheit des sandgestrahlten Glases enth\u00fcllt.<\/strong>\r\nDas Glas mit seinen Eigenschaften der Reflexion und Brechung gibt ein diffuses, homogenes und weiches Licht ab.\r\nDer nach oben gerichtete Lichtstrahl blendet nicht und macht die Leuchte Ray geeignet f\u00fcr eine schwache Beleuchtung von kleinen Au\u00dfenbereichen in einem kontrastlosen Lichtkontinuum.[\/vc_column_text][\/vc_column][\/vc_row][vc_row full_width=&#8221;stretch_row&#8221; gap=&#8221;25&#8243; equal_height=&#8221;yes&#8221; css=&#8221;.vc_custom_1587724718311{padding-top: 20px !important;background-color: #f2f2f2 !important;}&#8221;][vc_column css_animation=&#8221;none&#8221; width=&#8221;1\/2&#8243; css=&#8221;.vc_custom_1587881180530{border-left-width: 0px !important;padding-top: 20px !important;padding-left: 0px !important;background-position: center !important;background-repeat: no-repeat !important;background-size: cover !important;}&#8221;][vc_column_text css_animation=&#8221;fadeIn&#8221; css=&#8221;&#8221;]\r\n<h4 class=\"uc\">LEUCHTENDE GEOMETRIEN<\/h4>\r\n<h3 style=\"padding: .8em 0 .5em;\"><strong>DREIDIMENSIONAL\u00a0<\/strong><strong>NATUR <\/strong><\/h3>\r\nDank ihrer <strong>geringen Gr\u00f6\u00dfe<\/strong> und der <strong>nat\u00fcrlichen Form<\/strong> des Kieselsteins bietet Ray unendliche Platzierungsm\u00f6glichkeiten.\r\nEinzeln platziert, beleuchtet die Leuchte Grasb\u00fcschel oder kleine Pflanzen, aber erst wenn die Leuchten vervielfacht werden, vorzugsweise in einer zuf\u00e4lligen Anordnung, kommt ihr Charakter zum Vorschein: Der Lichtstrahl betont jede einzelne Leuchte und hebt sie mit einer dreidimensionalen, dezenten Eleganz aus ihrem Kontext heraus.[\/vc_column_text][\/vc_column][vc_column css_animation=&#8221;none&#8221; width=&#8221;1\/2&#8243;][vc_single_image image=&#8221;17339&#8243; img_size=&#8221;2000&#215;1500&#8243; alignment=&#8221;center&#8221; onclick=&#8221;zoom&#8221; css_animation=&#8221;fadeIn&#8221;][\/vc_column][\/vc_row][vc_row full_width=&#8221;stretch_row_content&#8221; gap=&#8221;25&#8243; equal_height=&#8221;yes&#8221; css=&#8221;.vc_custom_1721212386724{margin-top: 0px !important;margin-bottom: 0px !important;border-top-width: 0px !important;border-bottom-width: 0px !important;padding-top: 0px !important;padding-bottom: 0px !important;background-color: #f2f2f2 !important;}&#8221;][vc_column css_animation=&#8221;none&#8221; css=&#8221;.vc_custom_1721212393562{margin-top: 0px !important;margin-bottom: 0px !important;border-top-width: 0px !important;border-bottom-width: 0px !important;padding-top: 0px !important;padding-bottom: 0px !important;}&#8221;][vc_single_image image=&#8221;19460&#8243; img_size=&#8221;full&#8221;][\/vc_column][\/vc_row][vc_row full_width=&#8221;stretch_row&#8221; gap=&#8221;25&#8243; equal_height=&#8221;yes&#8221; css=&#8221;.vc_custom_1721212416255{margin-top: 0px !important;margin-bottom: 0px !important;border-top-width: 0px !important;border-bottom-width: 0px !important;padding-top: 0px !important;padding-bottom: 0px !important;background-color: #f2f2f2 !important;}&#8221;][vc_column css_animation=&#8221;none&#8221;][vc_column_text css_animation=&#8221;fadeIn&#8221; css=&#8221;.vc_custom_1721212422552{padding-top: 0px !important;}&#8221;]\r\n<h4 class=\"ul\">NAT\u00dcRLICHE NUANCEN<\/h4>\r\n<h3 style=\"padding: .8em 0 .5em;\"><strong>MATERIALTEXTUREN<\/strong><\/h3>\r\nRay ist in vier Materialtexturen erh\u00e4ltlich und bringt die ganze Sch\u00f6nheit des Marmors in seinen unendlichen Facetten zur Geltung.\r\n<strong>Giallo Mori, Bianco Carrara, Verde Alpi, Nero Ebano<\/strong>: vier Nuancen, deren Schattierungen von warmen bis zu k\u00fchleren T\u00f6nen reichen, um sich perfekt in jeden Raum einzuf\u00fcgen, <strong>Ton in Ton oder im Kontrast zum Kontext.<\/strong>[\/vc_column_text][\/vc_column][\/vc_row][vc_row full_width=&#8221;stretch_row&#8221; css=&#8221;.vc_custom_1721212431563{margin-top: 0px !important;margin-bottom: 0px !important;border-top-width: 0px !important;border-bottom-width: 0px !important;padding-top: 0px !important;padding-bottom: 0px !important;background-color: #f2f2f2 !important;}&#8221;][vc_column css=&#8221;.vc_custom_1721212439246{margin-top: 0px !important;margin-bottom: 0px !important;border-top-width: 0px !important;border-bottom-width: 0px !important;padding-top: 0px !important;padding-bottom: 0px !important;}&#8221;][vc_row_inner css=&#8221;.vc_custom_1721212448432{margin-top: 0px !important;margin-bottom: 0px !important;border-top-width: 0px !important;border-bottom-width: 0px !important;padding-top: 0px !important;padding-bottom: 0px !important;}&#8221;][vc_column_inner width=&#8221;1\/4&#8243;][vc_single_image image=&#8221;17376&#8243; img_size=&#8221;300&#215;300&#8243; alignment=&#8221;center&#8221; css=&#8221;.vc_custom_1699444704264{margin-bottom: 10px !important;}&#8221;][vc_column_text css=&#8221;.vc_custom_1721038450225{margin-top: 0px !important;}&#8221;]\r\n<h4 style=\"text-align: center;\">MARBEL<strong>\r\nBIANCO CARRARA<\/strong><\/h4>\r\n[\/vc_column_text][\/vc_column_inner][vc_column_inner width=&#8221;1\/4&#8243;][vc_single_image image=&#8221;17380&#8243; img_size=&#8221;300&#215;300&#8243; alignment=&#8221;center&#8221; css=&#8221;.vc_custom_1699444713102{margin-bottom: 10px !important;}&#8221;][vc_column_text css=&#8221;.vc_custom_1721038461793{margin-top: 0px !important;}&#8221;]\r\n<h4 style=\"text-align: center;\">MARBEL<strong>\r\nGIALLO MORI<\/strong><\/h4>\r\n[\/vc_column_text][\/vc_column_inner][vc_column_inner width=&#8221;1\/4&#8243;][vc_single_image image=&#8221;17388&#8243; img_size=&#8221;300&#215;300&#8243; alignment=&#8221;center&#8221; css=&#8221;.vc_custom_1699444729896{margin-bottom: 10px !important;}&#8221;][vc_column_text css=&#8221;.vc_custom_1721038469290{margin-top: 0px !important;}&#8221;]\r\n<h4 style=\"text-align: center;\">MARBEL<strong>\r\nVERDE ALPI<\/strong><\/h4>\r\n[\/vc_column_text][\/vc_column_inner][vc_column_inner width=&#8221;1\/4&#8243;][vc_single_image image=&#8221;19437&#8243; img_size=&#8221;300&#215;300&#8243; alignment=&#8221;center&#8221; css=&#8221;.vc_custom_1721038420676{margin-bottom: 10px !important;}&#8221;][vc_column_text css=&#8221;.vc_custom_1721038477235{margin-top: 0px !important;}&#8221;]\r\n<h4 style=\"text-align: center;\">MARBEL<strong>\r\nNERO EBANO<\/strong><\/h4>\r\n[\/vc_column_text][\/vc_column_inner][\/vc_row_inner][vc_empty_space height=&#8221;60&#8243;][\/vc_column][\/vc_row][vc_row][vc_column][vc_column_text css_animation=&#8221;fadeIn&#8221; css=&#8221;.vc_custom_1713173914513{margin-bottom: 0px !important;padding-top: 0px !important;padding-bottom: 0px !important;}&#8221;]\r\n<h2 style=\"text-align: center;\">TECHNISCHE DATEN<\/h2>\r\n[\/vc_column_text][vc_empty_space][\/vc_column][vc_column width=&#8221;1\/6&#8243;][\/vc_column][vc_column width=&#8221;2\/6&#8243; css=&#8221;.vc_custom_1587725344904{background-color: #ffffff !important;}&#8221;][vc_single_image image=&#8221;17358&#8243; img_size=&#8221;150&#215;100&#8243; alignment=&#8221;center&#8221; onclick=&#8221;custom_link&#8221; img_link_target=&#8221;_blank&#8221; css_animation=&#8221;fadeIn&#8221; css=&#8221;.vc_custom_1772724433861{margin-top: 0px !important;margin-bottom: 0px !important;border-top-width: 0px !important;padding-top: 0px !important;padding-bottom: 0px !important;background-color: #ffffff !important;}&#8221; link=&#8221;https:\/\/essenzediluce.com\/wp-content\/uploads\/2026\/03\/EL-Datasheet-Atmosphere-RAY_v.4.pdf&#8221;][vc_column_text css=&#8221;.vc_custom_1772724447801{margin-top: 25px !important;margin-bottom: 0px !important;padding-bottom: 0px !important;}&#8221;]\r\n<h4 style=\"text-align: center; padding-top: 0; margin-top: 0; padding-bottom: 0; margin-bottom: 0;\"><i class=\"fa fa-download\" aria-hidden=\"true\"><\/i> <a class=\"ht\" href=\"https:\/\/essenzediluce.com\/wp-content\/uploads\/2026\/03\/EL-Datasheet-Atmosphere-RAY_v.4.pdf\" target=\"_blank\" rel=\"noopener noreferrer\"><strong><u>RAY<\/u><\/strong><\/a><\/h4>\r\n<p style=\"text-align: center;\">Ein vertikaler Schnitt des Lichts<\/p>\r\n[\/vc_column_text][\/vc_column][vc_column width=&#8221;2\/6&#8243;][vc_column_text css=&#8221;&#8221;]\r\n<h4>TECHNISCHE DATEN:<\/h4>\r\n24VDc | 2W | 75 lm | 3000K\r\nIP Protection: IP68\r\nUngef\u00e4hres Gewicht: 1,5 &#8211; 2 kg\r\nUngef\u00e4hre Abmessungen: L:\u00a0 12 &#8211; 15 cm | B: 10 &#8211; 12 cm | H:\u00a0 8 &#8211; 9 cm[\/vc_column_text][\/vc_column][vc_column width=&#8221;1\/6&#8243;][\/vc_column][\/vc_row][vc_row full_width=&#8221;stretch_row&#8221; css=&#8221;.vc_custom_1750244065331{background-color: #F2F2F2 !important;}&#8221;][vc_column][vc_column_text css=&#8221;&#8221;]\r\n<h2 style=\"padding: 0.8em 0px 0.5em; text-align: center;\">PLUG &amp; PLAY-SYSTEM<\/h2>\r\n<p style=\"text-align: center;\">Dank der Kompatibilit\u00e4t von Ray mit dem neuen <strong data-start=\"174\" data-end=\"189\">Plug &amp; Play-System<\/strong> ist die Installation dieses Produkts noch schneller, intuitiver und f\u00fcr jeden erschwinglich.<\/p>\r\n<p style=\"text-align: center;\"><strong>\u2192<\/strong> <a href=\"https:\/\/essenzediluce.com\/de\/plug-play\/\" target=\"_blank\" rel=\"noopener\"><strong><u>PLUG &amp; PLAY MEHR ENTDECKEN<\/u><\/strong><\/a><\/p>\r\n[\/vc_column_text][vc_empty_space][\/vc_column][\/vc_row][vc_row full_width=&#8221;stretch_row&#8221; css=&#8221;.vc_custom_1750244038621{background-color: #FFFFFF !important;}&#8221;][vc_column width=&#8221;1\/6&#8243;][\/vc_column][vc_column width=&#8221;2\/3&#8243;][vc_column_text css_animation=&#8221;fadeIn&#8221; css=&#8221;.vc_custom_1744103267270{margin-bottom: 0px !important;padding-top: 0px !important;padding-bottom: 0px !important;}&#8221;]\r\n<h2 style=\"text-align: center;\">6 SCHRITTE ZUR PERFEKTEN GARTENBELEUCHTUNG<\/h2>\r\n[\/vc_column_text][vc_column_text css=&#8221;&#8221;]<div class=\"epyt-video-wrapper\"><div  id=\"_ytid_47624\"  width=\"800\" height=\"450\"  data-origwidth=\"800\" data-origheight=\"450\" data-facadesrc=\"https:\/\/www.youtube.com\/embed\/jO2fb7DOV3Y?enablejsapi=1&autoplay=0&cc_load_policy=0&cc_lang_pref=&iv_load_policy=1&loop=0&rel=1&fs=1&playsinline=0&autohide=2&theme=dark&color=red&controls=1&disablekb=0&\" class=\"__youtube_prefs__ epyt-facade no-lazyload\" data-epautoplay=\"1\" ><img decoding=\"async\" data-spai-excluded=\"true\" class=\"epyt-facade-poster skip-lazy\" loading=\"lazy\"  alt=\"YouTube player\"  src=\"https:\/\/i.ytimg.com\/vi\/jO2fb7DOV3Y\/maxresdefault.jpg\"  \/><button class=\"epyt-facade-play\" aria-label=\"Play\"><svg data-no-lazy=\"1\" height=\"100%\" version=\"1.1\" viewBox=\"0 0 68 48\" width=\"100%\"><path class=\"ytp-large-play-button-bg\" d=\"M66.52,7.74c-0.78-2.93-2.49-5.41-5.42-6.19C55.79,.13,34,0,34,0S12.21,.13,6.9,1.55 C3.97,2.33,2.27,4.81,1.48,7.74C0.06,13.05,0,24,0,24s0.06,10.95,1.48,16.26c0.78,2.93,2.49,5.41,5.42,6.19 C12.21,47.87,34,48,34,48s21.79-0.13,27.1-1.55c2.93-0.78,4.64-3.26,5.42-6.19C67.94,34.95,68,24,68,24S67.94,13.05,66.52,7.74z\" fill=\"#f00\"><\/path><path d=\"M 45,24 27,14 27,34\" fill=\"#fff\"><\/path><\/svg><\/button><\/div><\/div>[\/vc_column_text][vc_column_text css=&#8221;&#8221;]\r\n<p style=\"text-align: center;\">Dieses Video zeigt die 6 grundlegenden Schritte, um mit unserer RAY-Lampe die perfekte Beleuchtung f\u00fcr Blumenbeete und kleine Gr\u00fcnfl\u00e4chen zu schaffen.<\/p>\r\n[\/vc_column_text][\/vc_column][vc_column width=&#8221;1\/6&#8243;][\/vc_column][\/vc_row][vc_row][vc_column][vc_empty_space height=&#8221;80px&#8221;][vc_column_text]\r\n<h3 style=\"text-align: center;\">KONTAKTIEREN SIE UNS F\u00dcR INFORMATIONEN \u00dcBER RAY<\/h3>\r\n[\/vc_column_text]\n<div class=\"wpcf7 no-js\" id=\"wpcf7-f20909-o1\" lang=\"de-DE\" dir=\"ltr\" data-wpcf7-id=\"20909\">\n<div class=\"screen-reader-response\"><p role=\"status\" aria-live=\"polite\" aria-atomic=\"true\"><\/p> <ul><\/ul><\/div>\n<form action=\"\/de\/wp-json\/wp\/v2\/pages\/17404#wpcf7-f20909-o1\" method=\"post\" class=\"wpcf7-form init\" aria-label=\"Kontaktformular\" novalidate=\"novalidate\" data-status=\"init\">\n<div style=\"display: none;\">\n<input type=\"hidden\" name=\"_wpcf7\" value=\"20909\" \/>\n<input type=\"hidden\" name=\"_wpcf7_version\" value=\"6.0.6\" \/>\n<input type=\"hidden\" name=\"_wpcf7_locale\" value=\"de_DE\" \/>\n<input type=\"hidden\" name=\"_wpcf7_unit_tag\" value=\"wpcf7-f20909-o1\" \/>\n<input type=\"hidden\" name=\"_wpcf7_container_post\" value=\"0\" \/>\n<input type=\"hidden\" name=\"_wpcf7_posted_data_hash\" value=\"\" \/>\n<\/div>\n<div class=\"two-column\">\n\t<div class=\"left\">\n\t\t<p><span class=\"wpcf7-form-control-wrap\" data-name=\"your-name\"><input size=\"40\" maxlength=\"400\" class=\"wpcf7-form-control wpcf7-text wpcf7-validates-as-required\" aria-required=\"true\" aria-invalid=\"false\" placeholder=\"Ihr Name*\" value=\"\" type=\"text\" name=\"your-name\" \/><\/span>\n\t\t<\/p>\n\t<\/div>\n\t<div class=\"right\">\n\t\t<p><span class=\"wpcf7-form-control-wrap\" data-name=\"your-surname\"><input size=\"40\" maxlength=\"400\" class=\"wpcf7-form-control wpcf7-text wpcf7-validates-as-required\" aria-required=\"true\" aria-invalid=\"false\" placeholder=\"Ihr Nachname*\" value=\"\" type=\"text\" name=\"your-surname\" \/><\/span>\n\t\t<\/p>\n\t<\/div>\n<\/div>\n<div class=\"two-column\">\n\t<div class=\"left comp-left\">\n\t\t<p><span class=\"wpcf7-form-control-wrap\" data-name=\"phone\"><input size=\"40\" maxlength=\"400\" class=\"wpcf7-form-control wpcf7-tel wpcf7-validates-as-required wpcf7-text wpcf7-validates-as-tel\" aria-required=\"true\" aria-invalid=\"false\" placeholder=\"Telefon*\" value=\"\" type=\"tel\" name=\"phone\" \/><\/span>\n\t\t<\/p>\n\t<\/div>\n\t<div class=\"right comp-right\">\n\t\t<p><span class=\"wpcf7-form-control-wrap\" data-name=\"your-email\"><input size=\"40\" maxlength=\"400\" class=\"wpcf7-form-control wpcf7-email wpcf7-validates-as-required wpcf7-text wpcf7-validates-as-email\" aria-required=\"true\" aria-invalid=\"false\" placeholder=\"E-Mail*\" value=\"\" type=\"email\" name=\"your-email\" \/><\/span>\n\t\t<\/p>\n\t<\/div>\n<\/div>\n<div class=\"two-column\">\n\t<div class=\"left\">\n\t\t<p><span class=\"wpcf7-form-control-wrap\" data-name=\"citta\"><input size=\"40\" maxlength=\"400\" class=\"wpcf7-form-control wpcf7-text wpcf7-validates-as-required\" aria-required=\"true\" aria-invalid=\"false\" placeholder=\"St\u00e4dte*\" value=\"\" type=\"text\" name=\"citta\" \/><\/span>\n\t\t<\/p>\n\t<\/div>\n\t<div class=\"right\">\n\t\t<p><span class=\"wpcf7-form-control-wrap\" data-name=\"CAP\"><input size=\"40\" maxlength=\"400\" class=\"wpcf7-form-control wpcf7-text\" aria-invalid=\"false\" placeholder=\"Postleitzahl\" value=\"\" type=\"text\" name=\"CAP\" \/><\/span>\n\t\t<\/p>\n\t<\/div>\n<\/div>\n<div class=\"comp\">\n\t<p><span class=\"wpcf7-form-control-wrap\" data-name=\"company\"><input size=\"40\" maxlength=\"400\" class=\"wpcf7-form-control wpcf7-text\" aria-invalid=\"false\" placeholder=\"Firmenname (Erforderlich)\" value=\"\" type=\"text\" name=\"company\" \/><\/span>\n\t<\/p>\n<\/div>\n<div>\n\t<p>Stellenbeschreibung*: <span class=\"wpcf7-form-control-wrap\" data-name=\"ruolo\"><select class=\"wpcf7-form-control wpcf7-select wpcf7-validates-as-required\" aria-required=\"true\" aria-invalid=\"false\" name=\"ruolo\"><option value=\"\">&#8211; Bitte ausw\u00e4hlen &#8211;<\/option><option value=\"Privat\">Privat<\/option><option value=\"Architekt\">Architekt<\/option><option value=\"G\u00e4rtner\">G\u00e4rtner<\/option><option value=\"Landschaftsg\u00e4rtner\">Landschaftsg\u00e4rtner<\/option><option value=\"Einzelh\u00e4ndler\">Einzelh\u00e4ndler<\/option><option value=\"Installateur\">Installateur<\/option><\/select><\/span>\n\t<\/p>\n<\/div>\n<div class=\"message\">\n\t<p><span class=\"wpcf7-form-control-wrap\" data-name=\"your-message\"><textarea cols=\"40\" rows=\"10\" maxlength=\"2000\" class=\"wpcf7-form-control wpcf7-textarea wpcf7-validates-as-required\" aria-required=\"true\" aria-invalid=\"false\" placeholder=\"Nachricht*\" name=\"your-message\"><\/textarea><\/span>\n\t<\/p>\n<\/div>\n<div>\n\t<p><span class=\"wpcf7-form-control-wrap\" data-name=\"accept-this\"><span class=\"wpcf7-form-control wpcf7-acceptance\"><span class=\"wpcf7-list-item\"><input type=\"checkbox\" name=\"accept-this\" value=\"1\" aria-invalid=\"false\" \/><\/span><\/span><\/span> JA, ICH AKZEPTIERE DIE ALLGEMEINEN GESCH\u00c4FTSBEDINGUNGEN: Ich erkl\u00e4re mich mit der Verarbeitung meiner pers\u00f6nlichen Daten zum alleinigen Zweck der Bearbeitung meiner Anfrage und deren Aktualisierung einverstanden.<a class=\"fancybox-iframe {width:100%,height:100%}\" href=\"https:\/\/essenzediluce.com\/privacy-policy\/\"><strong>Privacy Policy<\/strong><\/a>\n\t<\/p>\n<\/div>\n<div>\n\t<p><span class=\"wpcf7-form-control-wrap\" data-name=\"your-consent-sendinblue\"><span class=\"wpcf7-form-control wpcf7-acceptance optional\"><span class=\"wpcf7-list-item\"><label><input type=\"checkbox\" name=\"your-consent-sendinblue\" value=\"1\" aria-invalid=\"false\" \/><span class=\"wpcf7-list-item-label\">MICH F\u00dcR DEN NEWSLETTER ANMELDEN<\/span><\/label><\/span><\/span><\/span>: Ich m\u00f6chte Mitteilungen und Aktualisierungen \u00fcber Projekte, neue Produkte und Veranstaltungen erhalten. - Kein Spam von Essenze di Luce versprochen!-\n\t<\/p>\n<\/div>\n<div>\n\t<p><input class=\"wpcf7-form-control wpcf7-submit has-spinner\" type=\"submit\" value=\"Senden\" \/>\n\t<\/p>\n<\/div><div class=\"wpcf7-response-output\" aria-hidden=\"true\"><\/div>\n<\/form>\n<\/div>\n[vc_empty_space height=&#8221;60px&#8221;][\/vc_column][\/vc_row]<\/div>","protected":false},"excerpt":{"rendered":"<p>[vc_row][vc_column][\/vc_column][\/vc_row][vc_row][vc_column css_animation=&#8221;none&#8221;][vc_empty_space height=&#8221;55&#8243;][vc_column_text css_animation=&#8221;fadeIn&#8221;] RAY\u00a9 BELEUCHTUNG F\u00dcR BLUMENBEETE UND KLEINE GR\u00dcNFL\u00c4CHEN Unser neuestes Beleuchtungskonzept aus Naturstein [\/vc_column_text][vc_column_text]Die ewige Eleganz des Marmors trifft einmal mehr auf die LED-Technologie in einer kleinen Gartenleuchte, die geeignet ist, Blumenbeete, kleine gr\u00fcne Ecken und Terrassen&hellip;<\/p>\n<p> <a class=\"more-link\" href=\"https:\/\/essenzediluce.com\/de\/i-sistemi-illuminanti-essenze-di-luce\/beleuchtung-blumenbeete-ray\/\">Weiterlesen<\/a><\/p>\n","protected":false},"author":13,"featured_media":21452,"parent":10993,"menu_order":1,"comment_status":"closed","ping_status":"closed","template":"","meta":{"footnotes":""},"class_list":["post-17404","page","type-page","status-publish","has-post-thumbnail"],"yoast_head":"<!-- This site is optimized with the Yoast SEO plugin v24.5 - https:\/\/yoast.com\/wordpress\/plugins\/seo\/ -->\n<title>Ray - Beleuchtung f\u00fcr blumenbeete und kleine gr\u00fcnfl\u00e4chen - Essenze di Luce<\/title>\n<meta name=\"description\" content=\"Ray\u00a9: kleine Gartenleuchte, geeignet f\u00fcr die diffuse und diskrete Beleuchtung von Blumenbeeten, kleinen gr\u00fcnen Ecken und Terrassen.\" \/>\n<meta name=\"robots\" content=\"index, follow, max-snippet:-1, max-image-preview:large, max-video-preview:-1\" \/>\n<link rel=\"canonical\" href=\"https:\/\/essenzediluce.com\/de\/i-sistemi-illuminanti-essenze-di-luce\/beleuchtung-blumenbeete-ray\/\" \/>\n<meta property=\"og:locale\" content=\"de_DE\" \/>\n<meta property=\"og:type\" content=\"article\" \/>\n<meta property=\"og:title\" content=\"Ray - Beleuchtung f\u00fcr blumenbeete und kleine gr\u00fcnfl\u00e4chen - Essenze di Luce\" \/>\n<meta property=\"og:description\" content=\"Ray\u00a9: kleine Gartenleuchte, geeignet f\u00fcr die diffuse und diskrete Beleuchtung von Blumenbeeten, kleinen gr\u00fcnen Ecken und Terrassen.\" \/>\n<meta property=\"og:url\" content=\"https:\/\/essenzediluce.com\/de\/i-sistemi-illuminanti-essenze-di-luce\/beleuchtung-blumenbeete-ray\/\" \/>\n<meta property=\"og:site_name\" content=\"Essenze di Luce\" \/>\n<meta property=\"article:publisher\" content=\"https:\/\/www.facebook.com\/essenzediluce.italy\/\" \/>\n<meta property=\"article:modified_time\" content=\"2026-04-20T10:02:25+00:00\" \/>\n<meta property=\"og:image\" content=\"https:\/\/essenzediluce.com\/wp-content\/uploads\/2025\/03\/Illuminazione-aiuole-Ray-Essenze-di-Luce.webp\" \/>\n\t<meta property=\"og:image:width\" content=\"1200\" \/>\n\t<meta property=\"og:image:height\" content=\"1200\" \/>\n\t<meta property=\"og:image:type\" content=\"image\/webp\" \/>\n<meta name=\"twitter:card\" content=\"summary_large_image\" \/>\n<meta name=\"twitter:label1\" content=\"Gesch\u00e4tzte Lesezeit\" \/>\n\t<meta name=\"twitter:data1\" content=\"5\u00a0Minuten\" \/>\n<script type=\"application\/ld+json\" class=\"yoast-schema-graph\">{\"@context\":\"https:\/\/schema.org\",\"@graph\":[{\"@type\":\"WebPage\",\"@id\":\"https:\/\/essenzediluce.com\/de\/i-sistemi-illuminanti-essenze-di-luce\/beleuchtung-blumenbeete-ray\/\",\"url\":\"https:\/\/essenzediluce.com\/de\/i-sistemi-illuminanti-essenze-di-luce\/beleuchtung-blumenbeete-ray\/\",\"name\":\"Ray - Beleuchtung f\u00fcr blumenbeete und kleine gr\u00fcnfl\u00e4chen - Essenze di Luce\",\"isPartOf\":{\"@id\":\"https:\/\/essenzediluce.com\/#website\"},\"primaryImageOfPage\":{\"@id\":\"https:\/\/essenzediluce.com\/de\/i-sistemi-illuminanti-essenze-di-luce\/beleuchtung-blumenbeete-ray\/#primaryimage\"},\"image\":{\"@id\":\"https:\/\/essenzediluce.com\/de\/i-sistemi-illuminanti-essenze-di-luce\/beleuchtung-blumenbeete-ray\/#primaryimage\"},\"thumbnailUrl\":\"https:\/\/essenzediluce.com\/wp-content\/uploads\/2025\/03\/Illuminazione-aiuole-Ray-Essenze-di-Luce.webp\",\"datePublished\":\"2023-11-15T07:03:21+00:00\",\"dateModified\":\"2026-04-20T10:02:25+00:00\",\"description\":\"Ray\u00a9: kleine Gartenleuchte, geeignet f\u00fcr die diffuse und diskrete Beleuchtung von Blumenbeeten, kleinen gr\u00fcnen Ecken und Terrassen.\",\"breadcrumb\":{\"@id\":\"https:\/\/essenzediluce.com\/de\/i-sistemi-illuminanti-essenze-di-luce\/beleuchtung-blumenbeete-ray\/#breadcrumb\"},\"inLanguage\":\"de\",\"potentialAction\":[{\"@type\":\"ReadAction\",\"target\":[\"https:\/\/essenzediluce.com\/de\/i-sistemi-illuminanti-essenze-di-luce\/beleuchtung-blumenbeete-ray\/\"]}]},{\"@type\":\"ImageObject\",\"inLanguage\":\"de\",\"@id\":\"https:\/\/essenzediluce.com\/de\/i-sistemi-illuminanti-essenze-di-luce\/beleuchtung-blumenbeete-ray\/#primaryimage\",\"url\":\"https:\/\/essenzediluce.com\/wp-content\/uploads\/2025\/03\/Illuminazione-aiuole-Ray-Essenze-di-Luce.webp\",\"contentUrl\":\"https:\/\/essenzediluce.com\/wp-content\/uploads\/2025\/03\/Illuminazione-aiuole-Ray-Essenze-di-Luce.webp\",\"width\":1200,\"height\":1200,\"caption\":\"Illuminazione aiuole Ray Essenze di Luce\"},{\"@type\":\"BreadcrumbList\",\"@id\":\"https:\/\/essenzediluce.com\/de\/i-sistemi-illuminanti-essenze-di-luce\/beleuchtung-blumenbeete-ray\/#breadcrumb\",\"itemListElement\":[{\"@type\":\"ListItem\",\"position\":1,\"name\":\"Home\",\"item\":\"https:\/\/essenzediluce.com\/de\/\"},{\"@type\":\"ListItem\",\"position\":2,\"name\":\"Produkte\",\"item\":\"https:\/\/essenzediluce.com\/de\/i-sistemi-illuminanti-essenze-di-luce\/\"},{\"@type\":\"ListItem\",\"position\":3,\"name\":\"Ray\"}]},{\"@type\":\"WebSite\",\"@id\":\"https:\/\/essenzediluce.com\/#website\",\"url\":\"https:\/\/essenzediluce.com\/\",\"name\":\"Essenze di Luce\",\"description\":\"\",\"publisher\":{\"@id\":\"https:\/\/essenzediluce.com\/#organization\"},\"potentialAction\":[{\"@type\":\"SearchAction\",\"target\":{\"@type\":\"EntryPoint\",\"urlTemplate\":\"https:\/\/essenzediluce.com\/?s={search_term_string}\"},\"query-input\":{\"@type\":\"PropertyValueSpecification\",\"valueRequired\":true,\"valueName\":\"search_term_string\"}}],\"inLanguage\":\"de\"},{\"@type\":\"Organization\",\"@id\":\"https:\/\/essenzediluce.com\/#organization\",\"name\":\"Essenze di Luce\",\"url\":\"https:\/\/essenzediluce.com\/\",\"logo\":{\"@type\":\"ImageObject\",\"inLanguage\":\"de\",\"@id\":\"https:\/\/essenzediluce.com\/#\/schema\/logo\/image\/\",\"url\":\"https:\/\/essenzediluce.com\/wp-content\/uploads\/2017\/03\/el.jpg\",\"contentUrl\":\"https:\/\/essenzediluce.com\/wp-content\/uploads\/2017\/03\/el.jpg\",\"width\":512,\"height\":512,\"caption\":\"Essenze di Luce\"},\"image\":{\"@id\":\"https:\/\/essenzediluce.com\/#\/schema\/logo\/image\/\"},\"sameAs\":[\"https:\/\/www.facebook.com\/essenzediluce.italy\/\",\"https:\/\/www.instagram.com\/essenzediluce\/\",\"https:\/\/www.youtube.com\/channel\/UCXKJKPfUYADaJMEm_9NAvrA\"]}]}<\/script>\n<!-- \/ Yoast SEO plugin. -->","yoast_head_json":{"title":"Ray - Beleuchtung f\u00fcr blumenbeete und kleine gr\u00fcnfl\u00e4chen - Essenze di Luce","description":"Ray\u00a9: kleine Gartenleuchte, geeignet f\u00fcr die diffuse und diskrete Beleuchtung von Blumenbeeten, kleinen gr\u00fcnen Ecken und Terrassen.","robots":{"index":"index","follow":"follow","max-snippet":"max-snippet:-1","max-image-preview":"max-image-preview:large","max-video-preview":"max-video-preview:-1"},"canonical":"https:\/\/essenzediluce.com\/de\/i-sistemi-illuminanti-essenze-di-luce\/beleuchtung-blumenbeete-ray\/","og_locale":"de_DE","og_type":"article","og_title":"Ray - Beleuchtung f\u00fcr blumenbeete und kleine gr\u00fcnfl\u00e4chen - Essenze di Luce","og_description":"Ray\u00a9: kleine Gartenleuchte, geeignet f\u00fcr die diffuse und diskrete Beleuchtung von Blumenbeeten, kleinen gr\u00fcnen Ecken und Terrassen.","og_url":"https:\/\/essenzediluce.com\/de\/i-sistemi-illuminanti-essenze-di-luce\/beleuchtung-blumenbeete-ray\/","og_site_name":"Essenze di Luce","article_publisher":"https:\/\/www.facebook.com\/essenzediluce.italy\/","article_modified_time":"2026-04-20T10:02:25+00:00","og_image":[{"width":1200,"height":1200,"url":"https:\/\/essenzediluce.com\/wp-content\/uploads\/2025\/03\/Illuminazione-aiuole-Ray-Essenze-di-Luce.webp","type":"image\/webp"}],"twitter_card":"summary_large_image","twitter_misc":{"Gesch\u00e4tzte Lesezeit":"5\u00a0Minuten"},"schema":{"@context":"https:\/\/schema.org","@graph":[{"@type":"WebPage","@id":"https:\/\/essenzediluce.com\/de\/i-sistemi-illuminanti-essenze-di-luce\/beleuchtung-blumenbeete-ray\/","url":"https:\/\/essenzediluce.com\/de\/i-sistemi-illuminanti-essenze-di-luce\/beleuchtung-blumenbeete-ray\/","name":"Ray - Beleuchtung f\u00fcr blumenbeete und kleine gr\u00fcnfl\u00e4chen - Essenze di Luce","isPartOf":{"@id":"https:\/\/essenzediluce.com\/#website"},"primaryImageOfPage":{"@id":"https:\/\/essenzediluce.com\/de\/i-sistemi-illuminanti-essenze-di-luce\/beleuchtung-blumenbeete-ray\/#primaryimage"},"image":{"@id":"https:\/\/essenzediluce.com\/de\/i-sistemi-illuminanti-essenze-di-luce\/beleuchtung-blumenbeete-ray\/#primaryimage"},"thumbnailUrl":"https:\/\/essenzediluce.com\/wp-content\/uploads\/2025\/03\/Illuminazione-aiuole-Ray-Essenze-di-Luce.webp","datePublished":"2023-11-15T07:03:21+00:00","dateModified":"2026-04-20T10:02:25+00:00","description":"Ray\u00a9: kleine Gartenleuchte, geeignet f\u00fcr die diffuse und diskrete Beleuchtung von Blumenbeeten, kleinen gr\u00fcnen Ecken und Terrassen.","breadcrumb":{"@id":"https:\/\/essenzediluce.com\/de\/i-sistemi-illuminanti-essenze-di-luce\/beleuchtung-blumenbeete-ray\/#breadcrumb"},"inLanguage":"de","potentialAction":[{"@type":"ReadAction","target":["https:\/\/essenzediluce.com\/de\/i-sistemi-illuminanti-essenze-di-luce\/beleuchtung-blumenbeete-ray\/"]}]},{"@type":"ImageObject","inLanguage":"de","@id":"https:\/\/essenzediluce.com\/de\/i-sistemi-illuminanti-essenze-di-luce\/beleuchtung-blumenbeete-ray\/#primaryimage","url":"https:\/\/essenzediluce.com\/wp-content\/uploads\/2025\/03\/Illuminazione-aiuole-Ray-Essenze-di-Luce.webp","contentUrl":"https:\/\/essenzediluce.com\/wp-content\/uploads\/2025\/03\/Illuminazione-aiuole-Ray-Essenze-di-Luce.webp","width":1200,"height":1200,"caption":"Illuminazione aiuole Ray Essenze di Luce"},{"@type":"BreadcrumbList","@id":"https:\/\/essenzediluce.com\/de\/i-sistemi-illuminanti-essenze-di-luce\/beleuchtung-blumenbeete-ray\/#breadcrumb","itemListElement":[{"@type":"ListItem","position":1,"name":"Home","item":"https:\/\/essenzediluce.com\/de\/"},{"@type":"ListItem","position":2,"name":"Produkte","item":"https:\/\/essenzediluce.com\/de\/i-sistemi-illuminanti-essenze-di-luce\/"},{"@type":"ListItem","position":3,"name":"Ray"}]},{"@type":"WebSite","@id":"https:\/\/essenzediluce.com\/#website","url":"https:\/\/essenzediluce.com\/","name":"Essenze di Luce","description":"","publisher":{"@id":"https:\/\/essenzediluce.com\/#organization"},"potentialAction":[{"@type":"SearchAction","target":{"@type":"EntryPoint","urlTemplate":"https:\/\/essenzediluce.com\/?s={search_term_string}"},"query-input":{"@type":"PropertyValueSpecification","valueRequired":true,"valueName":"search_term_string"}}],"inLanguage":"de"},{"@type":"Organization","@id":"https:\/\/essenzediluce.com\/#organization","name":"Essenze di Luce","url":"https:\/\/essenzediluce.com\/","logo":{"@type":"ImageObject","inLanguage":"de","@id":"https:\/\/essenzediluce.com\/#\/schema\/logo\/image\/","url":"https:\/\/essenzediluce.com\/wp-content\/uploads\/2017\/03\/el.jpg","contentUrl":"https:\/\/essenzediluce.com\/wp-content\/uploads\/2017\/03\/el.jpg","width":512,"height":512,"caption":"Essenze di Luce"},"image":{"@id":"https:\/\/essenzediluce.com\/#\/schema\/logo\/image\/"},"sameAs":["https:\/\/www.facebook.com\/essenzediluce.italy\/","https:\/\/www.instagram.com\/essenzediluce\/","https:\/\/www.youtube.com\/channel\/UCXKJKPfUYADaJMEm_9NAvrA"]}]}},"_links":{"self":[{"href":"https:\/\/essenzediluce.com\/de\/wp-json\/wp\/v2\/pages\/17404"}],"collection":[{"href":"https:\/\/essenzediluce.com\/de\/wp-json\/wp\/v2\/pages"}],"about":[{"href":"https:\/\/essenzediluce.com\/de\/wp-json\/wp\/v2\/types\/page"}],"author":[{"embeddable":true,"href":"https:\/\/essenzediluce.com\/de\/wp-json\/wp\/v2\/users\/13"}],"replies":[{"embeddable":true,"href":"https:\/\/essenzediluce.com\/de\/wp-json\/wp\/v2\/comments?post=17404"}],"version-history":[{"count":18,"href":"https:\/\/essenzediluce.com\/de\/wp-json\/wp\/v2\/pages\/17404\/revisions"}],"predecessor-version":[{"id":23554,"href":"https:\/\/essenzediluce.com\/de\/wp-json\/wp\/v2\/pages\/17404\/revisions\/23554"}],"up":[{"embeddable":true,"href":"https:\/\/essenzediluce.com\/de\/wp-json\/wp\/v2\/pages\/10993"}],"wp:featuredmedia":[{"embeddable":true,"href":"https:\/\/essenzediluce.com\/de\/wp-json\/wp\/v2\/media\/21452"}],"wp:attachment":[{"href":"https:\/\/essenzediluce.com\/de\/wp-json\/wp\/v2\/media?parent=17404"}],"curies":[{"name":"wp","href":"https:\/\/api.w.org\/{rel}","templated":true}]}}