{"id":19283,"date":"2024-07-11T16:39:47","date_gmt":"2024-07-11T14:39:47","guid":{"rendered":"https:\/\/essenzediluce.com\/?page_id=19283"},"modified":"2024-12-12T16:35:17","modified_gmt":"2024-12-12T15:35:17","slug":"faq","status":"publish","type":"page","link":"https:\/\/essenzediluce.com\/de\/faq\/","title":{"rendered":"FAQ"},"content":{"rendered":"<div class=\"wpb-content-wrapper\">[vc_row][vc_column][vc_empty_space height=&#8221;50px&#8221;][\/vc_column][\/vc_row][vc_row][vc_column width=&#8221;1\/6&#8243;][\/vc_column][vc_column width=&#8221;2\/3&#8243;][vc_column_text css=&#8221;.vc_custom_1720705279859{margin-bottom: 0px !important;border-bottom-width: 0px !important;padding-bottom: 0px !important;}&#8221;]\r\n<h1 style=\"text-align: center;\"><strong>FREQUENTLY ASKED QUESTIONS<\/strong><\/h1>\r\n[\/vc_column_text][vc_column_text css=&#8221;.vc_custom_1720705286451{margin-top: 0px !important;border-top-width: 0px !important;padding-top: 0px !important;}&#8221;]\r\n<p style=\"text-align: center;\"><strong>Check out the answers to the most frequently asked questions about our garden lighting and outdoor audio products.<\/strong><\/p>\r\n[\/vc_column_text][\/vc_column][vc_column width=&#8221;1\/6&#8243;][\/vc_column][\/vc_row][vc_row full_width=&#8221;stretch_row&#8221; css=&#8221;.vc_custom_1720704077718{background-color: #cfd1d0 !important;}&#8221;][vc_column][vc_column_text]\r\n<h2 style=\"text-align: center;\"><strong><span style=\"color: #ffffff;\">LIGHTING<\/span><\/strong><\/h2>\r\n[\/vc_column_text][vc_tta_accordion shape=&#8221;square&#8221; color=&#8221;white&#8221; active_section=&#8221;0&#8243; collapsible_all=&#8221;true&#8221;][vc_tta_section title=&#8221;Are the lamps plugged in or are they portable or solar?&#8221; tab_id=&#8221;1720702498037-a883052c-b6fa&#8221;][vc_column_text]All our garden lights are connected with a power cable to the home or building&#8217;s electrical network. The installation system is &#8216;open&#8217;: the lamps are suitable for home automation integration of both new installations and pre-installed systems integration.\r\n<strong>They are not <b class=\"b5\">solar-p<\/b><b class=\"b4\">owere<\/b><b class=\"b5\">d <\/b>and are not portable<\/strong>.\r\n\r\nWant to control on\/off from your smarthone? YES, IT CAN BE DONE!\r\nWant the light to switch itself on at dusk? YES, IT CAN BE DONE!\r\n\r\n<a href=\"mailto:info@essenzediluce.com,&amp;cc=marketing@essenzediluce.com\"><u><span style=\"color: #0000cc;\">Contact us<\/span><\/u><\/a> for technical support.[\/vc_column_text][\/vc_tta_section][vc_tta_section title=&#8221;Is the light dimmable?&#8221; tab_id=&#8221;1720687750098-b53b231d-20c9&#8243;][vc_column_text]The LED source was born as a fixed light, however when there is a need to adjust the light intensity, a dimmer can be installed.\r\nAsk a trusted professional for advice on the appropriate dimmer to integrate.[\/vc_column_text][\/vc_tta_section][vc_tta_section title=&#8221;When the LED runs out, can it be replaced?&#8221; tab_id=&#8221;1720687109346-c0c1d3d8-9a3d&#8221;][vc_column_text] <strong>YES! <\/strong>The construction system of the lamps is designed to allow the replacement of the LED once it runs out.\r\nSpare parts are available on request and will be supplied with replacement instructions. [\/vc_column_text][\/vc_tta_section][vc_tta_section title=&#8221;Is the lamp fragile or does it require much maintenance?&#8221; tab_id=&#8221;1720687216671-b497972c-465d&#8221;][vc_column_text]<strong>Our lamps are resistant and require almost no maintenance once installed. <\/strong>They can be easily cleaned with a low-power water jet or can be left in their natural state; any small moss build-up will not affect the proper functioning of the product.\r\n\r\n<strong>LIGHTING IP rating: IP68<\/strong>[\/vc_column_text][\/vc_tta_section][vc_tta_section title=&#8221;Can I customise the products and choose the texture\/marble I prefer?&#8221; tab_id=&#8221;1720689198475-e6bd5c73-1757&#8243;][vc_column_text]<strong>Of course, that is the beauty of our products!<\/strong> You can choose from a selection of marbles and natural stones the texture that best suits the architecture and style of your garden.\r\n\r\nDiscover <a href=\"https:\/\/essenzediluce.com\/en\/texture\/\"><u><span style=\"color: #0000cc;\">all the textures<\/span><\/u><\/a> or <a href=\"mailto:info@essenzediluce.com,&amp;cc=marketing@essenzediluce.com\"><u><span style=\"color: #0000cc;\">contact us<\/span><\/u><\/a> for customized requests.[\/vc_column_text][\/vc_tta_section][\/vc_tta_accordion][vc_empty_space][\/vc_column][\/vc_row][vc_row][vc_column][vc_empty_space][\/vc_column][\/vc_row][vc_row full_width=&#8221;stretch_row&#8221; css=&#8221;.vc_custom_1720710569491{background-color: #afbfb2 !important;}&#8221;][vc_column][vc_column_text]\r\n<h2 style=\"text-align: center;\"><strong><span style=\"color: #ffffff;\">AUDIO<\/span><\/strong><\/h2>\r\n[\/vc_column_text][vc_tta_accordion shape=&#8221;square&#8221; color=&#8221;white&#8221; active_section=&#8221;0&#8243; collapsible_all=&#8221;true&#8221;][vc_tta_section title=&#8221;Are the speakers plugged in or are they portable or solar?&#8221; tab_id=&#8221;1720710120137-4eb018aa-f4cd&#8221;][vc_column_text]<strong>All our products are connected with a power cable<\/strong> to the home or building&#8217;s power supply and are suitable for newly installed home automation integration or other pre-installed audio systems.\r\nThey do not operate in sunlight and are not portable.[\/vc_column_text][\/vc_tta_section][vc_tta_section title=&#8221;What is needed to make outdoor speakers work?&#8221; tab_id=&#8221;1720710120155-1bcdfce0-5a16&#8243;][vc_column_text]An amplifier and\/or receiver (depending on product model) is required to set up the outdoor speakers.\r\n\r\n<strong>All your favourite music via WiFi, Bluetooth, USB, AUX\/Line In:<\/strong>\r\n\r\nIntegration of your favourite streaming music services\r\n+ Music playback via Smartphone App\r\n+ Integration into existing system\r\n+ Multi-room technology[\/vc_column_text][\/vc_tta_section][vc_tta_section title=&#8221;Menhir Sound or Menhir Sound PRO? Which one should I choose?&#8221; tab_id=&#8221;1720710204385-0fbeab9c-5699&#8243;][vc_column_text]\r\n\r\n<a href=\"https:\/\/essenzediluce.com\/en\/products\/rock-speakers-menhir-sound\/\"><strong><u><span style=\"color: #0000cc;\">MENHIR SOUND 30w<\/span><\/u><\/strong><\/a>: ideal for <strong>large areas<\/strong> where sound pressure uniformity and homogeneous hi-fi diffusion is required, <strong>ideal for background music<\/strong> well distributed in the space.\r\n\r\n<a href=\"https:\/\/essenzediluce.com\/en\/products\/outdoor-rock-speakers-menhir-sound-pro\/\"><strong><u><span style=\"color: #0000cc;\">MENHIR SOUND PRO 220W<\/span><\/u><\/strong><\/a>: sound system ideal for <strong>small to medium-sized private or public spaces<\/strong>, where omnidirectional audio quality, <strong>power<\/strong> and very high sound fidelity are required.\r\n\r\n[\/vc_column_text][\/vc_tta_section][vc_tta_section title=&#8221;How many outdoor speakers do I need for my garden?&#8221; tab_id=&#8221;1720710210563-52baf58d-96b8&#8243;][vc_column_text]The number of\u00a0 outdoor speakers varies not only according to the size of the garden. You should consider if there may be also different &#8216;zones&#8217; where the sound must be evenly present: pool area, pergola area, living area, etc.\r\n\r\nIn general, these can be considered:\r\n<ul>\r\n \t<li>n.2 speakers: from 25sqm to 80sqm<\/li>\r\n \t<li>n.4 speakers: from 90sqm to 140sqm<\/li>\r\n \t<li>n.5\/6 speakers: from 150sqm to 190sqm<\/li>\r\n \t<li>custom project<\/li>\r\n<\/ul>\r\n[\/vc_column_text][\/vc_tta_section][vc_tta_section title=&#8221;Is the speaker fragile or does it require much maintenance?&#8221; tab_id=&#8221;1720710238386-b9529b55-1f73&#8243;][vc_column_text]Our <strong>outdoor speaker <\/strong>have <strong>tropicalised speakers <\/strong>for <strong>unparalleled resistance to splashes, spray, sand and the most adverse weather conditions. The construction system does not allow the generation of condensation or the entry of insects or natural residues. Almost no maintenance is required once installed. <\/strong>\r\n\r\nThey can be easily cleaned with a low-power water jet (<em>position the water jet pointing downwards, not frontally, and do not wash the loudspeaker directly<\/em>)\u00a0or can be left in their natural state; any small moss build-up will not affect the proper functioning of the product.\r\n\r\n<strong>SPEAKER IP rating: IP65<\/strong>[\/vc_column_text][\/vc_tta_section][vc_tta_section title=&#8221;Can I customise the products and choose the texture\/marble I prefer?&#8221; tab_id=&#8221;1720710253217-09f325a5-74b7&#8243;][vc_column_text]<strong>Of course, that is the beauty of our products!<\/strong> You can choose from a selection of marbles and natural stones the texture that best suits the architecture and style of your garden.\r\n\r\nDiscover <a href=\"https:\/\/essenzediluce.com\/en\/texture\/\"><u><span style=\"color: #0000cc;\">all the textures<\/span><\/u><\/a> or <a href=\"mailto:info@essenzediluce.com,&amp;cc=marketing@essenzediluce.com\"><u><span style=\"color: #0000cc;\">contact us<\/span><\/u><\/a> for customised projects.[\/vc_column_text][\/vc_tta_section][\/vc_tta_accordion][vc_empty_space][\/vc_column][\/vc_row][vc_row][vc_column][\/vc_column][\/vc_row][vc_row full_width=&#8221;stretch_row_content&#8221;][vc_column width=&#8221;1\/4&#8243;][\/vc_column][vc_column width=&#8221;1\/2&#8243;][vc_column_text css=&#8221;.vc_custom_1720710742351{margin-bottom: 0px !important;border-bottom-width: 0px !important;padding-bottom: 0px !important;}&#8221;]\r\n<h2 style=\"text-align: center;\"><strong>Haben Sie noch Fragen?<\/strong><\/h2>\r\n<p style=\"text-align: center;\"><strong>F\u00fcllen Sie das untenstehende Formular aus, um weitere Informationen zu Produkten, Katalog, Preisen und H\u00e4ndlern zu erhalten. Wir beantworten gerne alle Ihre Fragen!<\/strong><\/p>\r\n[\/vc_column_text]\n<div class=\"wpcf7 no-js\" id=\"wpcf7-f20909-o1\" lang=\"de-DE\" dir=\"ltr\" data-wpcf7-id=\"20909\">\n<div class=\"screen-reader-response\"><p role=\"status\" aria-live=\"polite\" aria-atomic=\"true\"><\/p> <ul><\/ul><\/div>\n<form action=\"\/de\/wp-json\/wp\/v2\/pages\/19283#wpcf7-f20909-o1\" method=\"post\" class=\"wpcf7-form init\" aria-label=\"Kontaktformular\" novalidate=\"novalidate\" data-status=\"init\">\n<div style=\"display: none;\">\n<input type=\"hidden\" name=\"_wpcf7\" value=\"20909\" \/>\n<input type=\"hidden\" name=\"_wpcf7_version\" value=\"6.0.6\" \/>\n<input type=\"hidden\" name=\"_wpcf7_locale\" value=\"de_DE\" \/>\n<input type=\"hidden\" name=\"_wpcf7_unit_tag\" value=\"wpcf7-f20909-o1\" \/>\n<input type=\"hidden\" name=\"_wpcf7_container_post\" value=\"0\" \/>\n<input type=\"hidden\" name=\"_wpcf7_posted_data_hash\" value=\"\" \/>\n<\/div>\n<div class=\"two-column\">\n\t<div class=\"left\">\n\t\t<p><span class=\"wpcf7-form-control-wrap\" data-name=\"your-name\"><input size=\"40\" maxlength=\"400\" class=\"wpcf7-form-control wpcf7-text wpcf7-validates-as-required\" aria-required=\"true\" aria-invalid=\"false\" placeholder=\"Ihr Name*\" value=\"\" type=\"text\" name=\"your-name\" \/><\/span>\n\t\t<\/p>\n\t<\/div>\n\t<div class=\"right\">\n\t\t<p><span class=\"wpcf7-form-control-wrap\" data-name=\"your-surname\"><input size=\"40\" maxlength=\"400\" class=\"wpcf7-form-control wpcf7-text wpcf7-validates-as-required\" aria-required=\"true\" aria-invalid=\"false\" placeholder=\"Ihr Nachname*\" value=\"\" type=\"text\" name=\"your-surname\" \/><\/span>\n\t\t<\/p>\n\t<\/div>\n<\/div>\n<div class=\"two-column\">\n\t<div class=\"left comp-left\">\n\t\t<p><span class=\"wpcf7-form-control-wrap\" data-name=\"phone\"><input size=\"40\" maxlength=\"400\" class=\"wpcf7-form-control wpcf7-tel wpcf7-validates-as-required wpcf7-text wpcf7-validates-as-tel\" aria-required=\"true\" aria-invalid=\"false\" placeholder=\"Telefon*\" value=\"\" type=\"tel\" name=\"phone\" \/><\/span>\n\t\t<\/p>\n\t<\/div>\n\t<div class=\"right comp-right\">\n\t\t<p><span class=\"wpcf7-form-control-wrap\" data-name=\"your-email\"><input size=\"40\" maxlength=\"400\" class=\"wpcf7-form-control wpcf7-email wpcf7-validates-as-required wpcf7-text wpcf7-validates-as-email\" aria-required=\"true\" aria-invalid=\"false\" placeholder=\"E-Mail*\" value=\"\" type=\"email\" name=\"your-email\" \/><\/span>\n\t\t<\/p>\n\t<\/div>\n<\/div>\n<div class=\"two-column\">\n\t<div class=\"left\">\n\t\t<p><span class=\"wpcf7-form-control-wrap\" data-name=\"citta\"><input size=\"40\" maxlength=\"400\" class=\"wpcf7-form-control wpcf7-text wpcf7-validates-as-required\" aria-required=\"true\" aria-invalid=\"false\" placeholder=\"St\u00e4dte*\" value=\"\" type=\"text\" name=\"citta\" \/><\/span>\n\t\t<\/p>\n\t<\/div>\n\t<div class=\"right\">\n\t\t<p><span class=\"wpcf7-form-control-wrap\" data-name=\"CAP\"><input size=\"40\" maxlength=\"400\" class=\"wpcf7-form-control wpcf7-text\" aria-invalid=\"false\" placeholder=\"Postleitzahl\" value=\"\" type=\"text\" name=\"CAP\" \/><\/span>\n\t\t<\/p>\n\t<\/div>\n<\/div>\n<div class=\"comp\">\n\t<p><span class=\"wpcf7-form-control-wrap\" data-name=\"company\"><input size=\"40\" maxlength=\"400\" class=\"wpcf7-form-control wpcf7-text\" aria-invalid=\"false\" placeholder=\"Firmenname (Erforderlich)\" value=\"\" type=\"text\" name=\"company\" \/><\/span>\n\t<\/p>\n<\/div>\n<div>\n\t<p>Stellenbeschreibung*: <span class=\"wpcf7-form-control-wrap\" data-name=\"ruolo\"><select class=\"wpcf7-form-control wpcf7-select wpcf7-validates-as-required\" aria-required=\"true\" aria-invalid=\"false\" name=\"ruolo\"><option value=\"\">&#8211; Bitte ausw\u00e4hlen &#8211;<\/option><option value=\"Privat\">Privat<\/option><option value=\"Architekt\">Architekt<\/option><option value=\"G\u00e4rtner\">G\u00e4rtner<\/option><option value=\"Landschaftsg\u00e4rtner\">Landschaftsg\u00e4rtner<\/option><option value=\"Einzelh\u00e4ndler\">Einzelh\u00e4ndler<\/option><option value=\"Installateur\">Installateur<\/option><\/select><\/span>\n\t<\/p>\n<\/div>\n<div class=\"message\">\n\t<p><span class=\"wpcf7-form-control-wrap\" data-name=\"your-message\"><textarea cols=\"40\" rows=\"10\" maxlength=\"2000\" class=\"wpcf7-form-control wpcf7-textarea wpcf7-validates-as-required\" aria-required=\"true\" aria-invalid=\"false\" placeholder=\"Nachricht*\" name=\"your-message\"><\/textarea><\/span>\n\t<\/p>\n<\/div>\n<div>\n\t<p><span class=\"wpcf7-form-control-wrap\" data-name=\"accept-this\"><span class=\"wpcf7-form-control wpcf7-acceptance\"><span class=\"wpcf7-list-item\"><input type=\"checkbox\" name=\"accept-this\" value=\"1\" aria-invalid=\"false\" \/><\/span><\/span><\/span> JA, ICH AKZEPTIERE DIE ALLGEMEINEN GESCH\u00c4FTSBEDINGUNGEN: Ich erkl\u00e4re mich mit der Verarbeitung meiner pers\u00f6nlichen Daten zum alleinigen Zweck der Bearbeitung meiner Anfrage und deren Aktualisierung einverstanden.<a class=\"fancybox-iframe {width:100%,height:100%}\" href=\"https:\/\/essenzediluce.com\/privacy-policy\/\"><strong>Privacy Policy<\/strong><\/a>\n\t<\/p>\n<\/div>\n<div>\n\t<p><span class=\"wpcf7-form-control-wrap\" data-name=\"your-consent-sendinblue\"><span class=\"wpcf7-form-control wpcf7-acceptance optional\"><span class=\"wpcf7-list-item\"><label><input type=\"checkbox\" name=\"your-consent-sendinblue\" value=\"1\" aria-invalid=\"false\" \/><span class=\"wpcf7-list-item-label\">MICH F\u00dcR DEN NEWSLETTER ANMELDEN<\/span><\/label><\/span><\/span><\/span>: Ich m\u00f6chte Mitteilungen und Aktualisierungen \u00fcber Projekte, neue Produkte und Veranstaltungen erhalten. - Kein Spam von Essenze di Luce versprochen!-\n\t<\/p>\n<\/div>\n<div>\n\t<p><input class=\"wpcf7-form-control wpcf7-submit has-spinner\" type=\"submit\" value=\"Senden\" \/>\n\t<\/p>\n<\/div><div class=\"wpcf7-response-output\" aria-hidden=\"true\"><\/div>\n<\/form>\n<\/div>\n[\/vc_column][vc_column width=&#8221;1\/4&#8243;][\/vc_column][\/vc_row]<\/div>","protected":false},"excerpt":{"rendered":"<p>[vc_row][vc_column][vc_empty_space height=&#8221;50px&#8221;][\/vc_column][\/vc_row][vc_row][vc_column width=&#8221;1\/6&#8243;][\/vc_column][vc_column width=&#8221;2\/3&#8243;][vc_column_text css=&#8221;.vc_custom_1720705279859{margin-bottom: 0px !important;border-bottom-width: 0px !important;padding-bottom: 0px !important;}&#8221;] FREQUENTLY ASKED QUESTIONS [\/vc_column_text][vc_column_text css=&#8221;.vc_custom_1720705286451{margin-top: 0px !important;border-top-width: 0px !important;padding-top: 0px !important;}&#8221;] Check out the answers to the most frequently asked questions about our garden lighting and outdoor audio products.&hellip;<\/p>\n<p> <a class=\"more-link\" href=\"https:\/\/essenzediluce.com\/de\/faq\/\">Weiterlesen<\/a><\/p>\n","protected":false},"author":13,"featured_media":15810,"parent":0,"menu_order":0,"comment_status":"closed","ping_status":"closed","template":"","meta":{"footnotes":""},"class_list":["post-19283","page","type-page","status-publish","has-post-thumbnail"],"yoast_head":"<!-- This site is optimized with the Yoast SEO plugin v24.5 - https:\/\/yoast.com\/wordpress\/plugins\/seo\/ -->\n<title>FAQ - Essenze di Luce<\/title>\n<meta name=\"description\" content=\"Hier finden Sie die Antworten auf die am h\u00e4ufigsten gestellten Fragen zu unseren Gartenbeleuchtungs- und Outdoor-Audio-Produkten.\" \/>\n<meta name=\"robots\" content=\"index, follow, max-snippet:-1, max-image-preview:large, max-video-preview:-1\" \/>\n<link rel=\"canonical\" href=\"https:\/\/essenzediluce.com\/de\/faq\/\" \/>\n<meta property=\"og:locale\" content=\"de_DE\" \/>\n<meta property=\"og:type\" content=\"article\" \/>\n<meta property=\"og:title\" content=\"FAQ - Essenze di Luce\" \/>\n<meta property=\"og:description\" content=\"Hier finden Sie die Antworten auf die am h\u00e4ufigsten gestellten Fragen zu unseren Gartenbeleuchtungs- und Outdoor-Audio-Produkten.\" \/>\n<meta property=\"og:url\" content=\"https:\/\/essenzediluce.com\/de\/faq\/\" \/>\n<meta property=\"og:site_name\" content=\"Essenze di Luce\" \/>\n<meta property=\"article:publisher\" content=\"https:\/\/www.facebook.com\/essenzediluce.italy\/\" \/>\n<meta property=\"article:modified_time\" content=\"2024-12-12T15:35:17+00:00\" \/>\n<meta property=\"og:image\" content=\"https:\/\/essenzediluce.com\/wp-content\/uploads\/2023\/06\/EL-Villa-Wisteria-Menhir-di-Luce-Soft.jpg\" \/>\n\t<meta property=\"og:image:width\" content=\"1500\" \/>\n\t<meta property=\"og:image:height\" content=\"1000\" \/>\n\t<meta property=\"og:image:type\" content=\"image\/jpeg\" \/>\n<meta name=\"twitter:card\" content=\"summary_large_image\" \/>\n<meta name=\"twitter:label1\" content=\"Gesch\u00e4tzte Lesezeit\" \/>\n\t<meta name=\"twitter:data1\" content=\"5\u00a0Minuten\" \/>\n<script type=\"application\/ld+json\" class=\"yoast-schema-graph\">{\"@context\":\"https:\/\/schema.org\",\"@graph\":[{\"@type\":\"WebPage\",\"@id\":\"https:\/\/essenzediluce.com\/de\/faq\/\",\"url\":\"https:\/\/essenzediluce.com\/de\/faq\/\",\"name\":\"FAQ - Essenze di Luce\",\"isPartOf\":{\"@id\":\"https:\/\/essenzediluce.com\/#website\"},\"primaryImageOfPage\":{\"@id\":\"https:\/\/essenzediluce.com\/de\/faq\/#primaryimage\"},\"image\":{\"@id\":\"https:\/\/essenzediluce.com\/de\/faq\/#primaryimage\"},\"thumbnailUrl\":\"https:\/\/essenzediluce.com\/wp-content\/uploads\/2023\/06\/EL-Villa-Wisteria-Menhir-di-Luce-Soft.jpg\",\"datePublished\":\"2024-07-11T14:39:47+00:00\",\"dateModified\":\"2024-12-12T15:35:17+00:00\",\"description\":\"Hier finden Sie die Antworten auf die am h\u00e4ufigsten gestellten Fragen zu unseren Gartenbeleuchtungs- und Outdoor-Audio-Produkten.\",\"breadcrumb\":{\"@id\":\"https:\/\/essenzediluce.com\/de\/faq\/#breadcrumb\"},\"inLanguage\":\"de\",\"potentialAction\":[{\"@type\":\"ReadAction\",\"target\":[\"https:\/\/essenzediluce.com\/de\/faq\/\"]}]},{\"@type\":\"ImageObject\",\"inLanguage\":\"de\",\"@id\":\"https:\/\/essenzediluce.com\/de\/faq\/#primaryimage\",\"url\":\"https:\/\/essenzediluce.com\/wp-content\/uploads\/2023\/06\/EL-Villa-Wisteria-Menhir-di-Luce-Soft.jpg\",\"contentUrl\":\"https:\/\/essenzediluce.com\/wp-content\/uploads\/2023\/06\/EL-Villa-Wisteria-Menhir-di-Luce-Soft.jpg\",\"width\":1500,\"height\":1000,\"caption\":\"Lampade da esterno, lampade da giardino, lampade da esterno in marmo, lampade in marmo\"},{\"@type\":\"BreadcrumbList\",\"@id\":\"https:\/\/essenzediluce.com\/de\/faq\/#breadcrumb\",\"itemListElement\":[{\"@type\":\"ListItem\",\"position\":1,\"name\":\"Home\",\"item\":\"https:\/\/essenzediluce.com\/de\/\"},{\"@type\":\"ListItem\",\"position\":2,\"name\":\"FAQ\"}]},{\"@type\":\"WebSite\",\"@id\":\"https:\/\/essenzediluce.com\/#website\",\"url\":\"https:\/\/essenzediluce.com\/\",\"name\":\"Essenze di Luce\",\"description\":\"\",\"publisher\":{\"@id\":\"https:\/\/essenzediluce.com\/#organization\"},\"potentialAction\":[{\"@type\":\"SearchAction\",\"target\":{\"@type\":\"EntryPoint\",\"urlTemplate\":\"https:\/\/essenzediluce.com\/?s={search_term_string}\"},\"query-input\":{\"@type\":\"PropertyValueSpecification\",\"valueRequired\":true,\"valueName\":\"search_term_string\"}}],\"inLanguage\":\"de\"},{\"@type\":\"Organization\",\"@id\":\"https:\/\/essenzediluce.com\/#organization\",\"name\":\"Essenze di Luce\",\"url\":\"https:\/\/essenzediluce.com\/\",\"logo\":{\"@type\":\"ImageObject\",\"inLanguage\":\"de\",\"@id\":\"https:\/\/essenzediluce.com\/#\/schema\/logo\/image\/\",\"url\":\"https:\/\/essenzediluce.com\/wp-content\/uploads\/2017\/03\/el.jpg\",\"contentUrl\":\"https:\/\/essenzediluce.com\/wp-content\/uploads\/2017\/03\/el.jpg\",\"width\":512,\"height\":512,\"caption\":\"Essenze di Luce\"},\"image\":{\"@id\":\"https:\/\/essenzediluce.com\/#\/schema\/logo\/image\/\"},\"sameAs\":[\"https:\/\/www.facebook.com\/essenzediluce.italy\/\",\"https:\/\/www.instagram.com\/essenzediluce\/\",\"https:\/\/www.youtube.com\/channel\/UCXKJKPfUYADaJMEm_9NAvrA\"]}]}<\/script>\n<!-- \/ Yoast SEO plugin. -->","yoast_head_json":{"title":"FAQ - Essenze di Luce","description":"Hier finden Sie die Antworten auf die am h\u00e4ufigsten gestellten Fragen zu unseren Gartenbeleuchtungs- und Outdoor-Audio-Produkten.","robots":{"index":"index","follow":"follow","max-snippet":"max-snippet:-1","max-image-preview":"max-image-preview:large","max-video-preview":"max-video-preview:-1"},"canonical":"https:\/\/essenzediluce.com\/de\/faq\/","og_locale":"de_DE","og_type":"article","og_title":"FAQ - Essenze di Luce","og_description":"Hier finden Sie die Antworten auf die am h\u00e4ufigsten gestellten Fragen zu unseren Gartenbeleuchtungs- und Outdoor-Audio-Produkten.","og_url":"https:\/\/essenzediluce.com\/de\/faq\/","og_site_name":"Essenze di Luce","article_publisher":"https:\/\/www.facebook.com\/essenzediluce.italy\/","article_modified_time":"2024-12-12T15:35:17+00:00","og_image":[{"width":1500,"height":1000,"url":"https:\/\/essenzediluce.com\/wp-content\/uploads\/2023\/06\/EL-Villa-Wisteria-Menhir-di-Luce-Soft.jpg","type":"image\/jpeg"}],"twitter_card":"summary_large_image","twitter_misc":{"Gesch\u00e4tzte Lesezeit":"5\u00a0Minuten"},"schema":{"@context":"https:\/\/schema.org","@graph":[{"@type":"WebPage","@id":"https:\/\/essenzediluce.com\/de\/faq\/","url":"https:\/\/essenzediluce.com\/de\/faq\/","name":"FAQ - Essenze di Luce","isPartOf":{"@id":"https:\/\/essenzediluce.com\/#website"},"primaryImageOfPage":{"@id":"https:\/\/essenzediluce.com\/de\/faq\/#primaryimage"},"image":{"@id":"https:\/\/essenzediluce.com\/de\/faq\/#primaryimage"},"thumbnailUrl":"https:\/\/essenzediluce.com\/wp-content\/uploads\/2023\/06\/EL-Villa-Wisteria-Menhir-di-Luce-Soft.jpg","datePublished":"2024-07-11T14:39:47+00:00","dateModified":"2024-12-12T15:35:17+00:00","description":"Hier finden Sie die Antworten auf die am h\u00e4ufigsten gestellten Fragen zu unseren Gartenbeleuchtungs- und Outdoor-Audio-Produkten.","breadcrumb":{"@id":"https:\/\/essenzediluce.com\/de\/faq\/#breadcrumb"},"inLanguage":"de","potentialAction":[{"@type":"ReadAction","target":["https:\/\/essenzediluce.com\/de\/faq\/"]}]},{"@type":"ImageObject","inLanguage":"de","@id":"https:\/\/essenzediluce.com\/de\/faq\/#primaryimage","url":"https:\/\/essenzediluce.com\/wp-content\/uploads\/2023\/06\/EL-Villa-Wisteria-Menhir-di-Luce-Soft.jpg","contentUrl":"https:\/\/essenzediluce.com\/wp-content\/uploads\/2023\/06\/EL-Villa-Wisteria-Menhir-di-Luce-Soft.jpg","width":1500,"height":1000,"caption":"Lampade da esterno, lampade da giardino, lampade da esterno in marmo, lampade in marmo"},{"@type":"BreadcrumbList","@id":"https:\/\/essenzediluce.com\/de\/faq\/#breadcrumb","itemListElement":[{"@type":"ListItem","position":1,"name":"Home","item":"https:\/\/essenzediluce.com\/de\/"},{"@type":"ListItem","position":2,"name":"FAQ"}]},{"@type":"WebSite","@id":"https:\/\/essenzediluce.com\/#website","url":"https:\/\/essenzediluce.com\/","name":"Essenze di Luce","description":"","publisher":{"@id":"https:\/\/essenzediluce.com\/#organization"},"potentialAction":[{"@type":"SearchAction","target":{"@type":"EntryPoint","urlTemplate":"https:\/\/essenzediluce.com\/?s={search_term_string}"},"query-input":{"@type":"PropertyValueSpecification","valueRequired":true,"valueName":"search_term_string"}}],"inLanguage":"de"},{"@type":"Organization","@id":"https:\/\/essenzediluce.com\/#organization","name":"Essenze di Luce","url":"https:\/\/essenzediluce.com\/","logo":{"@type":"ImageObject","inLanguage":"de","@id":"https:\/\/essenzediluce.com\/#\/schema\/logo\/image\/","url":"https:\/\/essenzediluce.com\/wp-content\/uploads\/2017\/03\/el.jpg","contentUrl":"https:\/\/essenzediluce.com\/wp-content\/uploads\/2017\/03\/el.jpg","width":512,"height":512,"caption":"Essenze di Luce"},"image":{"@id":"https:\/\/essenzediluce.com\/#\/schema\/logo\/image\/"},"sameAs":["https:\/\/www.facebook.com\/essenzediluce.italy\/","https:\/\/www.instagram.com\/essenzediluce\/","https:\/\/www.youtube.com\/channel\/UCXKJKPfUYADaJMEm_9NAvrA"]}]}},"_links":{"self":[{"href":"https:\/\/essenzediluce.com\/de\/wp-json\/wp\/v2\/pages\/19283"}],"collection":[{"href":"https:\/\/essenzediluce.com\/de\/wp-json\/wp\/v2\/pages"}],"about":[{"href":"https:\/\/essenzediluce.com\/de\/wp-json\/wp\/v2\/types\/page"}],"author":[{"embeddable":true,"href":"https:\/\/essenzediluce.com\/de\/wp-json\/wp\/v2\/users\/13"}],"replies":[{"embeddable":true,"href":"https:\/\/essenzediluce.com\/de\/wp-json\/wp\/v2\/comments?post=19283"}],"version-history":[{"count":8,"href":"https:\/\/essenzediluce.com\/de\/wp-json\/wp\/v2\/pages\/19283\/revisions"}],"predecessor-version":[{"id":20954,"href":"https:\/\/essenzediluce.com\/de\/wp-json\/wp\/v2\/pages\/19283\/revisions\/20954"}],"wp:featuredmedia":[{"embeddable":true,"href":"https:\/\/essenzediluce.com\/de\/wp-json\/wp\/v2\/media\/15810"}],"wp:attachment":[{"href":"https:\/\/essenzediluce.com\/de\/wp-json\/wp\/v2\/media?parent=19283"}],"curies":[{"name":"wp","href":"https:\/\/api.w.org\/{rel}","templated":true}]}}