{"id":22868,"date":"2026-01-22T11:47:49","date_gmt":"2026-01-22T10:47:49","guid":{"rendered":"https:\/\/essenzediluce.com\/?page_id=22868"},"modified":"2026-03-11T11:12:14","modified_gmt":"2026-03-11T10:12:14","slug":"verstellbare-aussenleuchte-flor","status":"publish","type":"page","link":"https:\/\/essenzediluce.com\/de\/i-sistemi-illuminanti-essenze-di-luce\/verstellbare-aussenleuchte-flor\/","title":{"rendered":"Flor"},"content":{"rendered":"<div class=\"wpb-content-wrapper\">[vc_row full_width=&#8221;stretch_row&#8221;][vc_column]\n\t\t\t<!-- START FLOR_DEU REVOLUTION SLIDER 6.6.16 --><p class=\"rs-p-wp-fix\"><\/p>\n\t\t\t<rs-module-wrap id=\"rev_slider_178_1_wrapper\" data-source=\"gallery\" style=\"visibility:hidden;background:transparent;padding:0;margin:0px auto;margin-top:0;margin-bottom:0;\">\n\t\t\t\t<rs-module id=\"rev_slider_178_1\" style=\"\" data-version=\"6.6.16\">\n\t\t\t\t\t<rs-slides style=\"overflow: hidden; position: absolute;\">\n\t\t\t\t\t\t<rs-slide style=\"position: absolute;\" data-key=\"rs-278\" data-title=\"Slide\" data-in=\"o:0;\" data-out=\"a:false;\">\n\t\t\t\t\t\t\t<img decoding=\"async\" src=\"\/\/essenzediluce.com\/wp-content\/uploads\/2026\/02\/EL-Flor-Slider-Rev.jpg\" alt=\"Flor Lampada per esterno orientabuile - Flor Outdoor adjustable lamp\" title=\"EL-Flor-Slider-Rev\" width=\"1980\" height=\"1320\" class=\"rev-slidebg tp-rs-img\" data-no-retina>\n<!--\n\t\t\t\t\t\t\t--><rs-layer\n\t\t\t\t\t\t\t\tid=\"slider-178-slide-278-layer-1\" \n\t\t\t\t\t\t\t\tclass=\"ht\"\n\t\t\t\t\t\t\t\tdata-type=\"text\"\n\t\t\t\t\t\t\t\tdata-rsp_ch=\"on\"\n\t\t\t\t\t\t\t\tdata-xy=\"x:r,r,c,c;xo:51px,65px,92px,66px;yo:53px,54px,78px,-5px;\"\n\t\t\t\t\t\t\t\tdata-text=\"w:normal;s:110,90,80,80;l:100,82,80,80;\"\n\t\t\t\t\t\t\t\tdata-dim=\"w:572px,472px,358px,283px;h:auto,auto,auto,115px;\"\n\t\t\t\t\t\t\t\tdata-frame_1=\"e:power4.inOut;sp:2000;\"\n\t\t\t\t\t\t\t\tdata-frame_999=\"o:0;st:w;sR:5000;\"\n\t\t\t\t\t\t\t\tstyle=\"z-index:8;font-family:'Roboto';\"\n\t\t\t\t\t\t\t>Flor \n\t\t\t\t\t\t\t<\/rs-layer><!--\n\n\t\t\t\t\t\t\t--><rs-layer\n\t\t\t\t\t\t\t\tid=\"slider-178-slide-278-layer-2\" \n\t\t\t\t\t\t\t\tclass=\"ht\"\n\t\t\t\t\t\t\t\tdata-type=\"text\"\n\t\t\t\t\t\t\t\tdata-rsp_ch=\"on\"\n\t\t\t\t\t\t\t\tdata-xy=\"x:r,r,c,l;xo:102px,105px,119px,169px;yo:168px,150px,191px,84px;\"\n\t\t\t\t\t\t\t\tdata-text=\"w:normal;s:50,41,45,30;l:60,49,50,40;fw:300;\"\n\t\t\t\t\t\t\t\tdata-dim=\"w:515px,425px,410px,264px;\"\n\t\t\t\t\t\t\t\tdata-frame_1=\"e:power4.inOut;sp:2000;\"\n\t\t\t\t\t\t\t\tdata-frame_999=\"o:0;st:w;sR:5000;\"\n\t\t\t\t\t\t\t\tstyle=\"z-index:7;font-family:'Roboto';\"\n\t\t\t\t\t\t\t>Verstellbare Gartenbeleuchtung \n\t\t\t\t\t\t\t<\/rs-layer><!--\n\n\t\t\t\t\t\t\t--><a\n\t\t\t\t\t\t\t\tid=\"slider-178-slide-278-layer-4\" \n\t\t\t\t\t\t\t\tclass=\"rs-layer rev-btn\"\n\t\t\t\t\t\t\t\thref=\"https:\/\/essenzediluce.com\/de\/i-sistemi-illuminanti-essenze-di-luce\/verstellbare-aussenleuchte-flor\/#discovermore\" target=\"_self\"\n\t\t\t\t\t\t\t\tdata-type=\"button\"\n\t\t\t\t\t\t\t\tdata-color=\"#000000\"\n\t\t\t\t\t\t\t\tdata-rsp_ch=\"on\"\n\t\t\t\t\t\t\t\tdata-xy=\"x:l,l,c,c;xo:627px,494px,34px,40px;yo:360px,285px,340px,188px;\"\n\t\t\t\t\t\t\t\tdata-text=\"w:normal;s:27,25,25,23;l:57,54,57,53;fw:500;\"\n\t\t\t\t\t\t\t\tdata-dim=\"minh:0,none,none,none;\"\n\t\t\t\t\t\t\t\tdata-padding=\"r:36,34,36,36;l:36,34,36,36;\"\n\t\t\t\t\t\t\t\tdata-border=\"bor:16px,16px,16px,16px;\"\n\t\t\t\t\t\t\t\tdata-frame_1=\"sp:2000;\"\n\t\t\t\t\t\t\t\tdata-frame_999=\"o:0;st:w;sR:5000;\"\n\t\t\t\t\t\t\t\tdata-frame_hover=\"c:#fff;bgc:#000;bor:16px,16px,16px,16px;\"\n\t\t\t\t\t\t\t\tstyle=\"z-index:6;background-color:#f2f2f2;font-family:'Roboto';\"\n\t\t\t\t\t\t\t>MEHR ERFAHREN \n\t\t\t\t\t\t\t<\/a><!--\n-->\t\t\t\t\t\t<\/rs-slide>\n\t\t\t\t\t<\/rs-slides>\n\t\t\t\t\t<rs-static-layers class=\"rs-stl-visible\"><!--\n\t\t\t\t\t--><\/rs-static-layers>\n\t\t\t\t<\/rs-module>\n\t\t\t\t<script>\n\t\t\t\t\tsetREVStartSize({c: 'rev_slider_178_1',rl:[1920,1024,778,480],el:[867.998,767.998,959.988,719.988],gw:[1240,1024,778,480],gh:[868,768,960,720],type:'standard',justify:'',layout:'fullwidth',mh:\"0\"});if (window.RS_MODULES!==undefined && window.RS_MODULES.modules!==undefined && window.RS_MODULES.modules[\"revslider1781\"]!==undefined) {window.RS_MODULES.modules[\"revslider1781\"].once = false;window.revapi178 = undefined;if (window.RS_MODULES.checkMinimal!==undefined) window.RS_MODULES.checkMinimal()}\n\t\t\t\t<\/script>\n\t\t\t<\/rs-module-wrap>\n\t\t\t<!-- END REVOLUTION SLIDER -->\n[vc_empty_space][vc_column_text css=&#8221;.vc_custom_1769077384841{margin-bottom: 0px !important;border-bottom-width: 0px !important;padding-bottom: 0px !important;}&#8221;]\r\n<h1 style=\"text-align: center;\"><strong>Verstellbare Au\u00dfenleuchte Flor<\/strong><\/h1>\r\n<h2 style=\"text-align: center;\">Leichte und flexible Gartenbeleuchtung<\/h2>\r\n[\/vc_column_text][\/vc_column][\/vc_row][vc_row full_width=&#8221;stretch_row&#8221;][vc_column][vc_column_text css=&#8221;&#8221;]\r\n<p id=\"discovermore\" style=\"text-align: center;\"><strong>Verstellbare Au\u00dfenleuchte Flor<\/strong> ist eine Leuchte, die sich ganz nat\u00fcrlich in die Au\u00dfenlandschaft einf\u00fcgt. Der mit einem Seil ummantelte Kupferstiel l\u00e4sst sich frei ausrichten, w\u00e4hrend der Marmorzylinder das Leuchtmodul beherbergt und die Beleuchtung des Gartens zu einem gestalterischen Element macht.<\/p>\r\n<p style=\"text-align: center;\">Die in unserem Labor in Friaul entworfene und entwickelte schwenkbare Au\u00dfenleuchte Flor ist in zwei H\u00f6hen (<strong>100 und 150 cm<\/strong>) erh\u00e4ltlich, widersteht allen Witterungsbedingungen (<strong>IP68<\/strong>) und f\u00fcgt sich harmonisch in nat\u00fcrliche und zeitgen\u00f6ssische Umgebungen ein, wobei sie unsere DNA in Bezug auf Design und Materialien verk\u00f6rpert.<\/p>\r\n[\/vc_column_text][\/vc_column][\/vc_row][vc_row full_width=&#8221;stretch_row&#8221;][vc_column][vc_empty_space height=&#8221;20px&#8221;][\/vc_column][\/vc_row][vc_row full_width=&#8221;stretch_row&#8221;][vc_column][vc_btn title=&#8221;ICH M\u00d6CHTE MEHR ERFAHREN!&#8221; style=&#8221;classic&#8221; color=&#8221;black&#8221; size=&#8221;lg&#8221; align=&#8221;center&#8221; i_icon_fontawesome=&#8221;fas fa-arrow-circle-right&#8221; css_animation=&#8221;fadeInLeft&#8221; css=&#8221;&#8221; add_icon=&#8221;true&#8221; link=&#8221;url:https%3A%2F%2Fessenzediluce.com%2Fde%2Fi-sistemi-illuminanti-essenze-di-luce%2Fverstellbare-aussenleuchte-flor%2F%23contactus&#8221;][vc_empty_space height=&#8221;20px&#8221;][\/vc_column][\/vc_row][vc_row full_width=&#8221;stretch_row&#8221; css=&#8221;.vc_custom_1761124259660{background-color: #FFFFFF !important;}&#8221;][vc_column width=&#8221;1\/2&#8243;][vc_column_text css=&#8221;&#8221;]\r\n<h3 style=\"text-align: right;\"><strong>KOMPAKT UND PR\u00c4ZISE<\/strong><\/h3>\r\n<div id=\"Content\">\r\n<div class=\"boxed\">\r\n<div id=\"lipsum\">\r\n<p style=\"text-align: right;\"><strong>Das Leuchtmodul von Flor ist ein schwarz eloxierter Aluminiumzylinder mit Cree-LEDs,<\/strong><strong>\u00a0der in unserem Labor entworfen und entwickelt wurde<\/strong>. Ein kompaktes und pr\u00e4zises Detail, das Technologie und Lichtsteuerung vereint und eine dosierte und gerichtete Lichtabstrahlung in einem kleinen Bauteil gew\u00e4hrleistet.<\/p>\r\n\r\n<\/div>\r\n<\/div>\r\n<\/div>\r\n[\/vc_column_text][\/vc_column][vc_column width=&#8221;1\/2&#8243;][vc_single_image image=&#8221;23268&#8243; img_size=&#8221;350&#215;400&#8243; alignment=&#8221;center&#8221; onclick=&#8221;zoom&#8221; css=&#8221;&#8221;][\/vc_column][\/vc_row][vc_row full_width=&#8221;stretch_row&#8221; css=&#8221;.vc_custom_1761124259660{background-color: #FFFFFF !important;}&#8221;][vc_column width=&#8221;1\/2&#8243;][vc_single_image image=&#8221;22813&#8243; img_size=&#8221;400&#215;400&#8243; alignment=&#8221;center&#8221; onclick=&#8221;zoom&#8221; css=&#8221;&#8221;][\/vc_column][vc_column width=&#8221;1\/2&#8243;][vc_column_text css=&#8221;&#8221;]\r\n<h3><strong>VERSTELLBARER STIEL<\/strong><\/h3>\r\n<div id=\"Content\">\r\n<div class=\"boxed\">\r\n<div id=\"lipsum\">\r\n\r\nDas Design der Leuchte Flor erinnert an <strong>die Form eines Blumenstiels<\/strong>: der mit einem Seil umwickelte Kupferstiel f\u00fcgt sich nat\u00fcrlich in jede Au\u00dfenumgebung ein, w\u00e4hrend der kleine Marmorzylinder den Leuchtenk\u00f6rper in sich integriert. Dank der Flexibilit\u00e4t des Stiels l\u00e4sst sich das Licht in die gew\u00fcnschte Richtung lenken, <strong>wodurch die Beleuchtung zu einem gestalterischen Element wird<\/strong>.\r\n\r\n<\/div>\r\n<\/div>\r\n<\/div>\r\n[\/vc_column_text][\/vc_column][\/vc_row][vc_row full_width=&#8221;stretch_row&#8221; css=&#8221;.vc_custom_1761124259660{background-color: #FFFFFF !important;}&#8221;][vc_column width=&#8221;1\/2&#8243;][vc_column_text css=&#8221;&#8221;]\r\n<h3 style=\"text-align: right;\"><strong>BEFESTIGUNG AM BODEN<\/strong><\/h3>\r\n<div id=\"Content\">\r\n<div class=\"boxed\">\r\n<div id=\"lipsum\">\r\n<p style=\"text-align: right;\"><strong>Spike<\/strong> ist ein Edelstahlpfahl, der entwickelt wurde, um die Leuchte in die Landschaft zu integrieren. Die Befestigung am Stiel des led pollerleuchte Sol erm\u00f6glicht eine einfache und schnelle Montage. Das Design des Erdspie\u00dfes entstand aus der Aufmerksamkeit f\u00fcr die Installationsmodalit\u00e4ten und die Einsatzbedingungen im Au\u00dfenbereich und f\u00fchrte zu einem funktionalen Element, das das Einstecken in den Boden erleichtert und die Stabilit\u00e4t des Au\u00dfenstrahlers \u00fcber lange Zeit gew\u00e4hrleistet.\r\n<em>(Zubeh\u00f6r nicht im Lieferumfang enthalten, separat erh\u00e4ltlich)<\/em><\/p>\r\n\r\n<\/div>\r\n<\/div>\r\n<\/div>\r\n[\/vc_column_text][\/vc_column][vc_column width=&#8221;1\/2&#8243;][vc_single_image image=&#8221;22680&#8243; img_size=&#8221;350&#215;450&#8243; alignment=&#8221;center&#8221; onclick=&#8221;zoom&#8221; css=&#8221;&#8221;][\/vc_column][\/vc_row][vc_row full_width=&#8221;stretch_row&#8221; css=&#8221;.vc_custom_1768388074490{margin-top: 0px !important;background-color: #FFFFFF !important;}&#8221;][vc_column][vc_gallery interval=&#8221;3&#8243; images=&#8221;23251,23247,23243,23260,23239&#8243; img_size=&#8221;1500X1000&#8243; onclick=&#8221;&#8221; css=&#8221;&#8221;][\/vc_column][\/vc_row][vc_row full_width=&#8221;stretch_row&#8221; css=&#8221;.vc_custom_1768388074490{margin-top: 0px !important;background-color: #FFFFFF !important;}&#8221;][vc_column][vc_column_text css=&#8221;.vc_custom_1769068819762{border-top-width: 10px !important;padding-top: 20px !important;}&#8221;]\r\n<h2 style=\"text-align: center;\">Textur &amp; Personalisierung<\/h2>\r\n[\/vc_column_text][vc_column_text css=&#8221;&#8221;]\r\n<p style=\"text-align: center;\"><strong>Der Verstellbare Au\u00dfenleuchte Flor ist in Marmor, Travertin, Quarz und Onyx<\/strong> erh\u00e4ltlich und bietet Ihnen die Freiheit, die Textur zu w\u00e4hlen, die am besten zum Stil Ihres Outdoor-Projekts passt.<\/p>\r\n<p style=\"text-align: center;\">Die Sch\u00f6nheit und der Charakter jedes Materials kommen durch nat\u00fcrliche Vertiefungen, Kristalle und Maserungen zum Vorschein, wodurch jedes St\u00fcck einzigartig und unwiederholbar ist. Eine Auswahl, die Ihrem Au\u00dfenbereich eine <strong>authentische, unverwechselbare und zutiefst nat\u00fcrliche Identit\u00e4t verleiht.<\/strong><\/p>\r\n[\/vc_column_text][\/vc_column][\/vc_row][vc_row full_width=&#8221;stretch_row&#8221; css=&#8221;.vc_custom_1768388139041{background-color: #FFFFFF !important;}&#8221;][vc_column width=&#8221;1\/4&#8243;][vc_single_image image=&#8221;22642&#8243; img_size=&#8221;full&#8221; alignment=&#8221;center&#8221; onclick=&#8221;zoom&#8221; css=&#8221;&#8221;][vc_column_text css=&#8221;&#8221;]\r\n<h4 style=\"text-align: center;\"><strong>ITALIAN FLOWERY\r\nGREY MARBLE<\/strong><\/h4>\r\n<p style=\"text-align: center;\"><em>Origin: Italy<\/em><\/p>\r\n[\/vc_column_text][\/vc_column][vc_column width=&#8221;1\/4&#8243;][vc_single_image image=&#8221;22646&#8243; img_size=&#8221;full&#8221; alignment=&#8221;center&#8221; onclick=&#8221;zoom&#8221; css=&#8221;&#8221;][vc_column_text css=&#8221;&#8221;]\r\n<h4 style=\"text-align: center;\"><strong>TRAVERTINE\r\nIVORY<\/strong><\/h4>\r\n<p style=\"text-align: center;\"><em>Origin: Italy<\/em><\/p>\r\n[\/vc_column_text][\/vc_column][vc_column width=&#8221;1\/4&#8243;][vc_single_image image=&#8221;22638&#8243; img_size=&#8221;full&#8221; alignment=&#8221;center&#8221; onclick=&#8221;zoom&#8221; css=&#8221;&#8221;][vc_column_text css=&#8221;&#8221;]\r\n<h4 style=\"text-align: center;\"><strong>ARTIC GREEN\r\nQUARTZ<\/strong><\/h4>\r\n<p style=\"text-align: center;\"><em>Origin: Norway<\/em><\/p>\r\n[\/vc_column_text][\/vc_column][vc_column width=&#8221;1\/4&#8243;][vc_single_image image=&#8221;22650&#8243; img_size=&#8221;full&#8221; alignment=&#8221;center&#8221; onclick=&#8221;zoom&#8221; css=&#8221;&#8221;][vc_column_text css=&#8221;&#8221;]\r\n<h4 style=\"text-align: center;\"><strong>ANGEL SPARK<\/strong>\r\n<strong>ONYX<\/strong><\/h4>\r\n<p style=\"text-align: center;\"><em>Origin: Turkey<\/em><\/p>\r\n[\/vc_column_text][\/vc_column][\/vc_row][vc_row full_width=&#8221;stretch_row&#8221; gap=&#8221;35&#8243; css=&#8221;.vc_custom_1768993339650{background-color: #FFFFFF !important;}&#8221;][vc_column width=&#8221;1\/3&#8243;][vc_single_image image=&#8221;22837&#8243; img_size=&#8221;700X700&#8243; alignment=&#8221;center&#8221; onclick=&#8221;zoom&#8221; css=&#8221;&#8221;][vc_column_text css=&#8221;.vc_custom_1769068892541{margin-top: 0px !important;margin-bottom: 0px !important;border-top-width: 0px !important;border-bottom-width: 0px !important;padding-top: 0px !important;padding-bottom: 0px !important;}&#8221;]\r\n<h4 style=\"text-align: center;\"><strong>BLACK\r\n<\/strong><\/h4>\r\n<p style=\"text-align: center;\">Total Schwarz<\/p>\r\n[\/vc_column_text][\/vc_column][vc_column width=&#8221;1\/3&#8243;][vc_single_image image=&#8221;22833&#8243; img_size=&#8221;700X700&#8243; alignment=&#8221;center&#8221; onclick=&#8221;zoom&#8221; css=&#8221;&#8221;][vc_column_text css=&#8221;.vc_custom_1769068955287{margin-top: 0px !important;margin-bottom: 0px !important;border-top-width: 0px !important;border-bottom-width: 0px !important;padding-top: 0px !important;padding-bottom: 0px !important;}&#8221;]\r\n<h4 style=\"text-align: center;\"><strong>GREIGE\r\n<\/strong><\/h4>\r\n<p style=\"text-align: center;\">Farben Mittelgrau, Ton, Sand, Hanf<\/p>\r\n[\/vc_column_text][\/vc_column][vc_column width=&#8221;1\/3&#8243;][vc_single_image image=&#8221;22829&#8243; img_size=&#8221;700X700&#8243; alignment=&#8221;center&#8221; onclick=&#8221;zoom&#8221; css=&#8221;&#8221;][vc_column_text css=&#8221;.vc_custom_1769068942955{margin-top: 0px !important;margin-bottom: 0px !important;border-top-width: 0px !important;border-bottom-width: 0px !important;padding-top: 0px !important;padding-bottom: 0px !important;}&#8221;]\r\n<h4 style=\"text-align: center;\"><strong>GREEN FOREST\r\n<\/strong><\/h4>\r\n<p style=\"text-align: center;\">Farben Mittelgrau, Ton, Englischgr\u00fcn<\/p>\r\n[\/vc_column_text][\/vc_column][\/vc_row][vc_row][vc_column][vc_empty_space height=&#8221;20&#8243;][vc_separator style=&#8221;dotted&#8221; css=&#8221;&#8221;][vc_column_text css=&#8221;&#8221;]\r\n<h2 style=\"text-align: center;\"><strong>Technische Daten<\/strong><\/h2>\r\n[\/vc_column_text][\/vc_column][\/vc_row][vc_row full_width=&#8221;stretch_row&#8221; css=&#8221;.vc_custom_1769077555826{margin-bottom: 0px !important;border-bottom-width: 0px !important;padding-bottom: 0px !important;background-color: #FFFFFF !important;}&#8221;][vc_column width=&#8221;2\/3&#8243; css=&#8221;.vc_custom_1769077587483{margin-top: 0px !important;margin-bottom: 0px !important;border-top-width: 0px !important;border-bottom-width: 0px !important;padding-bottom: 0px !important;background-color: #FFFFFF00 !important;}&#8221;][vc_single_image image=&#8221;22821&#8243; img_size=&#8221;full&#8221; alignment=&#8221;center&#8221; css=&#8221;&#8221;][\/vc_column][vc_column width=&#8221;1\/3&#8243; css=&#8221;.vc_custom_1769077581866{margin-top: 0px !important;margin-bottom: 0px !important;border-top-width: 0px !important;border-bottom-width: 0px !important;padding-bottom: 0px !important;}&#8221;][vc_column_text css=&#8221;.vc_custom_1773223871996{margin-top: 0px !important;margin-bottom: 0px !important;border-top-width: 0px !important;border-bottom-width: 0px !important;padding-top: 0px !important;padding-bottom: 0px !important;}&#8221;]VERSTELLBARE AU\u00dfENLEUCHTE FLOR\r\n<strong>WICHTIGSTE TECHNISCHE DATEN<\/strong>\r\n\r\n24VDc | 1,35W |166 lm | 3000K | IP68[\/vc_column_text][vc_empty_space height=&#8221;20&#8243;][vc_column_text css=&#8221;&#8221;]\r\n<h5 style=\"padding-top: 0px; margin-top: 0px; padding-bottom: 0px; margin-bottom: 0px; text-align: left;\"><i class=\"fa fa-download\" aria-hidden=\"true\"><\/i> <a class=\"ht\" href=\"https:\/\/essenzediluce.com\/wp-content\/uploads\/2026\/03\/EL-Datasheet-Essential-FLOR_v.1.pdf\" target=\"_blank\" rel=\"noopener noreferrer\"><strong><u>TECHNISCHES DATENBLATT HERUNTERLADEN<\/u><\/strong><\/a><\/h5>\r\n[\/vc_column_text][vc_column_text css=&#8221;&#8221;]\r\n<h5 style=\"padding-top: 0px; margin-top: 0px; padding-bottom: 0px; margin-bottom: 0px; text-align: left;\"><i class=\"fa fa-download\" aria-hidden=\"true\"><\/i><a href=\"https:\/\/essenzediluce.com\/de\/bim\/\"> <strong><u>BIM- UND 3D-BIBLIOTHEK<\/u><\/strong><\/a><\/h5>\r\n[\/vc_column_text][\/vc_column][\/vc_row][vc_row][vc_column][vc_empty_space height=&#8221;20&#8243;][\/vc_column][\/vc_row][vc_row full_width=&#8221;stretch_row&#8221; gap=&#8221;35&#8243; equal_height=&#8221;yes&#8221; css=&#8221;.vc_custom_1768816430357{background-color: #DAD8D8 !important;}&#8221;][vc_column width=&#8221;1\/2&#8243; css=&#8221;.vc_custom_1768464229892{background-color: #DAD8D8 !important;}&#8221;][vc_column_text css=&#8221;&#8221;]\r\n<h2 style=\"padding: 0.8em 0px 0.5em; text-align: center;\">STANDARD INSTALLATION<\/h2>\r\n<p style=\"text-align: center;\">Erfahrenen Benutzern erm\u00f6glicht unsere Standardinstallation die vollst\u00e4ndige Kontrolle \u00fcber den Konfigurationsprozess. Schlie\u00dfen Sie Ihr Produkt sicher an das Stromnetz an und passen Sie es an Ihre Bed\u00fcrfnisse an.<\/p>\r\n[\/vc_column_text][\/vc_column][vc_column width=&#8221;1\/2&#8243; css=&#8221;.vc_custom_1768464236608{background-color: #DAD8D8 !important;}&#8221;][vc_column_text css=&#8221;&#8221;]\r\n<h2 style=\"padding: 0.8em 0px 0.5em; text-align: center;\">PLUG &amp; PLAY-INSTALLATION<\/h2>\r\n<p style=\"text-align: center;\">Dank der Plug &amp; Play-Kompatibilit\u00e4t von FLOR ist die Installation dieses Verstellbare Au\u00dfenleuchte noch schneller, intuitiver und f\u00fcr jedermann m\u00f6glich.<\/p>\r\n<p style=\"text-align: center;\"><strong>\u2192<\/strong> <strong><a href=\"https:\/\/essenzediluce.com\/de\/plug-play\/\" target=\"_blank\" rel=\"noopener\"><u>ENTDECKEN SIE DAS PLUG &amp; PLAY-SYSTEM<\/u><\/a><\/strong><\/p>\r\n[\/vc_column_text][\/vc_column][\/vc_row][vc_row css=&#8221;.vc_custom_1761125349060{background-color: #FFFFFF !important;}&#8221;][vc_column][vc_empty_space][vc_column_text css=&#8221;&#8221;]\r\n<h2 id=\"contactus\" style=\"text-align: center;\"><strong>Kontaktieren Sie uns<\/strong><\/h2>\r\n<h3 style=\"text-align: center;\">Um mehr \u00fcber den Verstellbare Au\u00dfenleuchte Flor zu erfahren, f\u00fcllen Sie bitte das untenstehende Formular aus oder kontaktieren Sie uns \u00fcber WhatsApp, indem Sie auf den gr\u00fcnen Button klicken.<\/h3>\r\n[\/vc_column_text]\n<div class=\"wpcf7 no-js\" id=\"wpcf7-f22783-o1\" lang=\"de-DE\" dir=\"ltr\" data-wpcf7-id=\"22783\">\n<div class=\"screen-reader-response\"><p role=\"status\" aria-live=\"polite\" aria-atomic=\"true\"><\/p> <ul><\/ul><\/div>\n<form action=\"\/de\/wp-json\/wp\/v2\/pages\/22868#wpcf7-f22783-o1\" method=\"post\" class=\"wpcf7-form init\" aria-label=\"Kontaktformular\" novalidate=\"novalidate\" data-status=\"init\">\n<div style=\"display: none;\">\n<input type=\"hidden\" name=\"_wpcf7\" value=\"22783\" \/>\n<input type=\"hidden\" name=\"_wpcf7_version\" value=\"6.0.6\" \/>\n<input type=\"hidden\" name=\"_wpcf7_locale\" value=\"de_DE\" \/>\n<input type=\"hidden\" name=\"_wpcf7_unit_tag\" value=\"wpcf7-f22783-o1\" \/>\n<input type=\"hidden\" name=\"_wpcf7_container_post\" value=\"0\" \/>\n<input type=\"hidden\" name=\"_wpcf7_posted_data_hash\" value=\"\" \/>\n<\/div>\n<div class=\"two-column\">\n\t<div class=\"left\">\n\t\t<p><span class=\"wpcf7-form-control-wrap\" data-name=\"your-name\"><input size=\"40\" maxlength=\"400\" class=\"wpcf7-form-control wpcf7-text wpcf7-validates-as-required\" aria-required=\"true\" aria-invalid=\"false\" placeholder=\"Ihr Name*\" value=\"\" type=\"text\" name=\"your-name\" \/><\/span>\n\t\t<\/p>\n\t<\/div>\n\t<div class=\"right\">\n\t\t<p><span class=\"wpcf7-form-control-wrap\" data-name=\"your-surname\"><input size=\"40\" maxlength=\"400\" class=\"wpcf7-form-control wpcf7-text wpcf7-validates-as-required\" aria-required=\"true\" aria-invalid=\"false\" placeholder=\"Ihr Nachname*\" value=\"\" type=\"text\" name=\"your-surname\" \/><\/span>\n\t\t<\/p>\n\t<\/div>\n<\/div>\n<div class=\"two-column\">\n\t<div class=\"left comp-left\">\n\t\t<p><span class=\"wpcf7-form-control-wrap\" data-name=\"phone\"><input size=\"40\" maxlength=\"400\" class=\"wpcf7-form-control wpcf7-tel wpcf7-validates-as-required wpcf7-text wpcf7-validates-as-tel\" aria-required=\"true\" aria-invalid=\"false\" placeholder=\"Telefon*\" value=\"\" type=\"tel\" name=\"phone\" \/><\/span>\n\t\t<\/p>\n\t<\/div>\n\t<div class=\"right comp-right\">\n\t\t<p><span class=\"wpcf7-form-control-wrap\" data-name=\"your-email\"><input size=\"40\" maxlength=\"400\" class=\"wpcf7-form-control wpcf7-email wpcf7-validates-as-required wpcf7-text wpcf7-validates-as-email\" aria-required=\"true\" aria-invalid=\"false\" placeholder=\"E-Mail*\" value=\"\" type=\"email\" name=\"your-email\" \/><\/span>\n\t\t<\/p>\n\t<\/div>\n<\/div>\n<div class=\"two-column\">\n\t<div class=\"left\">\n\t\t<p><span class=\"wpcf7-form-control-wrap\" data-name=\"citta\"><input size=\"40\" maxlength=\"400\" class=\"wpcf7-form-control wpcf7-text wpcf7-validates-as-required\" aria-required=\"true\" aria-invalid=\"false\" placeholder=\"St\u00e4dte*\" value=\"\" type=\"text\" name=\"citta\" \/><\/span>\n\t\t<\/p>\n\t<\/div>\n\t<div class=\"right\">\n\t\t<p><span class=\"wpcf7-form-control-wrap\" data-name=\"CAP\"><input size=\"40\" maxlength=\"400\" class=\"wpcf7-form-control wpcf7-text\" aria-invalid=\"false\" placeholder=\"Postleitzahl\" value=\"\" type=\"text\" name=\"CAP\" \/><\/span>\n\t\t<\/p>\n\t<\/div>\n<\/div>\n<div class=\"comp\">\n\t<p><span class=\"wpcf7-form-control-wrap\" data-name=\"company\"><input size=\"40\" maxlength=\"400\" class=\"wpcf7-form-control wpcf7-text\" aria-invalid=\"false\" placeholder=\"Firmenname (Erforderlich)\" value=\"\" type=\"text\" name=\"company\" \/><\/span>\n\t<\/p>\n<\/div>\n<div>\n\t<p>Stellenbeschreibung*: <span class=\"wpcf7-form-control-wrap\" data-name=\"ruolo\"><select class=\"wpcf7-form-control wpcf7-select wpcf7-validates-as-required\" aria-required=\"true\" aria-invalid=\"false\" name=\"ruolo\"><option value=\"\">&#8211; Bitte ausw\u00e4hlen &#8211;<\/option><option value=\"Privat\">Privat<\/option><option value=\"Architekt\">Architekt<\/option><option value=\"G\u00e4rtner\">G\u00e4rtner<\/option><option value=\"Landschaftsg\u00e4rtner\">Landschaftsg\u00e4rtner<\/option><option value=\"Einzelh\u00e4ndler\">Einzelh\u00e4ndler<\/option><option value=\"Installateur\">Installateur<\/option><\/select><\/span>\n\t<\/p>\n<\/div>\n<div class=\"message\">\n\t<p><span class=\"wpcf7-form-control-wrap\" data-name=\"your-message\"><textarea cols=\"40\" rows=\"10\" maxlength=\"2000\" class=\"wpcf7-form-control wpcf7-textarea wpcf7-validates-as-required\" aria-required=\"true\" aria-invalid=\"false\" placeholder=\"Nachricht*\" name=\"your-message\"><\/textarea><\/span>\n\t<\/p>\n<\/div>\n<div>\n\t<p><span class=\"wpcf7-form-control-wrap\" data-name=\"accept-this\"><span class=\"wpcf7-form-control wpcf7-acceptance\"><span class=\"wpcf7-list-item\"><input type=\"checkbox\" name=\"accept-this\" value=\"1\" aria-invalid=\"false\" \/><\/span><\/span><\/span> JA, ICH AKZEPTIERE DIE ALLGEMEINEN GESCH\u00c4FTSBEDINGUNGEN: Ich erkl\u00e4re mich mit der Verarbeitung meiner pers\u00f6nlichen Daten zum alleinigen Zweck der Bearbeitung meiner Anfrage und deren Aktualisierung einverstanden.<a class=\"fancybox-iframe {width:100%,height:100%}\" href=\"https:\/\/essenzediluce.com\/privacy-policy\/\"><strong>Privacy Policy<\/strong><\/a>\n\t<\/p>\n<\/div>\n<div>\n\t<p><span class=\"wpcf7-form-control-wrap\" data-name=\"your-consent-sendinblue\"><span class=\"wpcf7-form-control wpcf7-acceptance optional\"><span class=\"wpcf7-list-item\"><label><input type=\"checkbox\" name=\"your-consent-sendinblue\" value=\"1\" aria-invalid=\"false\" \/><span class=\"wpcf7-list-item-label\">MICH F\u00dcR DEN NEWSLETTER ANMELDEN<\/span><\/label><\/span><\/span><\/span>: Ich m\u00f6chte Mitteilungen und Aktualisierungen \u00fcber Projekte, neue Produkte und Veranstaltungen erhalten. - Kein Spam von Essenze di Luce versprochen!-\n\t<\/p>\n<\/div>\n<div>\n\t<p><input class=\"wpcf7-form-control wpcf7-submit has-spinner\" type=\"submit\" value=\"Senden\" \/>\n\t<\/p>\n<\/div><div class=\"wpcf7-response-output\" aria-hidden=\"true\"><\/div>\n<\/form>\n<\/div>\n[\/vc_column][\/vc_row]<\/div>","protected":false},"excerpt":{"rendered":"<p>[vc_row full_width=&#8221;stretch_row&#8221;][vc_column][vc_empty_space][vc_column_text css=&#8221;.vc_custom_1769077384841{margin-bottom: 0px !important;border-bottom-width: 0px !important;padding-bottom: 0px !important;}&#8221;] Verstellbare Au\u00dfenleuchte Flor Leichte und flexible Gartenbeleuchtung [\/vc_column_text][\/vc_column][\/vc_row][vc_row full_width=&#8221;stretch_row&#8221;][vc_column][vc_column_text css=&#8221;&#8221;] Verstellbare Au\u00dfenleuchte Flor ist eine Leuchte, die sich ganz nat\u00fcrlich in die Au\u00dfenlandschaft einf\u00fcgt. Der mit einem Seil ummantelte Kupferstiel l\u00e4sst&hellip;<\/p>\n<p> <a class=\"more-link\" href=\"https:\/\/essenzediluce.com\/de\/i-sistemi-illuminanti-essenze-di-luce\/verstellbare-aussenleuchte-flor\/\">Weiterlesen<\/a><\/p>\n","protected":false},"author":13,"featured_media":23211,"parent":10993,"menu_order":0,"comment_status":"closed","ping_status":"closed","template":"","meta":{"footnotes":""},"class_list":["post-22868","page","type-page","status-publish","has-post-thumbnail"],"yoast_head":"<!-- This site is optimized with the Yoast SEO plugin v24.5 - https:\/\/yoast.com\/wordpress\/plugins\/seo\/ -->\n<title>Verstellbare Au\u00dfenleuchte Flor - Made in Italy - Essenze di Luce<\/title>\n<meta name=\"description\" content=\"Verstellbare Au\u00dfenleuchte Flor mit Stiel zur Beleuchtung von Blumenbeeten und Gr\u00fcnfl\u00e4chen. Pr\u00e4zises LED-Licht &amp; schlichtes Design f\u00fcr garten.\" \/>\n<meta name=\"robots\" content=\"index, follow, max-snippet:-1, max-image-preview:large, max-video-preview:-1\" \/>\n<link rel=\"canonical\" href=\"https:\/\/essenzediluce.com\/de\/i-sistemi-illuminanti-essenze-di-luce\/verstellbare-aussenleuchte-flor\/\" \/>\n<meta property=\"og:locale\" content=\"de_DE\" \/>\n<meta property=\"og:type\" content=\"article\" \/>\n<meta property=\"og:title\" content=\"Verstellbare Au\u00dfenleuchte Flor - Made in Italy - Essenze di Luce\" \/>\n<meta property=\"og:description\" content=\"Verstellbare Au\u00dfenleuchte Flor mit Stiel zur Beleuchtung von Blumenbeeten und Gr\u00fcnfl\u00e4chen. Pr\u00e4zises LED-Licht &amp; schlichtes Design f\u00fcr garten.\" \/>\n<meta property=\"og:url\" content=\"https:\/\/essenzediluce.com\/de\/i-sistemi-illuminanti-essenze-di-luce\/verstellbare-aussenleuchte-flor\/\" \/>\n<meta property=\"og:site_name\" content=\"Essenze di Luce\" \/>\n<meta property=\"article:publisher\" content=\"https:\/\/www.facebook.com\/essenzediluce.italy\/\" \/>\n<meta property=\"article:modified_time\" content=\"2026-03-11T10:12:14+00:00\" \/>\n<meta property=\"og:image\" content=\"https:\/\/essenzediluce.com\/wp-content\/uploads\/2026\/02\/EL-Flor-Cover-Img.jpg\" \/>\n\t<meta property=\"og:image:width\" content=\"1000\" \/>\n\t<meta property=\"og:image:height\" content=\"1000\" \/>\n\t<meta property=\"og:image:type\" content=\"image\/jpeg\" \/>\n<meta name=\"twitter:card\" content=\"summary_large_image\" \/>\n<meta name=\"twitter:label1\" content=\"Gesch\u00e4tzte Lesezeit\" \/>\n\t<meta name=\"twitter:data1\" content=\"8\u00a0Minuten\" \/>\n<script type=\"application\/ld+json\" class=\"yoast-schema-graph\">{\"@context\":\"https:\/\/schema.org\",\"@graph\":[{\"@type\":\"WebPage\",\"@id\":\"https:\/\/essenzediluce.com\/de\/i-sistemi-illuminanti-essenze-di-luce\/verstellbare-aussenleuchte-flor\/\",\"url\":\"https:\/\/essenzediluce.com\/de\/i-sistemi-illuminanti-essenze-di-luce\/verstellbare-aussenleuchte-flor\/\",\"name\":\"Verstellbare Au\u00dfenleuchte Flor - Made in Italy - Essenze di Luce\",\"isPartOf\":{\"@id\":\"https:\/\/essenzediluce.com\/#website\"},\"primaryImageOfPage\":{\"@id\":\"https:\/\/essenzediluce.com\/de\/i-sistemi-illuminanti-essenze-di-luce\/verstellbare-aussenleuchte-flor\/#primaryimage\"},\"image\":{\"@id\":\"https:\/\/essenzediluce.com\/de\/i-sistemi-illuminanti-essenze-di-luce\/verstellbare-aussenleuchte-flor\/#primaryimage\"},\"thumbnailUrl\":\"https:\/\/essenzediluce.com\/wp-content\/uploads\/2026\/02\/EL-Flor-Cover-Img.jpg\",\"datePublished\":\"2026-01-22T10:47:49+00:00\",\"dateModified\":\"2026-03-11T10:12:14+00:00\",\"description\":\"Verstellbare Au\u00dfenleuchte Flor mit Stiel zur Beleuchtung von Blumenbeeten und Gr\u00fcnfl\u00e4chen. Pr\u00e4zises LED-Licht & schlichtes Design f\u00fcr garten.\",\"breadcrumb\":{\"@id\":\"https:\/\/essenzediluce.com\/de\/i-sistemi-illuminanti-essenze-di-luce\/verstellbare-aussenleuchte-flor\/#breadcrumb\"},\"inLanguage\":\"de\",\"potentialAction\":[{\"@type\":\"ReadAction\",\"target\":[\"https:\/\/essenzediluce.com\/de\/i-sistemi-illuminanti-essenze-di-luce\/verstellbare-aussenleuchte-flor\/\"]}]},{\"@type\":\"ImageObject\",\"inLanguage\":\"de\",\"@id\":\"https:\/\/essenzediluce.com\/de\/i-sistemi-illuminanti-essenze-di-luce\/verstellbare-aussenleuchte-flor\/#primaryimage\",\"url\":\"https:\/\/essenzediluce.com\/wp-content\/uploads\/2026\/02\/EL-Flor-Cover-Img.jpg\",\"contentUrl\":\"https:\/\/essenzediluce.com\/wp-content\/uploads\/2026\/02\/EL-Flor-Cover-Img.jpg\",\"width\":1000,\"height\":1000,\"caption\":\"Essenze di Luce lampada per esterno orientabile Flor; directional outdoor lighting Flor; lampe ext\u00e9rieur led orientable Flor; verstellbare Au\u00dfenleuchte Flor\"},{\"@type\":\"BreadcrumbList\",\"@id\":\"https:\/\/essenzediluce.com\/de\/i-sistemi-illuminanti-essenze-di-luce\/verstellbare-aussenleuchte-flor\/#breadcrumb\",\"itemListElement\":[{\"@type\":\"ListItem\",\"position\":1,\"name\":\"Home\",\"item\":\"https:\/\/essenzediluce.com\/de\/\"},{\"@type\":\"ListItem\",\"position\":2,\"name\":\"Produkte\",\"item\":\"https:\/\/essenzediluce.com\/de\/i-sistemi-illuminanti-essenze-di-luce\/\"},{\"@type\":\"ListItem\",\"position\":3,\"name\":\"Flor\"}]},{\"@type\":\"WebSite\",\"@id\":\"https:\/\/essenzediluce.com\/#website\",\"url\":\"https:\/\/essenzediluce.com\/\",\"name\":\"Essenze di Luce\",\"description\":\"\",\"publisher\":{\"@id\":\"https:\/\/essenzediluce.com\/#organization\"},\"potentialAction\":[{\"@type\":\"SearchAction\",\"target\":{\"@type\":\"EntryPoint\",\"urlTemplate\":\"https:\/\/essenzediluce.com\/?s={search_term_string}\"},\"query-input\":{\"@type\":\"PropertyValueSpecification\",\"valueRequired\":true,\"valueName\":\"search_term_string\"}}],\"inLanguage\":\"de\"},{\"@type\":\"Organization\",\"@id\":\"https:\/\/essenzediluce.com\/#organization\",\"name\":\"Essenze di Luce\",\"url\":\"https:\/\/essenzediluce.com\/\",\"logo\":{\"@type\":\"ImageObject\",\"inLanguage\":\"de\",\"@id\":\"https:\/\/essenzediluce.com\/#\/schema\/logo\/image\/\",\"url\":\"https:\/\/essenzediluce.com\/wp-content\/uploads\/2017\/03\/el.jpg\",\"contentUrl\":\"https:\/\/essenzediluce.com\/wp-content\/uploads\/2017\/03\/el.jpg\",\"width\":512,\"height\":512,\"caption\":\"Essenze di Luce\"},\"image\":{\"@id\":\"https:\/\/essenzediluce.com\/#\/schema\/logo\/image\/\"},\"sameAs\":[\"https:\/\/www.facebook.com\/essenzediluce.italy\/\",\"https:\/\/www.instagram.com\/essenzediluce\/\",\"https:\/\/www.youtube.com\/channel\/UCXKJKPfUYADaJMEm_9NAvrA\"]}]}<\/script>\n<!-- \/ Yoast SEO plugin. -->","yoast_head_json":{"title":"Verstellbare Au\u00dfenleuchte Flor - Made in Italy - Essenze di Luce","description":"Verstellbare Au\u00dfenleuchte Flor mit Stiel zur Beleuchtung von Blumenbeeten und Gr\u00fcnfl\u00e4chen. Pr\u00e4zises LED-Licht & schlichtes Design f\u00fcr garten.","robots":{"index":"index","follow":"follow","max-snippet":"max-snippet:-1","max-image-preview":"max-image-preview:large","max-video-preview":"max-video-preview:-1"},"canonical":"https:\/\/essenzediluce.com\/de\/i-sistemi-illuminanti-essenze-di-luce\/verstellbare-aussenleuchte-flor\/","og_locale":"de_DE","og_type":"article","og_title":"Verstellbare Au\u00dfenleuchte Flor - Made in Italy - Essenze di Luce","og_description":"Verstellbare Au\u00dfenleuchte Flor mit Stiel zur Beleuchtung von Blumenbeeten und Gr\u00fcnfl\u00e4chen. Pr\u00e4zises LED-Licht & schlichtes Design f\u00fcr garten.","og_url":"https:\/\/essenzediluce.com\/de\/i-sistemi-illuminanti-essenze-di-luce\/verstellbare-aussenleuchte-flor\/","og_site_name":"Essenze di Luce","article_publisher":"https:\/\/www.facebook.com\/essenzediluce.italy\/","article_modified_time":"2026-03-11T10:12:14+00:00","og_image":[{"width":1000,"height":1000,"url":"https:\/\/essenzediluce.com\/wp-content\/uploads\/2026\/02\/EL-Flor-Cover-Img.jpg","type":"image\/jpeg"}],"twitter_card":"summary_large_image","twitter_misc":{"Gesch\u00e4tzte Lesezeit":"8\u00a0Minuten"},"schema":{"@context":"https:\/\/schema.org","@graph":[{"@type":"WebPage","@id":"https:\/\/essenzediluce.com\/de\/i-sistemi-illuminanti-essenze-di-luce\/verstellbare-aussenleuchte-flor\/","url":"https:\/\/essenzediluce.com\/de\/i-sistemi-illuminanti-essenze-di-luce\/verstellbare-aussenleuchte-flor\/","name":"Verstellbare Au\u00dfenleuchte Flor - Made in Italy - Essenze di Luce","isPartOf":{"@id":"https:\/\/essenzediluce.com\/#website"},"primaryImageOfPage":{"@id":"https:\/\/essenzediluce.com\/de\/i-sistemi-illuminanti-essenze-di-luce\/verstellbare-aussenleuchte-flor\/#primaryimage"},"image":{"@id":"https:\/\/essenzediluce.com\/de\/i-sistemi-illuminanti-essenze-di-luce\/verstellbare-aussenleuchte-flor\/#primaryimage"},"thumbnailUrl":"https:\/\/essenzediluce.com\/wp-content\/uploads\/2026\/02\/EL-Flor-Cover-Img.jpg","datePublished":"2026-01-22T10:47:49+00:00","dateModified":"2026-03-11T10:12:14+00:00","description":"Verstellbare Au\u00dfenleuchte Flor mit Stiel zur Beleuchtung von Blumenbeeten und Gr\u00fcnfl\u00e4chen. Pr\u00e4zises LED-Licht & schlichtes Design f\u00fcr garten.","breadcrumb":{"@id":"https:\/\/essenzediluce.com\/de\/i-sistemi-illuminanti-essenze-di-luce\/verstellbare-aussenleuchte-flor\/#breadcrumb"},"inLanguage":"de","potentialAction":[{"@type":"ReadAction","target":["https:\/\/essenzediluce.com\/de\/i-sistemi-illuminanti-essenze-di-luce\/verstellbare-aussenleuchte-flor\/"]}]},{"@type":"ImageObject","inLanguage":"de","@id":"https:\/\/essenzediluce.com\/de\/i-sistemi-illuminanti-essenze-di-luce\/verstellbare-aussenleuchte-flor\/#primaryimage","url":"https:\/\/essenzediluce.com\/wp-content\/uploads\/2026\/02\/EL-Flor-Cover-Img.jpg","contentUrl":"https:\/\/essenzediluce.com\/wp-content\/uploads\/2026\/02\/EL-Flor-Cover-Img.jpg","width":1000,"height":1000,"caption":"Essenze di Luce lampada per esterno orientabile Flor; directional outdoor lighting Flor; lampe ext\u00e9rieur led orientable Flor; verstellbare Au\u00dfenleuchte Flor"},{"@type":"BreadcrumbList","@id":"https:\/\/essenzediluce.com\/de\/i-sistemi-illuminanti-essenze-di-luce\/verstellbare-aussenleuchte-flor\/#breadcrumb","itemListElement":[{"@type":"ListItem","position":1,"name":"Home","item":"https:\/\/essenzediluce.com\/de\/"},{"@type":"ListItem","position":2,"name":"Produkte","item":"https:\/\/essenzediluce.com\/de\/i-sistemi-illuminanti-essenze-di-luce\/"},{"@type":"ListItem","position":3,"name":"Flor"}]},{"@type":"WebSite","@id":"https:\/\/essenzediluce.com\/#website","url":"https:\/\/essenzediluce.com\/","name":"Essenze di Luce","description":"","publisher":{"@id":"https:\/\/essenzediluce.com\/#organization"},"potentialAction":[{"@type":"SearchAction","target":{"@type":"EntryPoint","urlTemplate":"https:\/\/essenzediluce.com\/?s={search_term_string}"},"query-input":{"@type":"PropertyValueSpecification","valueRequired":true,"valueName":"search_term_string"}}],"inLanguage":"de"},{"@type":"Organization","@id":"https:\/\/essenzediluce.com\/#organization","name":"Essenze di Luce","url":"https:\/\/essenzediluce.com\/","logo":{"@type":"ImageObject","inLanguage":"de","@id":"https:\/\/essenzediluce.com\/#\/schema\/logo\/image\/","url":"https:\/\/essenzediluce.com\/wp-content\/uploads\/2017\/03\/el.jpg","contentUrl":"https:\/\/essenzediluce.com\/wp-content\/uploads\/2017\/03\/el.jpg","width":512,"height":512,"caption":"Essenze di Luce"},"image":{"@id":"https:\/\/essenzediluce.com\/#\/schema\/logo\/image\/"},"sameAs":["https:\/\/www.facebook.com\/essenzediluce.italy\/","https:\/\/www.instagram.com\/essenzediluce\/","https:\/\/www.youtube.com\/channel\/UCXKJKPfUYADaJMEm_9NAvrA"]}]}},"_links":{"self":[{"href":"https:\/\/essenzediluce.com\/de\/wp-json\/wp\/v2\/pages\/22868"}],"collection":[{"href":"https:\/\/essenzediluce.com\/de\/wp-json\/wp\/v2\/pages"}],"about":[{"href":"https:\/\/essenzediluce.com\/de\/wp-json\/wp\/v2\/types\/page"}],"author":[{"embeddable":true,"href":"https:\/\/essenzediluce.com\/de\/wp-json\/wp\/v2\/users\/13"}],"replies":[{"embeddable":true,"href":"https:\/\/essenzediluce.com\/de\/wp-json\/wp\/v2\/comments?post=22868"}],"version-history":[{"count":17,"href":"https:\/\/essenzediluce.com\/de\/wp-json\/wp\/v2\/pages\/22868\/revisions"}],"predecessor-version":[{"id":23474,"href":"https:\/\/essenzediluce.com\/de\/wp-json\/wp\/v2\/pages\/22868\/revisions\/23474"}],"up":[{"embeddable":true,"href":"https:\/\/essenzediluce.com\/de\/wp-json\/wp\/v2\/pages\/10993"}],"wp:featuredmedia":[{"embeddable":true,"href":"https:\/\/essenzediluce.com\/de\/wp-json\/wp\/v2\/media\/23211"}],"wp:attachment":[{"href":"https:\/\/essenzediluce.com\/de\/wp-json\/wp\/v2\/media?parent=22868"}],"curies":[{"name":"wp","href":"https:\/\/api.w.org\/{rel}","templated":true}]}}