{"id":20759,"date":"2023-01-12T11:08:31","date_gmt":"2023-01-12T10:08:31","guid":{"rendered":"https:\/\/essenzediluce.com\/?post_type=work&#038;p=20759"},"modified":"2025-03-04T12:15:43","modified_gmt":"2025-03-04T11:15:43","slug":"private-villa-cosenza","status":"publish","type":"work","link":"https:\/\/essenzediluce.com\/de\/projekte\/private-villa-cosenza\/","title":{"rendered":"Private Villa Cosenza"},"content":{"rendered":"<div class=\"wpb-content-wrapper\">[vc_row][vc_column][vc_column_text css=&#8221;&#8221;]\r\n<h2 style=\"text-align: center;\">Menhir: neues Konzept von Funktionalit\u00e4t und Design f\u00fcr den Au\u00dfenbereich<\/h2>\r\nDas kombinierte Licht- und Soundsystem der Menhirs von Essenze di Luce ist der Schl\u00fcssel, um den Au\u00dfenbereich einer privaten Villa in der Gegend von Cosenza funktional und aufregend zu gestalten.\r\n\r\nEin Haus im modernen Stil, das sich durch f\u00fcr den Mittelmeerraum typische architektonische Details auszeichnet und direkt auf das Meer blickt. Das komplett auf einer Etage erbaute Haus l\u00e4sst viel Platz f\u00fcr den Au\u00dfenbereich, der dank der milden Temperaturen Kalabriens fast das ganze Jahr \u00fcber genutzt werden kann.\r\n\r\n<a href=\"https:\/\/essenzediluce.com\/prodotti\/paletto-led-da-giardino-stake\/\" target=\"_blank\" rel=\"noopener\"><strong><u>Stake<\/u><\/strong><\/a>, die <strong>Gartenlampe f\u00fcr Terra <\/strong>, reagierte perfekt auf den Bedarf an <strong>technischer Au\u00dfenbeleuchtung<\/strong>: die richtige L\u00f6sung, um den Weg, der vom Tor zur Eingangst\u00fcr f\u00fchrt, im Stil der Architektur der Villa zu beleuchten. Dank der konstruktiven Besonderheit des vertikalen und fadenf\u00f6rmigen LED-Lichts, das in den Naturstein integriert ist, eignet sich Stake, elegant und funktional, perfekt f\u00fcr Wohnkontexte oder Luxushotels.\r\n\r\nUm die Arbeiten abzuschlie\u00dfen und den Garten zu jeder Tages- und Nachtzeit funktionsf\u00e4hig zu machen, wurde beschlossen, das Projekt um eine ausgewogene Mischung aus Produkten zur Beleuchtung der Vegetation und den architektonischen Details des Grundst\u00fccks sowie Audiolautsprechern f\u00fcr den Au\u00dfenbereich mit hoher Lautst\u00e4rke zu erg\u00e4nzen Schallleistung, um den Garten in seiner vollen Pracht zu erleben.Die <strong><a href=\"https:\/\/essenzediluce.com\/prodotti\/illuminazione-giardino-menhir-di-luce\/\" target=\"_blank\" rel=\"noopener\"><u>Menhire des Lichts<\/u><\/a> Weich<\/strong> und <strong>Kreuz <\/strong> Mit unterschiedlichen Helligkeitsstufen konnten sie die wichtigsten Punkte des Gartens und des Wohnbereichs hervorheben und abends eine <strong>diffuse, homogene und eindrucksvolle Au\u00dfenbeleuchtung<\/strong> zum Leben erwecken Tag, eine gro\u00dfe Wirkung szenisch und architektonisch.\r\n\r\n<a href=\"https:\/\/essenzediluce.com\/prodotti\/casse-da-esterno-potenti-menhir-sound-pro\/\" target=\"_blank\" rel=\"noopener\"><strong><u>Menhir Sound Pro<\/u><\/strong><\/a> hat das Projekt meisterhaft abgeschlossen: <strong>ein drei Zentimeter gro\u00dfer Outdoor-Audiolautsprecher aus Naturstein<\/strong>, ausgestattet mit interner LED-Beleuchtung, Neodym-Lautsprecher und integriertem Tieft\u00f6ner. Das Design der Positionierung des Menhir Sound Pro im Garten erm\u00f6glicht es den G\u00e4sten, Musik in Stereo, hoher Leistung und Klangtreue zu h\u00f6ren, egal ob sie sich im Wohnbereich oder im Schwimmbadbereich befinden, da er absolut spritzwassergesch\u00fctzt ist und alle Wetterbedingungen.[\/vc_column_text][\/vc_column][\/vc_row][vc_row][vc_column][vc_empty_space height=&#8221;20&#8243;][\/vc_column][\/vc_row][vc_row css=&#8221;.vc_custom_1667905575040{margin-bottom: 0px !important;}&#8221;][vc_column width=&#8221;1\/4&#8243;][vc_column_text css=&#8221;&#8221;]<strong>PROJEKT<\/strong>: Essenze di Luce[\/vc_column_text][\/vc_column][vc_column width=&#8221;1\/4&#8243;][vc_column_text css=&#8221;&#8221;]<strong>PRODUKTE<\/strong>: <a href=\"https:\/\/essenzediluce.com\/prodotti\/paletto-led-da-giardino-stake\/\" target=\"_blank\" rel=\"noopener\">Stake<\/a>, <a href=\"https:\/\/essenzediluce.com\/prodotti\/illuminazione-giardino-menhir-di-luce\/\" target=\"_blank\" rel=\"noopener\">Soft<\/a>, <a href=\"https:\/\/essenzediluce.com\/prodotti\/illuminazione-giardino-menhir-di-luce\/\" target=\"_blank\" rel=\"noopener\">Cross<\/a>, <a href=\"https:\/\/essenzediluce.com\/prodotti\/casse-da-esterno-potenti-menhir-sound-pro\/\" target=\"_blank\" rel=\"noopener\">Menhir Sound Pro<\/a>[\/vc_column_text][\/vc_column][vc_column width=&#8221;1\/4&#8243;][vc_column_text]<b>TEXTURE<\/b>: <a href=\"https:\/\/essenzediluce.com\/texture\/\" target=\"_blank\" rel=\"noopener\">Italian Flowery Grey<\/a>[\/vc_column_text][\/vc_column][vc_column width=&#8221;1\/4&#8243;][vc_column_text]<strong>CREDITS<\/strong>: Luca Defant Photographer[\/vc_column_text][\/vc_column][\/vc_row][vc_row][vc_column][vc_empty_space height=&#8221;20&#8243;][\/vc_column][\/vc_row]<\/div>","protected":false},"excerpt":{"rendered":"<p>[vc_row][vc_column][vc_column_text css=&#8221;&#8221;] Menhir: neues Konzept von Funktionalit\u00e4t und Design f\u00fcr den Au\u00dfenbereich Das kombinierte Licht- und Soundsystem der Menhirs von Essenze di Luce ist der Schl\u00fcssel, um den Au\u00dfenbereich einer privaten Villa in der Gegend von Cosenza funktional und aufregend&hellip;<\/p>\n<p> <a class=\"more-link\" href=\"https:\/\/essenzediluce.com\/de\/projekte\/private-villa-cosenza\/\">Weiterlesen<\/a><\/p>\n","protected":false},"featured_media":14734,"comment_status":"closed","ping_status":"closed","template":"","work_genre":[183],"class_list":{"0":"post-20759","1":"work","2":"type-work","3":"status-publish","4":"has-post-thumbnail","6":"work_genre-projekte"},"yoast_head":"<!-- This site is optimized with the Yoast SEO plugin v24.5 - https:\/\/yoast.com\/wordpress\/plugins\/seo\/ -->\n<title>Private Villa Cosenza - Essenze di Luce<\/title>\n<meta name=\"robots\" content=\"index, follow, max-snippet:-1, max-image-preview:large, max-video-preview:-1\" \/>\n<link rel=\"canonical\" href=\"https:\/\/essenzediluce.com\/de\/projekte\/private-villa-cosenza\/\" \/>\n<meta property=\"og:locale\" content=\"de_DE\" \/>\n<meta property=\"og:type\" content=\"article\" \/>\n<meta property=\"og:title\" content=\"Private Villa Cosenza - Essenze di Luce\" \/>\n<meta property=\"og:description\" content=\"[vc_row][vc_column][vc_column_text css=&#8221;&#8221;] Menhir: neues Konzept von Funktionalit\u00e4t und Design f\u00fcr den Au\u00dfenbereich Das kombinierte Licht- und Soundsystem der Menhirs von Essenze di Luce ist der Schl\u00fcssel, um den Au\u00dfenbereich einer privaten Villa in der Gegend von Cosenza funktional und aufregend&hellip;  Weiterlesen\" \/>\n<meta property=\"og:url\" content=\"https:\/\/essenzediluce.com\/de\/projekte\/private-villa-cosenza\/\" \/>\n<meta property=\"og:site_name\" content=\"Essenze di Luce\" \/>\n<meta property=\"article:publisher\" content=\"https:\/\/www.facebook.com\/essenzediluce.italy\/\" \/>\n<meta property=\"article:modified_time\" content=\"2025-03-04T11:15:43+00:00\" \/>\n<meta property=\"og:image\" content=\"https:\/\/essenzediluce.com\/wp-content\/uploads\/2023\/03\/EL-WebSite-Slider-Menhir-di-Luce-1.jpg\" \/>\n\t<meta property=\"og:image:width\" content=\"1701\" \/>\n\t<meta property=\"og:image:height\" content=\"956\" \/>\n\t<meta property=\"og:image:type\" content=\"image\/jpeg\" \/>\n<meta name=\"twitter:card\" content=\"summary_large_image\" \/>\n<meta name=\"twitter:label1\" content=\"Gesch\u00e4tzte Lesezeit\" \/>\n\t<meta name=\"twitter:data1\" content=\"2\u00a0Minuten\" \/>\n<script type=\"application\/ld+json\" class=\"yoast-schema-graph\">{\"@context\":\"https:\/\/schema.org\",\"@graph\":[{\"@type\":\"WebPage\",\"@id\":\"https:\/\/essenzediluce.com\/de\/projekte\/private-villa-cosenza\/\",\"url\":\"https:\/\/essenzediluce.com\/de\/projekte\/private-villa-cosenza\/\",\"name\":\"Private Villa Cosenza - Essenze di Luce\",\"isPartOf\":{\"@id\":\"https:\/\/essenzediluce.com\/#website\"},\"primaryImageOfPage\":{\"@id\":\"https:\/\/essenzediluce.com\/de\/projekte\/private-villa-cosenza\/#primaryimage\"},\"image\":{\"@id\":\"https:\/\/essenzediluce.com\/de\/projekte\/private-villa-cosenza\/#primaryimage\"},\"thumbnailUrl\":\"https:\/\/essenzediluce.com\/wp-content\/uploads\/2023\/03\/EL-WebSite-Slider-Menhir-di-Luce-1.jpg\",\"datePublished\":\"2023-01-12T10:08:31+00:00\",\"dateModified\":\"2025-03-04T11:15:43+00:00\",\"breadcrumb\":{\"@id\":\"https:\/\/essenzediluce.com\/de\/projekte\/private-villa-cosenza\/#breadcrumb\"},\"inLanguage\":\"de\",\"potentialAction\":[{\"@type\":\"ReadAction\",\"target\":[\"https:\/\/essenzediluce.com\/de\/projekte\/private-villa-cosenza\/\"]}]},{\"@type\":\"ImageObject\",\"inLanguage\":\"de\",\"@id\":\"https:\/\/essenzediluce.com\/de\/projekte\/private-villa-cosenza\/#primaryimage\",\"url\":\"https:\/\/essenzediluce.com\/wp-content\/uploads\/2023\/03\/EL-WebSite-Slider-Menhir-di-Luce-1.jpg\",\"contentUrl\":\"https:\/\/essenzediluce.com\/wp-content\/uploads\/2023\/03\/EL-WebSite-Slider-Menhir-di-Luce-1.jpg\",\"width\":1701,\"height\":956,\"caption\":\"Lampade Da Terra Per Esterno in marmo e diffusori per esterno\"},{\"@type\":\"BreadcrumbList\",\"@id\":\"https:\/\/essenzediluce.com\/de\/projekte\/private-villa-cosenza\/#breadcrumb\",\"itemListElement\":[{\"@type\":\"ListItem\",\"position\":1,\"name\":\"Home\",\"item\":\"https:\/\/essenzediluce.com\/de\/\"},{\"@type\":\"ListItem\",\"position\":2,\"name\":\"Private Villa Cosenza\"}]},{\"@type\":\"WebSite\",\"@id\":\"https:\/\/essenzediluce.com\/#website\",\"url\":\"https:\/\/essenzediluce.com\/\",\"name\":\"Essenze di Luce\",\"description\":\"\",\"publisher\":{\"@id\":\"https:\/\/essenzediluce.com\/#organization\"},\"potentialAction\":[{\"@type\":\"SearchAction\",\"target\":{\"@type\":\"EntryPoint\",\"urlTemplate\":\"https:\/\/essenzediluce.com\/?s={search_term_string}\"},\"query-input\":{\"@type\":\"PropertyValueSpecification\",\"valueRequired\":true,\"valueName\":\"search_term_string\"}}],\"inLanguage\":\"de\"},{\"@type\":\"Organization\",\"@id\":\"https:\/\/essenzediluce.com\/#organization\",\"name\":\"Essenze di Luce\",\"url\":\"https:\/\/essenzediluce.com\/\",\"logo\":{\"@type\":\"ImageObject\",\"inLanguage\":\"de\",\"@id\":\"https:\/\/essenzediluce.com\/#\/schema\/logo\/image\/\",\"url\":\"https:\/\/essenzediluce.com\/wp-content\/uploads\/2017\/03\/el.jpg\",\"contentUrl\":\"https:\/\/essenzediluce.com\/wp-content\/uploads\/2017\/03\/el.jpg\",\"width\":512,\"height\":512,\"caption\":\"Essenze di Luce\"},\"image\":{\"@id\":\"https:\/\/essenzediluce.com\/#\/schema\/logo\/image\/\"},\"sameAs\":[\"https:\/\/www.facebook.com\/essenzediluce.italy\/\",\"https:\/\/www.instagram.com\/essenzediluce\/\",\"https:\/\/www.youtube.com\/channel\/UCXKJKPfUYADaJMEm_9NAvrA\"]}]}<\/script>\n<!-- \/ Yoast SEO plugin. -->","yoast_head_json":{"title":"Private Villa Cosenza - Essenze di Luce","robots":{"index":"index","follow":"follow","max-snippet":"max-snippet:-1","max-image-preview":"max-image-preview:large","max-video-preview":"max-video-preview:-1"},"canonical":"https:\/\/essenzediluce.com\/de\/projekte\/private-villa-cosenza\/","og_locale":"de_DE","og_type":"article","og_title":"Private Villa Cosenza - Essenze di Luce","og_description":"[vc_row][vc_column][vc_column_text css=&#8221;&#8221;] Menhir: neues Konzept von Funktionalit\u00e4t und Design f\u00fcr den Au\u00dfenbereich Das kombinierte Licht- und Soundsystem der Menhirs von Essenze di Luce ist der Schl\u00fcssel, um den Au\u00dfenbereich einer privaten Villa in der Gegend von Cosenza funktional und aufregend&hellip;  Weiterlesen","og_url":"https:\/\/essenzediluce.com\/de\/projekte\/private-villa-cosenza\/","og_site_name":"Essenze di Luce","article_publisher":"https:\/\/www.facebook.com\/essenzediluce.italy\/","article_modified_time":"2025-03-04T11:15:43+00:00","og_image":[{"width":1701,"height":956,"url":"https:\/\/essenzediluce.com\/wp-content\/uploads\/2023\/03\/EL-WebSite-Slider-Menhir-di-Luce-1.jpg","type":"image\/jpeg"}],"twitter_card":"summary_large_image","twitter_misc":{"Gesch\u00e4tzte Lesezeit":"2\u00a0Minuten"},"schema":{"@context":"https:\/\/schema.org","@graph":[{"@type":"WebPage","@id":"https:\/\/essenzediluce.com\/de\/projekte\/private-villa-cosenza\/","url":"https:\/\/essenzediluce.com\/de\/projekte\/private-villa-cosenza\/","name":"Private Villa Cosenza - Essenze di Luce","isPartOf":{"@id":"https:\/\/essenzediluce.com\/#website"},"primaryImageOfPage":{"@id":"https:\/\/essenzediluce.com\/de\/projekte\/private-villa-cosenza\/#primaryimage"},"image":{"@id":"https:\/\/essenzediluce.com\/de\/projekte\/private-villa-cosenza\/#primaryimage"},"thumbnailUrl":"https:\/\/essenzediluce.com\/wp-content\/uploads\/2023\/03\/EL-WebSite-Slider-Menhir-di-Luce-1.jpg","datePublished":"2023-01-12T10:08:31+00:00","dateModified":"2025-03-04T11:15:43+00:00","breadcrumb":{"@id":"https:\/\/essenzediluce.com\/de\/projekte\/private-villa-cosenza\/#breadcrumb"},"inLanguage":"de","potentialAction":[{"@type":"ReadAction","target":["https:\/\/essenzediluce.com\/de\/projekte\/private-villa-cosenza\/"]}]},{"@type":"ImageObject","inLanguage":"de","@id":"https:\/\/essenzediluce.com\/de\/projekte\/private-villa-cosenza\/#primaryimage","url":"https:\/\/essenzediluce.com\/wp-content\/uploads\/2023\/03\/EL-WebSite-Slider-Menhir-di-Luce-1.jpg","contentUrl":"https:\/\/essenzediluce.com\/wp-content\/uploads\/2023\/03\/EL-WebSite-Slider-Menhir-di-Luce-1.jpg","width":1701,"height":956,"caption":"Lampade Da Terra Per Esterno in marmo e diffusori per esterno"},{"@type":"BreadcrumbList","@id":"https:\/\/essenzediluce.com\/de\/projekte\/private-villa-cosenza\/#breadcrumb","itemListElement":[{"@type":"ListItem","position":1,"name":"Home","item":"https:\/\/essenzediluce.com\/de\/"},{"@type":"ListItem","position":2,"name":"Private Villa Cosenza"}]},{"@type":"WebSite","@id":"https:\/\/essenzediluce.com\/#website","url":"https:\/\/essenzediluce.com\/","name":"Essenze di Luce","description":"","publisher":{"@id":"https:\/\/essenzediluce.com\/#organization"},"potentialAction":[{"@type":"SearchAction","target":{"@type":"EntryPoint","urlTemplate":"https:\/\/essenzediluce.com\/?s={search_term_string}"},"query-input":{"@type":"PropertyValueSpecification","valueRequired":true,"valueName":"search_term_string"}}],"inLanguage":"de"},{"@type":"Organization","@id":"https:\/\/essenzediluce.com\/#organization","name":"Essenze di Luce","url":"https:\/\/essenzediluce.com\/","logo":{"@type":"ImageObject","inLanguage":"de","@id":"https:\/\/essenzediluce.com\/#\/schema\/logo\/image\/","url":"https:\/\/essenzediluce.com\/wp-content\/uploads\/2017\/03\/el.jpg","contentUrl":"https:\/\/essenzediluce.com\/wp-content\/uploads\/2017\/03\/el.jpg","width":512,"height":512,"caption":"Essenze di Luce"},"image":{"@id":"https:\/\/essenzediluce.com\/#\/schema\/logo\/image\/"},"sameAs":["https:\/\/www.facebook.com\/essenzediluce.italy\/","https:\/\/www.instagram.com\/essenzediluce\/","https:\/\/www.youtube.com\/channel\/UCXKJKPfUYADaJMEm_9NAvrA"]}]}},"_links":{"self":[{"href":"https:\/\/essenzediluce.com\/de\/wp-json\/wp\/v2\/work\/20759"}],"collection":[{"href":"https:\/\/essenzediluce.com\/de\/wp-json\/wp\/v2\/work"}],"about":[{"href":"https:\/\/essenzediluce.com\/de\/wp-json\/wp\/v2\/types\/work"}],"replies":[{"embeddable":true,"href":"https:\/\/essenzediluce.com\/de\/wp-json\/wp\/v2\/comments?post=20759"}],"wp:featuredmedia":[{"embeddable":true,"href":"https:\/\/essenzediluce.com\/de\/wp-json\/wp\/v2\/media\/14734"}],"wp:attachment":[{"href":"https:\/\/essenzediluce.com\/de\/wp-json\/wp\/v2\/media?parent=20759"}],"wp:term":[{"taxonomy":"work_genre","embeddable":true,"href":"https:\/\/essenzediluce.com\/de\/wp-json\/wp\/v2\/work_genre?post=20759"}],"curies":[{"name":"wp","href":"https:\/\/api.w.org\/{rel}","templated":true}]}}