{"id":20766,"date":"2023-06-15T11:08:31","date_gmt":"2023-06-15T09:08:31","guid":{"rendered":"https:\/\/essenzediluce.com\/?post_type=work&#038;p=20766"},"modified":"2025-03-04T12:14:48","modified_gmt":"2025-03-04T11:14:48","slug":"mm-privatgarten-rom","status":"publish","type":"work","link":"https:\/\/essenzediluce.com\/de\/projekte\/mm-privatgarten-rom\/","title":{"rendered":"M&#038;M Privatgarten Rom"},"content":{"rendered":"<div class=\"wpb-content-wrapper\">[vc_row][vc_column][vc_column_text]\r\n<h1 style=\"text-align: center;\">Privatgarten M&amp;M: Italienische Gastfreundschaft in einem exklusiv neu gestalteten Au\u00dfenbereich mit Menhir Sound<\/h1>\r\n[\/vc_column_text][vc_column_text]Etwas au\u00dferhalb des Zentrums von Rom befindet sich der private Garten von M&amp;M, eine kleine, \u00fcppige gr\u00fcne Oase, die zu einem Freiluftbereich in v\u00f6lliger Privatsph\u00e4re umgestaltet wurde und eine <strong>einzigartige und eindrucksvolle Harmonie aus Gr\u00fcn, Licht und Klang schafft<\/strong>.\r\n\r\nInfinity-Pool, Open-Air-Wohnzimmer und ein an den Pool angrenzendes Wohnzimmer: Die Beleuchtung des Gartens und die mediterrane Vegetation wurden so gestaltet, dass sich die Bereiche und die Tageszeit, zu der sie erlebt werden, voneinander unterscheiden. Strahler und Lichtst\u00e4ngel betonen die Mischung aus verschiedenen Arten von pflegeleichten Pflanzen, und Wandleuchten erzeugen Streiflichteffekte an den Umfassungsmauern. Doch die unbestrittenen Stars sind die <a href=\"https:\/\/essenzediluce.com\/de\/i-sistemi-illuminanti-essenze-di-luce\/menhir-sound\/\"><strong><u>Menhir Sound<\/u><\/strong><\/a>: zwei <strong>Outdoor-Audio-Lautsprecher<\/strong>, die mit ihren 300 Kilogramm italienischem Marmor und je 30 Watt Leistung den G\u00e4sten ein traumhaftes Outdoor-Erlebnis bieten und den Raum bei Sonnenuntergang stimmungsvoll beleuchten.\r\n\r\nDie unvergleichliche \u00c4sthetik der Textur Italian Flowery Grey mit ihren wei\u00dfen und grauen Facetten war die perfekte Wahl f\u00fcr die Einbindung der Menhire in ein Projekt, das die Farbe zum Eckpfeiler der Eleganz und des Gleichgewichts machte: Corten, die hellen Gr\u00fcnt\u00f6ne der Pflanzen und das Grau des Natursteins.\r\n\r\nDas von Abitoverde in Zusammenarbeit mit Emiliana Onorii &#8211; Landschaftsarchitektin und Gartenarchitektin &#8211; durchgef\u00fchrte Projekt hat einen vollst\u00e4ndig renovierten Au\u00dfenbereich im Namen von <strong>Design und Modernit\u00e4t<\/strong> geschaffen, der bereit ist, die G\u00e4ste auf die italienische Art und Weise zu empfangen![\/vc_column_text][\/vc_column][\/vc_row][vc_row][vc_column][vc_empty_space height=&#8221;20&#8243;][\/vc_column][\/vc_row][vc_row css=&#8221;.vc_custom_1667905575040{margin-bottom: 0px !important;}&#8221;][vc_column width=&#8221;1\/4&#8243;][vc_column_text]<strong>PROJEKTE<\/strong>: Abitoverde Srl Roma + Emiliana Onorii[\/vc_column_text][\/vc_column][vc_column width=&#8221;1\/4&#8243;][vc_column_text]<strong>PRODUKTE<\/strong>: <a href=\"https:\/\/essenzediluce.com\/de\/i-sistemi-illuminanti-essenze-di-luce\/menhir-sound\/\"><u>Menhir Sound<\/u><\/a>[\/vc_column_text][\/vc_column][vc_column width=&#8221;1\/4&#8243;][vc_column_text]<b>TEXTURE<\/b>: <a href=\"https:\/\/essenzediluce.com\/texture\/\" target=\"_blank\" rel=\"noopener\"><u>Italian Flowery Grey<\/u><\/a>[\/vc_column_text][\/vc_column][vc_column width=&#8221;1\/4&#8243;][vc_column_text]<strong>CREDITS<\/strong>: <a href=\"https:\/\/www.abitoverde.it\/\" target=\"_blank\" rel=\"noopener\"><u>Abitoverde Srl Roma<\/u><\/a>[\/vc_column_text][\/vc_column][\/vc_row][vc_row][vc_column][vc_empty_space height=&#8221;20&#8243;][\/vc_column][\/vc_row]<\/div>","protected":false},"excerpt":{"rendered":"<p>[vc_row][vc_column][vc_column_text] Privatgarten M&amp;M: Italienische Gastfreundschaft in einem exklusiv neu gestalteten Au\u00dfenbereich mit Menhir Sound [\/vc_column_text][vc_column_text]Etwas au\u00dferhalb des Zentrums von Rom befindet sich der private Garten von M&amp;M, eine kleine, \u00fcppige gr\u00fcne Oase, die zu einem Freiluftbereich in v\u00f6lliger Privatsph\u00e4re umgestaltet&hellip;<\/p>\n<p> <a class=\"more-link\" href=\"https:\/\/essenzediluce.com\/de\/projekte\/mm-privatgarten-rom\/\">Weiterlesen<\/a><\/p>\n","protected":false},"featured_media":15431,"comment_status":"closed","ping_status":"closed","template":"","work_genre":[183],"class_list":{"0":"post-20766","1":"work","2":"type-work","3":"status-publish","4":"has-post-thumbnail","6":"work_genre-projekte"},"yoast_head":"<!-- This site is optimized with the Yoast SEO plugin v24.5 - https:\/\/yoast.com\/wordpress\/plugins\/seo\/ -->\n<title>M&amp;M Privatgarten Rom - Essenze di Luce<\/title>\n<meta name=\"robots\" content=\"index, follow, max-snippet:-1, max-image-preview:large, max-video-preview:-1\" \/>\n<link rel=\"canonical\" href=\"https:\/\/essenzediluce.com\/de\/projekte\/mm-privatgarten-rom\/\" \/>\n<meta property=\"og:locale\" content=\"de_DE\" \/>\n<meta property=\"og:type\" content=\"article\" \/>\n<meta property=\"og:title\" content=\"M&amp;M Privatgarten Rom - Essenze di Luce\" \/>\n<meta property=\"og:description\" content=\"[vc_row][vc_column][vc_column_text] Privatgarten M&amp;M: Italienische Gastfreundschaft in einem exklusiv neu gestalteten Au\u00dfenbereich mit Menhir Sound [\/vc_column_text][vc_column_text]Etwas au\u00dferhalb des Zentrums von Rom befindet sich der private Garten von M&amp;M, eine kleine, \u00fcppige gr\u00fcne Oase, die zu einem Freiluftbereich in v\u00f6lliger Privatsph\u00e4re umgestaltet&hellip;  Weiterlesen\" \/>\n<meta property=\"og:url\" content=\"https:\/\/essenzediluce.com\/de\/projekte\/mm-privatgarten-rom\/\" \/>\n<meta property=\"og:site_name\" content=\"Essenze di Luce\" \/>\n<meta property=\"article:publisher\" content=\"https:\/\/www.facebook.com\/essenzediluce.italy\/\" \/>\n<meta property=\"article:modified_time\" content=\"2025-03-04T11:14:48+00:00\" \/>\n<meta property=\"og:image\" content=\"https:\/\/essenzediluce.com\/wp-content\/uploads\/2023\/05\/EL-Realizzazioni-Roma-Abito-Verde-1-LR-1.jpg\" \/>\n\t<meta property=\"og:image:width\" content=\"1500\" \/>\n\t<meta property=\"og:image:height\" content=\"1125\" \/>\n\t<meta property=\"og:image:type\" content=\"image\/jpeg\" \/>\n<meta name=\"twitter:card\" content=\"summary_large_image\" \/>\n<meta name=\"twitter:label1\" content=\"Gesch\u00e4tzte Lesezeit\" \/>\n\t<meta name=\"twitter:data1\" content=\"2\u00a0Minuten\" \/>\n<script type=\"application\/ld+json\" class=\"yoast-schema-graph\">{\"@context\":\"https:\/\/schema.org\",\"@graph\":[{\"@type\":\"WebPage\",\"@id\":\"https:\/\/essenzediluce.com\/de\/projekte\/mm-privatgarten-rom\/\",\"url\":\"https:\/\/essenzediluce.com\/de\/projekte\/mm-privatgarten-rom\/\",\"name\":\"M&M Privatgarten Rom - Essenze di Luce\",\"isPartOf\":{\"@id\":\"https:\/\/essenzediluce.com\/#website\"},\"primaryImageOfPage\":{\"@id\":\"https:\/\/essenzediluce.com\/de\/projekte\/mm-privatgarten-rom\/#primaryimage\"},\"image\":{\"@id\":\"https:\/\/essenzediluce.com\/de\/projekte\/mm-privatgarten-rom\/#primaryimage\"},\"thumbnailUrl\":\"https:\/\/essenzediluce.com\/wp-content\/uploads\/2023\/05\/EL-Realizzazioni-Roma-Abito-Verde-1-LR-1.jpg\",\"datePublished\":\"2023-06-15T09:08:31+00:00\",\"dateModified\":\"2025-03-04T11:14:48+00:00\",\"breadcrumb\":{\"@id\":\"https:\/\/essenzediluce.com\/de\/projekte\/mm-privatgarten-rom\/#breadcrumb\"},\"inLanguage\":\"de\",\"potentialAction\":[{\"@type\":\"ReadAction\",\"target\":[\"https:\/\/essenzediluce.com\/de\/projekte\/mm-privatgarten-rom\/\"]}]},{\"@type\":\"ImageObject\",\"inLanguage\":\"de\",\"@id\":\"https:\/\/essenzediluce.com\/de\/projekte\/mm-privatgarten-rom\/#primaryimage\",\"url\":\"https:\/\/essenzediluce.com\/wp-content\/uploads\/2023\/05\/EL-Realizzazioni-Roma-Abito-Verde-1-LR-1.jpg\",\"contentUrl\":\"https:\/\/essenzediluce.com\/wp-content\/uploads\/2023\/05\/EL-Realizzazioni-Roma-Abito-Verde-1-LR-1.jpg\",\"width\":1500,\"height\":1125,\"caption\":\"Impianto audio per esterno\"},{\"@type\":\"BreadcrumbList\",\"@id\":\"https:\/\/essenzediluce.com\/de\/projekte\/mm-privatgarten-rom\/#breadcrumb\",\"itemListElement\":[{\"@type\":\"ListItem\",\"position\":1,\"name\":\"Home\",\"item\":\"https:\/\/essenzediluce.com\/de\/\"},{\"@type\":\"ListItem\",\"position\":2,\"name\":\"M&#038;M Privatgarten Rom\"}]},{\"@type\":\"WebSite\",\"@id\":\"https:\/\/essenzediluce.com\/#website\",\"url\":\"https:\/\/essenzediluce.com\/\",\"name\":\"Essenze di Luce\",\"description\":\"\",\"publisher\":{\"@id\":\"https:\/\/essenzediluce.com\/#organization\"},\"potentialAction\":[{\"@type\":\"SearchAction\",\"target\":{\"@type\":\"EntryPoint\",\"urlTemplate\":\"https:\/\/essenzediluce.com\/?s={search_term_string}\"},\"query-input\":{\"@type\":\"PropertyValueSpecification\",\"valueRequired\":true,\"valueName\":\"search_term_string\"}}],\"inLanguage\":\"de\"},{\"@type\":\"Organization\",\"@id\":\"https:\/\/essenzediluce.com\/#organization\",\"name\":\"Essenze di Luce\",\"url\":\"https:\/\/essenzediluce.com\/\",\"logo\":{\"@type\":\"ImageObject\",\"inLanguage\":\"de\",\"@id\":\"https:\/\/essenzediluce.com\/#\/schema\/logo\/image\/\",\"url\":\"https:\/\/essenzediluce.com\/wp-content\/uploads\/2017\/03\/el.jpg\",\"contentUrl\":\"https:\/\/essenzediluce.com\/wp-content\/uploads\/2017\/03\/el.jpg\",\"width\":512,\"height\":512,\"caption\":\"Essenze di Luce\"},\"image\":{\"@id\":\"https:\/\/essenzediluce.com\/#\/schema\/logo\/image\/\"},\"sameAs\":[\"https:\/\/www.facebook.com\/essenzediluce.italy\/\",\"https:\/\/www.instagram.com\/essenzediluce\/\",\"https:\/\/www.youtube.com\/channel\/UCXKJKPfUYADaJMEm_9NAvrA\"]}]}<\/script>\n<!-- \/ Yoast SEO plugin. -->","yoast_head_json":{"title":"M&M Privatgarten Rom - Essenze di Luce","robots":{"index":"index","follow":"follow","max-snippet":"max-snippet:-1","max-image-preview":"max-image-preview:large","max-video-preview":"max-video-preview:-1"},"canonical":"https:\/\/essenzediluce.com\/de\/projekte\/mm-privatgarten-rom\/","og_locale":"de_DE","og_type":"article","og_title":"M&M Privatgarten Rom - Essenze di Luce","og_description":"[vc_row][vc_column][vc_column_text] Privatgarten M&amp;M: Italienische Gastfreundschaft in einem exklusiv neu gestalteten Au\u00dfenbereich mit Menhir Sound [\/vc_column_text][vc_column_text]Etwas au\u00dferhalb des Zentrums von Rom befindet sich der private Garten von M&amp;M, eine kleine, \u00fcppige gr\u00fcne Oase, die zu einem Freiluftbereich in v\u00f6lliger Privatsph\u00e4re umgestaltet&hellip;  Weiterlesen","og_url":"https:\/\/essenzediluce.com\/de\/projekte\/mm-privatgarten-rom\/","og_site_name":"Essenze di Luce","article_publisher":"https:\/\/www.facebook.com\/essenzediluce.italy\/","article_modified_time":"2025-03-04T11:14:48+00:00","og_image":[{"width":1500,"height":1125,"url":"https:\/\/essenzediluce.com\/wp-content\/uploads\/2023\/05\/EL-Realizzazioni-Roma-Abito-Verde-1-LR-1.jpg","type":"image\/jpeg"}],"twitter_card":"summary_large_image","twitter_misc":{"Gesch\u00e4tzte Lesezeit":"2\u00a0Minuten"},"schema":{"@context":"https:\/\/schema.org","@graph":[{"@type":"WebPage","@id":"https:\/\/essenzediluce.com\/de\/projekte\/mm-privatgarten-rom\/","url":"https:\/\/essenzediluce.com\/de\/projekte\/mm-privatgarten-rom\/","name":"M&M Privatgarten Rom - Essenze di Luce","isPartOf":{"@id":"https:\/\/essenzediluce.com\/#website"},"primaryImageOfPage":{"@id":"https:\/\/essenzediluce.com\/de\/projekte\/mm-privatgarten-rom\/#primaryimage"},"image":{"@id":"https:\/\/essenzediluce.com\/de\/projekte\/mm-privatgarten-rom\/#primaryimage"},"thumbnailUrl":"https:\/\/essenzediluce.com\/wp-content\/uploads\/2023\/05\/EL-Realizzazioni-Roma-Abito-Verde-1-LR-1.jpg","datePublished":"2023-06-15T09:08:31+00:00","dateModified":"2025-03-04T11:14:48+00:00","breadcrumb":{"@id":"https:\/\/essenzediluce.com\/de\/projekte\/mm-privatgarten-rom\/#breadcrumb"},"inLanguage":"de","potentialAction":[{"@type":"ReadAction","target":["https:\/\/essenzediluce.com\/de\/projekte\/mm-privatgarten-rom\/"]}]},{"@type":"ImageObject","inLanguage":"de","@id":"https:\/\/essenzediluce.com\/de\/projekte\/mm-privatgarten-rom\/#primaryimage","url":"https:\/\/essenzediluce.com\/wp-content\/uploads\/2023\/05\/EL-Realizzazioni-Roma-Abito-Verde-1-LR-1.jpg","contentUrl":"https:\/\/essenzediluce.com\/wp-content\/uploads\/2023\/05\/EL-Realizzazioni-Roma-Abito-Verde-1-LR-1.jpg","width":1500,"height":1125,"caption":"Impianto audio per esterno"},{"@type":"BreadcrumbList","@id":"https:\/\/essenzediluce.com\/de\/projekte\/mm-privatgarten-rom\/#breadcrumb","itemListElement":[{"@type":"ListItem","position":1,"name":"Home","item":"https:\/\/essenzediluce.com\/de\/"},{"@type":"ListItem","position":2,"name":"M&#038;M Privatgarten Rom"}]},{"@type":"WebSite","@id":"https:\/\/essenzediluce.com\/#website","url":"https:\/\/essenzediluce.com\/","name":"Essenze di Luce","description":"","publisher":{"@id":"https:\/\/essenzediluce.com\/#organization"},"potentialAction":[{"@type":"SearchAction","target":{"@type":"EntryPoint","urlTemplate":"https:\/\/essenzediluce.com\/?s={search_term_string}"},"query-input":{"@type":"PropertyValueSpecification","valueRequired":true,"valueName":"search_term_string"}}],"inLanguage":"de"},{"@type":"Organization","@id":"https:\/\/essenzediluce.com\/#organization","name":"Essenze di Luce","url":"https:\/\/essenzediluce.com\/","logo":{"@type":"ImageObject","inLanguage":"de","@id":"https:\/\/essenzediluce.com\/#\/schema\/logo\/image\/","url":"https:\/\/essenzediluce.com\/wp-content\/uploads\/2017\/03\/el.jpg","contentUrl":"https:\/\/essenzediluce.com\/wp-content\/uploads\/2017\/03\/el.jpg","width":512,"height":512,"caption":"Essenze di Luce"},"image":{"@id":"https:\/\/essenzediluce.com\/#\/schema\/logo\/image\/"},"sameAs":["https:\/\/www.facebook.com\/essenzediluce.italy\/","https:\/\/www.instagram.com\/essenzediluce\/","https:\/\/www.youtube.com\/channel\/UCXKJKPfUYADaJMEm_9NAvrA"]}]}},"_links":{"self":[{"href":"https:\/\/essenzediluce.com\/de\/wp-json\/wp\/v2\/work\/20766"}],"collection":[{"href":"https:\/\/essenzediluce.com\/de\/wp-json\/wp\/v2\/work"}],"about":[{"href":"https:\/\/essenzediluce.com\/de\/wp-json\/wp\/v2\/types\/work"}],"replies":[{"embeddable":true,"href":"https:\/\/essenzediluce.com\/de\/wp-json\/wp\/v2\/comments?post=20766"}],"wp:featuredmedia":[{"embeddable":true,"href":"https:\/\/essenzediluce.com\/de\/wp-json\/wp\/v2\/media\/15431"}],"wp:attachment":[{"href":"https:\/\/essenzediluce.com\/de\/wp-json\/wp\/v2\/media?parent=20766"}],"wp:term":[{"taxonomy":"work_genre","embeddable":true,"href":"https:\/\/essenzediluce.com\/de\/wp-json\/wp\/v2\/work_genre?post=20766"}],"curies":[{"name":"wp","href":"https:\/\/api.w.org\/{rel}","templated":true}]}}