{"id":20770,"date":"2023-04-04T11:08:32","date_gmt":"2023-04-04T09:08:32","guid":{"rendered":"https:\/\/essenzediluce.com\/?post_type=work&#038;p=20770"},"modified":"2025-03-04T12:15:16","modified_gmt":"2025-03-04T11:15:16","slug":"private-villa-parma","status":"publish","type":"work","link":"https:\/\/essenzediluce.com\/de\/projekte\/private-villa-parma\/","title":{"rendered":"Private villa Parma"},"content":{"rendered":"<div class=\"wpb-content-wrapper\">[vc_row][vc_column][vc_column_text]\r\n<h1 style=\"text-align: center;\">Entspannen auf der Panoramaterrasse bei Sonnenuntergang zu den Kl\u00e4ngen von Sound Pro<\/h1>\r\n[\/vc_column_text][vc_column_text]Ein historisches Bauernhaus auf einem H\u00fcgel in der Landschaft von Parma, ein abgelegener Ort, an dem die Natur und die Anwesenheit von wilden Tieren den Rahmen f\u00fcr die Villa bilden, die kunstvoll restauriert wurde, wobei die urspr\u00fcnglichen Elemente wiederhergestellt wurden, wie die Steine, die die Au\u00dfenw\u00e4nde des Hauses st\u00fctzen, und die Struktur, die f\u00fcr die Bauernh\u00f6fe des fr\u00fchen 20.\r\n\r\nDie Installation von zwei <a href=\"https:\/\/essenzediluce.com\/de\/i-sistemi-illuminanti-essenze-di-luce\/menhir-sound-pro\/\"><u>Menhir Sound Pro<\/u><\/a> erm\u00f6glichte es, den Au\u00dfenbereich des Hauses, der aus dem Poolbereich und der Wohnterrasse besteht, durch die Integration von LED-Beleuchtung und Au\u00dfenbeschallung in einem einzigen, in Naturstein &#8220;gekleideten&#8221; Produkt zu versch\u00f6nern.\r\n\r\nIm Inneren des Menhir Sound Pro befinden sich zwei LED-Lichtquellen, die den Garten diffus und gerichtet beleuchten und sich perfekt in die bereits vorhandene Beleuchtung au\u00dferhalb des Hauses einf\u00fcgen, wodurch die charakteristischen architektonischen Elemente hervorgehoben werden. Die gesamte Lichtlinie ist an die zentrale Beleuchtungsanlage des Hauses angeschlossen, was eine benutzerfreundlichere und vereinfachte Lichtsteuerung erm\u00f6glicht.\r\n\r\nIn Anbetracht der isolierten Lage des Hauses haben sich die Eigent\u00fcmer f\u00fcr Menhir Sound Pro entschieden, um von zwei Audio-Lautsprechern zu profitieren, die dank einer Leistung von jeweils 220 W den Klang mit sehr hoher Leistung und Klangtreue f\u00fcr festliche Abende mit Freunden wiedergeben k\u00f6nnen. Der Menhir-Verst\u00e4rker wird \u00fcber das heimische WLAN-Netzwerk angeschlossen, und die Klangwiedergabe l\u00e4sst sich ganz einfach \u00fcber eine App auf einem Smartphone steuern.\r\n\r\nDas Projekt wurde bis ins kleinste Detail durchdacht, um Design und Tradition durch die Verwendung nat\u00fcrlicher Materialien wie Stein und die Schaffung eines an das Haus angrenzenden, minimalistischen Wohnbereichs im Freien zu verbinden, der den Blick auf die umliegende Landschaft freigibt.\r\n\r\n<a href=\"https:\/\/essenzediluce.com\/de\/texture\/\"><u>Trani<\/u><\/a>, die f\u00fcr den Menhir Sound Pro gew\u00e4hlte Textur, ist ein typischer Stein Apuliens mit warmen Sandt\u00f6nen und braunen Adern, die die Nuancen der umgebenden Natur widerspiegeln.\r\n\r\nDer Effekt ist spektakul\u00e4r und einzigartig.[\/vc_column_text][\/vc_column][\/vc_row][vc_row][vc_column][vc_empty_space height=&#8221;20&#8243;][\/vc_column][\/vc_row][vc_row][vc_column width=&#8221;1\/3&#8243;][\/vc_column][vc_column width=&#8221;1\/3&#8243;][vc_column_text]\r\n<p style=\"text-align: center;\"><strong>Unser Projekt wurde in der Zeitschrift\r\n<a href=\"https:\/\/essenzediluce.com\/de\/outdoor-living-design-technology-april-2023\/\" target=\"_blank\" rel=\"noopener\"><u>OUTDOOR Living Design Technology<\/u><\/a> ver\u00f6ffentlicht<\/strong><\/p>\r\n[\/vc_column_text][vc_single_image image=&#8221;15134&#8243; img_size=&#8221;full&#8221; alignment=&#8221;center&#8221; onclick=&#8221;custom_link&#8221; img_link_target=&#8221;_blank&#8221; link=&#8221;https:\/\/essenzediluce.com\/de\/outdoor-living-design-technology-april-2023\/&#8221;][\/vc_column][vc_column width=&#8221;1\/3&#8243;][\/vc_column][\/vc_row][vc_row][vc_column][vc_empty_space height=&#8221;20&#8243;][\/vc_column][\/vc_row][vc_row css=&#8221;.vc_custom_1667905575040{margin-bottom: 0px !important;}&#8221;][vc_column width=&#8221;1\/4&#8243;][vc_column_text]<strong>PROJEKTE<\/strong>: Essenze di Luce, Fanfoni Home Solutions Srl (PR)[\/vc_column_text][\/vc_column][vc_column width=&#8221;1\/4&#8243;][vc_column_text]<strong>PRODUKTE<\/strong>: <a href=\"https:\/\/essenzediluce.com\/de\/i-sistemi-illuminanti-essenze-di-luce\/menhir-sound-pro\/\" target=\"_blank\" rel=\"noopener\">Menhir Sound Pro<\/a>[\/vc_column_text][\/vc_column][vc_column width=&#8221;1\/4&#8243;][vc_column_text]<b>TEXTURE<\/b>: <a href=\"https:\/\/essenzediluce.com\/de\/texture\/\" target=\"_blank\" rel=\"noopener\">Italian Flowery Grey<\/a>[\/vc_column_text][\/vc_column][vc_column width=&#8221;1\/4&#8243;][vc_column_text]<strong>CREDITS<\/strong>: Luca Defant Photographer[\/vc_column_text][\/vc_column][\/vc_row][vc_row][vc_column][vc_empty_space height=&#8221;20&#8243;][\/vc_column][\/vc_row]<\/div>","protected":false},"excerpt":{"rendered":"<p>[vc_row][vc_column][vc_column_text] Entspannen auf der Panoramaterrasse bei Sonnenuntergang zu den Kl\u00e4ngen von Sound Pro [\/vc_column_text][vc_column_text]Ein historisches Bauernhaus auf einem H\u00fcgel in der Landschaft von Parma, ein abgelegener Ort, an dem die Natur und die Anwesenheit von wilden Tieren den Rahmen f\u00fcr&hellip;<\/p>\n<p> <a class=\"more-link\" href=\"https:\/\/essenzediluce.com\/de\/projekte\/private-villa-parma\/\">Weiterlesen<\/a><\/p>\n","protected":false},"featured_media":14179,"comment_status":"closed","ping_status":"closed","template":"","work_genre":[183],"class_list":{"0":"post-20770","1":"work","2":"type-work","3":"status-publish","4":"has-post-thumbnail","6":"work_genre-projekte"},"yoast_head":"<!-- This site is optimized with the Yoast SEO plugin v24.5 - https:\/\/yoast.com\/wordpress\/plugins\/seo\/ -->\n<title>Private villa Parma - Essenze di Luce<\/title>\n<meta name=\"robots\" content=\"index, follow, max-snippet:-1, max-image-preview:large, max-video-preview:-1\" \/>\n<link rel=\"canonical\" href=\"https:\/\/essenzediluce.com\/de\/projekte\/private-villa-parma\/\" \/>\n<meta property=\"og:locale\" content=\"de_DE\" \/>\n<meta property=\"og:type\" content=\"article\" \/>\n<meta property=\"og:title\" content=\"Private villa Parma - Essenze di Luce\" \/>\n<meta property=\"og:description\" content=\"[vc_row][vc_column][vc_column_text] Entspannen auf der Panoramaterrasse bei Sonnenuntergang zu den Kl\u00e4ngen von Sound Pro [\/vc_column_text][vc_column_text]Ein historisches Bauernhaus auf einem H\u00fcgel in der Landschaft von Parma, ein abgelegener Ort, an dem die Natur und die Anwesenheit von wilden Tieren den Rahmen f\u00fcr&hellip;  Weiterlesen\" \/>\n<meta property=\"og:url\" content=\"https:\/\/essenzediluce.com\/de\/projekte\/private-villa-parma\/\" \/>\n<meta property=\"og:site_name\" content=\"Essenze di Luce\" \/>\n<meta property=\"article:publisher\" content=\"https:\/\/www.facebook.com\/essenzediluce.italy\/\" \/>\n<meta property=\"article:modified_time\" content=\"2025-03-04T11:15:16+00:00\" \/>\n<meta property=\"og:image\" content=\"https:\/\/essenzediluce.com\/wp-content\/uploads\/2023\/02\/EL-Menhir-Sound-Pro-Sala-Baganza-6-LR.jpg\" \/>\n\t<meta property=\"og:image:width\" content=\"2000\" \/>\n\t<meta property=\"og:image:height\" content=\"1333\" \/>\n\t<meta property=\"og:image:type\" content=\"image\/jpeg\" \/>\n<meta name=\"twitter:card\" content=\"summary_large_image\" \/>\n<meta name=\"twitter:label1\" content=\"Gesch\u00e4tzte Lesezeit\" \/>\n\t<meta name=\"twitter:data1\" content=\"3\u00a0Minuten\" \/>\n<script type=\"application\/ld+json\" class=\"yoast-schema-graph\">{\"@context\":\"https:\/\/schema.org\",\"@graph\":[{\"@type\":\"WebPage\",\"@id\":\"https:\/\/essenzediluce.com\/de\/projekte\/private-villa-parma\/\",\"url\":\"https:\/\/essenzediluce.com\/de\/projekte\/private-villa-parma\/\",\"name\":\"Private villa Parma - Essenze di Luce\",\"isPartOf\":{\"@id\":\"https:\/\/essenzediluce.com\/#website\"},\"primaryImageOfPage\":{\"@id\":\"https:\/\/essenzediluce.com\/de\/projekte\/private-villa-parma\/#primaryimage\"},\"image\":{\"@id\":\"https:\/\/essenzediluce.com\/de\/projekte\/private-villa-parma\/#primaryimage\"},\"thumbnailUrl\":\"https:\/\/essenzediluce.com\/wp-content\/uploads\/2023\/02\/EL-Menhir-Sound-Pro-Sala-Baganza-6-LR.jpg\",\"datePublished\":\"2023-04-04T09:08:32+00:00\",\"dateModified\":\"2025-03-04T11:15:16+00:00\",\"breadcrumb\":{\"@id\":\"https:\/\/essenzediluce.com\/de\/projekte\/private-villa-parma\/#breadcrumb\"},\"inLanguage\":\"de\",\"potentialAction\":[{\"@type\":\"ReadAction\",\"target\":[\"https:\/\/essenzediluce.com\/de\/projekte\/private-villa-parma\/\"]}]},{\"@type\":\"ImageObject\",\"inLanguage\":\"de\",\"@id\":\"https:\/\/essenzediluce.com\/de\/projekte\/private-villa-parma\/#primaryimage\",\"url\":\"https:\/\/essenzediluce.com\/wp-content\/uploads\/2023\/02\/EL-Menhir-Sound-Pro-Sala-Baganza-6-LR.jpg\",\"contentUrl\":\"https:\/\/essenzediluce.com\/wp-content\/uploads\/2023\/02\/EL-Menhir-Sound-Pro-Sala-Baganza-6-LR.jpg\",\"width\":2000,\"height\":1333,\"caption\":\"Lampade Da Terra Per Esterno in marmo e diffusori per esterno di lusso\"},{\"@type\":\"BreadcrumbList\",\"@id\":\"https:\/\/essenzediluce.com\/de\/projekte\/private-villa-parma\/#breadcrumb\",\"itemListElement\":[{\"@type\":\"ListItem\",\"position\":1,\"name\":\"Home\",\"item\":\"https:\/\/essenzediluce.com\/de\/\"},{\"@type\":\"ListItem\",\"position\":2,\"name\":\"Private villa Parma\"}]},{\"@type\":\"WebSite\",\"@id\":\"https:\/\/essenzediluce.com\/#website\",\"url\":\"https:\/\/essenzediluce.com\/\",\"name\":\"Essenze di Luce\",\"description\":\"\",\"publisher\":{\"@id\":\"https:\/\/essenzediluce.com\/#organization\"},\"potentialAction\":[{\"@type\":\"SearchAction\",\"target\":{\"@type\":\"EntryPoint\",\"urlTemplate\":\"https:\/\/essenzediluce.com\/?s={search_term_string}\"},\"query-input\":{\"@type\":\"PropertyValueSpecification\",\"valueRequired\":true,\"valueName\":\"search_term_string\"}}],\"inLanguage\":\"de\"},{\"@type\":\"Organization\",\"@id\":\"https:\/\/essenzediluce.com\/#organization\",\"name\":\"Essenze di Luce\",\"url\":\"https:\/\/essenzediluce.com\/\",\"logo\":{\"@type\":\"ImageObject\",\"inLanguage\":\"de\",\"@id\":\"https:\/\/essenzediluce.com\/#\/schema\/logo\/image\/\",\"url\":\"https:\/\/essenzediluce.com\/wp-content\/uploads\/2017\/03\/el.jpg\",\"contentUrl\":\"https:\/\/essenzediluce.com\/wp-content\/uploads\/2017\/03\/el.jpg\",\"width\":512,\"height\":512,\"caption\":\"Essenze di Luce\"},\"image\":{\"@id\":\"https:\/\/essenzediluce.com\/#\/schema\/logo\/image\/\"},\"sameAs\":[\"https:\/\/www.facebook.com\/essenzediluce.italy\/\",\"https:\/\/www.instagram.com\/essenzediluce\/\",\"https:\/\/www.youtube.com\/channel\/UCXKJKPfUYADaJMEm_9NAvrA\"]}]}<\/script>\n<!-- \/ Yoast SEO plugin. -->","yoast_head_json":{"title":"Private villa Parma - Essenze di Luce","robots":{"index":"index","follow":"follow","max-snippet":"max-snippet:-1","max-image-preview":"max-image-preview:large","max-video-preview":"max-video-preview:-1"},"canonical":"https:\/\/essenzediluce.com\/de\/projekte\/private-villa-parma\/","og_locale":"de_DE","og_type":"article","og_title":"Private villa Parma - Essenze di Luce","og_description":"[vc_row][vc_column][vc_column_text] Entspannen auf der Panoramaterrasse bei Sonnenuntergang zu den Kl\u00e4ngen von Sound Pro [\/vc_column_text][vc_column_text]Ein historisches Bauernhaus auf einem H\u00fcgel in der Landschaft von Parma, ein abgelegener Ort, an dem die Natur und die Anwesenheit von wilden Tieren den Rahmen f\u00fcr&hellip;  Weiterlesen","og_url":"https:\/\/essenzediluce.com\/de\/projekte\/private-villa-parma\/","og_site_name":"Essenze di Luce","article_publisher":"https:\/\/www.facebook.com\/essenzediluce.italy\/","article_modified_time":"2025-03-04T11:15:16+00:00","og_image":[{"width":2000,"height":1333,"url":"https:\/\/essenzediluce.com\/wp-content\/uploads\/2023\/02\/EL-Menhir-Sound-Pro-Sala-Baganza-6-LR.jpg","type":"image\/jpeg"}],"twitter_card":"summary_large_image","twitter_misc":{"Gesch\u00e4tzte Lesezeit":"3\u00a0Minuten"},"schema":{"@context":"https:\/\/schema.org","@graph":[{"@type":"WebPage","@id":"https:\/\/essenzediluce.com\/de\/projekte\/private-villa-parma\/","url":"https:\/\/essenzediluce.com\/de\/projekte\/private-villa-parma\/","name":"Private villa Parma - Essenze di Luce","isPartOf":{"@id":"https:\/\/essenzediluce.com\/#website"},"primaryImageOfPage":{"@id":"https:\/\/essenzediluce.com\/de\/projekte\/private-villa-parma\/#primaryimage"},"image":{"@id":"https:\/\/essenzediluce.com\/de\/projekte\/private-villa-parma\/#primaryimage"},"thumbnailUrl":"https:\/\/essenzediluce.com\/wp-content\/uploads\/2023\/02\/EL-Menhir-Sound-Pro-Sala-Baganza-6-LR.jpg","datePublished":"2023-04-04T09:08:32+00:00","dateModified":"2025-03-04T11:15:16+00:00","breadcrumb":{"@id":"https:\/\/essenzediluce.com\/de\/projekte\/private-villa-parma\/#breadcrumb"},"inLanguage":"de","potentialAction":[{"@type":"ReadAction","target":["https:\/\/essenzediluce.com\/de\/projekte\/private-villa-parma\/"]}]},{"@type":"ImageObject","inLanguage":"de","@id":"https:\/\/essenzediluce.com\/de\/projekte\/private-villa-parma\/#primaryimage","url":"https:\/\/essenzediluce.com\/wp-content\/uploads\/2023\/02\/EL-Menhir-Sound-Pro-Sala-Baganza-6-LR.jpg","contentUrl":"https:\/\/essenzediluce.com\/wp-content\/uploads\/2023\/02\/EL-Menhir-Sound-Pro-Sala-Baganza-6-LR.jpg","width":2000,"height":1333,"caption":"Lampade Da Terra Per Esterno in marmo e diffusori per esterno di lusso"},{"@type":"BreadcrumbList","@id":"https:\/\/essenzediluce.com\/de\/projekte\/private-villa-parma\/#breadcrumb","itemListElement":[{"@type":"ListItem","position":1,"name":"Home","item":"https:\/\/essenzediluce.com\/de\/"},{"@type":"ListItem","position":2,"name":"Private villa Parma"}]},{"@type":"WebSite","@id":"https:\/\/essenzediluce.com\/#website","url":"https:\/\/essenzediluce.com\/","name":"Essenze di Luce","description":"","publisher":{"@id":"https:\/\/essenzediluce.com\/#organization"},"potentialAction":[{"@type":"SearchAction","target":{"@type":"EntryPoint","urlTemplate":"https:\/\/essenzediluce.com\/?s={search_term_string}"},"query-input":{"@type":"PropertyValueSpecification","valueRequired":true,"valueName":"search_term_string"}}],"inLanguage":"de"},{"@type":"Organization","@id":"https:\/\/essenzediluce.com\/#organization","name":"Essenze di Luce","url":"https:\/\/essenzediluce.com\/","logo":{"@type":"ImageObject","inLanguage":"de","@id":"https:\/\/essenzediluce.com\/#\/schema\/logo\/image\/","url":"https:\/\/essenzediluce.com\/wp-content\/uploads\/2017\/03\/el.jpg","contentUrl":"https:\/\/essenzediluce.com\/wp-content\/uploads\/2017\/03\/el.jpg","width":512,"height":512,"caption":"Essenze di Luce"},"image":{"@id":"https:\/\/essenzediluce.com\/#\/schema\/logo\/image\/"},"sameAs":["https:\/\/www.facebook.com\/essenzediluce.italy\/","https:\/\/www.instagram.com\/essenzediluce\/","https:\/\/www.youtube.com\/channel\/UCXKJKPfUYADaJMEm_9NAvrA"]}]}},"_links":{"self":[{"href":"https:\/\/essenzediluce.com\/de\/wp-json\/wp\/v2\/work\/20770"}],"collection":[{"href":"https:\/\/essenzediluce.com\/de\/wp-json\/wp\/v2\/work"}],"about":[{"href":"https:\/\/essenzediluce.com\/de\/wp-json\/wp\/v2\/types\/work"}],"replies":[{"embeddable":true,"href":"https:\/\/essenzediluce.com\/de\/wp-json\/wp\/v2\/comments?post=20770"}],"wp:featuredmedia":[{"embeddable":true,"href":"https:\/\/essenzediluce.com\/de\/wp-json\/wp\/v2\/media\/14179"}],"wp:attachment":[{"href":"https:\/\/essenzediluce.com\/de\/wp-json\/wp\/v2\/media?parent=20770"}],"wp:term":[{"taxonomy":"work_genre","embeddable":true,"href":"https:\/\/essenzediluce.com\/de\/wp-json\/wp\/v2\/work_genre?post=20770"}],"curies":[{"name":"wp","href":"https:\/\/api.w.org\/{rel}","templated":true}]}}