{"id":21273,"date":"2025-04-01T13:33:09","date_gmt":"2025-04-01T11:33:09","guid":{"rendered":"https:\/\/essenzediluce.com\/?post_type=work&#038;p=21273"},"modified":"2025-04-01T13:37:44","modified_gmt":"2025-04-01T11:37:44","slug":"private-villa-mogliano-veneto","status":"publish","type":"work","link":"https:\/\/essenzediluce.com\/de\/projekte\/private-villa-mogliano-veneto\/","title":{"rendered":"Private Villa Mogliano Veneto"},"content":{"rendered":"<div class=\"wpb-content-wrapper\">[vc_row][vc_column][vc_empty_space][vc_column_text css=&#8221;&#8221;]\r\n<h2 style=\"text-align: center;\">Au\u00dfenlautsprecher: Musik und Geselligkeit unter freiem Himmel in einem Landhaus mit Menhir Essences of Light<\/h2>\r\n&nbsp;\r\n\r\nDieses Projekt verdeutlicht den Wert von Au\u00dfenbereichen in einer Zeit, in der der Wunsch nach Kontakt mit der Natur und nach Austausch st\u00e4rker denn je ist. Aus der Verbindung dieser beiden Bed\u00fcrfnisse ist ein Garten entstanden, in dem die Musik und das Licht der Menhire von Essenze di Luce die G\u00e4ste mit Stil und Raffinesse empfangen.\r\n\r\nAuf der Suche nach einem authentischeren Lebensstil beschlossen die Besitzer dieses gem\u00fctlichen H\u00e4uschens in der Landschaft von Mogliano Veneto, die Hektik des st\u00e4dtischen Lebens hinter sich zu lassen und die Ruhe eines Landhauses in vollen Z\u00fcgen zu genie\u00dfen, indem sie den Au\u00dfenbereich in einen gro\u00dfen bewaldeten Garten mit Swimmingpool und Entspannungsbereich verwandelten.\u00a0Ein idealer Ort, um Freunde, Kollegen und Familie f\u00fcr gesellige Momente unter freiem Himmel zu empfangen, wo die Ger\u00e4uschdiffusion nicht fehlen darf.\r\n\r\nPassend zu den Farben des Wohngeb\u00e4udes wurden vier <a href=\"https:\/\/essenzediluce.com\/de\/i-sistemi-illuminanti-essenze-di-luce\/menhir-sound\/\" target=\"_blank\" rel=\"noopener\"><u>Menhir Sound<\/u><\/a>-Platten in der Textur <a href=\"https:\/\/essenzediluce.com\/de\/texture\/\" target=\"_blank\" rel=\"noopener\"><u>Italian Flowery Grey<\/u><\/a>, einem italienischen Marmor mit rosa und r\u00f6tlichen Adern, ausgew\u00e4hlt, die strategisch positioniert wurden, um ein perfektes H\u00f6rerlebnis zu garantieren, egal wo man sich im Garten befindet.\r\n\r\nAuch die Aussicht genie\u00dft den Glanz der szenografischen Lichter dank des LED-Beleuchtungssystems, das in die Sound-Diffusoren des Gartens integriert ist, und der anderen <a href=\"https:\/\/essenzediluce.com\/de\/i-sistemi-illuminanti-essenze-di-luce\/menhir-di-luce\/\" target=\"_blank\" rel=\"noopener\"><u>Menhir di Luce<\/u><\/a>-Exemplare, die am Eingang des Grundst\u00fccks und im Waldbereich positioniert sind und die perfekte Atmosph\u00e4re f\u00fcr Abende im Freien schaffen und die G\u00e4ste auf den ersten Blick mit ihrer einzigartigen, dreidimensionalen Nat\u00fcrlichkeit in ihren Bann ziehen.[\/vc_column_text][\/vc_column][\/vc_row][vc_row][vc_column][vc_empty_space height=&#8221;20&#8243;][\/vc_column][\/vc_row][vc_row css=&#8221;.vc_custom_1667905575040{margin-bottom: 0px !important;}&#8221;][vc_column width=&#8221;1\/4&#8243;][vc_column_text css=&#8221;&#8221;]<strong>PROJEKT<\/strong>: <a href=\"https:\/\/www.vivaibulegato.com\/\" target=\"_blank\" rel=\"noopener\"><u>Vivai Bulegato Treviso<\/u><\/a>[\/vc_column_text][\/vc_column][vc_column width=&#8221;1\/4&#8243;][vc_column_text css=&#8221;&#8221;]<strong>PRODUKTE<\/strong>: <a href=\"https:\/\/essenzediluce.com\/de\/i-sistemi-illuminanti-essenze-di-luce\/menhir-sound\/\" target=\"_blank\" rel=\"noopener\"><u>Menhir Sound<\/u><\/a>, <a href=\"https:\/\/essenzediluce.com\/de\/i-sistemi-illuminanti-essenze-di-luce\/menhir-di-luce\/\" target=\"_blank\" rel=\"noopener\"><u>Menhir di Luce<\/u><\/a>[\/vc_column_text][\/vc_column][vc_column width=&#8221;1\/4&#8243;][vc_column_text]<b>TEXTURE<\/b>: <a href=\"https:\/\/essenzediluce.com\/texture\/\" target=\"_blank\" rel=\"noopener\"><u>Italian Flowery Grey<\/u><\/a>[\/vc_column_text][\/vc_column][vc_column width=&#8221;1\/4&#8243;][vc_column_text css=&#8221;&#8221;]<strong>CREDITS<\/strong>: <a href=\"https:\/\/fotograffia.eu\/\" target=\"_blank\" rel=\"noopener\"><u>Flavio Graffi Photographer<\/u><\/a>[\/vc_column_text][\/vc_column][\/vc_row][vc_row][vc_column][vc_empty_space height=&#8221;20&#8243;][\/vc_column][\/vc_row]<\/div>","protected":false},"excerpt":{"rendered":"<p>[vc_row][vc_column][vc_empty_space][vc_column_text css=&#8221;&#8221;] Au\u00dfenlautsprecher: Musik und Geselligkeit unter freiem Himmel in einem Landhaus mit Menhir Essences of Light &nbsp; Dieses Projekt verdeutlicht den Wert von Au\u00dfenbereichen in einer Zeit, in der der Wunsch nach Kontakt mit der Natur und nach Austausch&hellip;<\/p>\n<p> <a class=\"more-link\" href=\"https:\/\/essenzediluce.com\/de\/projekte\/private-villa-mogliano-veneto\/\">Weiterlesen<\/a><\/p>\n","protected":false},"featured_media":21271,"comment_status":"closed","ping_status":"closed","template":"","work_genre":[183],"class_list":{"0":"post-21273","1":"work","2":"type-work","3":"status-publish","4":"has-post-thumbnail","6":"work_genre-projekte"},"yoast_head":"<!-- This site is optimized with the Yoast SEO plugin v24.5 - https:\/\/yoast.com\/wordpress\/plugins\/seo\/ -->\n<title>Au\u00dfenlautsprecher in Private Villa Mogliano Veneto - Essenze di Luce<\/title>\n<meta name=\"description\" content=\"Au\u00dfenlautsprecher: Musik und Geselligkeit unter freiem Himmel in einem Landhaus mit Menhir Essenze di Luce\" \/>\n<meta name=\"robots\" content=\"index, follow, max-snippet:-1, max-image-preview:large, max-video-preview:-1\" \/>\n<link rel=\"canonical\" href=\"https:\/\/essenzediluce.com\/de\/projekte\/private-villa-mogliano-veneto\/\" \/>\n<meta property=\"og:locale\" content=\"de_DE\" \/>\n<meta property=\"og:type\" content=\"article\" \/>\n<meta property=\"og:title\" content=\"Au\u00dfenlautsprecher in Private Villa Mogliano Veneto - Essenze di Luce\" \/>\n<meta property=\"og:description\" content=\"Au\u00dfenlautsprecher: Musik und Geselligkeit unter freiem Himmel in einem Landhaus mit Menhir Essenze di Luce\" \/>\n<meta property=\"og:url\" content=\"https:\/\/essenzediluce.com\/de\/projekte\/private-villa-mogliano-veneto\/\" \/>\n<meta property=\"og:site_name\" content=\"Essenze di Luce\" \/>\n<meta property=\"article:publisher\" content=\"https:\/\/www.facebook.com\/essenzediluce.italy\/\" \/>\n<meta property=\"article:modified_time\" content=\"2025-04-01T11:37:44+00:00\" \/>\n<meta property=\"og:image\" content=\"https:\/\/essenzediluce.com\/wp-content\/uploads\/2025\/02\/Altoparlanti-da-esterno-Essenze-di-Luce-Villa-Privata-Mogliano-Vto-COVER-IMG.jpg\" \/>\n\t<meta property=\"og:image:width\" content=\"1329\" \/>\n\t<meta property=\"og:image:height\" content=\"886\" \/>\n\t<meta property=\"og:image:type\" content=\"image\/jpeg\" \/>\n<meta name=\"twitter:card\" content=\"summary_large_image\" \/>\n<meta name=\"twitter:label1\" content=\"Gesch\u00e4tzte Lesezeit\" \/>\n\t<meta name=\"twitter:data1\" content=\"2\u00a0Minuten\" \/>\n<script type=\"application\/ld+json\" class=\"yoast-schema-graph\">{\"@context\":\"https:\/\/schema.org\",\"@graph\":[{\"@type\":\"WebPage\",\"@id\":\"https:\/\/essenzediluce.com\/de\/projekte\/private-villa-mogliano-veneto\/\",\"url\":\"https:\/\/essenzediluce.com\/de\/projekte\/private-villa-mogliano-veneto\/\",\"name\":\"Au\u00dfenlautsprecher in Private Villa Mogliano Veneto - Essenze di Luce\",\"isPartOf\":{\"@id\":\"https:\/\/essenzediluce.com\/#website\"},\"primaryImageOfPage\":{\"@id\":\"https:\/\/essenzediluce.com\/de\/projekte\/private-villa-mogliano-veneto\/#primaryimage\"},\"image\":{\"@id\":\"https:\/\/essenzediluce.com\/de\/projekte\/private-villa-mogliano-veneto\/#primaryimage\"},\"thumbnailUrl\":\"https:\/\/essenzediluce.com\/wp-content\/uploads\/2025\/02\/Altoparlanti-da-esterno-Essenze-di-Luce-Villa-Privata-Mogliano-Vto-COVER-IMG.jpg\",\"datePublished\":\"2025-04-01T11:33:09+00:00\",\"dateModified\":\"2025-04-01T11:37:44+00:00\",\"description\":\"Au\u00dfenlautsprecher: Musik und Geselligkeit unter freiem Himmel in einem Landhaus mit Menhir Essenze di Luce\",\"breadcrumb\":{\"@id\":\"https:\/\/essenzediluce.com\/de\/projekte\/private-villa-mogliano-veneto\/#breadcrumb\"},\"inLanguage\":\"de\",\"potentialAction\":[{\"@type\":\"ReadAction\",\"target\":[\"https:\/\/essenzediluce.com\/de\/projekte\/private-villa-mogliano-veneto\/\"]}]},{\"@type\":\"ImageObject\",\"inLanguage\":\"de\",\"@id\":\"https:\/\/essenzediluce.com\/de\/projekte\/private-villa-mogliano-veneto\/#primaryimage\",\"url\":\"https:\/\/essenzediluce.com\/wp-content\/uploads\/2025\/02\/Altoparlanti-da-esterno-Essenze-di-Luce-Villa-Privata-Mogliano-Vto-COVER-IMG.jpg\",\"contentUrl\":\"https:\/\/essenzediluce.com\/wp-content\/uploads\/2025\/02\/Altoparlanti-da-esterno-Essenze-di-Luce-Villa-Privata-Mogliano-Vto-COVER-IMG.jpg\",\"width\":1329,\"height\":886,\"caption\":\"Altoparlanti da esterno\"},{\"@type\":\"BreadcrumbList\",\"@id\":\"https:\/\/essenzediluce.com\/de\/projekte\/private-villa-mogliano-veneto\/#breadcrumb\",\"itemListElement\":[{\"@type\":\"ListItem\",\"position\":1,\"name\":\"Home\",\"item\":\"https:\/\/essenzediluce.com\/de\/\"},{\"@type\":\"ListItem\",\"position\":2,\"name\":\"Private Villa Mogliano Veneto\"}]},{\"@type\":\"WebSite\",\"@id\":\"https:\/\/essenzediluce.com\/#website\",\"url\":\"https:\/\/essenzediluce.com\/\",\"name\":\"Essenze di Luce\",\"description\":\"\",\"publisher\":{\"@id\":\"https:\/\/essenzediluce.com\/#organization\"},\"potentialAction\":[{\"@type\":\"SearchAction\",\"target\":{\"@type\":\"EntryPoint\",\"urlTemplate\":\"https:\/\/essenzediluce.com\/?s={search_term_string}\"},\"query-input\":{\"@type\":\"PropertyValueSpecification\",\"valueRequired\":true,\"valueName\":\"search_term_string\"}}],\"inLanguage\":\"de\"},{\"@type\":\"Organization\",\"@id\":\"https:\/\/essenzediluce.com\/#organization\",\"name\":\"Essenze di Luce\",\"url\":\"https:\/\/essenzediluce.com\/\",\"logo\":{\"@type\":\"ImageObject\",\"inLanguage\":\"de\",\"@id\":\"https:\/\/essenzediluce.com\/#\/schema\/logo\/image\/\",\"url\":\"https:\/\/essenzediluce.com\/wp-content\/uploads\/2017\/03\/el.jpg\",\"contentUrl\":\"https:\/\/essenzediluce.com\/wp-content\/uploads\/2017\/03\/el.jpg\",\"width\":512,\"height\":512,\"caption\":\"Essenze di Luce\"},\"image\":{\"@id\":\"https:\/\/essenzediluce.com\/#\/schema\/logo\/image\/\"},\"sameAs\":[\"https:\/\/www.facebook.com\/essenzediluce.italy\/\",\"https:\/\/www.instagram.com\/essenzediluce\/\",\"https:\/\/www.youtube.com\/channel\/UCXKJKPfUYADaJMEm_9NAvrA\"]}]}<\/script>\n<!-- \/ Yoast SEO plugin. -->","yoast_head_json":{"title":"Au\u00dfenlautsprecher in Private Villa Mogliano Veneto - Essenze di Luce","description":"Au\u00dfenlautsprecher: Musik und Geselligkeit unter freiem Himmel in einem Landhaus mit Menhir Essenze di Luce","robots":{"index":"index","follow":"follow","max-snippet":"max-snippet:-1","max-image-preview":"max-image-preview:large","max-video-preview":"max-video-preview:-1"},"canonical":"https:\/\/essenzediluce.com\/de\/projekte\/private-villa-mogliano-veneto\/","og_locale":"de_DE","og_type":"article","og_title":"Au\u00dfenlautsprecher in Private Villa Mogliano Veneto - Essenze di Luce","og_description":"Au\u00dfenlautsprecher: Musik und Geselligkeit unter freiem Himmel in einem Landhaus mit Menhir Essenze di Luce","og_url":"https:\/\/essenzediluce.com\/de\/projekte\/private-villa-mogliano-veneto\/","og_site_name":"Essenze di Luce","article_publisher":"https:\/\/www.facebook.com\/essenzediluce.italy\/","article_modified_time":"2025-04-01T11:37:44+00:00","og_image":[{"width":1329,"height":886,"url":"https:\/\/essenzediluce.com\/wp-content\/uploads\/2025\/02\/Altoparlanti-da-esterno-Essenze-di-Luce-Villa-Privata-Mogliano-Vto-COVER-IMG.jpg","type":"image\/jpeg"}],"twitter_card":"summary_large_image","twitter_misc":{"Gesch\u00e4tzte Lesezeit":"2\u00a0Minuten"},"schema":{"@context":"https:\/\/schema.org","@graph":[{"@type":"WebPage","@id":"https:\/\/essenzediluce.com\/de\/projekte\/private-villa-mogliano-veneto\/","url":"https:\/\/essenzediluce.com\/de\/projekte\/private-villa-mogliano-veneto\/","name":"Au\u00dfenlautsprecher in Private Villa Mogliano Veneto - Essenze di Luce","isPartOf":{"@id":"https:\/\/essenzediluce.com\/#website"},"primaryImageOfPage":{"@id":"https:\/\/essenzediluce.com\/de\/projekte\/private-villa-mogliano-veneto\/#primaryimage"},"image":{"@id":"https:\/\/essenzediluce.com\/de\/projekte\/private-villa-mogliano-veneto\/#primaryimage"},"thumbnailUrl":"https:\/\/essenzediluce.com\/wp-content\/uploads\/2025\/02\/Altoparlanti-da-esterno-Essenze-di-Luce-Villa-Privata-Mogliano-Vto-COVER-IMG.jpg","datePublished":"2025-04-01T11:33:09+00:00","dateModified":"2025-04-01T11:37:44+00:00","description":"Au\u00dfenlautsprecher: Musik und Geselligkeit unter freiem Himmel in einem Landhaus mit Menhir Essenze di Luce","breadcrumb":{"@id":"https:\/\/essenzediluce.com\/de\/projekte\/private-villa-mogliano-veneto\/#breadcrumb"},"inLanguage":"de","potentialAction":[{"@type":"ReadAction","target":["https:\/\/essenzediluce.com\/de\/projekte\/private-villa-mogliano-veneto\/"]}]},{"@type":"ImageObject","inLanguage":"de","@id":"https:\/\/essenzediluce.com\/de\/projekte\/private-villa-mogliano-veneto\/#primaryimage","url":"https:\/\/essenzediluce.com\/wp-content\/uploads\/2025\/02\/Altoparlanti-da-esterno-Essenze-di-Luce-Villa-Privata-Mogliano-Vto-COVER-IMG.jpg","contentUrl":"https:\/\/essenzediluce.com\/wp-content\/uploads\/2025\/02\/Altoparlanti-da-esterno-Essenze-di-Luce-Villa-Privata-Mogliano-Vto-COVER-IMG.jpg","width":1329,"height":886,"caption":"Altoparlanti da esterno"},{"@type":"BreadcrumbList","@id":"https:\/\/essenzediluce.com\/de\/projekte\/private-villa-mogliano-veneto\/#breadcrumb","itemListElement":[{"@type":"ListItem","position":1,"name":"Home","item":"https:\/\/essenzediluce.com\/de\/"},{"@type":"ListItem","position":2,"name":"Private Villa Mogliano Veneto"}]},{"@type":"WebSite","@id":"https:\/\/essenzediluce.com\/#website","url":"https:\/\/essenzediluce.com\/","name":"Essenze di Luce","description":"","publisher":{"@id":"https:\/\/essenzediluce.com\/#organization"},"potentialAction":[{"@type":"SearchAction","target":{"@type":"EntryPoint","urlTemplate":"https:\/\/essenzediluce.com\/?s={search_term_string}"},"query-input":{"@type":"PropertyValueSpecification","valueRequired":true,"valueName":"search_term_string"}}],"inLanguage":"de"},{"@type":"Organization","@id":"https:\/\/essenzediluce.com\/#organization","name":"Essenze di Luce","url":"https:\/\/essenzediluce.com\/","logo":{"@type":"ImageObject","inLanguage":"de","@id":"https:\/\/essenzediluce.com\/#\/schema\/logo\/image\/","url":"https:\/\/essenzediluce.com\/wp-content\/uploads\/2017\/03\/el.jpg","contentUrl":"https:\/\/essenzediluce.com\/wp-content\/uploads\/2017\/03\/el.jpg","width":512,"height":512,"caption":"Essenze di Luce"},"image":{"@id":"https:\/\/essenzediluce.com\/#\/schema\/logo\/image\/"},"sameAs":["https:\/\/www.facebook.com\/essenzediluce.italy\/","https:\/\/www.instagram.com\/essenzediluce\/","https:\/\/www.youtube.com\/channel\/UCXKJKPfUYADaJMEm_9NAvrA"]}]}},"_links":{"self":[{"href":"https:\/\/essenzediluce.com\/de\/wp-json\/wp\/v2\/work\/21273"}],"collection":[{"href":"https:\/\/essenzediluce.com\/de\/wp-json\/wp\/v2\/work"}],"about":[{"href":"https:\/\/essenzediluce.com\/de\/wp-json\/wp\/v2\/types\/work"}],"replies":[{"embeddable":true,"href":"https:\/\/essenzediluce.com\/de\/wp-json\/wp\/v2\/comments?post=21273"}],"wp:featuredmedia":[{"embeddable":true,"href":"https:\/\/essenzediluce.com\/de\/wp-json\/wp\/v2\/media\/21271"}],"wp:attachment":[{"href":"https:\/\/essenzediluce.com\/de\/wp-json\/wp\/v2\/media?parent=21273"}],"wp:term":[{"taxonomy":"work_genre","embeddable":true,"href":"https:\/\/essenzediluce.com\/de\/wp-json\/wp\/v2\/work_genre?post=21273"}],"curies":[{"name":"wp","href":"https:\/\/api.w.org\/{rel}","templated":true}]}}