{"id":21325,"date":"2025-03-04T08:31:54","date_gmt":"2025-03-04T07:31:54","guid":{"rendered":"https:\/\/essenzediluce.com\/?post_type=work&#038;p=21325"},"modified":"2025-03-21T10:07:34","modified_gmt":"2025-03-21T09:07:34","slug":"private-villa-ravenna","status":"publish","type":"work","link":"https:\/\/essenzediluce.com\/de\/projekte\/private-villa-ravenna\/","title":{"rendered":"Private Villa Ravenna"},"content":{"rendered":"<div class=\"wpb-content-wrapper\">[vc_row][vc_column][vc_empty_space][vc_column_text css=&#8221;&#8221;]\r\n<h2 style=\"text-align: center;\"><strong>Au\u00dfenbeschallungssystems<\/strong>: die Menhire von Essenze di Luce schaffen die perfekte Atmosph\u00e4re in einem Garten mit W\u00fcstent\u00f6nen<\/h2>\r\nEine Oase der Entspannung und des Komforts, die durch die Umgestaltung des Gartens einer Villa in der wundersch\u00f6nen Landschaft von Ravenna entstanden ist. Sie wird von den Menhir Essenze di Luce beleuchtet, die nicht nur ein helles und einladendes Ambiente schaffen, sondern dank des <strong>integrierten Soundsystems<\/strong> auch Momente der Geselligkeit beleben.\r\n\r\nMit der Absicht, einen Raum zu schaffen, in dem sich Freunde und Familie versammeln k\u00f6nnen, um Momente der Freizeit und des Zusammenseins zu genie\u00dfen, wurde der Hauptgarten mit verschiedenen Bereichen gestaltet: ein Biopool mit Wasserfall und Sonnenliegen, ein \u00fcberdachter Wohnbereich mit zwei Pergolen, die harmonisch durch einen Weg zum Eingang des Hauses verbunden sind.\r\n\r\nIn diesem Zusammenhang sorgt die Installation eines <strong>Au\u00dfenbeschallungssystems<\/strong> mit vier <a href=\"https:\/\/essenzediluce.com\/de\/i-sistemi-illuminanti-essenze-di-luce\/menhir-sound\/\" target=\"_blank\" rel=\"noopener\"><u>Menhir Sound 30W<\/u><\/a> und zwei <a href=\"https:\/\/essenzediluce.com\/de\/i-sistemi-illuminanti-essenze-di-luce\/menhir-sound-pro\/\" target=\"_blank\" rel=\"noopener\"><u>Menhir Sound Pro 220W<\/u><\/a> f\u00fcr ein hochwertiges Klangerlebnis im gesamten Au\u00dfenbereich und beleuchtet gleichzeitig den umliegenden Raum. Die Hintergrundmusik des Au\u00dfenbeschallungssystems schafft die richtige Atmosph\u00e4re, um am Pool zu entspannen, und die M\u00f6glichkeit, die Lautst\u00e4rke \u00fcber das <strong>Smartphone aufzudrehen<\/strong>, erm\u00f6glicht es, den Garten dank der in die Marmor-Au\u00dfenlautsprecher integrierten Tieft\u00f6ner in einen lebendigen Partyraum zu verwandeln..\r\n\r\nDie <strong>leuchtende und chromatische Kontinuit\u00e4t<\/strong> in dieser Oase wird durch die Anwesenheit anderer Essenze di Luce Gartenlampen vervollst\u00e4ndigt: <a href=\"https:\/\/essenzediluce.com\/de\/i-sistemi-illuminanti-essenze-di-luce\/menhir-di-luce\/\" target=\"_blank\" rel=\"noopener\"><u>Menhir di Luce<\/u><\/a> Soft in Mamo Trani, die gr\u00fcne Ecken beleuchten, <a href=\"https:\/\/essenzediluce.com\/de\/i-sistemi-illuminanti-essenze-di-luce\/beleuchtung-blumenbeete-ray\/\" target=\"_blank\" rel=\"noopener\"><u>Ray<\/u><\/a> in Giallo Mori Marmor, die sich im gro\u00dfen Kiesbeet mit Gr\u00fcnpflanzen tarnt, und schlie\u00dflich <a href=\"https:\/\/essenzediluce.com\/de\/i-sistemi-illuminanti-essenze-di-luce\/stake\/\" target=\"_blank\" rel=\"noopener\"><u>Stake<u><\/u><\/u><\/a> in poliertem Trani Marmor, der die G\u00e4ste begleitet, wenn sie durch das Eingangstor zwischen Garten und Villa gehen.\r\n\r\nDie Verschmelzung der <strong>warmen und zarten T\u00f6ne des Trani-Marmors und des Onyx Angel Spark<\/strong>, aus dem die Schalld\u00e4mpfer und die Gartenlampen gefertigt wurden,<strong> harmonieren perfekt mit den Materialien und Nuancen des Projekts in Vanille<\/strong>.\u00a0Das Ergebnis ist ein harmonischer und raffinierter Au\u00dfenbereich, der geschaffen wurde, um die Sch\u00f6nheit der gemeinsamen Zeit und besondere Momente der Geselligkeit zu feiern.[\/vc_column_text][\/vc_column][\/vc_row][vc_row][vc_column][vc_empty_space height=&#8221;20&#8243;][\/vc_column][\/vc_row][vc_row css=&#8221;.vc_custom_1667905575040{margin-bottom: 0px !important;}&#8221;][vc_column width=&#8221;1\/4&#8243;][vc_column_text css=&#8221;&#8221;]<strong>PROGETTO<\/strong>: <a href=\"https:\/\/www.verde-acqua.com\/\" target=\"_blank\" rel=\"noopener\"><u>Verde&amp;Acqua Ravenna<\/u><\/a>[\/vc_column_text][\/vc_column][vc_column width=&#8221;1\/4&#8243;][vc_column_text css=&#8221;&#8221;]<strong>PRODOTTI<\/strong>: <a href=\"https:\/\/essenzediluce.com\/prodotti\/diffusore-per-esterno-menhir-sound\/\" target=\"_blank\" rel=\"noopener\"><u>Menhir Sound<\/u><\/a>, <a href=\"https:\/\/essenzediluce.com\/prodotti\/illuminazione-giardino-menhir-di-luce\/\" target=\"_blank\" rel=\"noopener\"><u>Menhir di Luce<\/u><\/a>, <a href=\"https:\/\/essenzediluce.com\/prodotti\/paletto-led-da-giardino-stake\/\" target=\"_blank\" rel=\"noopener\"><u>Stake<\/u><\/a>, <a href=\"https:\/\/essenzediluce.com\/prodotti\/illuminazione-aiuole-ray\/\" target=\"_blank\" rel=\"noopener\"><u>Ray<\/u><\/a>[\/vc_column_text][\/vc_column][vc_column width=&#8221;1\/4&#8243;][vc_column_text css=&#8221;&#8221;]<b>TEXTURE<\/b>: <a href=\"https:\/\/essenzediluce.com\/texture\/\" target=\"_blank\" rel=\"noopener\"><u>Onice Angel Spark<\/u>, <u>Marmo Trani<\/u><\/a>[\/vc_column_text][\/vc_column][vc_column width=&#8221;1\/4&#8243;][vc_column_text css=&#8221;&#8221;]<strong>CREDITS<\/strong>: <a href=\"https:\/\/fotograffia.eu\/\" target=\"_blank\" rel=\"noopener\"><u>Flavio Graffi Photographer<\/u><\/a>[\/vc_column_text][\/vc_column][\/vc_row][vc_row][vc_column][vc_empty_space height=&#8221;20&#8243;][\/vc_column][\/vc_row]<\/div>","protected":false},"excerpt":{"rendered":"<p>[vc_row][vc_column][vc_empty_space][vc_column_text css=&#8221;&#8221;] Au\u00dfenbeschallungssystems: die Menhire von Essenze di Luce schaffen die perfekte Atmosph\u00e4re in einem Garten mit W\u00fcstent\u00f6nen Eine Oase der Entspannung und des Komforts, die durch die Umgestaltung des Gartens einer Villa in der wundersch\u00f6nen Landschaft von Ravenna entstanden&hellip;<\/p>\n<p> <a class=\"more-link\" href=\"https:\/\/essenzediluce.com\/de\/projekte\/private-villa-ravenna\/\">Weiterlesen<\/a><\/p>\n","protected":false},"featured_media":21294,"comment_status":"closed","ping_status":"closed","template":"","work_genre":[183],"class_list":{"0":"post-21325","1":"work","2":"type-work","3":"status-publish","4":"has-post-thumbnail","6":"work_genre-projekte"},"yoast_head":"<!-- This site is optimized with the Yoast SEO plugin v24.5 - https:\/\/yoast.com\/wordpress\/plugins\/seo\/ -->\n<title>Au\u00dfenbeschallungssystems in Private Villa Ravenna - Essenze di Luce<\/title>\n<meta name=\"description\" content=\"Au\u00dfenbeschallungssystems: die Menhire von Essenze di Luce schaffen die perfekte Atmosph\u00e4re in einem Garten mit W\u00fcstent\u00f6nen.\" \/>\n<meta name=\"robots\" content=\"index, follow, max-snippet:-1, max-image-preview:large, max-video-preview:-1\" \/>\n<link rel=\"canonical\" href=\"https:\/\/essenzediluce.com\/de\/projekte\/private-villa-ravenna\/\" \/>\n<meta property=\"og:locale\" content=\"de_DE\" \/>\n<meta property=\"og:type\" content=\"article\" \/>\n<meta property=\"og:title\" content=\"Au\u00dfenbeschallungssystems in Private Villa Ravenna - Essenze di Luce\" \/>\n<meta property=\"og:description\" content=\"Au\u00dfenbeschallungssystems: die Menhire von Essenze di Luce schaffen die perfekte Atmosph\u00e4re in einem Garten mit W\u00fcstent\u00f6nen.\" \/>\n<meta property=\"og:url\" content=\"https:\/\/essenzediluce.com\/de\/projekte\/private-villa-ravenna\/\" \/>\n<meta property=\"og:site_name\" content=\"Essenze di Luce\" \/>\n<meta property=\"article:publisher\" content=\"https:\/\/www.facebook.com\/essenzediluce.italy\/\" \/>\n<meta property=\"article:modified_time\" content=\"2025-03-21T09:07:34+00:00\" \/>\n<meta property=\"og:image\" content=\"https:\/\/essenzediluce.com\/wp-content\/uploads\/2025\/02\/Impianto-audio-per-esterno-Essenze-di-Luce-Villa-Privata-Ravenna-COVER-IMG.jpg\" \/>\n\t<meta property=\"og:image:width\" content=\"1500\" \/>\n\t<meta property=\"og:image:height\" content=\"998\" \/>\n\t<meta property=\"og:image:type\" content=\"image\/jpeg\" \/>\n<meta name=\"twitter:card\" content=\"summary_large_image\" \/>\n<meta name=\"twitter:label1\" content=\"Gesch\u00e4tzte Lesezeit\" \/>\n\t<meta name=\"twitter:data1\" content=\"3\u00a0Minuten\" \/>\n<script type=\"application\/ld+json\" class=\"yoast-schema-graph\">{\"@context\":\"https:\/\/schema.org\",\"@graph\":[{\"@type\":\"WebPage\",\"@id\":\"https:\/\/essenzediluce.com\/de\/projekte\/private-villa-ravenna\/\",\"url\":\"https:\/\/essenzediluce.com\/de\/projekte\/private-villa-ravenna\/\",\"name\":\"Au\u00dfenbeschallungssystems in Private Villa Ravenna - Essenze di Luce\",\"isPartOf\":{\"@id\":\"https:\/\/essenzediluce.com\/#website\"},\"primaryImageOfPage\":{\"@id\":\"https:\/\/essenzediluce.com\/de\/projekte\/private-villa-ravenna\/#primaryimage\"},\"image\":{\"@id\":\"https:\/\/essenzediluce.com\/de\/projekte\/private-villa-ravenna\/#primaryimage\"},\"thumbnailUrl\":\"https:\/\/essenzediluce.com\/wp-content\/uploads\/2025\/02\/Impianto-audio-per-esterno-Essenze-di-Luce-Villa-Privata-Ravenna-COVER-IMG.jpg\",\"datePublished\":\"2025-03-04T07:31:54+00:00\",\"dateModified\":\"2025-03-21T09:07:34+00:00\",\"description\":\"Au\u00dfenbeschallungssystems: die Menhire von Essenze di Luce schaffen die perfekte Atmosph\u00e4re in einem Garten mit W\u00fcstent\u00f6nen.\",\"breadcrumb\":{\"@id\":\"https:\/\/essenzediluce.com\/de\/projekte\/private-villa-ravenna\/#breadcrumb\"},\"inLanguage\":\"de\",\"potentialAction\":[{\"@type\":\"ReadAction\",\"target\":[\"https:\/\/essenzediluce.com\/de\/projekte\/private-villa-ravenna\/\"]}]},{\"@type\":\"ImageObject\",\"inLanguage\":\"de\",\"@id\":\"https:\/\/essenzediluce.com\/de\/projekte\/private-villa-ravenna\/#primaryimage\",\"url\":\"https:\/\/essenzediluce.com\/wp-content\/uploads\/2025\/02\/Impianto-audio-per-esterno-Essenze-di-Luce-Villa-Privata-Ravenna-COVER-IMG.jpg\",\"contentUrl\":\"https:\/\/essenzediluce.com\/wp-content\/uploads\/2025\/02\/Impianto-audio-per-esterno-Essenze-di-Luce-Villa-Privata-Ravenna-COVER-IMG.jpg\",\"width\":1500,\"height\":998,\"caption\":\"Marmo Trani\"},{\"@type\":\"BreadcrumbList\",\"@id\":\"https:\/\/essenzediluce.com\/de\/projekte\/private-villa-ravenna\/#breadcrumb\",\"itemListElement\":[{\"@type\":\"ListItem\",\"position\":1,\"name\":\"Home\",\"item\":\"https:\/\/essenzediluce.com\/de\/\"},{\"@type\":\"ListItem\",\"position\":2,\"name\":\"Private Villa Ravenna\"}]},{\"@type\":\"WebSite\",\"@id\":\"https:\/\/essenzediluce.com\/#website\",\"url\":\"https:\/\/essenzediluce.com\/\",\"name\":\"Essenze di Luce\",\"description\":\"\",\"publisher\":{\"@id\":\"https:\/\/essenzediluce.com\/#organization\"},\"potentialAction\":[{\"@type\":\"SearchAction\",\"target\":{\"@type\":\"EntryPoint\",\"urlTemplate\":\"https:\/\/essenzediluce.com\/?s={search_term_string}\"},\"query-input\":{\"@type\":\"PropertyValueSpecification\",\"valueRequired\":true,\"valueName\":\"search_term_string\"}}],\"inLanguage\":\"de\"},{\"@type\":\"Organization\",\"@id\":\"https:\/\/essenzediluce.com\/#organization\",\"name\":\"Essenze di Luce\",\"url\":\"https:\/\/essenzediluce.com\/\",\"logo\":{\"@type\":\"ImageObject\",\"inLanguage\":\"de\",\"@id\":\"https:\/\/essenzediluce.com\/#\/schema\/logo\/image\/\",\"url\":\"https:\/\/essenzediluce.com\/wp-content\/uploads\/2017\/03\/el.jpg\",\"contentUrl\":\"https:\/\/essenzediluce.com\/wp-content\/uploads\/2017\/03\/el.jpg\",\"width\":512,\"height\":512,\"caption\":\"Essenze di Luce\"},\"image\":{\"@id\":\"https:\/\/essenzediluce.com\/#\/schema\/logo\/image\/\"},\"sameAs\":[\"https:\/\/www.facebook.com\/essenzediluce.italy\/\",\"https:\/\/www.instagram.com\/essenzediluce\/\",\"https:\/\/www.youtube.com\/channel\/UCXKJKPfUYADaJMEm_9NAvrA\"]}]}<\/script>\n<!-- \/ Yoast SEO plugin. -->","yoast_head_json":{"title":"Au\u00dfenbeschallungssystems in Private Villa Ravenna - Essenze di Luce","description":"Au\u00dfenbeschallungssystems: die Menhire von Essenze di Luce schaffen die perfekte Atmosph\u00e4re in einem Garten mit W\u00fcstent\u00f6nen.","robots":{"index":"index","follow":"follow","max-snippet":"max-snippet:-1","max-image-preview":"max-image-preview:large","max-video-preview":"max-video-preview:-1"},"canonical":"https:\/\/essenzediluce.com\/de\/projekte\/private-villa-ravenna\/","og_locale":"de_DE","og_type":"article","og_title":"Au\u00dfenbeschallungssystems in Private Villa Ravenna - Essenze di Luce","og_description":"Au\u00dfenbeschallungssystems: die Menhire von Essenze di Luce schaffen die perfekte Atmosph\u00e4re in einem Garten mit W\u00fcstent\u00f6nen.","og_url":"https:\/\/essenzediluce.com\/de\/projekte\/private-villa-ravenna\/","og_site_name":"Essenze di Luce","article_publisher":"https:\/\/www.facebook.com\/essenzediluce.italy\/","article_modified_time":"2025-03-21T09:07:34+00:00","og_image":[{"width":1500,"height":998,"url":"https:\/\/essenzediluce.com\/wp-content\/uploads\/2025\/02\/Impianto-audio-per-esterno-Essenze-di-Luce-Villa-Privata-Ravenna-COVER-IMG.jpg","type":"image\/jpeg"}],"twitter_card":"summary_large_image","twitter_misc":{"Gesch\u00e4tzte Lesezeit":"3\u00a0Minuten"},"schema":{"@context":"https:\/\/schema.org","@graph":[{"@type":"WebPage","@id":"https:\/\/essenzediluce.com\/de\/projekte\/private-villa-ravenna\/","url":"https:\/\/essenzediluce.com\/de\/projekte\/private-villa-ravenna\/","name":"Au\u00dfenbeschallungssystems in Private Villa Ravenna - Essenze di Luce","isPartOf":{"@id":"https:\/\/essenzediluce.com\/#website"},"primaryImageOfPage":{"@id":"https:\/\/essenzediluce.com\/de\/projekte\/private-villa-ravenna\/#primaryimage"},"image":{"@id":"https:\/\/essenzediluce.com\/de\/projekte\/private-villa-ravenna\/#primaryimage"},"thumbnailUrl":"https:\/\/essenzediluce.com\/wp-content\/uploads\/2025\/02\/Impianto-audio-per-esterno-Essenze-di-Luce-Villa-Privata-Ravenna-COVER-IMG.jpg","datePublished":"2025-03-04T07:31:54+00:00","dateModified":"2025-03-21T09:07:34+00:00","description":"Au\u00dfenbeschallungssystems: die Menhire von Essenze di Luce schaffen die perfekte Atmosph\u00e4re in einem Garten mit W\u00fcstent\u00f6nen.","breadcrumb":{"@id":"https:\/\/essenzediluce.com\/de\/projekte\/private-villa-ravenna\/#breadcrumb"},"inLanguage":"de","potentialAction":[{"@type":"ReadAction","target":["https:\/\/essenzediluce.com\/de\/projekte\/private-villa-ravenna\/"]}]},{"@type":"ImageObject","inLanguage":"de","@id":"https:\/\/essenzediluce.com\/de\/projekte\/private-villa-ravenna\/#primaryimage","url":"https:\/\/essenzediluce.com\/wp-content\/uploads\/2025\/02\/Impianto-audio-per-esterno-Essenze-di-Luce-Villa-Privata-Ravenna-COVER-IMG.jpg","contentUrl":"https:\/\/essenzediluce.com\/wp-content\/uploads\/2025\/02\/Impianto-audio-per-esterno-Essenze-di-Luce-Villa-Privata-Ravenna-COVER-IMG.jpg","width":1500,"height":998,"caption":"Marmo Trani"},{"@type":"BreadcrumbList","@id":"https:\/\/essenzediluce.com\/de\/projekte\/private-villa-ravenna\/#breadcrumb","itemListElement":[{"@type":"ListItem","position":1,"name":"Home","item":"https:\/\/essenzediluce.com\/de\/"},{"@type":"ListItem","position":2,"name":"Private Villa Ravenna"}]},{"@type":"WebSite","@id":"https:\/\/essenzediluce.com\/#website","url":"https:\/\/essenzediluce.com\/","name":"Essenze di Luce","description":"","publisher":{"@id":"https:\/\/essenzediluce.com\/#organization"},"potentialAction":[{"@type":"SearchAction","target":{"@type":"EntryPoint","urlTemplate":"https:\/\/essenzediluce.com\/?s={search_term_string}"},"query-input":{"@type":"PropertyValueSpecification","valueRequired":true,"valueName":"search_term_string"}}],"inLanguage":"de"},{"@type":"Organization","@id":"https:\/\/essenzediluce.com\/#organization","name":"Essenze di Luce","url":"https:\/\/essenzediluce.com\/","logo":{"@type":"ImageObject","inLanguage":"de","@id":"https:\/\/essenzediluce.com\/#\/schema\/logo\/image\/","url":"https:\/\/essenzediluce.com\/wp-content\/uploads\/2017\/03\/el.jpg","contentUrl":"https:\/\/essenzediluce.com\/wp-content\/uploads\/2017\/03\/el.jpg","width":512,"height":512,"caption":"Essenze di Luce"},"image":{"@id":"https:\/\/essenzediluce.com\/#\/schema\/logo\/image\/"},"sameAs":["https:\/\/www.facebook.com\/essenzediluce.italy\/","https:\/\/www.instagram.com\/essenzediluce\/","https:\/\/www.youtube.com\/channel\/UCXKJKPfUYADaJMEm_9NAvrA"]}]}},"_links":{"self":[{"href":"https:\/\/essenzediluce.com\/de\/wp-json\/wp\/v2\/work\/21325"}],"collection":[{"href":"https:\/\/essenzediluce.com\/de\/wp-json\/wp\/v2\/work"}],"about":[{"href":"https:\/\/essenzediluce.com\/de\/wp-json\/wp\/v2\/types\/work"}],"replies":[{"embeddable":true,"href":"https:\/\/essenzediluce.com\/de\/wp-json\/wp\/v2\/comments?post=21325"}],"wp:featuredmedia":[{"embeddable":true,"href":"https:\/\/essenzediluce.com\/de\/wp-json\/wp\/v2\/media\/21294"}],"wp:attachment":[{"href":"https:\/\/essenzediluce.com\/de\/wp-json\/wp\/v2\/media?parent=21325"}],"wp:term":[{"taxonomy":"work_genre","embeddable":true,"href":"https:\/\/essenzediluce.com\/de\/wp-json\/wp\/v2\/work_genre?post=21325"}],"curies":[{"name":"wp","href":"https:\/\/api.w.org\/{rel}","templated":true}]}}