{"id":10992,"date":"2020-03-27T20:14:16","date_gmt":"2020-03-27T20:14:16","guid":{"rendered":"https:\/\/wlwp.it\/essenzediluce\/i-sistemi-illuminanti-essenze-di-luce\/"},"modified":"2026-01-28T12:21:45","modified_gmt":"2026-01-28T11:21:45","slug":"produits","status":"publish","type":"page","link":"https:\/\/essenzediluce.com\/fr\/produits\/","title":{"rendered":"Produits"},"content":{"rendered":"<div class=\"wpb-content-wrapper\">[vc_row][vc_column]\n\t\t\t<!-- START Prodotti_FR REVOLUTION SLIDER 6.6.16 --><p class=\"rs-p-wp-fix\"><\/p>\n\t\t\t<rs-module-wrap id=\"rev_slider_70_1_wrapper\" data-source=\"gallery\" style=\"visibility:hidden;background:transparent;padding:0;margin:0px auto;margin-top:0;margin-bottom:0;\">\n\t\t\t\t<rs-module id=\"rev_slider_70_1\" style=\"\" data-version=\"6.6.16\">\n\t\t\t\t\t<rs-slides style=\"overflow: hidden; position: absolute;\">\n\t\t\t\t\t\t<rs-slide style=\"position: absolute;\" data-key=\"rs-137\" data-title=\"Slide\" data-in=\"o:0;\" data-out=\"a:false;\">\n\t\t\t\t\t\t\t<img decoding=\"async\" src=\"\/\/essenzediluce.com\/wp-content\/plugins\/revslider\/public\/assets\/assets\/dummy.png\" alt=\"Pietre luminose per giardino\" title=\"EL-WebSite-PRODOTTI\" width=\"1920\" height=\"1050\" class=\"rev-slidebg tp-rs-img rs-lazyload\" data-lazyload=\"\/\/essenzediluce.com\/wp-content\/uploads\/2023\/02\/EL-WebSite-PRODOTTI.jpg\" data-no-retina>\n<!--\n\t\t\t\t\t\t\t--><rs-layer\n\t\t\t\t\t\t\t\tid=\"slider-70-slide-137-layer-1\" \n\t\t\t\t\t\t\t\tclass=\"ht\"\n\t\t\t\t\t\t\t\tdata-type=\"text\"\n\t\t\t\t\t\t\t\tdata-rsp_ch=\"on\"\n\t\t\t\t\t\t\t\tdata-xy=\"xo:49px,36px,29px,26px;yo:387px,274px,393px,395px;\"\n\t\t\t\t\t\t\t\tdata-text=\"w:normal;s:80,66,80,45;l:80,66,80,50;\"\n\t\t\t\t\t\t\t\tdata-dim=\"w:773px,638px,484px,283px;h:251px,207px,267px,auto;\"\n\t\t\t\t\t\t\t\tdata-frame_1=\"st:500;sp:1000;sR:500;\"\n\t\t\t\t\t\t\t\tdata-frame_999=\"o:0;st:w;sR:5500;\"\n\t\t\t\t\t\t\t\tstyle=\"z-index:9;font-family:'Roboto';\"\n\t\t\t\t\t\t\t>Eclairage et sonorisation ext\u00e9rieurs \n\t\t\t\t\t\t\t<\/rs-layer><!--\n\n\t\t\t\t\t\t\t--><rs-layer\n\t\t\t\t\t\t\t\tid=\"slider-70-slide-137-layer-2\" \n\t\t\t\t\t\t\t\tdata-type=\"text\"\n\t\t\t\t\t\t\t\tdata-rsp_ch=\"on\"\n\t\t\t\t\t\t\t\tdata-xy=\"xo:54px,42px,30px,29px;yo:664px,533px,707px,593px;\"\n\t\t\t\t\t\t\t\tdata-text=\"w:normal;s:40,33,35,30;l:40,33,40,35;fw:300;\"\n\t\t\t\t\t\t\t\tdata-dim=\"w:auto,auto,552px,340px;h:auto,auto,135px,83px;\"\n\t\t\t\t\t\t\t\tdata-frame_0=\"sX:0.9;sY:0.9;\"\n\t\t\t\t\t\t\t\tdata-frame_1=\"st:1000;sp:1000;sR:1000;\"\n\t\t\t\t\t\t\t\tdata-frame_999=\"o:0;st:w;sR:5000;\"\n\t\t\t\t\t\t\t\tstyle=\"z-index:8;font-family:'Roboto';\"\n\t\t\t\t\t\t\t>MADE IN ITALY \n\t\t\t\t\t\t\t<\/rs-layer><!--\n-->\t\t\t\t\t\t<\/rs-slide>\n\t\t\t\t\t<\/rs-slides>\n\t\t\t\t\t<rs-static-layers class=\"rs-stl-visible\"><!--\n\t\t\t\t\t--><\/rs-static-layers>\n\t\t\t\t<\/rs-module>\n\t\t\t\t<script>\n\t\t\t\t\tsetREVStartSize({c: 'rev_slider_70_1',rl:[1920,1024,778,480],el:[868,768,960,720],gw:[1240,1024,778,480],gh:[868,768,960,720],type:'standard',justify:'',layout:'fullwidth',mh:\"0\"});if (window.RS_MODULES!==undefined && window.RS_MODULES.modules!==undefined && window.RS_MODULES.modules[\"revslider701\"]!==undefined) {window.RS_MODULES.modules[\"revslider701\"].once = false;window.revapi70 = undefined;if (window.RS_MODULES.checkMinimal!==undefined) window.RS_MODULES.checkMinimal()}\n\t\t\t\t<\/script>\n\t\t\t<\/rs-module-wrap>\n\t\t\t<!-- END REVOLUTION SLIDER -->\n[\/vc_column][\/vc_row][vc_row css=&#8221;.vc_custom_1655375315255{margin-bottom: 0px !important;border-bottom-width: 0px !important;padding-bottom: 0px !important;}&#8221;][vc_column css_animation=&#8221;none&#8221;][vc_empty_space][vc_column_text css_animation=&#8221;none&#8221; css=&#8221;&#8221;]\r\n<h1 style=\"text-align: center;\"><strong>Eclairage ext\u00e9rieur jardin<\/strong><\/h1>\r\n<h2 style=\"text-align: center;\">Syst\u00e8mes d&#8217;\u00e9clairage et de sonorisation pour l&#8217;ext\u00e9rieur<\/h2>\r\n[\/vc_column_text][vc_column_text css=&#8221;.vc_custom_1769596193593{margin-bottom: 0px !important;border-bottom-width: 0px !important;padding-bottom: 0px !important;}&#8221;]<strong>Eclairage ext\u00e9rieur jardin<\/strong> &#8211; Nous concevons et fabriquons des lampes et des enceintes en marbre pour l&#8217;ext\u00e9rieur, destin\u00e9es \u00e0 ceux qui souhaitent personnaliser leur espace ext\u00e9rieur, le rendre reconnaissable et lui donner du caract\u00e8re. Chaque jour, nous travaillons le marbre avec un savoir-faire artisanal, comme nous l&#8217;avons toujours fait, mais en restant concentr\u00e9s sur le pr\u00e9sent : le r\u00e9sultat est des <strong>produits techniques et durables, au design authentique<\/strong>, qui apportent lumi\u00e8re et son aux espaces ext\u00e9rieurs avec un style unique.\r\n\r\nLe marbre est notre fil conducteur : il orne chaque produit, du plus spectaculaire au plus fonctionnel, donnant identit\u00e9 et continuit\u00e9 \u00e0 toutes les collections. Chaque composant est cr\u00e9\u00e9 dans notre atelier du Frioul, o\u00f9 l&#8217;artisanat se combine avec la pr\u00e9cision et l&#8217;attention port\u00e9e au design. <strong>C&#8217;est pourquoi ce que nous cr\u00e9ons ne peut \u00eatre standardis\u00e9<\/strong> : chaque lampe et chaque enceinte raconte l&#8217;identit\u00e9 de ceux qui les choisissent, d\u00e9finissant des espaces avec authenticit\u00e9 et caract\u00e8re reconnaissable. <span style=\"color: #ffffff;\">\u00e9clairage ext\u00e9rieur jardin<\/span>[\/vc_column_text][vc_empty_space height=&#8221;60px&#8221;][\/vc_column][\/vc_row][vc_row full_width=&#8221;stretch_row&#8221; gap=&#8221;25&#8243; css=&#8221;.vc_custom_1769588981736{margin-bottom: 0px !important;border-bottom-width: 0px !important;padding-top: 20px !important;padding-bottom: 0px !important;background-color: #f2f2f2 !important;}&#8221;][vc_column css_animation=&#8221;none&#8221; css=&#8221;.vc_custom_1769589870540{margin-bottom: 0px !important;border-bottom-width: 0px !important;border-left-width: 0px !important;padding-top: 20px !important;padding-bottom: 0px !important;padding-left: 0px !important;background-position: center !important;background-repeat: no-repeat !important;background-size: cover !important;}&#8221;][vc_column_text css_animation=&#8221;fadeIn&#8221; css=&#8221;.vc_custom_1769596253263{margin-bottom: 0px !important;}&#8221;]\r\n<h2 style=\"text-align: center;\">D\u00e9couvrez nos Collections<\/h2>\r\n<p style=\"text-align: center;\"><span style=\"color: #f2f2f2;\">D\u00e9couvrez tous les produits d&#8217;\u00e9clairage ext\u00e9rieur jardin<\/span><\/p>\r\n[\/vc_column_text][vc_row_inner gap=&#8221;30&#8243;][vc_column_inner width=&#8221;1\/3&#8243;][vc_column_text css=&#8221;&#8221;]\r\n<h3 style=\"text-align: center;\"><strong>COLLECTION\u00a0<\/strong><strong>ATMOSPHERE <\/strong><\/h3>\r\n[\/vc_column_text][vc_single_image image=&#8221;23094&#8243; img_size=&#8221;full&#8221; alignment=&#8221;center&#8221; onclick=&#8221;custom_link&#8221; css=&#8221;&#8221; link=&#8221;https:\/\/essenzediluce.com\/fr\/collection-atmosphere\/&#8221;][vc_column_text css=&#8221;&#8221;]<strong>Menhir : notre lampe la plus iconique<\/strong>\r\n\r\nC&#8217;est ici que tout a commenc\u00e9 : l&#8217;originale et incomparable Menhir est le produit qui a fait de nous les pionniers de l&#8217;\u00e9clairage ext\u00e9rieur en marbre. Enti\u00e8rement r\u00e9alis\u00e9e \u00e0 la main, num\u00e9rot\u00e9e et personnalis\u00e9e, elle reste le symbole de notre marque, diffusant une <strong>lumi\u00e8re \u00e9motionnelle et sc\u00e9nique et transformant le jardin en un espace de vie unique<\/strong>.[\/vc_column_text][vc_btn title=&#8221;D\u00c9COUVREZ LA COLLECTION ATMOSPHERE&#8221; style=&#8221;flat&#8221; shape=&#8221;square&#8221; color=&#8221;black&#8221; align=&#8221;center&#8221; i_icon_fontawesome=&#8221;far fa-arrow-alt-circle-right&#8221; css=&#8221;&#8221; add_icon=&#8221;true&#8221; link=&#8221;url:https%3A%2F%2Fessenzediluce.com%2Ffr%2Fcollection-atmosphere%2F|title:ATMOSPHERE%20COLLECTION&#8221;][\/vc_column_inner][vc_column_inner width=&#8221;1\/3&#8243;][vc_column_text css=&#8221;&#8221;]\r\n<h3 style=\"text-align: center;\"><strong>COLLECTION ESSENTIELLE<\/strong><\/h3>\r\n[\/vc_column_text][vc_single_image image=&#8221;23090&#8243; img_size=&#8221;full&#8221; alignment=&#8221;center&#8221; onclick=&#8221;custom_link&#8221; css=&#8221;&#8221; link=&#8221;https:\/\/essenzediluce.com\/fr\/collection-essentielle\/&#8221;][vc_column_text css=&#8221;&#8221;]<strong>Design essentiel, lumi\u00e8re puissante<\/strong>\r\n\r\n<strong>La Collection Essentielle donne au marbre une dimension fonctionnelle et contemporaine<\/strong>. Chaque produit conserve son rev\u00eatement en pierre naturelle, un mat\u00e9riau noble et intemporel qui allie esth\u00e9tique et durabilit\u00e9 : des spots de sol aux bornes lumineuses, chaque \u00e9l\u00e9ment \u00e9claire avec puissance et pr\u00e9cision, se d\u00e9marquant dans le paysage de l&#8217;\u00e9clairage ext\u00e9rieur.[\/vc_column_text][vc_btn title=&#8221;D\u00c9COUVREZ LA COLLECTION ESSENTIELLE&#8221; style=&#8221;flat&#8221; shape=&#8221;square&#8221; color=&#8221;black&#8221; align=&#8221;center&#8221; i_icon_fontawesome=&#8221;far fa-arrow-alt-circle-right&#8221; css=&#8221;&#8221; add_icon=&#8221;true&#8221; link=&#8221;url:https%3A%2F%2Fessenzediluce.com%2Ffr%2Fcollection-essentielle%2F|title:COLLECTION%20ESSENTIELLE&#8221;][\/vc_column_inner][vc_column_inner width=&#8221;1\/3&#8243;][vc_column_text css=&#8221;&#8221;]\r\n<h3 style=\"text-align: center;\"><strong>COLLECTION AUDIO<\/strong><\/h3>\r\n[\/vc_column_text][vc_single_image image=&#8221;23098&#8243; img_size=&#8221;full&#8221; alignment=&#8221;center&#8221; onclick=&#8221;custom_link&#8221; css=&#8221;&#8221; link=&#8221;https:\/\/essenzediluce.com\/fr\/collection-audio\/&#8221;][vc_column_text css=&#8221;&#8221;]<strong>Lumi\u00e8re et son en parfait \u00e9quilibre<\/strong>\r\n\r\nAvec les enceintes d&#8217;ext\u00e9rieur Menhir Sound, nous avons combin\u00e9 <strong>exp\u00e9rience sensorielle et technologie pour cr\u00e9er des produits qui apportent \u00e9l\u00e9gance et qualit\u00e9 aux espaces ext\u00e9rieurs<\/strong>. Ici aussi, le marbre est le mat\u00e9riau principal, un mat\u00e9riau qui habille et prot\u00e8ge le c\u0153ur audio, transformant la lumi\u00e8re et le son en une exp\u00e9rience immersive et reconnaissable.[\/vc_column_text][vc_btn title=&#8221;D\u00c9COUVREZ LA COLLECTION AUDIO&#8221; style=&#8221;flat&#8221; shape=&#8221;square&#8221; color=&#8221;black&#8221; align=&#8221;center&#8221; i_icon_fontawesome=&#8221;far fa-arrow-alt-circle-right&#8221; css=&#8221;&#8221; add_icon=&#8221;true&#8221; link=&#8221;url:https%3A%2F%2Fessenzediluce.com%2Ffr%2Fcollection-audio%2F|title:COLLECTION%20AUDIO&#8221;][\/vc_column_inner][\/vc_row_inner][\/vc_column][\/vc_row][vc_row][vc_column][vc_empty_space height=&#8221;32&#8243;][vc_column_text css=&#8221;&#8221;]\r\n<h2 style=\"text-align: center;\">Contactez-nous pour plus d&#8217;informations sur l&#8217;\u00e9clairage ext\u00e9rieur jardin<\/h2>\r\n[\/vc_column_text]\n<div class=\"wpcf7 no-js\" id=\"wpcf7-f20907-o1\" lang=\"fr-FR\" dir=\"ltr\" data-wpcf7-id=\"20907\">\n<div class=\"screen-reader-response\"><p role=\"status\" aria-live=\"polite\" aria-atomic=\"true\"><\/p> <ul><\/ul><\/div>\n<form action=\"\/fr\/wp-json\/wp\/v2\/pages\/10992#wpcf7-f20907-o1\" method=\"post\" class=\"wpcf7-form init\" aria-label=\"Formulaire de contact\" novalidate=\"novalidate\" data-status=\"init\">\n<div style=\"display: none;\">\n<input type=\"hidden\" name=\"_wpcf7\" value=\"20907\" \/>\n<input type=\"hidden\" name=\"_wpcf7_version\" value=\"6.0.6\" \/>\n<input type=\"hidden\" name=\"_wpcf7_locale\" value=\"fr_FR\" \/>\n<input type=\"hidden\" name=\"_wpcf7_unit_tag\" value=\"wpcf7-f20907-o1\" \/>\n<input type=\"hidden\" name=\"_wpcf7_container_post\" value=\"0\" \/>\n<input type=\"hidden\" name=\"_wpcf7_posted_data_hash\" value=\"\" \/>\n<\/div>\n<div class=\"two-column\">\n\t<div class=\"left\">\n\t\t<p><span class=\"wpcf7-form-control-wrap\" data-name=\"your-name\"><input size=\"40\" maxlength=\"400\" class=\"wpcf7-form-control wpcf7-text wpcf7-validates-as-required\" aria-required=\"true\" aria-invalid=\"false\" placeholder=\"Nom*\" value=\"\" type=\"text\" name=\"your-name\" \/><\/span>\n\t\t<\/p>\n\t<\/div>\n\t<div class=\"right\">\n\t\t<p><span class=\"wpcf7-form-control-wrap\" data-name=\"your-surname\"><input size=\"40\" maxlength=\"400\" class=\"wpcf7-form-control wpcf7-text wpcf7-validates-as-required\" aria-required=\"true\" aria-invalid=\"false\" placeholder=\"Nom de Famille*\" value=\"\" type=\"text\" name=\"your-surname\" \/><\/span>\n\t\t<\/p>\n\t<\/div>\n<\/div>\n<div class=\"two-column\">\n\t<div class=\"left comp-left\">\n\t\t<p><span class=\"wpcf7-form-control-wrap\" data-name=\"phone\"><input size=\"40\" maxlength=\"400\" class=\"wpcf7-form-control wpcf7-tel wpcf7-validates-as-required wpcf7-text wpcf7-validates-as-tel\" aria-required=\"true\" aria-invalid=\"false\" placeholder=\"T\u00e9l\u00e9phone*\" value=\"\" type=\"tel\" name=\"phone\" \/><\/span>\n\t\t<\/p>\n\t<\/div>\n\t<div class=\"right comp-right\">\n\t\t<p><span class=\"wpcf7-form-control-wrap\" data-name=\"your-email\"><input size=\"40\" maxlength=\"400\" class=\"wpcf7-form-control wpcf7-email wpcf7-validates-as-required wpcf7-text wpcf7-validates-as-email\" aria-required=\"true\" aria-invalid=\"false\" placeholder=\"E-mail*\" value=\"\" type=\"email\" name=\"your-email\" \/><\/span>\n\t\t<\/p>\n\t<\/div>\n<\/div>\n<div class=\"two-column\">\n\t<div class=\"left\">\n\t\t<p><span class=\"wpcf7-form-control-wrap\" data-name=\"citta\"><input size=\"40\" maxlength=\"400\" class=\"wpcf7-form-control wpcf7-text wpcf7-validates-as-required\" aria-required=\"true\" aria-invalid=\"false\" placeholder=\"Ville*\" value=\"\" type=\"text\" name=\"citta\" \/><\/span>\n\t\t<\/p>\n\t<\/div>\n\t<div class=\"right\">\n\t\t<p><span class=\"wpcf7-form-control-wrap\" data-name=\"CAP\"><input size=\"40\" maxlength=\"400\" class=\"wpcf7-form-control wpcf7-text\" aria-invalid=\"false\" placeholder=\"Code Postal\" value=\"\" type=\"text\" name=\"CAP\" \/><\/span>\n\t\t<\/p>\n\t<\/div>\n<\/div>\n<div class=\"comp\">\n\t<p><span class=\"wpcf7-form-control-wrap\" data-name=\"company\"><input size=\"40\" maxlength=\"400\" class=\"wpcf7-form-control wpcf7-text\" aria-invalid=\"false\" placeholder=\"Soci\u00e9t\u00e9\" value=\"\" type=\"text\" name=\"company\" \/><\/span>\n\t<\/p>\n<\/div>\n<div>\n\t<p>R\u00f4le*: <span class=\"wpcf7-form-control-wrap\" data-name=\"ruolo\"><select class=\"wpcf7-form-control wpcf7-select wpcf7-validates-as-required\" aria-required=\"true\" aria-invalid=\"false\" name=\"ruolo\"><option value=\"\">&#8212;Veuillez choisir une option&#8212;<\/option><option value=\"Private\">Private<\/option><option value=\"Architecte\">Architecte<\/option><option value=\"Jardinier\">Jardinier<\/option><option value=\"Architecte paysagiste\">Architecte paysagiste<\/option><option value=\"D\u00e9taillant\">D\u00e9taillant<\/option><option value=\"Installateur\">Installateur<\/option><\/select><\/span>\n\t<\/p>\n<\/div>\n<div class=\"message\">\n\t<p><span class=\"wpcf7-form-control-wrap\" data-name=\"your-message\"><textarea cols=\"40\" rows=\"10\" maxlength=\"2000\" class=\"wpcf7-form-control wpcf7-textarea wpcf7-validates-as-required\" aria-required=\"true\" aria-invalid=\"false\" placeholder=\"Message*\" name=\"your-message\"><\/textarea><\/span>\n\t<\/p>\n<\/div>\n<div>\n\t<p><span class=\"wpcf7-form-control-wrap\" data-name=\"accept-this\"><span class=\"wpcf7-form-control wpcf7-acceptance\"><span class=\"wpcf7-list-item\"><input type=\"checkbox\" name=\"accept-this\" value=\"1\" aria-invalid=\"false\" \/><\/span><\/span><\/span> OUI, J'ACCEPTE LES TERMES ET CONDITIONS: Je consens au traitement de mes donn\u00e9es personnelles dans le seul but de traiter ma demande et sa mise \u00e0 jour.<a class=\"fancybox-iframe {width:100%,height:100%}\" href=\"https:\/\/essenzediluce.com\/privacy-policy\/\"><strong>Privacy Policy<\/strong><\/a>\n\t<\/p>\n<\/div>\n<div>\n\t<p><span class=\"wpcf7-form-control-wrap\" data-name=\"your-consent-sendinblue\"><span class=\"wpcf7-form-control wpcf7-acceptance optional\"><span class=\"wpcf7-list-item\"><label><input type=\"checkbox\" name=\"your-consent-sendinblue\" value=\"1\" aria-invalid=\"false\" \/><span class=\"wpcf7-list-item-label\">INSCRIVEZ-MOI \u00c0 LA NEWSLETTER<\/span><\/label><\/span><\/span><\/span>: Je souhaite recevoir des communications et des mises \u00e0 jour sur les projets, les nouveaux produits et les \u00e9v\u00e9nements.\n\t<\/p>\n<\/div>\n<div>\n\t<p><input class=\"wpcf7-form-control wpcf7-submit has-spinner\" type=\"submit\" value=\"Envoyer\" \/>\n\t<\/p>\n<\/div><div class=\"wpcf7-response-output\" aria-hidden=\"true\"><\/div>\n<\/form>\n<\/div>\n[vc_column_text css=&#8221;&#8221;]\r\n<p style=\"text-align: center;\"><a href=\"https:\/\/www.instagram.com\/essenzediluce\/\" target=\"_blank\" rel=\"noopener\"><span style=\"color: #ffffff;\">D\u00e9couvrez nos \u00e9clairage ext\u00e9rieur jardin sur Instagram<\/span><\/a><\/p>\r\n[\/vc_column_text][\/vc_column][\/vc_row]<\/div>","protected":false},"excerpt":{"rendered":"<p>[vc_row][vc_column][\/vc_column][\/vc_row][vc_row css=&#8221;.vc_custom_1655375315255{margin-bottom: 0px !important;border-bottom-width: 0px !important;padding-bottom: 0px !important;}&#8221;][vc_column css_animation=&#8221;none&#8221;][vc_empty_space][vc_column_text css_animation=&#8221;none&#8221; css=&#8221;&#8221;] Eclairage ext\u00e9rieur jardin Syst\u00e8mes d&#8217;\u00e9clairage et de sonorisation pour l&#8217;ext\u00e9rieur [\/vc_column_text][vc_column_text css=&#8221;.vc_custom_1769596193593{margin-bottom: 0px !important;border-bottom-width: 0px !important;padding-bottom: 0px !important;}&#8221;]Eclairage ext\u00e9rieur jardin &#8211; Nous concevons et fabriquons des lampes et des&hellip;<\/p>\n<p> <a class=\"more-link\" href=\"https:\/\/essenzediluce.com\/fr\/produits\/\">Lire la suite<\/a><\/p>\n","protected":false},"author":2,"featured_media":14452,"parent":0,"menu_order":0,"comment_status":"closed","ping_status":"closed","template":"","meta":{"footnotes":""},"class_list":["post-10992","page","type-page","status-publish","has-post-thumbnail"],"yoast_head":"<!-- This site is optimized with the Yoast SEO plugin v24.5 - https:\/\/yoast.com\/wordpress\/plugins\/seo\/ -->\n<title>Eclairage ext\u00e9rieur jardin en marbre - Fabriqu\u00e9 en Italie - Essenze di Luce<\/title>\n<meta name=\"description\" content=\"Eclairage ext\u00e9rieur jardin: lampes d&#039;ext\u00e9rieur en pierre naturelle et enceintes exterieur pour le jardin. Fabriqu\u00e9 \u00e0 la main en Italie.\" \/>\n<meta name=\"robots\" content=\"index, follow, max-snippet:-1, max-image-preview:large, max-video-preview:-1\" \/>\n<link rel=\"canonical\" href=\"https:\/\/essenzediluce.com\/fr\/produits\/\" \/>\n<meta property=\"og:locale\" content=\"fr_FR\" \/>\n<meta property=\"og:type\" content=\"article\" \/>\n<meta property=\"og:title\" content=\"Eclairage ext\u00e9rieur jardin en marbre - Fabriqu\u00e9 en Italie - Essenze di Luce\" \/>\n<meta property=\"og:description\" content=\"Eclairage ext\u00e9rieur jardin: lampes d&#039;ext\u00e9rieur en pierre naturelle et enceintes exterieur pour le jardin. Fabriqu\u00e9 \u00e0 la main en Italie.\" \/>\n<meta property=\"og:url\" content=\"https:\/\/essenzediluce.com\/fr\/produits\/\" \/>\n<meta property=\"og:site_name\" content=\"Essenze di Luce\" \/>\n<meta property=\"article:publisher\" content=\"https:\/\/www.facebook.com\/essenzediluce.italy\/\" \/>\n<meta property=\"article:modified_time\" content=\"2026-01-28T11:21:45+00:00\" \/>\n<meta property=\"og:image\" content=\"https:\/\/essenzediluce.com\/wp-content\/uploads\/2023\/02\/EL-WebSite-PRODOTTI.jpg\" \/>\n\t<meta property=\"og:image:width\" content=\"1920\" \/>\n\t<meta property=\"og:image:height\" content=\"1050\" \/>\n\t<meta property=\"og:image:type\" content=\"image\/jpeg\" \/>\n<meta name=\"twitter:card\" content=\"summary_large_image\" \/>\n<meta name=\"twitter:label1\" content=\"Dur\u00e9e de lecture estim\u00e9e\" \/>\n\t<meta name=\"twitter:data1\" content=\"3 minutes\" \/>\n<script type=\"application\/ld+json\" class=\"yoast-schema-graph\">{\"@context\":\"https:\/\/schema.org\",\"@graph\":[{\"@type\":\"WebPage\",\"@id\":\"https:\/\/essenzediluce.com\/fr\/produits\/\",\"url\":\"https:\/\/essenzediluce.com\/fr\/produits\/\",\"name\":\"Eclairage ext\u00e9rieur jardin en marbre - Fabriqu\u00e9 en Italie - Essenze di Luce\",\"isPartOf\":{\"@id\":\"https:\/\/essenzediluce.com\/#website\"},\"primaryImageOfPage\":{\"@id\":\"https:\/\/essenzediluce.com\/fr\/produits\/#primaryimage\"},\"image\":{\"@id\":\"https:\/\/essenzediluce.com\/fr\/produits\/#primaryimage\"},\"thumbnailUrl\":\"https:\/\/essenzediluce.com\/wp-content\/uploads\/2023\/02\/EL-WebSite-PRODOTTI.jpg\",\"datePublished\":\"2020-03-27T20:14:16+00:00\",\"dateModified\":\"2026-01-28T11:21:45+00:00\",\"description\":\"Eclairage ext\u00e9rieur jardin: lampes d'ext\u00e9rieur en pierre naturelle et enceintes exterieur pour le jardin. Fabriqu\u00e9 \u00e0 la main en Italie.\",\"breadcrumb\":{\"@id\":\"https:\/\/essenzediluce.com\/fr\/produits\/#breadcrumb\"},\"inLanguage\":\"fr-FR\",\"potentialAction\":[{\"@type\":\"ReadAction\",\"target\":[\"https:\/\/essenzediluce.com\/fr\/produits\/\"]}]},{\"@type\":\"ImageObject\",\"inLanguage\":\"fr-FR\",\"@id\":\"https:\/\/essenzediluce.com\/fr\/produits\/#primaryimage\",\"url\":\"https:\/\/essenzediluce.com\/wp-content\/uploads\/2023\/02\/EL-WebSite-PRODOTTI.jpg\",\"contentUrl\":\"https:\/\/essenzediluce.com\/wp-content\/uploads\/2023\/02\/EL-WebSite-PRODOTTI.jpg\",\"width\":1920,\"height\":1050,\"caption\":\"\u00e9clairage ext\u00e9rieur jardin\"},{\"@type\":\"BreadcrumbList\",\"@id\":\"https:\/\/essenzediluce.com\/fr\/produits\/#breadcrumb\",\"itemListElement\":[{\"@type\":\"ListItem\",\"position\":1,\"name\":\"Home\",\"item\":\"https:\/\/essenzediluce.com\/fr\/\"},{\"@type\":\"ListItem\",\"position\":2,\"name\":\"Produits\"}]},{\"@type\":\"WebSite\",\"@id\":\"https:\/\/essenzediluce.com\/#website\",\"url\":\"https:\/\/essenzediluce.com\/\",\"name\":\"Essenze di Luce\",\"description\":\"\",\"publisher\":{\"@id\":\"https:\/\/essenzediluce.com\/#organization\"},\"potentialAction\":[{\"@type\":\"SearchAction\",\"target\":{\"@type\":\"EntryPoint\",\"urlTemplate\":\"https:\/\/essenzediluce.com\/?s={search_term_string}\"},\"query-input\":{\"@type\":\"PropertyValueSpecification\",\"valueRequired\":true,\"valueName\":\"search_term_string\"}}],\"inLanguage\":\"fr-FR\"},{\"@type\":\"Organization\",\"@id\":\"https:\/\/essenzediluce.com\/#organization\",\"name\":\"Essenze di Luce\",\"url\":\"https:\/\/essenzediluce.com\/\",\"logo\":{\"@type\":\"ImageObject\",\"inLanguage\":\"fr-FR\",\"@id\":\"https:\/\/essenzediluce.com\/#\/schema\/logo\/image\/\",\"url\":\"https:\/\/essenzediluce.com\/wp-content\/uploads\/2017\/03\/el.jpg\",\"contentUrl\":\"https:\/\/essenzediluce.com\/wp-content\/uploads\/2017\/03\/el.jpg\",\"width\":512,\"height\":512,\"caption\":\"Essenze di Luce\"},\"image\":{\"@id\":\"https:\/\/essenzediluce.com\/#\/schema\/logo\/image\/\"},\"sameAs\":[\"https:\/\/www.facebook.com\/essenzediluce.italy\/\",\"https:\/\/www.instagram.com\/essenzediluce\/\",\"https:\/\/www.youtube.com\/channel\/UCXKJKPfUYADaJMEm_9NAvrA\"]}]}<\/script>\n<!-- \/ Yoast SEO plugin. -->","yoast_head_json":{"title":"Eclairage ext\u00e9rieur jardin en marbre - Fabriqu\u00e9 en Italie - Essenze di Luce","description":"Eclairage ext\u00e9rieur jardin: lampes d'ext\u00e9rieur en pierre naturelle et enceintes exterieur pour le jardin. Fabriqu\u00e9 \u00e0 la main en Italie.","robots":{"index":"index","follow":"follow","max-snippet":"max-snippet:-1","max-image-preview":"max-image-preview:large","max-video-preview":"max-video-preview:-1"},"canonical":"https:\/\/essenzediluce.com\/fr\/produits\/","og_locale":"fr_FR","og_type":"article","og_title":"Eclairage ext\u00e9rieur jardin en marbre - Fabriqu\u00e9 en Italie - Essenze di Luce","og_description":"Eclairage ext\u00e9rieur jardin: lampes d'ext\u00e9rieur en pierre naturelle et enceintes exterieur pour le jardin. Fabriqu\u00e9 \u00e0 la main en Italie.","og_url":"https:\/\/essenzediluce.com\/fr\/produits\/","og_site_name":"Essenze di Luce","article_publisher":"https:\/\/www.facebook.com\/essenzediluce.italy\/","article_modified_time":"2026-01-28T11:21:45+00:00","og_image":[{"width":1920,"height":1050,"url":"https:\/\/essenzediluce.com\/wp-content\/uploads\/2023\/02\/EL-WebSite-PRODOTTI.jpg","type":"image\/jpeg"}],"twitter_card":"summary_large_image","twitter_misc":{"Dur\u00e9e de lecture estim\u00e9e":"3 minutes"},"schema":{"@context":"https:\/\/schema.org","@graph":[{"@type":"WebPage","@id":"https:\/\/essenzediluce.com\/fr\/produits\/","url":"https:\/\/essenzediluce.com\/fr\/produits\/","name":"Eclairage ext\u00e9rieur jardin en marbre - Fabriqu\u00e9 en Italie - Essenze di Luce","isPartOf":{"@id":"https:\/\/essenzediluce.com\/#website"},"primaryImageOfPage":{"@id":"https:\/\/essenzediluce.com\/fr\/produits\/#primaryimage"},"image":{"@id":"https:\/\/essenzediluce.com\/fr\/produits\/#primaryimage"},"thumbnailUrl":"https:\/\/essenzediluce.com\/wp-content\/uploads\/2023\/02\/EL-WebSite-PRODOTTI.jpg","datePublished":"2020-03-27T20:14:16+00:00","dateModified":"2026-01-28T11:21:45+00:00","description":"Eclairage ext\u00e9rieur jardin: lampes d'ext\u00e9rieur en pierre naturelle et enceintes exterieur pour le jardin. Fabriqu\u00e9 \u00e0 la main en Italie.","breadcrumb":{"@id":"https:\/\/essenzediluce.com\/fr\/produits\/#breadcrumb"},"inLanguage":"fr-FR","potentialAction":[{"@type":"ReadAction","target":["https:\/\/essenzediluce.com\/fr\/produits\/"]}]},{"@type":"ImageObject","inLanguage":"fr-FR","@id":"https:\/\/essenzediluce.com\/fr\/produits\/#primaryimage","url":"https:\/\/essenzediluce.com\/wp-content\/uploads\/2023\/02\/EL-WebSite-PRODOTTI.jpg","contentUrl":"https:\/\/essenzediluce.com\/wp-content\/uploads\/2023\/02\/EL-WebSite-PRODOTTI.jpg","width":1920,"height":1050,"caption":"\u00e9clairage ext\u00e9rieur jardin"},{"@type":"BreadcrumbList","@id":"https:\/\/essenzediluce.com\/fr\/produits\/#breadcrumb","itemListElement":[{"@type":"ListItem","position":1,"name":"Home","item":"https:\/\/essenzediluce.com\/fr\/"},{"@type":"ListItem","position":2,"name":"Produits"}]},{"@type":"WebSite","@id":"https:\/\/essenzediluce.com\/#website","url":"https:\/\/essenzediluce.com\/","name":"Essenze di Luce","description":"","publisher":{"@id":"https:\/\/essenzediluce.com\/#organization"},"potentialAction":[{"@type":"SearchAction","target":{"@type":"EntryPoint","urlTemplate":"https:\/\/essenzediluce.com\/?s={search_term_string}"},"query-input":{"@type":"PropertyValueSpecification","valueRequired":true,"valueName":"search_term_string"}}],"inLanguage":"fr-FR"},{"@type":"Organization","@id":"https:\/\/essenzediluce.com\/#organization","name":"Essenze di Luce","url":"https:\/\/essenzediluce.com\/","logo":{"@type":"ImageObject","inLanguage":"fr-FR","@id":"https:\/\/essenzediluce.com\/#\/schema\/logo\/image\/","url":"https:\/\/essenzediluce.com\/wp-content\/uploads\/2017\/03\/el.jpg","contentUrl":"https:\/\/essenzediluce.com\/wp-content\/uploads\/2017\/03\/el.jpg","width":512,"height":512,"caption":"Essenze di Luce"},"image":{"@id":"https:\/\/essenzediluce.com\/#\/schema\/logo\/image\/"},"sameAs":["https:\/\/www.facebook.com\/essenzediluce.italy\/","https:\/\/www.instagram.com\/essenzediluce\/","https:\/\/www.youtube.com\/channel\/UCXKJKPfUYADaJMEm_9NAvrA"]}]}},"_links":{"self":[{"href":"https:\/\/essenzediluce.com\/fr\/wp-json\/wp\/v2\/pages\/10992"}],"collection":[{"href":"https:\/\/essenzediluce.com\/fr\/wp-json\/wp\/v2\/pages"}],"about":[{"href":"https:\/\/essenzediluce.com\/fr\/wp-json\/wp\/v2\/types\/page"}],"author":[{"embeddable":true,"href":"https:\/\/essenzediluce.com\/fr\/wp-json\/wp\/v2\/users\/2"}],"replies":[{"embeddable":true,"href":"https:\/\/essenzediluce.com\/fr\/wp-json\/wp\/v2\/comments?post=10992"}],"version-history":[{"count":26,"href":"https:\/\/essenzediluce.com\/fr\/wp-json\/wp\/v2\/pages\/10992\/revisions"}],"predecessor-version":[{"id":23110,"href":"https:\/\/essenzediluce.com\/fr\/wp-json\/wp\/v2\/pages\/10992\/revisions\/23110"}],"wp:featuredmedia":[{"embeddable":true,"href":"https:\/\/essenzediluce.com\/fr\/wp-json\/wp\/v2\/media\/14452"}],"wp:attachment":[{"href":"https:\/\/essenzediluce.com\/fr\/wp-json\/wp\/v2\/media?parent=10992"}],"curies":[{"name":"wp","href":"https:\/\/api.w.org\/{rel}","templated":true}]}}