{"id":11231,"date":"2020-03-23T18:06:54","date_gmt":"2020-03-23T18:06:54","guid":{"rendered":"https:\/\/wlwp.it\/essenzediluce\/i-sistemi-illuminanti-essenze-di-luce\/menhir-minimal\/"},"modified":"2026-03-05T16:51:23","modified_gmt":"2026-03-05T15:51:23","slug":"lampes-d-exterieur-menhir-minimal","status":"publish","type":"page","link":"https:\/\/essenzediluce.com\/fr\/produits\/lampes-d-exterieur-menhir-minimal\/","title":{"rendered":"Menhir Minimal"},"content":{"rendered":"<div class=\"wpb-content-wrapper\">[vc_row][vc_column]\n\t\t\t<!-- START MenhirMinimal_FR_2020 REVOLUTION SLIDER 6.6.16 --><p class=\"rs-p-wp-fix\"><\/p>\n\t\t\t<rs-module-wrap id=\"rev_slider_52_1_wrapper\" data-source=\"gallery\" style=\"visibility:hidden;background:transparent;padding:0;margin:0px auto;margin-top:0;margin-bottom:0;\">\n\t\t\t\t<rs-module id=\"rev_slider_52_1\" style=\"\" data-version=\"6.6.16\">\n\t\t\t\t\t<rs-slides style=\"overflow: hidden; position: absolute;\">\n\t\t\t\t\t\t<rs-slide style=\"position: absolute;\" data-key=\"rs-119\" data-title=\"Slide\" data-in=\"o:0;\" data-out=\"a:false;\">\n\t\t\t\t\t\t\t<img decoding=\"async\" src=\"\/\/essenzediluce.com\/wp-content\/plugins\/revslider\/public\/assets\/assets\/dummy.png\" alt=\"\" title=\"EL-WebSite-Menhir Minimal\" width=\"2000\" height=\"900\" class=\"rev-slidebg tp-rs-img rs-lazyload\" data-lazyload=\"\/\/essenzediluce.com\/wp-content\/uploads\/2023\/06\/EL-WebSite-Menhir-Minimal-2.jpg\" data-no-retina>\n<!--\n\t\t\t\t\t\t\t--><rs-layer\n\t\t\t\t\t\t\t\tid=\"slider-52-slide-119-layer-1\" \n\t\t\t\t\t\t\t\tclass=\"ht\"\n\t\t\t\t\t\t\t\tdata-type=\"text\"\n\t\t\t\t\t\t\t\tdata-rsp_ch=\"on\"\n\t\t\t\t\t\t\t\tdata-xy=\"xo:49px,80px,60px,51px;yo:126px,64px,41px,20px;\"\n\t\t\t\t\t\t\t\tdata-text=\"w:normal;s:65,53,60,45;l:90,74,70,50;fw:300,300,100,100;a:left,left,center,center;\"\n\t\t\t\t\t\t\t\tdata-dim=\"w:auto,auto,316px,212px;\"\n\t\t\t\t\t\t\t\tdata-ford=\"frame_0;frame_1;frame_2;frame_999;\"\n\t\t\t\t\t\t\t\tdata-frame_0=\"sX:0.9;sY:0.9;\"\n\t\t\t\t\t\t\t\tdata-frame_1=\"st:500;sp:1000;sR:500;\"\n\t\t\t\t\t\t\t\tdata-frame_999=\"o:0;st:w;sR:5000;\"\n\t\t\t\t\t\t\t\tdata-frame_2=\"tp:600px;st:1600;sp:400;sR:100;\"\n\t\t\t\t\t\t\t\tstyle=\"z-index:7;font-family:'Roboto';\"\n\t\t\t\t\t\t\t>MENHIR MINIMAL \n\t\t\t\t\t\t\t<\/rs-layer><!--\n\n\t\t\t\t\t\t\t--><rs-layer\n\t\t\t\t\t\t\t\tid=\"slider-52-slide-119-layer-2\" \n\t\t\t\t\t\t\t\tclass=\"ht\"\n\t\t\t\t\t\t\t\tdata-type=\"text\"\n\t\t\t\t\t\t\t\tdata-rsp_ch=\"on\"\n\t\t\t\t\t\t\t\tdata-xy=\"xo:51px,82px,39px,51px;yo:233px,160px,216px,140px;\"\n\t\t\t\t\t\t\t\tdata-text=\"w:normal;s:42,34,40,35;l:60,49,45,40;fw:300;a:left,left,center,center;\"\n\t\t\t\t\t\t\t\tdata-dim=\"w:543px,448px,340px,209px;\"\n\t\t\t\t\t\t\t\tdata-frame_0=\"sX:0.9;sY:0.9;\"\n\t\t\t\t\t\t\t\tdata-frame_1=\"st:1000;sp:1000;sR:1000;\"\n\t\t\t\t\t\t\t\tdata-frame_999=\"o:0;st:w;sR:5000;\"\n\t\t\t\t\t\t\t\tstyle=\"z-index:6;font-family:'Roboto';\"\n\t\t\t\t\t\t\t>La forme essentielle \n\t\t\t\t\t\t\t<\/rs-layer><!--\n-->\t\t\t\t\t\t<\/rs-slide>\n\t\t\t\t\t<\/rs-slides>\n\t\t\t\t\t<rs-static-layers class=\"rs-stl-visible\"><!--\n\t\t\t\t\t--><\/rs-static-layers>\n\t\t\t\t<\/rs-module>\n\t\t\t\t<script>\n\t\t\t\t\tsetREVStartSize({c: 'rev_slider_52_1',rl:[1920,1024,778,480],el:[868,768,960,720],gw:[1240,1024,778,480],gh:[868,768,960,720],type:'standard',justify:'',layout:'fullwidth',mh:\"0\"});if (window.RS_MODULES!==undefined && window.RS_MODULES.modules!==undefined && window.RS_MODULES.modules[\"revslider521\"]!==undefined) {window.RS_MODULES.modules[\"revslider521\"].once = false;window.revapi52 = undefined;if (window.RS_MODULES.checkMinimal!==undefined) window.RS_MODULES.checkMinimal()}\n\t\t\t\t<\/script>\n\t\t\t<\/rs-module-wrap>\n\t\t\t<!-- END REVOLUTION SLIDER -->\n[\/vc_column][\/vc_row][vc_row][vc_column][vc_empty_space height=&#8221;72&#8243;][vc_column_text css_animation=&#8221;fadeIn&#8221;]\r\n<h1 style=\"text-align: center;\">\u00c9CLAIRAGE DES ESPACES CONTEMPORAINS<\/h1>\r\nMenhir Minimal est la s\u00e9rie de<strong> lampes d&#8217;ext\u00e9rieur modernes<\/strong> en pierre naturelle de forme carr\u00e9e (Minimal) ou sph\u00e9rique (Sphera) qui utilise la technologie LED. La texture du <strong>marbre associ\u00e9e aux g\u00e9om\u00e9tries simples, essentielles et \u00e9l\u00e9gantes<\/strong> de l&#8217;artisanat de Minimal et Sphera conf\u00e8rent une identit\u00e9 moderne aux lampes qui deviennent un \u00e9l\u00e9ment fonctionnel, car lumineux, et un \u00e9l\u00e9ment esth\u00e9tique de grande valeur.\r\n\r\nLa diffusion omnidirectionnelle du faisceau lumineux est <strong>id\u00e9ale comme lumi\u00e8re technique ou \u00e9motionnelle pour les jardins<\/strong>, les structures r\u00e9sidentielles, les h\u00f4tels, les avenues, les espaces verts publics. La particularit\u00e9 de ces lampes est leur triple fonction : \u00e9clairage, mobilier urbain et si\u00e8ges.[\/vc_column_text][vc_empty_space height=&#8221;50&#8243;][\/vc_column][\/vc_row][vc_row full_width=&#8221;stretch_row&#8221; gap=&#8221;25&#8243; content_placement=&#8221;middle&#8221; css=&#8221;.vc_custom_1654769844354{background-color: #ffffff !important;}&#8221;][vc_column width=&#8221;1\/4&#8243; css=&#8221;.vc_custom_1585905128595{border-left-width: 0px !important;padding-left: 0px !important;background-position: center !important;background-repeat: no-repeat !important;background-size: cover !important;}&#8221;][vc_single_image image=&#8221;12511&#8243; img_size=&#8221;full&#8221; alignment=&#8221;center&#8221; onclick=&#8221;zoom&#8221; css_animation=&#8221;fadeIn&#8221;][\/vc_column][vc_column width=&#8221;3\/4&#8243;][vc_custom_heading text=&#8221;MENHIR MINIMAL&#8221;][vc_column_text css_animation=&#8221;fadeIn&#8221; css=&#8221;.vc_custom_1696848054547{padding-top: 50px !important;}&#8221;]<strong>Lampe de jardin de forme carr\u00e9e, polie, pour l&#8217;ext\u00e9rieur<\/strong>. Il comporte trois sources lumineuses sur le plan horizontal avec une \u00e9mission de lumi\u00e8re constante. Ce type de lampe est id\u00e9al lorsqu&#8217;une intensit\u00e9 lumineuse plus \u00e9lev\u00e9e est n\u00e9cessaire.\r\n\r\nDimensions : <strong>30 x 30 x 60 cm<\/strong>\r\nPoids : <strong>130 &#8211; 160 kg<\/strong>[\/vc_column_text][\/vc_column][\/vc_row][vc_row full_width=&#8221;stretch_row&#8221; gap=&#8221;25&#8243; content_placement=&#8221;middle&#8221; css=&#8221;.vc_custom_1654769844354{background-color: #ffffff !important;}&#8221;][vc_column width=&#8221;1\/4&#8243; css=&#8221;.vc_custom_1585905128595{border-left-width: 0px !important;padding-left: 0px !important;background-position: center !important;background-repeat: no-repeat !important;background-size: cover !important;}&#8221;][vc_single_image image=&#8221;12515&#8243; img_size=&#8221;full&#8221; alignment=&#8221;center&#8221; onclick=&#8221;zoom&#8221; css_animation=&#8221;fadeIn&#8221;][\/vc_column][vc_column width=&#8221;3\/4&#8243;][vc_custom_heading text=&#8221;MENHIR SPHERA&#8221;][vc_column_text css_animation=&#8221;fadeIn&#8221; css=&#8221;.vc_custom_1696848087425{padding-top: 50px !important;}&#8221;]<strong>Lampe d&#8217;ext\u00e9rieur r\u00e9glable, de forme sph\u00e9rique, au poli lisse, avec une section centrale lumineuse \u00e0 \u00e9mission constante<\/strong> qui peut \u00eatre tourn\u00e9e pour diriger la lumi\u00e8re dans l&#8217;espace environnant, par exemple pour \u00e9clairer et d\u00e9limiter les zones pi\u00e9tonnes, et peut \u00e9galement servir de si\u00e8ge sur les places anim\u00e9es.\r\n\r\nDimensions : <strong>diam\u00e8tre 35 cm<\/strong>\r\nPoids : <strong>50 &#8211; 70 kg<\/strong>[\/vc_column_text][\/vc_column][\/vc_row][vc_row full_width=&#8221;stretch_row_content_no_spaces&#8221;][vc_column css=&#8221;.vc_custom_1588220236962{padding-top: 0px !important;}&#8221;][vc_empty_space]\n\t\t\t<!-- START Making of Menhir Minimal REVOLUTION SLIDER 6.6.16 --><p class=\"rs-p-wp-fix\"><\/p>\n\t\t\t<rs-module-wrap id=\"rev_slider_150_2_wrapper\" data-source=\"gallery\" style=\"visibility:hidden;background:transparent;padding:0;margin:0px auto;margin-top:0;margin-bottom:0;\">\n\t\t\t\t<rs-module id=\"rev_slider_150_2\" style=\"\" data-version=\"6.6.16\">\n\t\t\t\t\t<rs-slides style=\"overflow: hidden; position: absolute;\">\n\t\t\t\t\t\t<rs-slide style=\"position: absolute;\" data-key=\"rs-242\" data-title=\"Slide\" data-in=\"o:0;\" data-out=\"a:false;\">\n\t\t\t\t\t\t\t<img decoding=\"async\" src=\"\/\/essenzediluce.com\/wp-content\/plugins\/revslider\/public\/assets\/assets\/dummy.png\" alt=\"Slide\" title=\"Menhir Minimal\" class=\"rev-slidebg tp-rs-img rs-lazyload\" data-lazyload=\"\/\/essenzediluce.com\/wp-content\/plugins\/revslider\/public\/assets\/assets\/transparent.png\" data-no-retina>\n<!--\n\t\t\t\t\t\t\t--><rs-layer\n\t\t\t\t\t\t\t\tid=\"slider-150-slide-242-layer-4\" \n\t\t\t\t\t\t\t\tclass=\"rs-layer-video intrinsic-ignore\"\n\t\t\t\t\t\t\t\tdata-type=\"video\"\n\t\t\t\t\t\t\t\tdata-rsp_ch=\"on\"\n\t\t\t\t\t\t\t\tdata-xy=\"x:c;\"\n\t\t\t\t\t\t\t\tdata-text=\"w:normal;\"\n\t\t\t\t\t\t\t\tdata-dim=\"w:100%;h:100%;\"\n\t\t\t\t\t\t\t\tdata-actions='o:click;a:jumptoslide;slide:previous;'\n\t\t\t\t\t\t\t\tdata-basealign=\"slide\"\n\t\t\t\t\t\t\t\tdata-video=\"vfc:true;twa:false;vd:100;l:true;ptimer:false;nse:f;\"\n\t\t\t\t\t\t\t\tdata-poster=\"\/\/essenzediluce.com\/wp-content\/uploads\/revslider\/video-media\/Video-Minimal-Making-of_242_layer.jpeg\"\n\t\t\t\t\t\t\t\tdata-mp4=\"\/\/essenzediluce.com\/wp-content\/uploads\/2024\/06\/Video-Minimal-Making-of.mp4\"\n\t\t\t\t\t\t\t\tdata-frame_999=\"o:0;st:w;\"\n\t\t\t\t\t\t\t\tstyle=\"z-index:6;\"\n\t\t\t\t\t\t\t>\n\t\t\t\t\t\t\t<\/rs-layer><!--\n-->\t\t\t\t\t\t<\/rs-slide>\n\t\t\t\t\t<\/rs-slides>\n\t\t\t\t<\/rs-module>\n\t\t\t\t<script>\n\t\t\t\t\tsetREVStartSize({c: 'rev_slider_150_2',rl:[1920,1024,778,480],el:[900],gw:[1240],gh:[900],type:'standard',justify:'',layout:'fullwidth',mh:\"0\"});if (window.RS_MODULES!==undefined && window.RS_MODULES.modules!==undefined && window.RS_MODULES.modules[\"revslider1502\"]!==undefined) {window.RS_MODULES.modules[\"revslider1502\"].once = false;window.revapi150 = undefined;if (window.RS_MODULES.checkMinimal!==undefined) window.RS_MODULES.checkMinimal()}\n\t\t\t\t<\/script>\n\t\t\t<\/rs-module-wrap>\n\t\t\t<!-- END REVOLUTION SLIDER -->\n[\/vc_column][\/vc_row][vc_row full_width=&#8221;stretch_row&#8221; gap=&#8221;25&#8243; equal_height=&#8221;yes&#8221; content_placement=&#8221;middle&#8221; css=&#8221;.vc_custom_1588220028361{padding-top: 40px !important;background-color: #f2f2f2 !important;}&#8221;][vc_column width=&#8221;1\/3&#8243;][vc_column_text css=&#8221;.vc_custom_1676384794739{padding-top: 50px !important;}&#8221;]\r\n<h4 class=\"uc\">TEXTURES NATURELLES<\/h4>\r\n<h3 style=\"padding: 0.8em 0 .5em;\"><strong>MAT\u00c9RIAUX NOBLES<\/strong><\/h3>\r\nLes marbres et travertins raffin\u00e9s conservent une <strong>beaut\u00e9 intemporelle<\/strong> et meublent les environnements les plus exclusifs en contrastant les tons vifs avec des <strong>nuances d\u00e9licates.<\/strong> Un design qui s&#8217;int\u00e8gre parfaitement aux <strong>environnements les plus contemporains.<\/strong>[\/vc_column_text][\/vc_column][vc_column width=&#8221;2\/3&#8243; css=&#8221;.vc_custom_1585905128595{border-left-width: 0px !important;padding-left: 0px !important;background-position: center !important;background-repeat: no-repeat !important;background-size: cover !important;}&#8221;][vc_single_image image=&#8221;9968&#8243; img_size=&#8221;1500&#215;1000&#8243; alignment=&#8221;center&#8221; onclick=&#8221;zoom&#8221; css_animation=&#8221;fadeIn&#8221;][\/vc_column][\/vc_row][vc_row full_width=&#8221;stretch_row&#8221; gap=&#8221;25&#8243; equal_height=&#8221;yes&#8221; content_placement=&#8221;middle&#8221; css=&#8221;.vc_custom_1588220189563{margin-top: 0px !important;padding-top: 0px !important;padding-bottom: 40px !important;background-color: #f2f2f2 !important;}&#8221;][vc_column width=&#8221;2\/3&#8243; css=&#8221;.vc_custom_1585905128595{border-left-width: 0px !important;padding-left: 0px !important;background-position: center !important;background-repeat: no-repeat !important;background-size: cover !important;}&#8221;][vc_single_image image=&#8221;2520&#8243; img_size=&#8221;1500&#215;1000&#8243; onclick=&#8221;zoom&#8221; css_animation=&#8221;fadeIn&#8221;][\/vc_column][vc_column width=&#8221;1\/3&#8243;][vc_column_text css=&#8221;.vc_custom_1676384834825{padding-top: 50px !important;}&#8221;]\r\n<h4 class=\"uc\">POSITIONNEMENT ET R\u00c9GLAGE<\/h4>\r\n<h3 style=\"padding: 0.8em 0 .5em;\"><strong>ESPACES PUBLICS<\/strong><\/h3>\r\nLes Menhirs offrent d&#8217;innombrables solutions pour l&#8217;\u00e9clairage des lieux publics contemporains o\u00f9 une <strong>r\u00e9sistance particuli\u00e8re<\/strong> est requise. Gr\u00e2ce \u00e0 la structure sp\u00e9ciale de la lampe d&#8217;ext\u00e9rieur et au poids de la pierre, Minimal et Sphera peuvent servir de si\u00e8ges sans crainte de vandalisme.[\/vc_column_text][\/vc_column][\/vc_row][vc_row full_width=&#8221;stretch_row_content&#8221;][vc_column css=&#8221;.vc_custom_1588219932201{padding-top: 0px !important;padding-right: 0px !important;padding-left: 0px !important;}&#8221;][vc_single_image image=&#8221;12471&#8243; img_size=&#8221;full&#8221; alignment=&#8221;center&#8221; onclick=&#8221;zoom&#8221; css_animation=&#8221;fadeIn&#8221; css=&#8221;.vc_custom_1654512383964{margin-bottom: 0px !important;}&#8221;][\/vc_column][\/vc_row][vc_row][vc_column][vc_empty_space height=&#8221;60px&#8221;][vc_column_text css_animation=&#8221;fadeIn&#8221; css=&#8221;.vc_custom_1713176724975{margin-bottom: 0px !important;padding-top: 0px !important;padding-bottom: 0px !important;}&#8221;]\r\n<h2 style=\"text-align: center;\">FICHE TECHNIQUE<\/h2>\r\n[\/vc_column_text][\/vc_column][\/vc_row][vc_row][vc_column width=&#8221;1\/4&#8243; css=&#8221;.vc_custom_1587725344904{background-color: #ffffff !important;}&#8221;][\/vc_column][vc_column width=&#8221;1\/4&#8243; css=&#8221;.vc_custom_1587725355321{background-color: #ffffff !important;}&#8221;][vc_single_image image=&#8221;9676&#8243; img_size=&#8221;250X250&#8243; alignment=&#8221;center&#8221; onclick=&#8221;custom_link&#8221; img_link_target=&#8221;_blank&#8221; css=&#8221;&#8221; link=&#8221;https:\/\/essenzediluce.com\/wp-content\/uploads\/2026\/03\/EL-Datasheet-Atmosphere-Menhir-Minimal-MINIMAL_v.4.pdf&#8221;][vc_column_text css=&#8221;.vc_custom_1772725831105{margin-bottom: 0px !important;padding-bottom: 0px !important;}&#8221;]\r\n<h4 style=\"text-align: center; padding-top: 0; margin-top: 0; padding-bottom: 0; margin-bottom: 0;\"><i class=\"fa fa-download\" aria-hidden=\"true\"><\/i> <a class=\"ht\" href=\"https:\/\/essenzediluce.com\/wp-content\/uploads\/2026\/03\/EL-Datasheet-Atmosphere-Menhir-Minimal-MINIMAL_v.4.pdf\" target=\"_blank\" rel=\"noopener noreferrer\"><strong><u>MINIMAL<\/u><\/strong><\/a><\/h4>\r\n<p style=\"text-align: center;\">Trois sections lumineuses horizontales, de forme carr\u00e9e<\/p>\r\n[\/vc_column_text][\/vc_column][vc_column width=&#8221;1\/4&#8243; css=&#8221;.vc_custom_1587725364185{background-color: #ffffff !important;}&#8221;][vc_single_image image=&#8221;9684&#8243; img_size=&#8221;250X250&#8243; alignment=&#8221;center&#8221; onclick=&#8221;custom_link&#8221; img_link_target=&#8221;_blank&#8221; css=&#8221;&#8221; link=&#8221;https:\/\/essenzediluce.com\/wp-content\/uploads\/2026\/03\/EL-Datasheet-Atmosphere-Menhir-Minimal-SPHERA_v.4.pdf&#8221;][vc_column_text css=&#8221;.vc_custom_1772725879526{margin-bottom: 0px !important;padding-bottom: 0px !important;}&#8221;]\r\n<h4 style=\"text-align: center; padding-top: 0; margin-top: 0; padding-bottom: 0; margin-bottom: 0;\"><i class=\"fa fa-download\" aria-hidden=\"true\"><\/i> <a class=\"ht\" href=\"https:\/\/essenzediluce.com\/wp-content\/uploads\/2026\/03\/EL-Datasheet-Atmosphere-Menhir-Minimal-SPHERA_v.4.pdf\" target=\"_blank\" rel=\"noopener noreferrer\"><strong><u>SPHERA<\/u><\/strong><\/a><\/h4>\r\n<p style=\"text-align: center;\">Une section lumineuse r\u00e9glable, de forme sph\u00e9rique<\/p>\r\n[\/vc_column_text][\/vc_column][vc_column width=&#8221;1\/4&#8243; css=&#8221;.vc_custom_1587725371428{background-color: #ffffff !important;}&#8221;][\/vc_column][\/vc_row][vc_row full_width=&#8221;stretch_row&#8221; css=&#8221;.vc_custom_1750242841410{background-color: #F2F2F2 !important;}&#8221;][vc_column][vc_column_text css=&#8221;&#8221;]\r\n<h2 style=\"padding: 0.8em 0px 0.5em; text-align: center;\">SYST\u00c8ME PLUG &amp; PLAY<\/h2>\r\n<p style=\"text-align: center;\">Gr\u00e2ce \u00e0 la compatibilit\u00e9 du Menhir Minimal avec le nouveau syst\u00e8me <strong data-start=\"174\" data-end=\"189\">Plug &amp; Play<\/strong>, l&#8217;installation de ce produit est encore plus rapide, intuitive et abordable.<\/p>\r\n<p style=\"text-align: center;\"><strong>\u2192<\/strong> <a href=\"https:\/\/essenzediluce.com\/fr\/plug-play\/\" target=\"_blank\" rel=\"noopener\"><strong><u>D\u00c9COUVRIR LE SYST\u00c8ME PLUG &amp; PLAY<\/u><\/strong><\/a><\/p>\r\n[\/vc_column_text][vc_empty_space][\/vc_column][\/vc_row][vc_row][vc_column][vc_column_text]\r\n<h2 style=\"text-align: center;\">D\u00c9COUVREZ LES TEXTURES DISPONIBLES POUR CE PRODUIT<\/h2>\r\n[\/vc_column_text][\/vc_column][\/vc_row][vc_row][vc_column width=&#8221;1\/3&#8243;][vc_single_image image=&#8221;12234&#8243; img_size=&#8221;250&#215;250&#8243; alignment=&#8221;center&#8221; css_animation=&#8221;fadeIn&#8221;][vc_column_text css_animation=&#8221;fadeIn&#8221;]\r\n<h6 style=\"text-align: center; padding-top: 0; margin-top: 0; padding-bottom: 0; margin-bottom: 0;\">Texture Standard<\/h6>\r\n<h4 style=\"text-align: center; padding-top: 0; margin-top: 0; padding-bottom: 0; margin-bottom: 0;\"><strong>TRAVERTINO\r\nIVORY<\/strong><\/h4>\r\n[\/vc_column_text][vc_column_text css_animation=&#8221;fadeIn&#8221;]\r\n<p style=\"text-align: center;\">Le travertin est une roche calcaire d\u00e9pos\u00e9e chimiquement et extraite dans le Latium. Il est de couleur beige et poss\u00e8de une structure poreuse.<\/p>\r\n[\/vc_column_text][\/vc_column][vc_column width=&#8221;1\/3&#8243;][vc_single_image image=&#8221;21539&#8243; img_size=&#8221;250&#215;250&#8243; alignment=&#8221;center&#8221; css_animation=&#8221;fadeIn&#8221; css=&#8221;&#8221;][vc_column_text css_animation=&#8221;fadeIn&#8221; css=&#8221;&#8221;]\r\n<h6 style=\"text-align: center; padding-top: 0; margin-top: 0; padding-bottom: 0; margin-bottom: 0;\">Texture Standard<\/h6>\r\n<h4 style=\"text-align: center; padding-top: 0; margin-top: 0; padding-bottom: 0; margin-bottom: 0;\"><strong>ITALIAN FLOWERY GREY\r\nMARBRE<\/strong><\/h4>\r\n<h4 style=\"text-align: center; padding-top: 0; margin-top: 0; padding-bottom: 0; margin-bottom: 0;\"><strong>\u00a0<\/strong><\/h4>\r\n[\/vc_column_text][vc_column_text]\r\n<p style=\"text-align: center;\">Italian Flowery Grey est un marbre italien extrait de la carri\u00e8re de Friuli Venezia Giulia dont les tons clairs vont du blanc au gris clair, avec des veines ivoires, grises et roses.<\/p>\r\n[\/vc_column_text][\/vc_column][vc_column width=&#8221;1\/3&#8243;][vc_single_image image=&#8221;21173&#8243; img_size=&#8221;250&#215;250&#8243; alignment=&#8221;center&#8221; css_animation=&#8221;fadeIn&#8221; css=&#8221;&#8221;][vc_column_text css_animation=&#8221;fadeIn&#8221; css=&#8221;&#8221;]\r\n<h6 style=\"text-align: center; padding-top: 0; margin-top: 0; padding-bottom: 0; margin-bottom: 0;\">Texture Standard<\/h6>\r\n<h4 style=\"text-align: center; padding-top: 0; margin-top: 0; padding-bottom: 0; margin-bottom: 0;\"><strong>BIANCO DI CARRARA\r\nMARBRE<\/strong><\/h4>\r\n[\/vc_column_text][vc_column_text css=&#8221;&#8221;]\r\n<p style=\"text-align: center;\">La couleur de fond est blanc fonc\u00e9 avec des veines gris\u00e2tres, tirant parfois sur le noir. Gr\u00e2ce \u00e0 son grain moyennement fin, il pr\u00e9sente une surface lisse sans cavit\u00e9s, id\u00e9ale pour les travaux de polissage.<\/p>\r\n[\/vc_column_text][\/vc_column][\/vc_row][vc_row][vc_column][vc_empty_space][vc_column_text]\r\n<h2 style=\"text-align: center;\">CONTACTEZ NOUS POUR PLUS D&#8217;INFORMATIONS<\/h2>\r\n[\/vc_column_text]\n<div class=\"wpcf7 no-js\" id=\"wpcf7-f20907-o1\" lang=\"fr-FR\" dir=\"ltr\" data-wpcf7-id=\"20907\">\n<div class=\"screen-reader-response\"><p role=\"status\" aria-live=\"polite\" aria-atomic=\"true\"><\/p> <ul><\/ul><\/div>\n<form action=\"\/fr\/wp-json\/wp\/v2\/pages\/11231#wpcf7-f20907-o1\" method=\"post\" class=\"wpcf7-form init\" aria-label=\"Formulaire de contact\" novalidate=\"novalidate\" data-status=\"init\">\n<div style=\"display: none;\">\n<input type=\"hidden\" name=\"_wpcf7\" value=\"20907\" \/>\n<input type=\"hidden\" name=\"_wpcf7_version\" value=\"6.0.6\" \/>\n<input type=\"hidden\" name=\"_wpcf7_locale\" value=\"fr_FR\" \/>\n<input type=\"hidden\" name=\"_wpcf7_unit_tag\" value=\"wpcf7-f20907-o1\" \/>\n<input type=\"hidden\" name=\"_wpcf7_container_post\" value=\"0\" \/>\n<input type=\"hidden\" name=\"_wpcf7_posted_data_hash\" value=\"\" \/>\n<\/div>\n<div class=\"two-column\">\n\t<div class=\"left\">\n\t\t<p><span class=\"wpcf7-form-control-wrap\" data-name=\"your-name\"><input size=\"40\" maxlength=\"400\" class=\"wpcf7-form-control wpcf7-text wpcf7-validates-as-required\" aria-required=\"true\" aria-invalid=\"false\" placeholder=\"Nom*\" value=\"\" type=\"text\" name=\"your-name\" \/><\/span>\n\t\t<\/p>\n\t<\/div>\n\t<div class=\"right\">\n\t\t<p><span class=\"wpcf7-form-control-wrap\" data-name=\"your-surname\"><input size=\"40\" maxlength=\"400\" class=\"wpcf7-form-control wpcf7-text wpcf7-validates-as-required\" aria-required=\"true\" aria-invalid=\"false\" placeholder=\"Nom de Famille*\" value=\"\" type=\"text\" name=\"your-surname\" \/><\/span>\n\t\t<\/p>\n\t<\/div>\n<\/div>\n<div class=\"two-column\">\n\t<div class=\"left comp-left\">\n\t\t<p><span class=\"wpcf7-form-control-wrap\" data-name=\"phone\"><input size=\"40\" maxlength=\"400\" class=\"wpcf7-form-control wpcf7-tel wpcf7-validates-as-required wpcf7-text wpcf7-validates-as-tel\" aria-required=\"true\" aria-invalid=\"false\" placeholder=\"T\u00e9l\u00e9phone*\" value=\"\" type=\"tel\" name=\"phone\" \/><\/span>\n\t\t<\/p>\n\t<\/div>\n\t<div class=\"right comp-right\">\n\t\t<p><span class=\"wpcf7-form-control-wrap\" data-name=\"your-email\"><input size=\"40\" maxlength=\"400\" class=\"wpcf7-form-control wpcf7-email wpcf7-validates-as-required wpcf7-text wpcf7-validates-as-email\" aria-required=\"true\" aria-invalid=\"false\" placeholder=\"E-mail*\" value=\"\" type=\"email\" name=\"your-email\" \/><\/span>\n\t\t<\/p>\n\t<\/div>\n<\/div>\n<div class=\"two-column\">\n\t<div class=\"left\">\n\t\t<p><span class=\"wpcf7-form-control-wrap\" data-name=\"citta\"><input size=\"40\" maxlength=\"400\" class=\"wpcf7-form-control wpcf7-text wpcf7-validates-as-required\" aria-required=\"true\" aria-invalid=\"false\" placeholder=\"Ville*\" value=\"\" type=\"text\" name=\"citta\" \/><\/span>\n\t\t<\/p>\n\t<\/div>\n\t<div class=\"right\">\n\t\t<p><span class=\"wpcf7-form-control-wrap\" data-name=\"CAP\"><input size=\"40\" maxlength=\"400\" class=\"wpcf7-form-control wpcf7-text\" aria-invalid=\"false\" placeholder=\"Code Postal\" value=\"\" type=\"text\" name=\"CAP\" \/><\/span>\n\t\t<\/p>\n\t<\/div>\n<\/div>\n<div class=\"comp\">\n\t<p><span class=\"wpcf7-form-control-wrap\" data-name=\"company\"><input size=\"40\" maxlength=\"400\" class=\"wpcf7-form-control wpcf7-text\" aria-invalid=\"false\" placeholder=\"Soci\u00e9t\u00e9\" value=\"\" type=\"text\" name=\"company\" \/><\/span>\n\t<\/p>\n<\/div>\n<div>\n\t<p>R\u00f4le*: <span class=\"wpcf7-form-control-wrap\" data-name=\"ruolo\"><select class=\"wpcf7-form-control wpcf7-select wpcf7-validates-as-required\" aria-required=\"true\" aria-invalid=\"false\" name=\"ruolo\"><option value=\"\">&#8212;Veuillez choisir une option&#8212;<\/option><option value=\"Private\">Private<\/option><option value=\"Architecte\">Architecte<\/option><option value=\"Jardinier\">Jardinier<\/option><option value=\"Architecte paysagiste\">Architecte paysagiste<\/option><option value=\"D\u00e9taillant\">D\u00e9taillant<\/option><option value=\"Installateur\">Installateur<\/option><\/select><\/span>\n\t<\/p>\n<\/div>\n<div class=\"message\">\n\t<p><span class=\"wpcf7-form-control-wrap\" data-name=\"your-message\"><textarea cols=\"40\" rows=\"10\" maxlength=\"2000\" class=\"wpcf7-form-control wpcf7-textarea wpcf7-validates-as-required\" aria-required=\"true\" aria-invalid=\"false\" placeholder=\"Message*\" name=\"your-message\"><\/textarea><\/span>\n\t<\/p>\n<\/div>\n<div>\n\t<p><span class=\"wpcf7-form-control-wrap\" data-name=\"accept-this\"><span class=\"wpcf7-form-control wpcf7-acceptance\"><span class=\"wpcf7-list-item\"><input type=\"checkbox\" name=\"accept-this\" value=\"1\" aria-invalid=\"false\" \/><\/span><\/span><\/span> OUI, J'ACCEPTE LES TERMES ET CONDITIONS: Je consens au traitement de mes donn\u00e9es personnelles dans le seul but de traiter ma demande et sa mise \u00e0 jour.<a class=\"fancybox-iframe {width:100%,height:100%}\" href=\"https:\/\/essenzediluce.com\/privacy-policy\/\"><strong>Privacy Policy<\/strong><\/a>\n\t<\/p>\n<\/div>\n<div>\n\t<p><span class=\"wpcf7-form-control-wrap\" data-name=\"your-consent-sendinblue\"><span class=\"wpcf7-form-control wpcf7-acceptance optional\"><span class=\"wpcf7-list-item\"><label><input type=\"checkbox\" name=\"your-consent-sendinblue\" value=\"1\" aria-invalid=\"false\" \/><span class=\"wpcf7-list-item-label\">INSCRIVEZ-MOI \u00c0 LA NEWSLETTER<\/span><\/label><\/span><\/span><\/span>: Je souhaite recevoir des communications et des mises \u00e0 jour sur les projets, les nouveaux produits et les \u00e9v\u00e9nements.\n\t<\/p>\n<\/div>\n<div>\n\t<p><input class=\"wpcf7-form-control wpcf7-submit has-spinner\" type=\"submit\" value=\"Envoyer\" \/>\n\t<\/p>\n<\/div><div class=\"wpcf7-response-output\" aria-hidden=\"true\"><\/div>\n<\/form>\n<\/div>\n[vc_empty_space height=&#8221;60px&#8221;][\/vc_column][\/vc_row][vc_row full_width=&#8221;stretch_row_content&#8221; css_animation=&#8221;fadeIn&#8221;][vc_column]\n\t\t\t<!-- START TaglioMinimal_2020 REVOLUTION SLIDER 6.6.16 --><p class=\"rs-p-wp-fix\"><\/p>\n\t\t\t<rs-module-wrap id=\"rev_slider_33_3_wrapper\" data-source=\"gallery\" style=\"visibility:hidden;background:transparent;padding:0;margin:0px auto;margin-top:0;margin-bottom:0;\">\n\t\t\t\t<rs-module id=\"rev_slider_33_3\" style=\"\" data-version=\"6.6.16\">\n\t\t\t\t\t<rs-slides style=\"overflow: hidden; position: absolute;\">\n\t\t\t\t\t\t<rs-slide style=\"position: absolute;\" data-key=\"rs-100\" data-title=\"Slide\" data-anim=\"ms:1000;r:0;\" data-in=\"o:0;\" data-out=\"a:false;\" data-sloop=\"s:-50;e:4500;\">\n\t\t\t\t\t\t\t<img decoding=\"async\" src=\"\/\/essenzediluce.com\/wp-content\/plugins\/revslider\/public\/assets\/assets\/transparent.png\" alt=\"Slide\" title=\"Menhir Minimal\" class=\"rev-slidebg tp-rs-img\" data-no-retina>\n<!--\n\t\t\t\t\t\t\t--><rs-layer\n\t\t\t\t\t\t\t\tid=\"slider-33-slide-100-layer-2\" \n\t\t\t\t\t\t\t\tclass=\"rs-layer-video intrinsic-ignore\"\n\t\t\t\t\t\t\t\tdata-type=\"video\"\n\t\t\t\t\t\t\t\tdata-rsp_ch=\"on\"\n\t\t\t\t\t\t\t\tdata-xy=\"y:-2px;\"\n\t\t\t\t\t\t\t\tdata-text=\"w:normal;\"\n\t\t\t\t\t\t\t\tdata-dim=\"w:100%;h:654px;\"\n\t\t\t\t\t\t\t\tdata-basealign=\"slide\"\n\t\t\t\t\t\t\t\tdata-video=\"vfc:true;ap:no1sttime;vd:100;l:false;ptimer:false;\"\n\t\t\t\t\t\t\t\tdata-mp4=\"\/\/essenzediluce.com\/wp-content\/uploads\/2020\/04\/Taglio-Menhir-Minimal-720p.mp4\"\n\t\t\t\t\t\t\t\tdata-frame_999=\"o:0;st:w;\"\n\t\t\t\t\t\t\t\tstyle=\"z-index:5;\"\n\t\t\t\t\t\t\t>\n\t\t\t\t\t\t\t<\/rs-layer><!--\n-->\t\t\t\t\t\t<\/rs-slide>\n\t\t\t\t\t<\/rs-slides>\n\t\t\t\t<\/rs-module>\n\t\t\t\t<script>\n\t\t\t\t\tsetREVStartSize({c: 'rev_slider_33_3',rl:[1920,1024,778,480],el:[900],gw:[1240],gh:[900],type:'hero',justify:'',layout:'fullwidth',mh:\"0\"});if (window.RS_MODULES!==undefined && window.RS_MODULES.modules!==undefined && window.RS_MODULES.modules[\"revslider333\"]!==undefined) {window.RS_MODULES.modules[\"revslider333\"].once = false;window.revapi33 = undefined;if (window.RS_MODULES.checkMinimal!==undefined) window.RS_MODULES.checkMinimal()}\n\t\t\t\t<\/script>\n\t\t\t<\/rs-module-wrap>\n\t\t\t<!-- END REVOLUTION SLIDER -->\n[\/vc_column][\/vc_row]<\/div>","protected":false},"excerpt":{"rendered":"<p>[vc_row][vc_column][\/vc_column][\/vc_row][vc_row][vc_column][vc_empty_space height=&#8221;72&#8243;][vc_column_text css_animation=&#8221;fadeIn&#8221;] \u00c9CLAIRAGE DES ESPACES CONTEMPORAINS Menhir Minimal est la s\u00e9rie de lampes d&#8217;ext\u00e9rieur modernes en pierre naturelle de forme carr\u00e9e (Minimal) ou sph\u00e9rique (Sphera) qui utilise la technologie LED. La texture du marbre associ\u00e9e aux g\u00e9om\u00e9tries simples, essentielles&hellip;<\/p>\n<p> <a class=\"more-link\" href=\"https:\/\/essenzediluce.com\/fr\/produits\/lampes-d-exterieur-menhir-minimal\/\">Lire la suite<\/a><\/p>\n","protected":false},"author":2,"featured_media":11233,"parent":10992,"menu_order":4,"comment_status":"closed","ping_status":"closed","template":"","meta":{"footnotes":""},"class_list":["post-11231","page","type-page","status-publish","has-post-thumbnail"],"yoast_head":"<!-- This site is optimized with the Yoast SEO plugin v24.5 - https:\/\/yoast.com\/wordpress\/plugins\/seo\/ -->\n<title>Menhir Minimal - \u00c9clairage ext\u00e9rieur design - Essenze di Luce<\/title>\n<meta name=\"description\" content=\"Lampes de jardin design en pierre naturelle carr\u00e9e ou sph\u00e9rique. Design lin\u00e9aires et essentielles. Made in Italy.\" \/>\n<meta name=\"robots\" content=\"index, follow, max-snippet:-1, max-image-preview:large, max-video-preview:-1\" \/>\n<link rel=\"canonical\" href=\"https:\/\/essenzediluce.com\/fr\/produits\/lampes-d-exterieur-menhir-minimal\/\" \/>\n<meta property=\"og:locale\" content=\"fr_FR\" \/>\n<meta property=\"og:type\" content=\"article\" \/>\n<meta property=\"og:title\" content=\"Menhir Minimal - \u00c9clairage ext\u00e9rieur design - Essenze di Luce\" \/>\n<meta property=\"og:description\" content=\"Lampes de jardin design en pierre naturelle carr\u00e9e ou sph\u00e9rique. Design lin\u00e9aires et essentielles. Made in Italy.\" \/>\n<meta property=\"og:url\" content=\"https:\/\/essenzediluce.com\/fr\/produits\/lampes-d-exterieur-menhir-minimal\/\" \/>\n<meta property=\"og:site_name\" content=\"Essenze di Luce\" \/>\n<meta property=\"article:publisher\" content=\"https:\/\/www.facebook.com\/essenzediluce.italy\/\" \/>\n<meta property=\"article:modified_time\" content=\"2026-03-05T15:51:23+00:00\" \/>\n<meta property=\"og:image\" content=\"https:\/\/essenzediluce.com\/wp-content\/uploads\/2020\/03\/Menhir-Minimal.jpg\" \/>\n\t<meta property=\"og:image:width\" content=\"1620\" \/>\n\t<meta property=\"og:image:height\" content=\"1080\" \/>\n\t<meta property=\"og:image:type\" content=\"image\/jpeg\" \/>\n<meta name=\"twitter:card\" content=\"summary_large_image\" \/>\n<meta name=\"twitter:label1\" content=\"Dur\u00e9e de lecture estim\u00e9e\" \/>\n\t<meta name=\"twitter:data1\" content=\"7 minutes\" \/>\n<script type=\"application\/ld+json\" class=\"yoast-schema-graph\">{\"@context\":\"https:\/\/schema.org\",\"@graph\":[{\"@type\":\"WebPage\",\"@id\":\"https:\/\/essenzediluce.com\/fr\/produits\/lampes-d-exterieur-menhir-minimal\/\",\"url\":\"https:\/\/essenzediluce.com\/fr\/produits\/lampes-d-exterieur-menhir-minimal\/\",\"name\":\"Menhir Minimal - \u00c9clairage ext\u00e9rieur design - Essenze di Luce\",\"isPartOf\":{\"@id\":\"https:\/\/essenzediluce.com\/#website\"},\"primaryImageOfPage\":{\"@id\":\"https:\/\/essenzediluce.com\/fr\/produits\/lampes-d-exterieur-menhir-minimal\/#primaryimage\"},\"image\":{\"@id\":\"https:\/\/essenzediluce.com\/fr\/produits\/lampes-d-exterieur-menhir-minimal\/#primaryimage\"},\"thumbnailUrl\":\"https:\/\/essenzediluce.com\/wp-content\/uploads\/2020\/03\/Menhir-Minimal.jpg\",\"datePublished\":\"2020-03-23T18:06:54+00:00\",\"dateModified\":\"2026-03-05T15:51:23+00:00\",\"description\":\"Lampes de jardin design en pierre naturelle carr\u00e9e ou sph\u00e9rique. Design lin\u00e9aires et essentielles. Made in Italy.\",\"breadcrumb\":{\"@id\":\"https:\/\/essenzediluce.com\/fr\/produits\/lampes-d-exterieur-menhir-minimal\/#breadcrumb\"},\"inLanguage\":\"fr-FR\",\"potentialAction\":[{\"@type\":\"ReadAction\",\"target\":[\"https:\/\/essenzediluce.com\/fr\/produits\/lampes-d-exterieur-menhir-minimal\/\"]}]},{\"@type\":\"ImageObject\",\"inLanguage\":\"fr-FR\",\"@id\":\"https:\/\/essenzediluce.com\/fr\/produits\/lampes-d-exterieur-menhir-minimal\/#primaryimage\",\"url\":\"https:\/\/essenzediluce.com\/wp-content\/uploads\/2020\/03\/Menhir-Minimal.jpg\",\"contentUrl\":\"https:\/\/essenzediluce.com\/wp-content\/uploads\/2020\/03\/Menhir-Minimal.jpg\",\"width\":1620,\"height\":1080,\"caption\":\"Lampada da terra da esterno moderna\"},{\"@type\":\"BreadcrumbList\",\"@id\":\"https:\/\/essenzediluce.com\/fr\/produits\/lampes-d-exterieur-menhir-minimal\/#breadcrumb\",\"itemListElement\":[{\"@type\":\"ListItem\",\"position\":1,\"name\":\"Home\",\"item\":\"https:\/\/essenzediluce.com\/fr\/\"},{\"@type\":\"ListItem\",\"position\":2,\"name\":\"Produits\",\"item\":\"https:\/\/essenzediluce.com\/fr\/produits\/\"},{\"@type\":\"ListItem\",\"position\":3,\"name\":\"Menhir Minimal\"}]},{\"@type\":\"WebSite\",\"@id\":\"https:\/\/essenzediluce.com\/#website\",\"url\":\"https:\/\/essenzediluce.com\/\",\"name\":\"Essenze di Luce\",\"description\":\"\",\"publisher\":{\"@id\":\"https:\/\/essenzediluce.com\/#organization\"},\"potentialAction\":[{\"@type\":\"SearchAction\",\"target\":{\"@type\":\"EntryPoint\",\"urlTemplate\":\"https:\/\/essenzediluce.com\/?s={search_term_string}\"},\"query-input\":{\"@type\":\"PropertyValueSpecification\",\"valueRequired\":true,\"valueName\":\"search_term_string\"}}],\"inLanguage\":\"fr-FR\"},{\"@type\":\"Organization\",\"@id\":\"https:\/\/essenzediluce.com\/#organization\",\"name\":\"Essenze di Luce\",\"url\":\"https:\/\/essenzediluce.com\/\",\"logo\":{\"@type\":\"ImageObject\",\"inLanguage\":\"fr-FR\",\"@id\":\"https:\/\/essenzediluce.com\/#\/schema\/logo\/image\/\",\"url\":\"https:\/\/essenzediluce.com\/wp-content\/uploads\/2017\/03\/el.jpg\",\"contentUrl\":\"https:\/\/essenzediluce.com\/wp-content\/uploads\/2017\/03\/el.jpg\",\"width\":512,\"height\":512,\"caption\":\"Essenze di Luce\"},\"image\":{\"@id\":\"https:\/\/essenzediluce.com\/#\/schema\/logo\/image\/\"},\"sameAs\":[\"https:\/\/www.facebook.com\/essenzediluce.italy\/\",\"https:\/\/www.instagram.com\/essenzediluce\/\",\"https:\/\/www.youtube.com\/channel\/UCXKJKPfUYADaJMEm_9NAvrA\"]}]}<\/script>\n<!-- \/ Yoast SEO plugin. -->","yoast_head_json":{"title":"Menhir Minimal - \u00c9clairage ext\u00e9rieur design - Essenze di Luce","description":"Lampes de jardin design en pierre naturelle carr\u00e9e ou sph\u00e9rique. Design lin\u00e9aires et essentielles. Made in Italy.","robots":{"index":"index","follow":"follow","max-snippet":"max-snippet:-1","max-image-preview":"max-image-preview:large","max-video-preview":"max-video-preview:-1"},"canonical":"https:\/\/essenzediluce.com\/fr\/produits\/lampes-d-exterieur-menhir-minimal\/","og_locale":"fr_FR","og_type":"article","og_title":"Menhir Minimal - \u00c9clairage ext\u00e9rieur design - Essenze di Luce","og_description":"Lampes de jardin design en pierre naturelle carr\u00e9e ou sph\u00e9rique. Design lin\u00e9aires et essentielles. Made in Italy.","og_url":"https:\/\/essenzediluce.com\/fr\/produits\/lampes-d-exterieur-menhir-minimal\/","og_site_name":"Essenze di Luce","article_publisher":"https:\/\/www.facebook.com\/essenzediluce.italy\/","article_modified_time":"2026-03-05T15:51:23+00:00","og_image":[{"width":1620,"height":1080,"url":"https:\/\/essenzediluce.com\/wp-content\/uploads\/2020\/03\/Menhir-Minimal.jpg","type":"image\/jpeg"}],"twitter_card":"summary_large_image","twitter_misc":{"Dur\u00e9e de lecture estim\u00e9e":"7 minutes"},"schema":{"@context":"https:\/\/schema.org","@graph":[{"@type":"WebPage","@id":"https:\/\/essenzediluce.com\/fr\/produits\/lampes-d-exterieur-menhir-minimal\/","url":"https:\/\/essenzediluce.com\/fr\/produits\/lampes-d-exterieur-menhir-minimal\/","name":"Menhir Minimal - \u00c9clairage ext\u00e9rieur design - Essenze di Luce","isPartOf":{"@id":"https:\/\/essenzediluce.com\/#website"},"primaryImageOfPage":{"@id":"https:\/\/essenzediluce.com\/fr\/produits\/lampes-d-exterieur-menhir-minimal\/#primaryimage"},"image":{"@id":"https:\/\/essenzediluce.com\/fr\/produits\/lampes-d-exterieur-menhir-minimal\/#primaryimage"},"thumbnailUrl":"https:\/\/essenzediluce.com\/wp-content\/uploads\/2020\/03\/Menhir-Minimal.jpg","datePublished":"2020-03-23T18:06:54+00:00","dateModified":"2026-03-05T15:51:23+00:00","description":"Lampes de jardin design en pierre naturelle carr\u00e9e ou sph\u00e9rique. Design lin\u00e9aires et essentielles. Made in Italy.","breadcrumb":{"@id":"https:\/\/essenzediluce.com\/fr\/produits\/lampes-d-exterieur-menhir-minimal\/#breadcrumb"},"inLanguage":"fr-FR","potentialAction":[{"@type":"ReadAction","target":["https:\/\/essenzediluce.com\/fr\/produits\/lampes-d-exterieur-menhir-minimal\/"]}]},{"@type":"ImageObject","inLanguage":"fr-FR","@id":"https:\/\/essenzediluce.com\/fr\/produits\/lampes-d-exterieur-menhir-minimal\/#primaryimage","url":"https:\/\/essenzediluce.com\/wp-content\/uploads\/2020\/03\/Menhir-Minimal.jpg","contentUrl":"https:\/\/essenzediluce.com\/wp-content\/uploads\/2020\/03\/Menhir-Minimal.jpg","width":1620,"height":1080,"caption":"Lampada da terra da esterno moderna"},{"@type":"BreadcrumbList","@id":"https:\/\/essenzediluce.com\/fr\/produits\/lampes-d-exterieur-menhir-minimal\/#breadcrumb","itemListElement":[{"@type":"ListItem","position":1,"name":"Home","item":"https:\/\/essenzediluce.com\/fr\/"},{"@type":"ListItem","position":2,"name":"Produits","item":"https:\/\/essenzediluce.com\/fr\/produits\/"},{"@type":"ListItem","position":3,"name":"Menhir Minimal"}]},{"@type":"WebSite","@id":"https:\/\/essenzediluce.com\/#website","url":"https:\/\/essenzediluce.com\/","name":"Essenze di Luce","description":"","publisher":{"@id":"https:\/\/essenzediluce.com\/#organization"},"potentialAction":[{"@type":"SearchAction","target":{"@type":"EntryPoint","urlTemplate":"https:\/\/essenzediluce.com\/?s={search_term_string}"},"query-input":{"@type":"PropertyValueSpecification","valueRequired":true,"valueName":"search_term_string"}}],"inLanguage":"fr-FR"},{"@type":"Organization","@id":"https:\/\/essenzediluce.com\/#organization","name":"Essenze di Luce","url":"https:\/\/essenzediluce.com\/","logo":{"@type":"ImageObject","inLanguage":"fr-FR","@id":"https:\/\/essenzediluce.com\/#\/schema\/logo\/image\/","url":"https:\/\/essenzediluce.com\/wp-content\/uploads\/2017\/03\/el.jpg","contentUrl":"https:\/\/essenzediluce.com\/wp-content\/uploads\/2017\/03\/el.jpg","width":512,"height":512,"caption":"Essenze di Luce"},"image":{"@id":"https:\/\/essenzediluce.com\/#\/schema\/logo\/image\/"},"sameAs":["https:\/\/www.facebook.com\/essenzediluce.italy\/","https:\/\/www.instagram.com\/essenzediluce\/","https:\/\/www.youtube.com\/channel\/UCXKJKPfUYADaJMEm_9NAvrA"]}]}},"_links":{"self":[{"href":"https:\/\/essenzediluce.com\/fr\/wp-json\/wp\/v2\/pages\/11231"}],"collection":[{"href":"https:\/\/essenzediluce.com\/fr\/wp-json\/wp\/v2\/pages"}],"about":[{"href":"https:\/\/essenzediluce.com\/fr\/wp-json\/wp\/v2\/types\/page"}],"author":[{"embeddable":true,"href":"https:\/\/essenzediluce.com\/fr\/wp-json\/wp\/v2\/users\/2"}],"replies":[{"embeddable":true,"href":"https:\/\/essenzediluce.com\/fr\/wp-json\/wp\/v2\/comments?post=11231"}],"version-history":[{"count":30,"href":"https:\/\/essenzediluce.com\/fr\/wp-json\/wp\/v2\/pages\/11231\/revisions"}],"predecessor-version":[{"id":23411,"href":"https:\/\/essenzediluce.com\/fr\/wp-json\/wp\/v2\/pages\/11231\/revisions\/23411"}],"up":[{"embeddable":true,"href":"https:\/\/essenzediluce.com\/fr\/wp-json\/wp\/v2\/pages\/10992"}],"wp:featuredmedia":[{"embeddable":true,"href":"https:\/\/essenzediluce.com\/fr\/wp-json\/wp\/v2\/media\/11233"}],"wp:attachment":[{"href":"https:\/\/essenzediluce.com\/fr\/wp-json\/wp\/v2\/media?parent=11231"}],"curies":[{"name":"wp","href":"https:\/\/api.w.org\/{rel}","templated":true}]}}