{"id":13219,"date":"2022-08-22T10:58:18","date_gmt":"2022-08-22T10:58:18","guid":{"rendered":"https:\/\/essenzediluce.com\/?page_id=13219"},"modified":"2026-03-05T17:07:09","modified_gmt":"2026-03-05T16:07:09","slug":"enceinte-exterieur-puissante-menhir-sound-pro","status":"publish","type":"page","link":"https:\/\/essenzediluce.com\/fr\/produits\/enceinte-exterieur-puissante-menhir-sound-pro\/","title":{"rendered":"Menhir Sound Pro"},"content":{"rendered":"<div class=\"wpb-content-wrapper\">[vc_row][vc_column]\n\t\t\t<!-- START MenhirSoundPRO_FR REVOLUTION SLIDER 6.6.16 --><p class=\"rs-p-wp-fix\"><\/p>\n\t\t\t<rs-module-wrap id=\"rev_slider_78_1_wrapper\" data-source=\"gallery\" style=\"visibility:hidden;background:transparent;padding:0;margin:0px auto;margin-top:0;margin-bottom:0;\">\n\t\t\t\t<rs-module id=\"rev_slider_78_1\" style=\"\" data-version=\"6.6.16\">\n\t\t\t\t\t<rs-slides style=\"overflow: hidden; position: absolute;\">\n\t\t\t\t\t\t<rs-slide style=\"position: absolute;\" data-key=\"rs-145\" data-title=\"Slide\" data-in=\"o:0;\" data-out=\"a:false;\">\n\t\t\t\t\t\t\t<img decoding=\"async\" src=\"\/\/essenzediluce.com\/wp-content\/plugins\/revslider\/public\/assets\/assets\/dummy.png\" alt=\"\" title=\"Menhire Sound PRO-Banner img PRO\" width=\"1900\" height=\"1054\" class=\"rev-slidebg tp-rs-img rs-lazyload\" data-lazyload=\"\/\/essenzediluce.com\/wp-content\/uploads\/2022\/08\/Menhire-Sound-PRO-Banner-img-PRO.jpg\" data-no-retina>\n<!--\n\t\t\t\t\t\t\t--><rs-layer\n\t\t\t\t\t\t\t\tid=\"slider-78-slide-145-layer-0\" \n\t\t\t\t\t\t\t\tdata-type=\"text\"\n\t\t\t\t\t\t\t\tdata-rsp_ch=\"on\"\n\t\t\t\t\t\t\t\tdata-xy=\"xo:72px,59px,48px,29px;yo:213px,175px,227px,140px;\"\n\t\t\t\t\t\t\t\tdata-text=\"w:normal;s:50,50,40,24;l:60,60,45,27;fw:300;\"\n\t\t\t\t\t\t\t\tdata-dim=\"w:823px,679px,564px,347px;h:226px,222px,198px,122px;\"\n\t\t\t\t\t\t\t\tdata-frame_999=\"o:0;st:w;\"\n\t\t\t\t\t\t\t\tstyle=\"z-index:11;font-family:'Roboto';\"\n\t\t\t\t\t\t\t>Nouvelles frontieres de l\u2019audio et de lumi\u00e8re pour l\u2019ext\u00e9rieur \n\t\t\t\t\t\t\t<\/rs-layer><!--\n\n\t\t\t\t\t\t\t--><rs-layer\n\t\t\t\t\t\t\t\tid=\"slider-78-slide-145-layer-4\" \n\t\t\t\t\t\t\t\tdata-type=\"text\"\n\t\t\t\t\t\t\t\tdata-rsp_ch=\"on\"\n\t\t\t\t\t\t\t\tdata-xy=\"xo:71px,54px,46px,28px;yo:81px,68px,101px,62px;\"\n\t\t\t\t\t\t\t\tdata-text=\"w:normal;s:70,70,60,45;l:90,90,80,50;fw:300;\"\n\t\t\t\t\t\t\t\tdata-dim=\"w:1059px,949px,708px,436px;\"\n\t\t\t\t\t\t\t\tdata-frame_999=\"o:0;st:w;\"\n\t\t\t\t\t\t\t\tstyle=\"z-index:12;font-family:'Roboto';\"\n\t\t\t\t\t\t\t>MENHIR SOUND PRO \n\t\t\t\t\t\t\t<\/rs-layer><!--\n-->\t\t\t\t\t\t<\/rs-slide>\n\t\t\t\t\t<\/rs-slides>\n\t\t\t\t<\/rs-module>\n\t\t\t\t<script>\n\t\t\t\t\tsetREVStartSize({c: 'rev_slider_78_1',rl:[1920,1024,778,480],el:[867.997,768,584,592],gw:[1240,1024,778,480],gh:[868,768,960,720],type:'hero',justify:'',layout:'fullwidth',mh:\"0\"});if (window.RS_MODULES!==undefined && window.RS_MODULES.modules!==undefined && window.RS_MODULES.modules[\"revslider781\"]!==undefined) {window.RS_MODULES.modules[\"revslider781\"].once = false;window.revapi78 = undefined;if (window.RS_MODULES.checkMinimal!==undefined) window.RS_MODULES.checkMinimal()}\n\t\t\t\t<\/script>\n\t\t\t<\/rs-module-wrap>\n\t\t\t<!-- END REVOLUTION SLIDER -->\n[\/vc_column][\/vc_row][vc_row][vc_column][vc_empty_space height=&#8221;60&#8243;][vc_column_text]\r\n<h1 style=\"text-align: center;\">ENCEINTES EXTERIEUR:\r\nLA NUOVELLE FORME DE SON POUR LE JARDIN<\/h1>\r\n<h2 style=\"text-align: center;\"><strong>L&#8217;original Essenze di Luce <\/strong>\u00ae\u00a0<strong>en pierre naturelle<\/strong><\/h2>\r\n[\/vc_column_text][vc_column_text]\r\n<h2 style=\"text-align: center;\">&#8211; Syst\u00e8mes combin\u00e9s d\u2019\u00e9clairage et de diffusion sonore &#8211;<\/h2>\r\n[\/vc_column_text][vc_column_text css_animation=&#8221;fadeIn&#8221;]Menhir Sound Pro est la toute nouvelle <strong>enceinte ext\u00e9rieur<\/strong> qui d\u00e9livre un son omnidirectIonnel \u00e0 360\u00b0 avec des performances audio puissantes et un design in\u00e9gal\u00e9. Un <strong>haut-parleur<\/strong> id\u00e9al pour les espaces <strong>ext\u00e9rieurs<\/strong> de petite o\u00f9 moyenne dimension o\u00f9 une <strong>puissance et une tr\u00e8s haute fid\u00e9lit\u00e9 sonores<\/strong> sont requises pour reproduire l\u2019acoustique\r\n\r\n<strong>L\u2019innovation audio li\u00e9e au syst\u00e8me d\u2019\u00e9clairage de jardin \u00e0 LED<\/strong> pour de multiples solutions d\u2019utilisation : espaces verts d\u2019entreprises, jardins, espace piscine, espace bien-\u00eatre, \u2026 Une nouvelle fa\u00e7on de vivre l\u2019espace ext\u00e9rieur agr\u00e9ment\u00e9 de lumi\u00e8re \u00e9motionnelle et de musique en haute d\u00e9finition.\r\n<blockquote>\r\n<h4 style=\"text-align: left;\">LE HAUT-PARLEUR EXT\u00c9RIEUR LE PLUS RESISTANT JAMAIS CON\u00c7U<\/h4>\r\n<\/blockquote>\r\n[\/vc_column_text][\/vc_column][\/vc_row][vc_row][vc_column][vc_empty_space height=&#8221;60&#8243;][\/vc_column][\/vc_row][vc_row full_width=&#8221;stretch_row&#8221; gap=&#8221;25&#8243; equal_height=&#8221;yes&#8221; css=&#8221;.vc_custom_1585905277714{background-color: #f2f2f2 !important;}&#8221;][vc_column css_animation=&#8221;fadeIn&#8221; width=&#8221;1\/3&#8243;][vc_empty_space][vc_column_text css=&#8221;.vc_custom_1714379036708{padding-top: 50px !important;}&#8221;]\r\n<h4>NOUVELLES FRONTIERES DE L\u2019AUDIO<\/h4>\r\n<h3 style=\"padding: 0.8em 0 .5em;\"><strong>EXTERIEUR DE LUXE<\/strong><\/h3>\r\nSound Pro est la nouvelle dimension du <strong>luxe pour le jardin<\/strong>, donnant vie \u00e0 un environnement ext\u00e9rieur multifonctionnel gr\u00e2ce \u00e0 un <strong>haut parleur ext\u00e9rieur<\/strong> qui combine lumi\u00e8re et son st\u00e9r\u00e9o de haute qualit\u00e9 pour des impressions uniques de jour, de soir ou de nuit.[\/vc_column_text][\/vc_column][vc_column css_animation=&#8221;fadeIn&#8221; width=&#8221;2\/3&#8243; css=&#8221;.vc_custom_1587890929364{border-left-width: 0px !important;padding-left: 0px !important;background-position: center !important;background-repeat: no-repeat !important;background-size: cover !important;}&#8221;][vc_single_image image=&#8221;20612&#8243; img_size=&#8221;1500&#215;1000&#8243; alignment=&#8221;center&#8221; onclick=&#8221;zoom&#8221; css=&#8221;&#8221;][\/vc_column][\/vc_row][vc_row full_width=&#8221;stretch_row&#8221; gap=&#8221;25&#8243; equal_height=&#8221;yes&#8221; css=&#8221;.vc_custom_1585905277714{background-color: #f2f2f2 !important;}&#8221;][vc_column css_animation=&#8221;fadeIn&#8221; width=&#8221;2\/3&#8243; css=&#8221;.vc_custom_1587890957422{border-left-width: 0px !important;padding-left: 0px !important;background-position: center !important;background-repeat: no-repeat !important;background-size: cover !important;}&#8221;][vc_single_image image=&#8221;13015&#8243; img_size=&#8221;full&#8221; alignment=&#8221;center&#8221; onclick=&#8221;zoom&#8221;][\/vc_column][vc_column css_animation=&#8221;fadeIn&#8221; width=&#8221;1\/3&#8243;][vc_empty_space][vc_column_text css=&#8221;.vc_custom_1714379061140{padding-top: 50px !important;}&#8221;]\r\n<h4>INGENIERIE MADE IN ITALY<\/h4>\r\n<h3 style=\"padding: 0.8em 0 .5em;\"><strong>SYSTEME AUDIO Hi-Fi<\/strong><\/h3>\r\nLa structure du haut-parleur audio se compose d\u2019une <strong>lentille acoustique et d\u2019un woofer int\u00e9gr\u00e9<\/strong>. La partie sup\u00e9rieure du monolithe est excav\u00e9e avec un syst\u00e8me particulier de carottage de pierre visant \u00e0 cr\u00e9er un vide de volume suffisant pour accueillir et diffuser le son de mani\u00e8re enveloppante. <strong>Le son sort d\u2019une section de sortie de seulement 17 mm de hauteur.<\/strong>[\/vc_column_text][\/vc_column][\/vc_row][vc_row full_width=&#8221;stretch_row&#8221; gap=&#8221;25&#8243; equal_height=&#8221;yes&#8221; css=&#8221;.vc_custom_1585905277714{background-color: #f2f2f2 !important;}&#8221;][vc_column css_animation=&#8221;fadeIn&#8221; width=&#8221;1\/3&#8243;][vc_column_text css=&#8221;.vc_custom_1714379303662{padding-top: 50px !important;}&#8221;]\r\n<h4>HAUTE FID\u00c9LIT\u00c9 ET PUISSANCE SONORE<\/h4>\r\n<h3><strong>PRESSION ACOUSTIQUE<\/strong><\/h3>\r\nGr\u00e2ce \u00e0 l\u2019int\u00e9gration du woofer qui fonctionne sur les basses fr\u00e9quences, en parall\u00e8le avec la lentille acoustique en acier qui r\u00e9git les tons moyens et aigus, le son du Sound PRO est puissant et limpide. <strong>Le haut parleur ext\u00e9rieur en n\u00e9odyme est tropicalis\u00e9 et r\u00e9siste \u00e0 tous les agents atmosph\u00e9riques. 220W de puissance en tr\u00e8s haute fid\u00e9lit\u00e9.<\/strong>[\/vc_column_text][\/vc_column][vc_column css_animation=&#8221;fadeIn&#8221; width=&#8221;2\/3&#8243; css=&#8221;.vc_custom_1587890929364{border-left-width: 0px !important;padding-left: 0px !important;background-position: center !important;background-repeat: no-repeat !important;background-size: cover !important;}&#8221;][vc_single_image image=&#8221;11890&#8243; img_size=&#8221;1500&#215;1000&#8243; alignment=&#8221;center&#8221; onclick=&#8221;zoom&#8221;][\/vc_column][\/vc_row][vc_row full_width=&#8221;stretch_row&#8221; gap=&#8221;25&#8243; equal_height=&#8221;yes&#8221; css=&#8221;.vc_custom_1585905277714{background-color: #f2f2f2 !important;}&#8221;][vc_column css_animation=&#8221;fadeIn&#8221; width=&#8221;2\/3&#8243; css=&#8221;.vc_custom_1587890957422{border-left-width: 0px !important;padding-left: 0px !important;background-position: center !important;background-repeat: no-repeat !important;background-size: cover !important;}&#8221;][vc_single_image image=&#8221;13654&#8243; img_size=&#8221;1500&#215;1000&#8243; alignment=&#8221;center&#8221; onclick=&#8221;zoom&#8221;][\/vc_column][vc_column css_animation=&#8221;fadeIn&#8221; width=&#8221;1\/3&#8243;][vc_empty_space][vc_column_text css=&#8221;.vc_custom_1714379314107{padding-top: 50px !important;}&#8221;]\r\n<h4>\u00c9CLAIRAGE LED<\/h4>\r\n<h3 style=\"padding: 0.8em 0 .5em;\"><strong>EFFET SC\u00c9NIQUE<\/strong><\/h3>\r\nLe Menhir Sound, dans la version en pierre de forme naturelle ou carr\u00e9e, est dot\u00e9 d&#8217;<strong>une seule d\u00e9coupe lumineuse<\/strong> \u00e0 l&#8217;int\u00e9rieur de laquelle se trouvent <strong>deux sources lumineuses \u00e0 led<\/strong>, plac\u00e9es aux p\u00f4les oppos\u00e9s, pour un <strong>effet lumineux sc\u00e9nographique<\/strong>. Les \u00e9l\u00e9ments lumineux <strong>sont trait\u00e9s avec une r\u00e9sine sp\u00e9ciale<\/strong> qui en pr\u00e9serve la <strong>durabilit\u00e9<\/strong> et rend le produit <strong>parfaitement imperm\u00e9able<\/strong>.[\/vc_column_text][\/vc_column][\/vc_row][vc_row el_class=&#8221;showsliderforlessthan&#8221;][vc_column][vc_empty_space][\/vc_column][\/vc_row][vc_row][vc_column width=&#8221;1\/2&#8243;][vc_custom_heading text=&#8221;LE GRAND DEFI&#8221;][\/vc_column][vc_column width=&#8221;1\/2&#8243;][vc_column_text]Cr\u00e9er un <strong>haut parleur ext\u00e9rieur<\/strong> en pierre naturelle capable de transmettre un son pr\u00e9cis, puissant et de haute qualit\u00e9 \u00e0 travers une section de seulement 17 mm de haut.[\/vc_column_text][\/vc_column][\/vc_row][vc_row][vc_column width=&#8221;1\/2&#8243;][vc_custom_heading text=&#8221;COMMENT NOUS Y SOMMES PARVENU&#8221;][\/vc_column][vc_column width=&#8221;1\/2&#8243;][vc_column_text]Un parcours de deux ans de recherches, de d\u00e9veloppement et de tests pour remporter notre plus grand d\u00e9fi. Gr\u00e2ce \u00e0 l\u2019union des comp\u00e9tences des ing\u00e9nieurs du son et des sp\u00e9cialistes de la pierre, nous avons cr\u00e9\u00e9 la <strong>plaque audio PRO avec haut parleur et woofer int\u00e9gr\u00e9s<\/strong> qui, avec un traitement interne particulier de la pierre, nous donne <strong>des performances audio incomparables.<\/strong>\r\n\r\nDe plus, l\u2019utilisation de haut-parleurs en n\u00e9odyme tropicalis\u00e9 sur la membrane permet une utilisation m\u00eame <strong>dans les conditions m\u00e9t\u00e9orologiques les plus d\u00e9favorables<\/strong>, sans avoir besoin d\u2019aucune protection.[\/vc_column_text][\/vc_column][\/vc_row][vc_row][vc_column width=&#8221;1\/2&#8243;][vc_custom_heading text=&#8221;LE RESULTAT&#8221;][\/vc_column][vc_column width=&#8221;1\/2&#8243;][vc_column_text]Un haut parleur ext\u00e9rieur audio unique qui pr\u00e9serve l\u2019esth\u00e9tique et le design artisanal de la pierre naturelle, utilisable \u00e0 l\u2019ext\u00e9rieur sans aucun entretien.[\/vc_column_text][\/vc_column][\/vc_row][vc_row el_class=&#8221;showsliderforlessthan&#8221;][vc_column][vc_empty_space][\/vc_column][\/vc_row][vc_row full_width=&#8221;stretch_row_content&#8221;][vc_column css_animation=&#8221;fadeIn&#8221; width=&#8221;1\/6&#8243;][\/vc_column][vc_column width=&#8221;2\/3&#8243;][vc_column_text]<div class=\"epyt-video-wrapper\"><div  id=\"_ytid_80755\"  width=\"800\" height=\"450\"  data-origwidth=\"800\" data-origheight=\"450\" data-facadesrc=\"https:\/\/www.youtube.com\/embed\/QZ_Tt-tKSUo?enablejsapi=1&autoplay=0&cc_load_policy=0&cc_lang_pref=&iv_load_policy=1&loop=0&rel=1&fs=1&playsinline=0&autohide=2&theme=dark&color=red&controls=1&disablekb=0&\" class=\"__youtube_prefs__ epyt-facade no-lazyload\" data-epautoplay=\"1\" ><img decoding=\"async\" data-spai-excluded=\"true\" class=\"epyt-facade-poster skip-lazy\" loading=\"lazy\"  alt=\"YouTube player\"  src=\"https:\/\/i.ytimg.com\/vi\/QZ_Tt-tKSUo\/maxresdefault.jpg\"  \/><button class=\"epyt-facade-play\" aria-label=\"Play\"><svg data-no-lazy=\"1\" height=\"100%\" version=\"1.1\" viewBox=\"0 0 68 48\" width=\"100%\"><path class=\"ytp-large-play-button-bg\" d=\"M66.52,7.74c-0.78-2.93-2.49-5.41-5.42-6.19C55.79,.13,34,0,34,0S12.21,.13,6.9,1.55 C3.97,2.33,2.27,4.81,1.48,7.74C0.06,13.05,0,24,0,24s0.06,10.95,1.48,16.26c0.78,2.93,2.49,5.41,5.42,6.19 C12.21,47.87,34,48,34,48s21.79-0.13,27.1-1.55c2.93-0.78,4.64-3.26,5.42-6.19C67.94,34.95,68,24,68,24S67.94,13.05,66.52,7.74z\" fill=\"#f00\"><\/path><path d=\"M 45,24 27,14 27,34\" fill=\"#fff\"><\/path><\/svg><\/button><\/div><\/div>[\/vc_column_text][\/vc_column][vc_column width=&#8221;1\/6&#8243;][\/vc_column][\/vc_row][vc_row][vc_column][vc_empty_space height=&#8221;60&#8243;][vc_column_text css_animation=&#8221;fadeIn&#8221;]\r\n<h2 style=\"text-align: center;\">SYST\u00c8ME DE CONTR\u00d4LE INT\u00c9GR\u00c9 POUR\u00a0LA REPRODUCTION AUDIO<\/h2>\r\n[\/vc_column_text][\/vc_column][\/vc_row][vc_row el_class=&#8221;showsliderforlessthan&#8221;][vc_column width=&#8221;1\/3&#8243;][vc_empty_space height=&#8221;20&#8243;][vc_single_image image=&#8221;15727&#8243; img_size=&#8221;full&#8221; alignment=&#8221;center&#8221; css_animation=&#8221;fadeIn&#8221;][\/vc_column][vc_column width=&#8221;2\/3&#8243;][vc_column_text]Menhir Sound PRO vous permet de g\u00e9rer le son en mode manuel \u00e0 partir d\u2019un smartphone ou en mode automatique et int\u00e9gr\u00e9 \u00e0 tous les syst\u00e8mes audio pr\u00e9existants \u00e0 l\u2019int\u00e9rieur d\u2019une maison ou d\u2019une structure<strong>. La compatibilit\u00e9 \u00e9tudi\u00e9e dans la phase de conception permet une continuit\u00e9 parfaite entre l\u2019environnement externe et interne<\/strong> et, surtout, permet \u00e0 l\u2019utilisateur de contr\u00f4ler facilement et rapidement l\u2019audio.\r\n<ul>\r\n \t<li><strong>Contr\u00f4lez la musique depuis votre smartphone<\/strong>: gr\u00e2ce au syst\u00e8me wi-fi, il vous suffit de t\u00e9l\u00e9charger l\u2019application, d\u2019utiliser vos services de musique pr\u00e9f\u00e9r\u00e9s et de profiter de la musique dans le confort de votre ext\u00e9rieur<\/li>\r\n \t<li>Si en revanche, <strong>vous disposez d\u00e9j\u00e0 d\u2019un syst\u00e8me audio interne<\/strong>, vous pouvez int\u00e9grer Menhir Sound Pro en centralisant le syst\u00e8me de contr\u00f4le audio, ce qui rend le contr\u00f4le de la musique plus facile et plus rapide tout en s\u2019adaptant parfaitement au projet.<\/li>\r\n<\/ul>\r\n[\/vc_column_text][\/vc_column][\/vc_row][vc_row full_width=&#8221;stretch_row_content&#8221;][vc_column][vc_single_image image=&#8221;15723&#8243; img_size=&#8221;800&#215;95&#8243; alignment=&#8221;center&#8221;][vc_empty_space height=&#8221;10&#8243;][\/vc_column][\/vc_row][vc_row full_width=&#8221;stretch_row&#8221; css=&#8221;.vc_custom_1687423175848{background-color: #668195 !important;}&#8221;][vc_column width=&#8221;2\/5&#8243;][vc_column_text]\r\n<h1 style=\"text-align: center;\"><strong><span style=\"color: #ffffff;\">MENHIR SOUND PRO<\/span><\/strong><\/h1>\r\n[\/vc_column_text][vc_single_image image=&#8221;15709&#8243; img_size=&#8221;full&#8221; alignment=&#8221;center&#8221;][vc_column_text]<span style=\"color: #ffffff;\">Id\u00e9al pour les espaces priv\u00e9s ou publics, de taille restreinte ou moyenne o\u00f9 la qualit\u00e9 audio omnidirectionnelle, la puissance et la tr\u00e8s haute fid\u00e9lit\u00e9 sont requises<\/span>[\/vc_column_text][vc_column_text]<img loading=\"lazy\" decoding=\"async\" class=\"alignnone wp-image-13005 alignleft\" src=\"https:\/\/essenzediluce.com\/wp-content\/uploads\/2022\/07\/LOCATION-ICON-300x300.png\" alt=\"\" width=\"50\" height=\"50\" srcset=\"https:\/\/essenzediluce.com\/wp-content\/uploads\/2022\/07\/LOCATION-ICON-300x300.png 300w, https:\/\/essenzediluce.com\/wp-content\/uploads\/2022\/07\/LOCATION-ICON-320x320.png 320w, https:\/\/essenzediluce.com\/wp-content\/uploads\/2022\/07\/LOCATION-ICON-100x100.png 100w, https:\/\/essenzediluce.com\/wp-content\/uploads\/2022\/07\/LOCATION-ICON-150x150.png 150w, https:\/\/essenzediluce.com\/wp-content\/uploads\/2022\/07\/LOCATION-ICON.png 512w\" sizes=\"(max-width: 50px) 100vw, 50px\" \/><span style=\"color: #ffffff;\"><strong>Emplacement<\/strong> : r\u00e9sidentiel, en bord de piscine, boutique, espaces verts d\u2019entreprise, etc\u2026 <\/span>[\/vc_column_text][vc_column_text]<img loading=\"lazy\" decoding=\"async\" class=\"alignnone wp-image-13001 alignleft\" src=\"https:\/\/essenzediluce.com\/wp-content\/uploads\/2022\/07\/COPERTURA-ICON.png\" alt=\"\" width=\"50\" height=\"50\" \/><span style=\"color: #ffffff;\"><strong>Donn\u00e9es techniques Audio<\/strong> : Puissance 220W Rms, Impendance 8\u03a9, Protection IP 65<\/span>[\/vc_column_text][vc_column_text]<img loading=\"lazy\" decoding=\"async\" class=\"alignnone wp-image-12997 alignleft\" src=\"https:\/\/essenzediluce.com\/wp-content\/uploads\/2022\/07\/DIMENSIONI-ICON-300x300.png\" alt=\"\" width=\"50\" height=\"50\" srcset=\"https:\/\/essenzediluce.com\/wp-content\/uploads\/2022\/07\/DIMENSIONI-ICON-300x300.png 300w, https:\/\/essenzediluce.com\/wp-content\/uploads\/2022\/07\/DIMENSIONI-ICON-320x320.png 320w, https:\/\/essenzediluce.com\/wp-content\/uploads\/2022\/07\/DIMENSIONI-ICON-100x100.png 100w, https:\/\/essenzediluce.com\/wp-content\/uploads\/2022\/07\/DIMENSIONI-ICON-150x150.png 150w, https:\/\/essenzediluce.com\/wp-content\/uploads\/2022\/07\/DIMENSIONI-ICON.png 384w\" sizes=\"(max-width: 50px) 100vw, 50px\" \/><span style=\"color: #ffffff;\"><strong>Dimensions<\/strong>: 80 x 40 x 60 cm en moyenne\r\n<strong>Poids<\/strong>: 220 &#8211; 300 kg<\/span>[\/vc_column_text][\/vc_column][vc_column width=&#8221;1\/5&#8243;][vc_column_text]\r\n<h1 style=\"text-align: center;\"><span style=\"color: #ffffff;\"><u>vs<\/u><\/span><\/h1>\r\n[\/vc_column_text][\/vc_column][vc_column width=&#8221;2\/5&#8243;][vc_column_text]\r\n<h1 style=\"text-align: center;\"><a href=\"https:\/\/essenzediluce.com\/fr\/produits\/enceinte-exterieur-menhir-sound\/\" target=\"_blank\" rel=\"noopener\"><span style=\"color: #ffffff;\">MENHIR SOUND<\/span><\/a><\/h1>\r\n[\/vc_column_text][vc_single_image image=&#8221;15705&#8243; img_size=&#8221;full&#8221; alignment=&#8221;center&#8221;][vc_column_text]<span style=\"color: #ffffff;\">Pour les grandes surfaces o\u00f9 l\u2019uniformit\u00e9 de la pression acoustique et la diffusion homog\u00e8ne hi-fi sont requises. Id\u00e9al pour la musique de fond bien distribu\u00e9e dans l\u2019espace<\/span>[\/vc_column_text][vc_column_text]<img loading=\"lazy\" decoding=\"async\" class=\"wp-image-13005 alignleft\" src=\"https:\/\/essenzediluce.com\/wp-content\/uploads\/2022\/07\/LOCATION-ICON-300x300.png\" alt=\"\" width=\"50\" height=\"50\" srcset=\"https:\/\/essenzediluce.com\/wp-content\/uploads\/2022\/07\/LOCATION-ICON-300x300.png 300w, https:\/\/essenzediluce.com\/wp-content\/uploads\/2022\/07\/LOCATION-ICON-320x320.png 320w, https:\/\/essenzediluce.com\/wp-content\/uploads\/2022\/07\/LOCATION-ICON-100x100.png 100w, https:\/\/essenzediluce.com\/wp-content\/uploads\/2022\/07\/LOCATION-ICON-150x150.png 150w, https:\/\/essenzediluce.com\/wp-content\/uploads\/2022\/07\/LOCATION-ICON.png 512w\" sizes=\"(max-width: 50px) 100vw, 50px\" \/><span style=\"color: #ffffff;\"><strong>Emplacement<\/strong> : H\u00f4tellerie, lounge, restaurants, club, espaces publics, espaces verts d\u2019entreprise, etc\u2026<\/span>[\/vc_column_text][vc_column_text]<img loading=\"lazy\" decoding=\"async\" class=\"alignnone wp-image-13001 alignleft\" src=\"https:\/\/essenzediluce.com\/wp-content\/uploads\/2022\/07\/COPERTURA-ICON.png\" alt=\"\" width=\"50\" height=\"50\" \/><span style=\"color: #ffffff;\"><strong>Donn\u00e9es techniques Audio<\/strong> : Puissance 30W Rms, Impendance 8\u03a9, Protection IP 65<\/span>[\/vc_column_text][vc_column_text]<img loading=\"lazy\" decoding=\"async\" class=\"alignnone wp-image-12997 alignleft\" src=\"https:\/\/essenzediluce.com\/wp-content\/uploads\/2022\/07\/DIMENSIONI-ICON-300x300.png\" alt=\"\" width=\"50\" height=\"50\" srcset=\"https:\/\/essenzediluce.com\/wp-content\/uploads\/2022\/07\/DIMENSIONI-ICON-300x300.png 300w, https:\/\/essenzediluce.com\/wp-content\/uploads\/2022\/07\/DIMENSIONI-ICON-320x320.png 320w, https:\/\/essenzediluce.com\/wp-content\/uploads\/2022\/07\/DIMENSIONI-ICON-100x100.png 100w, https:\/\/essenzediluce.com\/wp-content\/uploads\/2022\/07\/DIMENSIONI-ICON-150x150.png 150w, https:\/\/essenzediluce.com\/wp-content\/uploads\/2022\/07\/DIMENSIONI-ICON.png 384w\" sizes=\"(max-width: 50px) 100vw, 50px\" \/><span style=\"color: #ffffff;\"><strong>Dimensions<\/strong>: 60 x 30 x 35 cm en moyenne\r\n<strong>Poids<\/strong>: 120 &#8211; 200 kg<\/span>[\/vc_column_text][vc_column_text]\r\n<p style=\"text-align: center;\"><a href=\"https:\/\/essenzediluce.com\/fr\/produits\/enceinte-exterieur-menhir-sound\/\" target=\"_blank\" rel=\"noopener\"><span style=\"color: #ffffff;\"><u>En savoir plus sur le Menhir Sound&#8230;<\/u><\/span><\/a><\/p>\r\n[\/vc_column_text][\/vc_column][\/vc_row][vc_row full_width=&#8221;stretch_row_content&#8221;][vc_column][vc_empty_space][\/vc_column][\/vc_row][vc_row css=&#8221;.vc_custom_1587888323796{margin-bottom: 0px !important;padding-bottom: 0px !important;}&#8221;][vc_column css_animation=&#8221;none&#8221; css=&#8221;.vc_custom_1587888112158{margin-bottom: 0px !important;padding-bottom: 0px !important;}&#8221;][vc_column_text css_animation=&#8221;fadeIn&#8221; css=&#8221;.vc_custom_1713175361043{margin-bottom: 0px !important;padding-top: 0px !important;padding-bottom: 0px !important;}&#8221;]\r\n<h2 style=\"text-align: center;\">FICHE TECHNIQUE<\/h2>\r\n[\/vc_column_text][vc_row_inner][vc_column_inner width=&#8221;1\/4&#8243;][\/vc_column_inner][vc_column_inner width=&#8221;1\/2&#8243; css=&#8221;.vc_custom_1651489151984{background-color: #ffffff !important;}&#8221;][vc_single_image image=&#8221;11901&#8243; alignment=&#8221;center&#8221; onclick=&#8221;custom_link&#8221; css_animation=&#8221;fadeIn&#8221; css=&#8221;&#8221; link=&#8221;https:\/\/essenzediluce.com\/wp-content\/uploads\/2026\/03\/EL-Datasheet-Audio-Menhir-Sound-Pro-220W_v.4.pdf&#8221;][vc_column_text css=&#8221;.vc_custom_1772726826241{background-color: #ffffff !important;}&#8221;]\r\n<h4 style=\"text-align: center; padding-top: 0; margin-top: 0; padding-bottom: 0; margin-bottom: 0;\"><i class=\"fa fa-download\" aria-hidden=\"true\"><\/i> <a href=\"https:\/\/essenzediluce.com\/wp-content\/uploads\/2026\/03\/EL-Datasheet-Audio-Menhir-Sound-Pro-220W_v.4.pdf\" target=\"_blank\" rel=\"noopener noreferrer\"><strong><u>SOUND PRO<\/u><\/strong><\/a><\/h4>\r\n<p style=\"text-align: center;\">Haut-parleur PRO avec \u00e9clairage LED int\u00e9gr\u00e9<\/p>\r\n[\/vc_column_text][\/vc_column_inner][vc_column_inner width=&#8221;1\/4&#8243;][\/vc_column_inner][\/vc_row_inner][\/vc_column][\/vc_row][vc_row][vc_column][vc_empty_space height=&#8221;50&#8243;][vc_btn title=&#8221;BIBLIOTH\u00c8QUE BIM ET 3D&#8221; style=&#8221;classic&#8221; color=&#8221;black&#8221; size=&#8221;lg&#8221; align=&#8221;center&#8221; i_icon_fontawesome=&#8221;fas fa-download&#8221; css_animation=&#8221;fadeIn&#8221; add_icon=&#8221;true&#8221; link=&#8221;url:https%3A%2F%2Fessenzediluce.com%2Ffr%2Fbim%2F|title:BIM&#8221;][vc_empty_space height=&#8221;70&#8243;][\/vc_column][\/vc_row][vc_row full_width=&#8221;stretch_row&#8221; css=&#8221;.vc_custom_1750243041974{background-color: #F2F2F2 !important;}&#8221;][vc_column][vc_column_text css_animation=&#8221;fadeIn&#8221; css=&#8221;&#8221;]\r\n<h2 style=\"padding: 0.8em 0px 0.5em; text-align: center;\">SYST\u00c8ME PLUG &amp; PLAY<\/h2>\r\n<p style=\"text-align: center;\">Gr\u00e2ce \u00e0 la compatibilit\u00e9 du Menhir Sound PRO avec le nouveau syst\u00e8me <strong data-start=\"174\" data-end=\"189\">Plug &amp; Play<\/strong>, l&#8217;installation de ce produit est encore plus rapide, intuitive et abordable.<\/p>\r\n<p style=\"text-align: center;\"><strong>\u2192<\/strong> <a href=\"https:\/\/essenzediluce.com\/fr\/plug-play\/\" target=\"_blank\" rel=\"noopener\"><strong><u>D\u00c9COUVRIR LE SYST\u00c8ME PLUG &amp; PLAY<\/u><\/strong><\/a><\/p>\r\n[\/vc_column_text][vc_empty_space][\/vc_column][\/vc_row][vc_row][vc_column][vc_column_text css_animation=&#8221;fadeIn&#8221;]\r\n<h2 style=\"text-align: center;\">TEXTURES DISPONIBLES POUR CE PRODUIT<\/h2>\r\n[\/vc_column_text][\/vc_column][\/vc_row][vc_row equal_height=&#8221;yes&#8221;][vc_column width=&#8221;1\/3&#8243; css=&#8221;.vc_custom_1587913909948{padding-right: 5px !important;padding-left: 5px !important;}&#8221;][vc_single_image image=&#8221;12176&#8243; img_size=&#8221;320X320&#8243; alignment=&#8221;center&#8221; css_animation=&#8221;fadeIn&#8221; css=&#8221;.vc_custom_1653293582801{padding-bottom: 0px !important;background-color: #ffffff !important;}&#8221;][vc_column_text]\r\n<h6 style=\"text-align: center;\">Texture Standard<\/h6>\r\n<h4 style=\"text-align: center;\"><strong>MARMO\r\nITALIAN FLOWERY GREY<\/strong><\/h4>\r\n<p style=\"text-align: center;\">Italian Flowery Grey \u00e8 un marmo italiano estratto in Friuli Venezia Giulia dai toni leggeri che vanno dal bianco al grigio chiaro, con venature di color avorio, grigie e rosate.<\/p>\r\n[\/vc_column_text][\/vc_column][vc_column width=&#8221;1\/3&#8243; css=&#8221;.vc_custom_1587913916675{padding-right: 5px !important;padding-left: 5px !important;}&#8221;][vc_single_image image=&#8221;12180&#8243; img_size=&#8221;320X320&#8243; alignment=&#8221;center&#8221; css_animation=&#8221;fadeIn&#8221; css=&#8221;.vc_custom_1653293591608{padding-bottom: 0px !important;background-color: #ffffff !important;}&#8221;][vc_column_text]\r\n<h6 style=\"text-align: center;\">Texture Standard<\/h6>\r\n<h4 style=\"text-align: center;\"><strong>MARMO\r\nTRANI<\/strong><\/h4>\r\n<p style=\"text-align: center;\">La pietra di Trani \u00e8 una roccia carbonatica estratta in Puglia originata dalla sedimentazione di falde, a grana fine, con colorazione havana beige.<\/p>\r\n[\/vc_column_text][\/vc_column][vc_column width=&#8221;1\/3&#8243; css=&#8221;.vc_custom_1587913930403{padding-right: 5px !important;padding-left: 5px !important;}&#8221;][vc_single_image image=&#8221;12168&#8243; img_size=&#8221;320X320&#8243; alignment=&#8221;center&#8221; css_animation=&#8221;fadeIn&#8221; css=&#8221;.vc_custom_1652864038364{padding-bottom: 0px !important;background-color: #ffffff !important;}&#8221;][vc_column_text]\r\n<h6 style=\"text-align: center;\">Texture a richiesta<\/h6>\r\n<h4 style=\"text-align: center;\"><strong>CUSTOM\r\nTEXTURE<\/strong><\/h4>\r\n<p style=\"text-align: center;\"><a href=\"https:\/\/essenzediluce.com\/texture\/\"><u>Altre selezioni di texture disponibili a richiesta<\/u><\/a>. Contattaci per richiedere la personalizzazione specifica per il tuo progetto.<\/p>\r\n[\/vc_column_text][\/vc_column][\/vc_row][vc_row][vc_column][vc_empty_space height=&#8221;60&#8243;][vc_column_text]\r\n<h2 style=\"text-align: center;\">CONTACTEZ NOUS POUR PLUS D&#8217;INFORMATIONS<\/h2>\r\n[\/vc_column_text]\n<div class=\"wpcf7 no-js\" id=\"wpcf7-f20907-o1\" lang=\"fr-FR\" dir=\"ltr\" data-wpcf7-id=\"20907\">\n<div class=\"screen-reader-response\"><p role=\"status\" aria-live=\"polite\" aria-atomic=\"true\"><\/p> <ul><\/ul><\/div>\n<form action=\"\/fr\/wp-json\/wp\/v2\/pages\/13219#wpcf7-f20907-o1\" method=\"post\" class=\"wpcf7-form init\" aria-label=\"Formulaire de contact\" novalidate=\"novalidate\" data-status=\"init\">\n<div style=\"display: none;\">\n<input type=\"hidden\" name=\"_wpcf7\" value=\"20907\" \/>\n<input type=\"hidden\" name=\"_wpcf7_version\" value=\"6.0.6\" \/>\n<input type=\"hidden\" name=\"_wpcf7_locale\" value=\"fr_FR\" \/>\n<input type=\"hidden\" name=\"_wpcf7_unit_tag\" value=\"wpcf7-f20907-o1\" \/>\n<input type=\"hidden\" name=\"_wpcf7_container_post\" value=\"0\" \/>\n<input type=\"hidden\" name=\"_wpcf7_posted_data_hash\" value=\"\" \/>\n<\/div>\n<div class=\"two-column\">\n\t<div class=\"left\">\n\t\t<p><span class=\"wpcf7-form-control-wrap\" data-name=\"your-name\"><input size=\"40\" maxlength=\"400\" class=\"wpcf7-form-control wpcf7-text wpcf7-validates-as-required\" aria-required=\"true\" aria-invalid=\"false\" placeholder=\"Nom*\" value=\"\" type=\"text\" name=\"your-name\" \/><\/span>\n\t\t<\/p>\n\t<\/div>\n\t<div class=\"right\">\n\t\t<p><span class=\"wpcf7-form-control-wrap\" data-name=\"your-surname\"><input size=\"40\" maxlength=\"400\" class=\"wpcf7-form-control wpcf7-text wpcf7-validates-as-required\" aria-required=\"true\" aria-invalid=\"false\" placeholder=\"Nom de Famille*\" value=\"\" type=\"text\" name=\"your-surname\" \/><\/span>\n\t\t<\/p>\n\t<\/div>\n<\/div>\n<div class=\"two-column\">\n\t<div class=\"left comp-left\">\n\t\t<p><span class=\"wpcf7-form-control-wrap\" data-name=\"phone\"><input size=\"40\" maxlength=\"400\" class=\"wpcf7-form-control wpcf7-tel wpcf7-validates-as-required wpcf7-text wpcf7-validates-as-tel\" aria-required=\"true\" aria-invalid=\"false\" placeholder=\"T\u00e9l\u00e9phone*\" value=\"\" type=\"tel\" name=\"phone\" \/><\/span>\n\t\t<\/p>\n\t<\/div>\n\t<div class=\"right comp-right\">\n\t\t<p><span class=\"wpcf7-form-control-wrap\" data-name=\"your-email\"><input size=\"40\" maxlength=\"400\" class=\"wpcf7-form-control wpcf7-email wpcf7-validates-as-required wpcf7-text wpcf7-validates-as-email\" aria-required=\"true\" aria-invalid=\"false\" placeholder=\"E-mail*\" value=\"\" type=\"email\" name=\"your-email\" \/><\/span>\n\t\t<\/p>\n\t<\/div>\n<\/div>\n<div class=\"two-column\">\n\t<div class=\"left\">\n\t\t<p><span class=\"wpcf7-form-control-wrap\" data-name=\"citta\"><input size=\"40\" maxlength=\"400\" class=\"wpcf7-form-control wpcf7-text wpcf7-validates-as-required\" aria-required=\"true\" aria-invalid=\"false\" placeholder=\"Ville*\" value=\"\" type=\"text\" name=\"citta\" \/><\/span>\n\t\t<\/p>\n\t<\/div>\n\t<div class=\"right\">\n\t\t<p><span class=\"wpcf7-form-control-wrap\" data-name=\"CAP\"><input size=\"40\" maxlength=\"400\" class=\"wpcf7-form-control wpcf7-text\" aria-invalid=\"false\" placeholder=\"Code Postal\" value=\"\" type=\"text\" name=\"CAP\" \/><\/span>\n\t\t<\/p>\n\t<\/div>\n<\/div>\n<div class=\"comp\">\n\t<p><span class=\"wpcf7-form-control-wrap\" data-name=\"company\"><input size=\"40\" maxlength=\"400\" class=\"wpcf7-form-control wpcf7-text\" aria-invalid=\"false\" placeholder=\"Soci\u00e9t\u00e9\" value=\"\" type=\"text\" name=\"company\" \/><\/span>\n\t<\/p>\n<\/div>\n<div>\n\t<p>R\u00f4le*: <span class=\"wpcf7-form-control-wrap\" data-name=\"ruolo\"><select class=\"wpcf7-form-control wpcf7-select wpcf7-validates-as-required\" aria-required=\"true\" aria-invalid=\"false\" name=\"ruolo\"><option value=\"\">&#8212;Veuillez choisir une option&#8212;<\/option><option value=\"Private\">Private<\/option><option value=\"Architecte\">Architecte<\/option><option value=\"Jardinier\">Jardinier<\/option><option value=\"Architecte paysagiste\">Architecte paysagiste<\/option><option value=\"D\u00e9taillant\">D\u00e9taillant<\/option><option value=\"Installateur\">Installateur<\/option><\/select><\/span>\n\t<\/p>\n<\/div>\n<div class=\"message\">\n\t<p><span class=\"wpcf7-form-control-wrap\" data-name=\"your-message\"><textarea cols=\"40\" rows=\"10\" maxlength=\"2000\" class=\"wpcf7-form-control wpcf7-textarea wpcf7-validates-as-required\" aria-required=\"true\" aria-invalid=\"false\" placeholder=\"Message*\" name=\"your-message\"><\/textarea><\/span>\n\t<\/p>\n<\/div>\n<div>\n\t<p><span class=\"wpcf7-form-control-wrap\" data-name=\"accept-this\"><span class=\"wpcf7-form-control wpcf7-acceptance\"><span class=\"wpcf7-list-item\"><input type=\"checkbox\" name=\"accept-this\" value=\"1\" aria-invalid=\"false\" \/><\/span><\/span><\/span> OUI, J'ACCEPTE LES TERMES ET CONDITIONS: Je consens au traitement de mes donn\u00e9es personnelles dans le seul but de traiter ma demande et sa mise \u00e0 jour.<a class=\"fancybox-iframe {width:100%,height:100%}\" href=\"https:\/\/essenzediluce.com\/privacy-policy\/\"><strong>Privacy Policy<\/strong><\/a>\n\t<\/p>\n<\/div>\n<div>\n\t<p><span class=\"wpcf7-form-control-wrap\" data-name=\"your-consent-sendinblue\"><span class=\"wpcf7-form-control wpcf7-acceptance optional\"><span class=\"wpcf7-list-item\"><label><input type=\"checkbox\" name=\"your-consent-sendinblue\" value=\"1\" aria-invalid=\"false\" \/><span class=\"wpcf7-list-item-label\">INSCRIVEZ-MOI \u00c0 LA NEWSLETTER<\/span><\/label><\/span><\/span><\/span>: Je souhaite recevoir des communications et des mises \u00e0 jour sur les projets, les nouveaux produits et les \u00e9v\u00e9nements.\n\t<\/p>\n<\/div>\n<div>\n\t<p><input class=\"wpcf7-form-control wpcf7-submit has-spinner\" type=\"submit\" value=\"Envoyer\" \/>\n\t<\/p>\n<\/div><div class=\"wpcf7-response-output\" aria-hidden=\"true\"><\/div>\n<\/form>\n<\/div>\n[vc_empty_space height=&#8221;60px&#8221;][\/vc_column][\/vc_row]<\/div>","protected":false},"excerpt":{"rendered":"<p>[vc_row][vc_column][\/vc_column][\/vc_row][vc_row][vc_column][vc_empty_space height=&#8221;60&#8243;][vc_column_text] ENCEINTES EXTERIEUR: LA NUOVELLE FORME DE SON POUR LE JARDIN L&#8217;original Essenze di Luce \u00ae\u00a0en pierre naturelle [\/vc_column_text][vc_column_text] &#8211; Syst\u00e8mes combin\u00e9s d\u2019\u00e9clairage et de diffusion sonore &#8211; [\/vc_column_text][vc_column_text css_animation=&#8221;fadeIn&#8221;]Menhir Sound Pro est la toute nouvelle enceinte ext\u00e9rieur qui&hellip;<\/p>\n<p> <a class=\"more-link\" href=\"https:\/\/essenzediluce.com\/fr\/produits\/enceinte-exterieur-puissante-menhir-sound-pro\/\">Lire la suite<\/a><\/p>\n","protected":false},"author":13,"featured_media":12673,"parent":10992,"menu_order":4,"comment_status":"closed","ping_status":"closed","template":"","meta":{"footnotes":""},"class_list":["post-13219","page","type-page","status-publish","has-post-thumbnail"],"yoast_head":"<!-- This site is optimized with the Yoast SEO plugin v24.5 - https:\/\/yoast.com\/wordpress\/plugins\/seo\/ -->\n<title>Menhir Sound Pro : enceinte ext\u00e9rieur puissante en marbre - Essenze di Luce<\/title>\n<meta name=\"description\" content=\"Enceinte ext\u00e9rieur avec syst\u00e8me d&#039;\u00e9clairage \u00e0 technologie LED. Rendez votre jardin exclusif avec un produit unique. Made in Italy.\" \/>\n<meta name=\"robots\" content=\"index, follow, max-snippet:-1, max-image-preview:large, max-video-preview:-1\" \/>\n<link rel=\"canonical\" href=\"https:\/\/essenzediluce.com\/fr\/produits\/enceinte-exterieur-puissante-menhir-sound-pro\/\" \/>\n<meta property=\"og:locale\" content=\"fr_FR\" \/>\n<meta property=\"og:type\" content=\"article\" \/>\n<meta property=\"og:title\" content=\"Menhir Sound Pro : enceinte ext\u00e9rieur puissante en marbre - Essenze di Luce\" \/>\n<meta property=\"og:description\" content=\"Enceinte ext\u00e9rieur avec syst\u00e8me d&#039;\u00e9clairage \u00e0 technologie LED. Rendez votre jardin exclusif avec un produit unique. Made in Italy.\" \/>\n<meta property=\"og:url\" content=\"https:\/\/essenzediluce.com\/fr\/produits\/enceinte-exterieur-puissante-menhir-sound-pro\/\" \/>\n<meta property=\"og:site_name\" content=\"Essenze di Luce\" \/>\n<meta property=\"article:publisher\" content=\"https:\/\/www.facebook.com\/essenzediluce.italy\/\" \/>\n<meta property=\"article:modified_time\" content=\"2026-03-05T16:07:09+00:00\" \/>\n<meta property=\"og:image\" content=\"https:\/\/essenzediluce.com\/wp-content\/uploads\/2022\/06\/EL-WebSite-PRODOTTI-IMG-Sound-PRO.jpg\" \/>\n\t<meta property=\"og:image:width\" content=\"960\" \/>\n\t<meta property=\"og:image:height\" content=\"720\" \/>\n\t<meta property=\"og:image:type\" content=\"image\/jpeg\" \/>\n<meta name=\"twitter:card\" content=\"summary_large_image\" \/>\n<meta name=\"twitter:label1\" content=\"Dur\u00e9e de lecture estim\u00e9e\" \/>\n\t<meta name=\"twitter:data1\" content=\"11 minutes\" \/>\n<script type=\"application\/ld+json\" class=\"yoast-schema-graph\">{\"@context\":\"https:\/\/schema.org\",\"@graph\":[{\"@type\":\"WebPage\",\"@id\":\"https:\/\/essenzediluce.com\/fr\/produits\/enceinte-exterieur-puissante-menhir-sound-pro\/\",\"url\":\"https:\/\/essenzediluce.com\/fr\/produits\/enceinte-exterieur-puissante-menhir-sound-pro\/\",\"name\":\"Menhir Sound Pro : enceinte ext\u00e9rieur puissante en marbre - Essenze di Luce\",\"isPartOf\":{\"@id\":\"https:\/\/essenzediluce.com\/#website\"},\"primaryImageOfPage\":{\"@id\":\"https:\/\/essenzediluce.com\/fr\/produits\/enceinte-exterieur-puissante-menhir-sound-pro\/#primaryimage\"},\"image\":{\"@id\":\"https:\/\/essenzediluce.com\/fr\/produits\/enceinte-exterieur-puissante-menhir-sound-pro\/#primaryimage\"},\"thumbnailUrl\":\"https:\/\/essenzediluce.com\/wp-content\/uploads\/2022\/06\/EL-WebSite-PRODOTTI-IMG-Sound-PRO.jpg\",\"datePublished\":\"2022-08-22T10:58:18+00:00\",\"dateModified\":\"2026-03-05T16:07:09+00:00\",\"description\":\"Enceinte ext\u00e9rieur avec syst\u00e8me d'\u00e9clairage \u00e0 technologie LED. Rendez votre jardin exclusif avec un produit unique. Made in Italy.\",\"breadcrumb\":{\"@id\":\"https:\/\/essenzediluce.com\/fr\/produits\/enceinte-exterieur-puissante-menhir-sound-pro\/#breadcrumb\"},\"inLanguage\":\"fr-FR\",\"potentialAction\":[{\"@type\":\"ReadAction\",\"target\":[\"https:\/\/essenzediluce.com\/fr\/produits\/enceinte-exterieur-puissante-menhir-sound-pro\/\"]}]},{\"@type\":\"ImageObject\",\"inLanguage\":\"fr-FR\",\"@id\":\"https:\/\/essenzediluce.com\/fr\/produits\/enceinte-exterieur-puissante-menhir-sound-pro\/#primaryimage\",\"url\":\"https:\/\/essenzediluce.com\/wp-content\/uploads\/2022\/06\/EL-WebSite-PRODOTTI-IMG-Sound-PRO.jpg\",\"contentUrl\":\"https:\/\/essenzediluce.com\/wp-content\/uploads\/2022\/06\/EL-WebSite-PRODOTTI-IMG-Sound-PRO.jpg\",\"width\":960,\"height\":720,\"caption\":\"Lampade Da Terra Per Esterno in marmo e diffusori per esterno\"},{\"@type\":\"BreadcrumbList\",\"@id\":\"https:\/\/essenzediluce.com\/fr\/produits\/enceinte-exterieur-puissante-menhir-sound-pro\/#breadcrumb\",\"itemListElement\":[{\"@type\":\"ListItem\",\"position\":1,\"name\":\"Home\",\"item\":\"https:\/\/essenzediluce.com\/fr\/\"},{\"@type\":\"ListItem\",\"position\":2,\"name\":\"Produits\",\"item\":\"https:\/\/essenzediluce.com\/fr\/produits\/\"},{\"@type\":\"ListItem\",\"position\":3,\"name\":\"Menhir Sound Pro\"}]},{\"@type\":\"WebSite\",\"@id\":\"https:\/\/essenzediluce.com\/#website\",\"url\":\"https:\/\/essenzediluce.com\/\",\"name\":\"Essenze di Luce\",\"description\":\"\",\"publisher\":{\"@id\":\"https:\/\/essenzediluce.com\/#organization\"},\"potentialAction\":[{\"@type\":\"SearchAction\",\"target\":{\"@type\":\"EntryPoint\",\"urlTemplate\":\"https:\/\/essenzediluce.com\/?s={search_term_string}\"},\"query-input\":{\"@type\":\"PropertyValueSpecification\",\"valueRequired\":true,\"valueName\":\"search_term_string\"}}],\"inLanguage\":\"fr-FR\"},{\"@type\":\"Organization\",\"@id\":\"https:\/\/essenzediluce.com\/#organization\",\"name\":\"Essenze di Luce\",\"url\":\"https:\/\/essenzediluce.com\/\",\"logo\":{\"@type\":\"ImageObject\",\"inLanguage\":\"fr-FR\",\"@id\":\"https:\/\/essenzediluce.com\/#\/schema\/logo\/image\/\",\"url\":\"https:\/\/essenzediluce.com\/wp-content\/uploads\/2017\/03\/el.jpg\",\"contentUrl\":\"https:\/\/essenzediluce.com\/wp-content\/uploads\/2017\/03\/el.jpg\",\"width\":512,\"height\":512,\"caption\":\"Essenze di Luce\"},\"image\":{\"@id\":\"https:\/\/essenzediluce.com\/#\/schema\/logo\/image\/\"},\"sameAs\":[\"https:\/\/www.facebook.com\/essenzediluce.italy\/\",\"https:\/\/www.instagram.com\/essenzediluce\/\",\"https:\/\/www.youtube.com\/channel\/UCXKJKPfUYADaJMEm_9NAvrA\"]}]}<\/script>\n<!-- \/ Yoast SEO plugin. -->","yoast_head_json":{"title":"Menhir Sound Pro : enceinte ext\u00e9rieur puissante en marbre - Essenze di Luce","description":"Enceinte ext\u00e9rieur avec syst\u00e8me d'\u00e9clairage \u00e0 technologie LED. Rendez votre jardin exclusif avec un produit unique. Made in Italy.","robots":{"index":"index","follow":"follow","max-snippet":"max-snippet:-1","max-image-preview":"max-image-preview:large","max-video-preview":"max-video-preview:-1"},"canonical":"https:\/\/essenzediluce.com\/fr\/produits\/enceinte-exterieur-puissante-menhir-sound-pro\/","og_locale":"fr_FR","og_type":"article","og_title":"Menhir Sound Pro : enceinte ext\u00e9rieur puissante en marbre - Essenze di Luce","og_description":"Enceinte ext\u00e9rieur avec syst\u00e8me d'\u00e9clairage \u00e0 technologie LED. Rendez votre jardin exclusif avec un produit unique. Made in Italy.","og_url":"https:\/\/essenzediluce.com\/fr\/produits\/enceinte-exterieur-puissante-menhir-sound-pro\/","og_site_name":"Essenze di Luce","article_publisher":"https:\/\/www.facebook.com\/essenzediluce.italy\/","article_modified_time":"2026-03-05T16:07:09+00:00","og_image":[{"width":960,"height":720,"url":"https:\/\/essenzediluce.com\/wp-content\/uploads\/2022\/06\/EL-WebSite-PRODOTTI-IMG-Sound-PRO.jpg","type":"image\/jpeg"}],"twitter_card":"summary_large_image","twitter_misc":{"Dur\u00e9e de lecture estim\u00e9e":"11 minutes"},"schema":{"@context":"https:\/\/schema.org","@graph":[{"@type":"WebPage","@id":"https:\/\/essenzediluce.com\/fr\/produits\/enceinte-exterieur-puissante-menhir-sound-pro\/","url":"https:\/\/essenzediluce.com\/fr\/produits\/enceinte-exterieur-puissante-menhir-sound-pro\/","name":"Menhir Sound Pro : enceinte ext\u00e9rieur puissante en marbre - Essenze di Luce","isPartOf":{"@id":"https:\/\/essenzediluce.com\/#website"},"primaryImageOfPage":{"@id":"https:\/\/essenzediluce.com\/fr\/produits\/enceinte-exterieur-puissante-menhir-sound-pro\/#primaryimage"},"image":{"@id":"https:\/\/essenzediluce.com\/fr\/produits\/enceinte-exterieur-puissante-menhir-sound-pro\/#primaryimage"},"thumbnailUrl":"https:\/\/essenzediluce.com\/wp-content\/uploads\/2022\/06\/EL-WebSite-PRODOTTI-IMG-Sound-PRO.jpg","datePublished":"2022-08-22T10:58:18+00:00","dateModified":"2026-03-05T16:07:09+00:00","description":"Enceinte ext\u00e9rieur avec syst\u00e8me d'\u00e9clairage \u00e0 technologie LED. Rendez votre jardin exclusif avec un produit unique. Made in Italy.","breadcrumb":{"@id":"https:\/\/essenzediluce.com\/fr\/produits\/enceinte-exterieur-puissante-menhir-sound-pro\/#breadcrumb"},"inLanguage":"fr-FR","potentialAction":[{"@type":"ReadAction","target":["https:\/\/essenzediluce.com\/fr\/produits\/enceinte-exterieur-puissante-menhir-sound-pro\/"]}]},{"@type":"ImageObject","inLanguage":"fr-FR","@id":"https:\/\/essenzediluce.com\/fr\/produits\/enceinte-exterieur-puissante-menhir-sound-pro\/#primaryimage","url":"https:\/\/essenzediluce.com\/wp-content\/uploads\/2022\/06\/EL-WebSite-PRODOTTI-IMG-Sound-PRO.jpg","contentUrl":"https:\/\/essenzediluce.com\/wp-content\/uploads\/2022\/06\/EL-WebSite-PRODOTTI-IMG-Sound-PRO.jpg","width":960,"height":720,"caption":"Lampade Da Terra Per Esterno in marmo e diffusori per esterno"},{"@type":"BreadcrumbList","@id":"https:\/\/essenzediluce.com\/fr\/produits\/enceinte-exterieur-puissante-menhir-sound-pro\/#breadcrumb","itemListElement":[{"@type":"ListItem","position":1,"name":"Home","item":"https:\/\/essenzediluce.com\/fr\/"},{"@type":"ListItem","position":2,"name":"Produits","item":"https:\/\/essenzediluce.com\/fr\/produits\/"},{"@type":"ListItem","position":3,"name":"Menhir Sound Pro"}]},{"@type":"WebSite","@id":"https:\/\/essenzediluce.com\/#website","url":"https:\/\/essenzediluce.com\/","name":"Essenze di Luce","description":"","publisher":{"@id":"https:\/\/essenzediluce.com\/#organization"},"potentialAction":[{"@type":"SearchAction","target":{"@type":"EntryPoint","urlTemplate":"https:\/\/essenzediluce.com\/?s={search_term_string}"},"query-input":{"@type":"PropertyValueSpecification","valueRequired":true,"valueName":"search_term_string"}}],"inLanguage":"fr-FR"},{"@type":"Organization","@id":"https:\/\/essenzediluce.com\/#organization","name":"Essenze di Luce","url":"https:\/\/essenzediluce.com\/","logo":{"@type":"ImageObject","inLanguage":"fr-FR","@id":"https:\/\/essenzediluce.com\/#\/schema\/logo\/image\/","url":"https:\/\/essenzediluce.com\/wp-content\/uploads\/2017\/03\/el.jpg","contentUrl":"https:\/\/essenzediluce.com\/wp-content\/uploads\/2017\/03\/el.jpg","width":512,"height":512,"caption":"Essenze di Luce"},"image":{"@id":"https:\/\/essenzediluce.com\/#\/schema\/logo\/image\/"},"sameAs":["https:\/\/www.facebook.com\/essenzediluce.italy\/","https:\/\/www.instagram.com\/essenzediluce\/","https:\/\/www.youtube.com\/channel\/UCXKJKPfUYADaJMEm_9NAvrA"]}]}},"_links":{"self":[{"href":"https:\/\/essenzediluce.com\/fr\/wp-json\/wp\/v2\/pages\/13219"}],"collection":[{"href":"https:\/\/essenzediluce.com\/fr\/wp-json\/wp\/v2\/pages"}],"about":[{"href":"https:\/\/essenzediluce.com\/fr\/wp-json\/wp\/v2\/types\/page"}],"author":[{"embeddable":true,"href":"https:\/\/essenzediluce.com\/fr\/wp-json\/wp\/v2\/users\/13"}],"replies":[{"embeddable":true,"href":"https:\/\/essenzediluce.com\/fr\/wp-json\/wp\/v2\/comments?post=13219"}],"version-history":[{"count":30,"href":"https:\/\/essenzediluce.com\/fr\/wp-json\/wp\/v2\/pages\/13219\/revisions"}],"predecessor-version":[{"id":23420,"href":"https:\/\/essenzediluce.com\/fr\/wp-json\/wp\/v2\/pages\/13219\/revisions\/23420"}],"up":[{"embeddable":true,"href":"https:\/\/essenzediluce.com\/fr\/wp-json\/wp\/v2\/pages\/10992"}],"wp:featuredmedia":[{"embeddable":true,"href":"https:\/\/essenzediluce.com\/fr\/wp-json\/wp\/v2\/media\/12673"}],"wp:attachment":[{"href":"https:\/\/essenzediluce.com\/fr\/wp-json\/wp\/v2\/media?parent=13219"}],"curies":[{"name":"wp","href":"https:\/\/api.w.org\/{rel}","templated":true}]}}