{"id":13986,"date":"2022-11-11T08:13:16","date_gmt":"2022-11-11T08:13:16","guid":{"rendered":"https:\/\/essenzediluce.com\/?page_id=13986"},"modified":"2025-03-04T12:08:09","modified_gmt":"2025-03-04T11:08:09","slug":"realisation","status":"publish","type":"page","link":"https:\/\/essenzediluce.com\/fr\/realisation\/","title":{"rendered":"R\u00e9alisation"},"content":{"rendered":"<div class=\"wpb-content-wrapper\">[vc_row][vc_column]\n\t\t\t<!-- START RealizzazioniFR REVOLUTION SLIDER 6.6.16 --><p class=\"rs-p-wp-fix\"><\/p>\n\t\t\t<rs-module-wrap id=\"rev_slider_90_1_wrapper\" data-source=\"gallery\" style=\"visibility:hidden;background:transparent;padding:0;margin:0px auto;margin-top:0;margin-bottom:0;\">\n\t\t\t\t<rs-module id=\"rev_slider_90_1\" style=\"\" data-version=\"6.6.16\">\n\t\t\t\t\t<rs-slides style=\"overflow: hidden; position: absolute;\">\n\t\t\t\t\t\t<rs-slide style=\"position: absolute;\" data-key=\"rs-157\" data-title=\"Slide\" data-in=\"o:0;\" data-out=\"a:false;\">\n\t\t\t\t\t\t\t<img decoding=\"async\" src=\"\/\/essenzediluce.com\/wp-content\/plugins\/revslider\/public\/assets\/assets\/dummy.png\" alt=\"Luce e musica in giardino\" title=\"EL-Menhir Sound Pro-Diffusore per esterno\" width=\"1500\" height=\"998\" class=\"rev-slidebg tp-rs-img rs-lazyload\" data-lazyload=\"\/\/essenzediluce.com\/wp-content\/uploads\/2024\/10\/EL-Menhir-Sound-Pro-Diffusore-per-esterno.jpg\" data-no-retina>\n<!--\n\t\t\t\t\t\t\t--><rs-layer\n\t\t\t\t\t\t\t\tid=\"slider-90-slide-157-layer-1\" \n\t\t\t\t\t\t\t\tclass=\"ht\"\n\t\t\t\t\t\t\t\tdata-type=\"text\"\n\t\t\t\t\t\t\t\tdata-rsp_ch=\"on\"\n\t\t\t\t\t\t\t\tdata-xy=\"xo:65px,53px,40px,21px;yo:182px,150px,113px,54px;\"\n\t\t\t\t\t\t\t\tdata-text=\"w:normal;s:80,66,50,45;l:90,74,56,50;fw:300,300,300,400;\"\n\t\t\t\t\t\t\t\tdata-dim=\"w:auto,auto,auto,413px;\"\n\t\t\t\t\t\t\t\tdata-frame_1=\"st:500;sp:1000;sR:500;\"\n\t\t\t\t\t\t\t\tdata-frame_999=\"o:0;st:w;sR:5500;\"\n\t\t\t\t\t\t\t\tstyle=\"z-index:9;font-family:'Roboto';\"\n\t\t\t\t\t\t\t>R\u00c9ALISATIONS \n\t\t\t\t\t\t\t<\/rs-layer><!--\n\n\t\t\t\t\t\t\t--><rs-layer\n\t\t\t\t\t\t\t\tid=\"slider-90-slide-157-layer-2\" \n\t\t\t\t\t\t\t\tdata-type=\"text\"\n\t\t\t\t\t\t\t\tdata-rsp_ch=\"on\"\n\t\t\t\t\t\t\t\tdata-xy=\"xo:68px,56px,42px,24px;yo:279px,230px,174px,168px;\"\n\t\t\t\t\t\t\t\tdata-text=\"w:normal;s:50,41,31,30;l:60,49,37,35;fw:300;\"\n\t\t\t\t\t\t\t\tdata-dim=\"w:auto,auto,auto,409px;h:auto,auto,auto,135px;\"\n\t\t\t\t\t\t\t\tdata-frame_0=\"sX:0.9;sY:0.9;\"\n\t\t\t\t\t\t\t\tdata-frame_1=\"st:1000;sp:1000;sR:1000;\"\n\t\t\t\t\t\t\t\tdata-frame_999=\"o:0;st:w;sR:5000;\"\n\t\t\t\t\t\t\t\tstyle=\"z-index:8;font-family:'Roboto';\"\n\t\t\t\t\t\t\t>S\u00e9lection de nos plus beaux projets \n\t\t\t\t\t\t\t<\/rs-layer><!--\n-->\t\t\t\t\t\t<\/rs-slide>\n\t\t\t\t\t<\/rs-slides>\n\t\t\t\t\t<rs-static-layers class=\"rs-stl-visible\"><!--\n\t\t\t\t\t--><\/rs-static-layers>\n\t\t\t\t<\/rs-module>\n\t\t\t\t<script>\n\t\t\t\t\tsetREVStartSize({c: 'rev_slider_90_1',rl:[1920,1024,778,480],el:[868,768,960,720],gw:[1240,1024,778,480],gh:[868,768,960,720],type:'standard',justify:'',layout:'fullwidth',mh:\"0\"});if (window.RS_MODULES!==undefined && window.RS_MODULES.modules!==undefined && window.RS_MODULES.modules[\"revslider901\"]!==undefined) {window.RS_MODULES.modules[\"revslider901\"].once = false;window.revapi90 = undefined;if (window.RS_MODULES.checkMinimal!==undefined) window.RS_MODULES.checkMinimal()}\n\t\t\t\t<\/script>\n\t\t\t<\/rs-module-wrap>\n\t\t\t<!-- END REVOLUTION SLIDER -->\n[\/vc_column][\/vc_row][vc_row][vc_column][vc_empty_space][\/vc_column][\/vc_row][vc_row][vc_column][vc_column_text]\r\n<h1 style=\"text-align: center;\">REALISATION<\/h1>\r\n<h3 style=\"text-align: center;\">Chaque r\u00e9alisation raconte l&#8217;histoire d&#8217;un mode de vie personnel en plein air<\/h3>\r\n[\/vc_column_text][vc_column_text]\r\n<p style=\"text-align: left;\">Qu&#8217;il s&#8217;agisse d&#8217;un jardin priv\u00e9 ou d&#8217;un complexe touristique, chaque projet est con\u00e7u et cousu selon des exigences sp\u00e9cifiques, et chaque produit est strictement fabriqu\u00e9 \u00e0 la main. Nous avons s\u00e9lectionn\u00e9 pour vous certaines de nos r\u00e9alisations les plus significatives, laissez-vous inspirer par nos projets d&#8217;ext\u00e9rieur !<\/p>\r\n[\/vc_column_text][vc_empty_space][\/vc_column][\/vc_row][vc_row][vc_column][vc_basic_grid post_type=&#8221;work&#8221; max_items=&#8221;-1&#8243; style=&#8221;lazy&#8221; items_per_page=&#8221;9&#8243; item=&#8221;21117&#8243; css=&#8221;&#8221; grid_id=&#8221;vc_gid:1741086478597-d6b97123-6d2b-3&#8243;][\/vc_column][\/vc_row][vc_row][vc_column][vc_separator style=&#8221;dotted&#8221;][\/vc_column][\/vc_row][vc_row][vc_column][vc_empty_space][vc_column_text]\r\n<h3 style=\"text-align: center;\">CONTACTEZ-NOUS<\/h3>\r\n<p style=\"text-align: center;\">Notre \u00e9quipe est \u00e0 votre disposition pour vous renseigner et \u00e9tudier avec vous la conception lumineuse et sonore la plus adapt\u00e9e \u00e0 votre jardin et \u00e0 votre mode de vie en plein air !<\/p>\r\n[\/vc_column_text]\n<div class=\"wpcf7 no-js\" id=\"wpcf7-f20907-o1\" lang=\"fr-FR\" dir=\"ltr\" data-wpcf7-id=\"20907\">\n<div class=\"screen-reader-response\"><p role=\"status\" aria-live=\"polite\" aria-atomic=\"true\"><\/p> <ul><\/ul><\/div>\n<form action=\"\/fr\/wp-json\/wp\/v2\/pages\/13986#wpcf7-f20907-o1\" method=\"post\" class=\"wpcf7-form init\" aria-label=\"Formulaire de contact\" novalidate=\"novalidate\" data-status=\"init\">\n<div style=\"display: none;\">\n<input type=\"hidden\" name=\"_wpcf7\" value=\"20907\" \/>\n<input type=\"hidden\" name=\"_wpcf7_version\" value=\"6.0.6\" \/>\n<input type=\"hidden\" name=\"_wpcf7_locale\" value=\"fr_FR\" \/>\n<input type=\"hidden\" name=\"_wpcf7_unit_tag\" value=\"wpcf7-f20907-o1\" \/>\n<input type=\"hidden\" name=\"_wpcf7_container_post\" value=\"0\" \/>\n<input type=\"hidden\" name=\"_wpcf7_posted_data_hash\" value=\"\" \/>\n<\/div>\n<div class=\"two-column\">\n\t<div class=\"left\">\n\t\t<p><span class=\"wpcf7-form-control-wrap\" data-name=\"your-name\"><input size=\"40\" maxlength=\"400\" class=\"wpcf7-form-control wpcf7-text wpcf7-validates-as-required\" aria-required=\"true\" aria-invalid=\"false\" placeholder=\"Nom*\" value=\"\" type=\"text\" name=\"your-name\" \/><\/span>\n\t\t<\/p>\n\t<\/div>\n\t<div class=\"right\">\n\t\t<p><span class=\"wpcf7-form-control-wrap\" data-name=\"your-surname\"><input size=\"40\" maxlength=\"400\" class=\"wpcf7-form-control wpcf7-text wpcf7-validates-as-required\" aria-required=\"true\" aria-invalid=\"false\" placeholder=\"Nom de Famille*\" value=\"\" type=\"text\" name=\"your-surname\" \/><\/span>\n\t\t<\/p>\n\t<\/div>\n<\/div>\n<div class=\"two-column\">\n\t<div class=\"left comp-left\">\n\t\t<p><span class=\"wpcf7-form-control-wrap\" data-name=\"phone\"><input size=\"40\" maxlength=\"400\" class=\"wpcf7-form-control wpcf7-tel wpcf7-validates-as-required wpcf7-text wpcf7-validates-as-tel\" aria-required=\"true\" aria-invalid=\"false\" placeholder=\"T\u00e9l\u00e9phone*\" value=\"\" type=\"tel\" name=\"phone\" \/><\/span>\n\t\t<\/p>\n\t<\/div>\n\t<div class=\"right comp-right\">\n\t\t<p><span class=\"wpcf7-form-control-wrap\" data-name=\"your-email\"><input size=\"40\" maxlength=\"400\" class=\"wpcf7-form-control wpcf7-email wpcf7-validates-as-required wpcf7-text wpcf7-validates-as-email\" aria-required=\"true\" aria-invalid=\"false\" placeholder=\"E-mail*\" value=\"\" type=\"email\" name=\"your-email\" \/><\/span>\n\t\t<\/p>\n\t<\/div>\n<\/div>\n<div class=\"two-column\">\n\t<div class=\"left\">\n\t\t<p><span class=\"wpcf7-form-control-wrap\" data-name=\"citta\"><input size=\"40\" maxlength=\"400\" class=\"wpcf7-form-control wpcf7-text wpcf7-validates-as-required\" aria-required=\"true\" aria-invalid=\"false\" placeholder=\"Ville*\" value=\"\" type=\"text\" name=\"citta\" \/><\/span>\n\t\t<\/p>\n\t<\/div>\n\t<div class=\"right\">\n\t\t<p><span class=\"wpcf7-form-control-wrap\" data-name=\"CAP\"><input size=\"40\" maxlength=\"400\" class=\"wpcf7-form-control wpcf7-text\" aria-invalid=\"false\" placeholder=\"Code Postal\" value=\"\" type=\"text\" name=\"CAP\" \/><\/span>\n\t\t<\/p>\n\t<\/div>\n<\/div>\n<div class=\"comp\">\n\t<p><span class=\"wpcf7-form-control-wrap\" data-name=\"company\"><input size=\"40\" maxlength=\"400\" class=\"wpcf7-form-control wpcf7-text\" aria-invalid=\"false\" placeholder=\"Soci\u00e9t\u00e9\" value=\"\" type=\"text\" name=\"company\" \/><\/span>\n\t<\/p>\n<\/div>\n<div>\n\t<p>R\u00f4le*: <span class=\"wpcf7-form-control-wrap\" data-name=\"ruolo\"><select class=\"wpcf7-form-control wpcf7-select wpcf7-validates-as-required\" aria-required=\"true\" aria-invalid=\"false\" name=\"ruolo\"><option value=\"\">&#8212;Veuillez choisir une option&#8212;<\/option><option value=\"Private\">Private<\/option><option value=\"Architecte\">Architecte<\/option><option value=\"Jardinier\">Jardinier<\/option><option value=\"Architecte paysagiste\">Architecte paysagiste<\/option><option value=\"D\u00e9taillant\">D\u00e9taillant<\/option><option value=\"Installateur\">Installateur<\/option><\/select><\/span>\n\t<\/p>\n<\/div>\n<div class=\"message\">\n\t<p><span class=\"wpcf7-form-control-wrap\" data-name=\"your-message\"><textarea cols=\"40\" rows=\"10\" maxlength=\"2000\" class=\"wpcf7-form-control wpcf7-textarea wpcf7-validates-as-required\" aria-required=\"true\" aria-invalid=\"false\" placeholder=\"Message*\" name=\"your-message\"><\/textarea><\/span>\n\t<\/p>\n<\/div>\n<div>\n\t<p><span class=\"wpcf7-form-control-wrap\" data-name=\"accept-this\"><span class=\"wpcf7-form-control wpcf7-acceptance\"><span class=\"wpcf7-list-item\"><input type=\"checkbox\" name=\"accept-this\" value=\"1\" aria-invalid=\"false\" \/><\/span><\/span><\/span> OUI, J'ACCEPTE LES TERMES ET CONDITIONS: Je consens au traitement de mes donn\u00e9es personnelles dans le seul but de traiter ma demande et sa mise \u00e0 jour.<a class=\"fancybox-iframe {width:100%,height:100%}\" href=\"https:\/\/essenzediluce.com\/privacy-policy\/\"><strong>Privacy Policy<\/strong><\/a>\n\t<\/p>\n<\/div>\n<div>\n\t<p><span class=\"wpcf7-form-control-wrap\" data-name=\"your-consent-sendinblue\"><span class=\"wpcf7-form-control wpcf7-acceptance optional\"><span class=\"wpcf7-list-item\"><label><input type=\"checkbox\" name=\"your-consent-sendinblue\" value=\"1\" aria-invalid=\"false\" \/><span class=\"wpcf7-list-item-label\">INSCRIVEZ-MOI \u00c0 LA NEWSLETTER<\/span><\/label><\/span><\/span><\/span>: Je souhaite recevoir des communications et des mises \u00e0 jour sur les projets, les nouveaux produits et les \u00e9v\u00e9nements.\n\t<\/p>\n<\/div>\n<div>\n\t<p><input class=\"wpcf7-form-control wpcf7-submit has-spinner\" type=\"submit\" value=\"Envoyer\" \/>\n\t<\/p>\n<\/div><div class=\"wpcf7-response-output\" aria-hidden=\"true\"><\/div>\n<\/form>\n<\/div>\n[vc_column_text css=&#8221;.vc_custom_1741086486172{margin-bottom: 0px !important;}&#8221;]\r\n<p style=\"text-align: center;\"><a href=\"https:\/\/www.instagram.com\/essenzediluce\/\" target=\"_blank\" rel=\"noopener\"><span style=\"color: #ffffff;\">instagram<\/span><\/a><\/p>\r\n[\/vc_column_text][\/vc_column][\/vc_row]<\/div>","protected":false},"excerpt":{"rendered":"<p>[vc_row][vc_column][\/vc_column][\/vc_row][vc_row][vc_column][vc_empty_space][\/vc_column][\/vc_row][vc_row][vc_column][vc_column_text] REALISATION Chaque r\u00e9alisation raconte l&#8217;histoire d&#8217;un mode de vie personnel en plein air [\/vc_column_text][vc_column_text] Qu&#8217;il s&#8217;agisse d&#8217;un jardin priv\u00e9 ou d&#8217;un complexe touristique, chaque projet est con\u00e7u et cousu selon des exigences sp\u00e9cifiques, et chaque produit est strictement fabriqu\u00e9&hellip;<\/p>\n<p> <a class=\"more-link\" href=\"https:\/\/essenzediluce.com\/fr\/realisation\/\">Lire la suite<\/a><\/p>\n","protected":false},"author":13,"featured_media":20612,"parent":0,"menu_order":0,"comment_status":"closed","ping_status":"closed","template":"","meta":{"footnotes":""},"class_list":["post-13986","page","type-page","status-publish","has-post-thumbnail"],"yoast_head":"<!-- This site is optimized with the Yoast SEO plugin v24.5 - https:\/\/yoast.com\/wordpress\/plugins\/seo\/ -->\n<title>R\u00e9alisation - Nos plus beaux projets - Essenze di Luce<\/title>\n<meta name=\"description\" content=\"Une s\u00e9lection de nos plus belles r\u00e9alisations. Laissez-vous inspirer et d\u00e9couvrez une nouvelle id\u00e9e de jardin pour la vie en plein air.\" \/>\n<meta name=\"robots\" content=\"index, follow, max-snippet:-1, max-image-preview:large, max-video-preview:-1\" \/>\n<link rel=\"canonical\" href=\"https:\/\/essenzediluce.com\/fr\/realisation\/\" \/>\n<meta property=\"og:locale\" content=\"fr_FR\" \/>\n<meta property=\"og:type\" content=\"article\" \/>\n<meta property=\"og:title\" content=\"R\u00e9alisation - Nos plus beaux projets - Essenze di Luce\" \/>\n<meta property=\"og:description\" content=\"Une s\u00e9lection de nos plus belles r\u00e9alisations. Laissez-vous inspirer et d\u00e9couvrez une nouvelle id\u00e9e de jardin pour la vie en plein air.\" \/>\n<meta property=\"og:url\" content=\"https:\/\/essenzediluce.com\/fr\/realisation\/\" \/>\n<meta property=\"og:site_name\" content=\"Essenze di Luce\" \/>\n<meta property=\"article:publisher\" content=\"https:\/\/www.facebook.com\/essenzediluce.italy\/\" \/>\n<meta property=\"article:modified_time\" content=\"2025-03-04T11:08:09+00:00\" \/>\n<meta property=\"og:image\" content=\"https:\/\/essenzediluce.com\/wp-content\/uploads\/2024\/10\/EL-Menhir-Sound-Pro-Diffusore-per-esterno.jpg\" \/>\n\t<meta property=\"og:image:width\" content=\"1500\" \/>\n\t<meta property=\"og:image:height\" content=\"998\" \/>\n\t<meta property=\"og:image:type\" content=\"image\/jpeg\" \/>\n<meta name=\"twitter:card\" content=\"summary_large_image\" \/>\n<meta name=\"twitter:label1\" content=\"Dur\u00e9e de lecture estim\u00e9e\" \/>\n\t<meta name=\"twitter:data1\" content=\"1 minute\" \/>\n<script type=\"application\/ld+json\" class=\"yoast-schema-graph\">{\"@context\":\"https:\/\/schema.org\",\"@graph\":[{\"@type\":\"WebPage\",\"@id\":\"https:\/\/essenzediluce.com\/fr\/realisation\/\",\"url\":\"https:\/\/essenzediluce.com\/fr\/realisation\/\",\"name\":\"R\u00e9alisation - Nos plus beaux projets - Essenze di Luce\",\"isPartOf\":{\"@id\":\"https:\/\/essenzediluce.com\/#website\"},\"primaryImageOfPage\":{\"@id\":\"https:\/\/essenzediluce.com\/fr\/realisation\/#primaryimage\"},\"image\":{\"@id\":\"https:\/\/essenzediluce.com\/fr\/realisation\/#primaryimage\"},\"thumbnailUrl\":\"https:\/\/essenzediluce.com\/wp-content\/uploads\/2024\/10\/EL-Menhir-Sound-Pro-Diffusore-per-esterno.jpg\",\"datePublished\":\"2022-11-11T08:13:16+00:00\",\"dateModified\":\"2025-03-04T11:08:09+00:00\",\"description\":\"Une s\u00e9lection de nos plus belles r\u00e9alisations. Laissez-vous inspirer et d\u00e9couvrez une nouvelle id\u00e9e de jardin pour la vie en plein air.\",\"breadcrumb\":{\"@id\":\"https:\/\/essenzediluce.com\/fr\/realisation\/#breadcrumb\"},\"inLanguage\":\"fr-FR\",\"potentialAction\":[{\"@type\":\"ReadAction\",\"target\":[\"https:\/\/essenzediluce.com\/fr\/realisation\/\"]}]},{\"@type\":\"ImageObject\",\"inLanguage\":\"fr-FR\",\"@id\":\"https:\/\/essenzediluce.com\/fr\/realisation\/#primaryimage\",\"url\":\"https:\/\/essenzediluce.com\/wp-content\/uploads\/2024\/10\/EL-Menhir-Sound-Pro-Diffusore-per-esterno.jpg\",\"contentUrl\":\"https:\/\/essenzediluce.com\/wp-content\/uploads\/2024\/10\/EL-Menhir-Sound-Pro-Diffusore-per-esterno.jpg\",\"width\":1500,\"height\":998,\"caption\":\"Diffusore per esterno, cassa audio per eterno, outdoor speaker, loudspeaker, marble speaker\"},{\"@type\":\"BreadcrumbList\",\"@id\":\"https:\/\/essenzediluce.com\/fr\/realisation\/#breadcrumb\",\"itemListElement\":[{\"@type\":\"ListItem\",\"position\":1,\"name\":\"Home\",\"item\":\"https:\/\/essenzediluce.com\/fr\/\"},{\"@type\":\"ListItem\",\"position\":2,\"name\":\"R\u00e9alisation\"}]},{\"@type\":\"WebSite\",\"@id\":\"https:\/\/essenzediluce.com\/#website\",\"url\":\"https:\/\/essenzediluce.com\/\",\"name\":\"Essenze di Luce\",\"description\":\"\",\"publisher\":{\"@id\":\"https:\/\/essenzediluce.com\/#organization\"},\"potentialAction\":[{\"@type\":\"SearchAction\",\"target\":{\"@type\":\"EntryPoint\",\"urlTemplate\":\"https:\/\/essenzediluce.com\/?s={search_term_string}\"},\"query-input\":{\"@type\":\"PropertyValueSpecification\",\"valueRequired\":true,\"valueName\":\"search_term_string\"}}],\"inLanguage\":\"fr-FR\"},{\"@type\":\"Organization\",\"@id\":\"https:\/\/essenzediluce.com\/#organization\",\"name\":\"Essenze di Luce\",\"url\":\"https:\/\/essenzediluce.com\/\",\"logo\":{\"@type\":\"ImageObject\",\"inLanguage\":\"fr-FR\",\"@id\":\"https:\/\/essenzediluce.com\/#\/schema\/logo\/image\/\",\"url\":\"https:\/\/essenzediluce.com\/wp-content\/uploads\/2017\/03\/el.jpg\",\"contentUrl\":\"https:\/\/essenzediluce.com\/wp-content\/uploads\/2017\/03\/el.jpg\",\"width\":512,\"height\":512,\"caption\":\"Essenze di Luce\"},\"image\":{\"@id\":\"https:\/\/essenzediluce.com\/#\/schema\/logo\/image\/\"},\"sameAs\":[\"https:\/\/www.facebook.com\/essenzediluce.italy\/\",\"https:\/\/www.instagram.com\/essenzediluce\/\",\"https:\/\/www.youtube.com\/channel\/UCXKJKPfUYADaJMEm_9NAvrA\"]}]}<\/script>\n<!-- \/ Yoast SEO plugin. -->","yoast_head_json":{"title":"R\u00e9alisation - Nos plus beaux projets - Essenze di Luce","description":"Une s\u00e9lection de nos plus belles r\u00e9alisations. Laissez-vous inspirer et d\u00e9couvrez une nouvelle id\u00e9e de jardin pour la vie en plein air.","robots":{"index":"index","follow":"follow","max-snippet":"max-snippet:-1","max-image-preview":"max-image-preview:large","max-video-preview":"max-video-preview:-1"},"canonical":"https:\/\/essenzediluce.com\/fr\/realisation\/","og_locale":"fr_FR","og_type":"article","og_title":"R\u00e9alisation - Nos plus beaux projets - Essenze di Luce","og_description":"Une s\u00e9lection de nos plus belles r\u00e9alisations. Laissez-vous inspirer et d\u00e9couvrez une nouvelle id\u00e9e de jardin pour la vie en plein air.","og_url":"https:\/\/essenzediluce.com\/fr\/realisation\/","og_site_name":"Essenze di Luce","article_publisher":"https:\/\/www.facebook.com\/essenzediluce.italy\/","article_modified_time":"2025-03-04T11:08:09+00:00","og_image":[{"width":1500,"height":998,"url":"https:\/\/essenzediluce.com\/wp-content\/uploads\/2024\/10\/EL-Menhir-Sound-Pro-Diffusore-per-esterno.jpg","type":"image\/jpeg"}],"twitter_card":"summary_large_image","twitter_misc":{"Dur\u00e9e de lecture estim\u00e9e":"1 minute"},"schema":{"@context":"https:\/\/schema.org","@graph":[{"@type":"WebPage","@id":"https:\/\/essenzediluce.com\/fr\/realisation\/","url":"https:\/\/essenzediluce.com\/fr\/realisation\/","name":"R\u00e9alisation - Nos plus beaux projets - Essenze di Luce","isPartOf":{"@id":"https:\/\/essenzediluce.com\/#website"},"primaryImageOfPage":{"@id":"https:\/\/essenzediluce.com\/fr\/realisation\/#primaryimage"},"image":{"@id":"https:\/\/essenzediluce.com\/fr\/realisation\/#primaryimage"},"thumbnailUrl":"https:\/\/essenzediluce.com\/wp-content\/uploads\/2024\/10\/EL-Menhir-Sound-Pro-Diffusore-per-esterno.jpg","datePublished":"2022-11-11T08:13:16+00:00","dateModified":"2025-03-04T11:08:09+00:00","description":"Une s\u00e9lection de nos plus belles r\u00e9alisations. Laissez-vous inspirer et d\u00e9couvrez une nouvelle id\u00e9e de jardin pour la vie en plein air.","breadcrumb":{"@id":"https:\/\/essenzediluce.com\/fr\/realisation\/#breadcrumb"},"inLanguage":"fr-FR","potentialAction":[{"@type":"ReadAction","target":["https:\/\/essenzediluce.com\/fr\/realisation\/"]}]},{"@type":"ImageObject","inLanguage":"fr-FR","@id":"https:\/\/essenzediluce.com\/fr\/realisation\/#primaryimage","url":"https:\/\/essenzediluce.com\/wp-content\/uploads\/2024\/10\/EL-Menhir-Sound-Pro-Diffusore-per-esterno.jpg","contentUrl":"https:\/\/essenzediluce.com\/wp-content\/uploads\/2024\/10\/EL-Menhir-Sound-Pro-Diffusore-per-esterno.jpg","width":1500,"height":998,"caption":"Diffusore per esterno, cassa audio per eterno, outdoor speaker, loudspeaker, marble speaker"},{"@type":"BreadcrumbList","@id":"https:\/\/essenzediluce.com\/fr\/realisation\/#breadcrumb","itemListElement":[{"@type":"ListItem","position":1,"name":"Home","item":"https:\/\/essenzediluce.com\/fr\/"},{"@type":"ListItem","position":2,"name":"R\u00e9alisation"}]},{"@type":"WebSite","@id":"https:\/\/essenzediluce.com\/#website","url":"https:\/\/essenzediluce.com\/","name":"Essenze di Luce","description":"","publisher":{"@id":"https:\/\/essenzediluce.com\/#organization"},"potentialAction":[{"@type":"SearchAction","target":{"@type":"EntryPoint","urlTemplate":"https:\/\/essenzediluce.com\/?s={search_term_string}"},"query-input":{"@type":"PropertyValueSpecification","valueRequired":true,"valueName":"search_term_string"}}],"inLanguage":"fr-FR"},{"@type":"Organization","@id":"https:\/\/essenzediluce.com\/#organization","name":"Essenze di Luce","url":"https:\/\/essenzediluce.com\/","logo":{"@type":"ImageObject","inLanguage":"fr-FR","@id":"https:\/\/essenzediluce.com\/#\/schema\/logo\/image\/","url":"https:\/\/essenzediluce.com\/wp-content\/uploads\/2017\/03\/el.jpg","contentUrl":"https:\/\/essenzediluce.com\/wp-content\/uploads\/2017\/03\/el.jpg","width":512,"height":512,"caption":"Essenze di Luce"},"image":{"@id":"https:\/\/essenzediluce.com\/#\/schema\/logo\/image\/"},"sameAs":["https:\/\/www.facebook.com\/essenzediluce.italy\/","https:\/\/www.instagram.com\/essenzediluce\/","https:\/\/www.youtube.com\/channel\/UCXKJKPfUYADaJMEm_9NAvrA"]}]}},"_links":{"self":[{"href":"https:\/\/essenzediluce.com\/fr\/wp-json\/wp\/v2\/pages\/13986"}],"collection":[{"href":"https:\/\/essenzediluce.com\/fr\/wp-json\/wp\/v2\/pages"}],"about":[{"href":"https:\/\/essenzediluce.com\/fr\/wp-json\/wp\/v2\/types\/page"}],"author":[{"embeddable":true,"href":"https:\/\/essenzediluce.com\/fr\/wp-json\/wp\/v2\/users\/13"}],"replies":[{"embeddable":true,"href":"https:\/\/essenzediluce.com\/fr\/wp-json\/wp\/v2\/comments?post=13986"}],"version-history":[{"count":23,"href":"https:\/\/essenzediluce.com\/fr\/wp-json\/wp\/v2\/pages\/13986\/revisions"}],"predecessor-version":[{"id":21351,"href":"https:\/\/essenzediluce.com\/fr\/wp-json\/wp\/v2\/pages\/13986\/revisions\/21351"}],"wp:featuredmedia":[{"embeddable":true,"href":"https:\/\/essenzediluce.com\/fr\/wp-json\/wp\/v2\/media\/20612"}],"wp:attachment":[{"href":"https:\/\/essenzediluce.com\/fr\/wp-json\/wp\/v2\/media?parent=13986"}],"curies":[{"name":"wp","href":"https:\/\/api.w.org\/{rel}","templated":true}]}}