{"id":19287,"date":"2024-07-11T16:36:56","date_gmt":"2024-07-11T14:36:56","guid":{"rendered":"https:\/\/essenzediluce.com\/?page_id=19287"},"modified":"2024-12-12T16:35:04","modified_gmt":"2024-12-12T15:35:04","slug":"faq","status":"publish","type":"page","link":"https:\/\/essenzediluce.com\/fr\/faq\/","title":{"rendered":"FAQ"},"content":{"rendered":"<div class=\"wpb-content-wrapper\">[vc_row][vc_column][vc_empty_space height=&#8221;50px&#8221;][\/vc_column][\/vc_row][vc_row][vc_column width=&#8221;1\/6&#8243;][\/vc_column][vc_column width=&#8221;2\/3&#8243;][vc_column_text css=&#8221;.vc_custom_1720704364864{margin-bottom: 0px !important;border-bottom-width: 0px !important;padding-bottom: 0px !important;}&#8221;]\r\n<h1 style=\"text-align: center;\">QUESTIONS FR\u00c9QUENTES (FAQ)<\/h1>\r\n[\/vc_column_text][vc_column_text css=&#8221;.vc_custom_1720706604855{margin-top: 0px !important;border-top-width: 0px !important;padding-top: 0px !important;}&#8221;]\r\n<h3 style=\"text-align: center;\">Voir les r\u00e9ponses aux questions fr\u00e9quemment pos\u00e9es sur nos produits d&#8217;\u00e9clairage de jardin et d&#8217;audio d&#8217;ext\u00e9rieur.<\/h3>\r\n[\/vc_column_text][\/vc_column][vc_column width=&#8221;1\/6&#8243;][\/vc_column][\/vc_row][vc_row full_width=&#8221;stretch_row&#8221; css=&#8221;.vc_custom_1720704077718{background-color: #cfd1d0 !important;}&#8221;][vc_column][vc_column_text]\r\n<h2 style=\"text-align: center;\"><strong><span style=\"color: #ffffff;\">\u00c9CLAIRAGE DE JARDIN<\/span><\/strong><\/h2>\r\n[\/vc_column_text][vc_tta_accordion shape=&#8221;square&#8221; color=&#8221;white&#8221; active_section=&#8221;0&#8243; collapsible_all=&#8221;true&#8221;][vc_tta_section title=&#8221;Les lampes sont-elles reli\u00e9es \u00e0 l&#8217;\u00e9lectricit\u00e9 ou sont-elles portables ou solaires ?&#8221; tab_id=&#8221;1720702498037-a883052c-b6fa&#8221;][vc_column_text]<strong>Toutes nos lampes de jardin sont reli\u00e9es par un c\u00e2ble d&#8217;alimentation<\/strong> au r\u00e9seau \u00e9lectrique de la maison ou du b\u00e2timent. Le syst\u00e8me d&#8217;installation est &#8220;ouvert&#8221; : les lampes conviennent \u00e0 l&#8217;int\u00e9gration domotique des nouvelles installations et des syst\u00e8mes pr\u00e9install\u00e9s.\r\n<strong>Elles ne fonctionnent pas avec la lumi\u00e8re du soleil et ne sont pas portables.<\/strong>\r\n\r\nVous voulez contr\u00f4ler l&#8217;allumage et l&#8217;extinction de l&#8217;\u00e9lectricit\u00e9 \u00e0 partir de votre t\u00e9l\u00e9phone intelligent ? C&#8217;EST POSSIBLE !\r\nVous voulez que la lumi\u00e8re s&#8217;allume d&#8217;elle-m\u00eame \u00e0 la tomb\u00e9e de la nuit ? C&#8217;EST POSSIBLE !\r\n\r\n<a href=\"mailto:info@essenzediluce.com,&amp;cc=marketing@essenzediluce.com\"><u>Contactez-nous<\/u><\/a> pour une assistance technique.[\/vc_column_text][\/vc_tta_section][vc_tta_section title=&#8221;La lumi\u00e8re est-elle r\u00e9glable ?&#8221; tab_id=&#8221;1720687750098-b53b231d-20c9&#8243;][vc_column_text]La lumi\u00e8re LED est \u00e0 l&#8217;origine une lumi\u00e8re fixe, mais lorsqu&#8217;il est n\u00e9cessaire d&#8217;ajuster l&#8217;intensit\u00e9 de la lumi\u00e8re, un variateur peut \u00eatre install\u00e9. Demandez \u00e0 un professionnel de confiance de vous conseiller sur le variateur \u00e0 int\u00e9grer.[\/vc_column_text][\/vc_tta_section][vc_tta_section title=&#8221;Lorsque la LED est \u00e9puis\u00e9e, est-il possible de la remplacer ?&#8221; tab_id=&#8221;1720687109346-c0c1d3d8-9a3d&#8221;][vc_column_text]<strong>OUI !<\/strong> La construction des lampes est con\u00e7ue pour permettre le remplacement de la LED lorsqu&#8217;elle est \u00e9puis\u00e9e.\r\nDes pi\u00e8ces de rechange sont disponibles sur demande et seront fournies avec des instructions de remplacement.[\/vc_column_text][\/vc_tta_section][vc_tta_section title=&#8221;La lampe est-elle fragile ou n\u00e9cessite-t-elle beaucoup d&#8217;entretien ?&#8221; tab_id=&#8221;1720687216671-b497972c-465d&#8221;][vc_column_text]Nos lampes sont durables et ne n\u00e9cessitent aucun entretien une fois install\u00e9es. Elles peuvent \u00eatre facilement nettoy\u00e9es \u00e0 l&#8217;aide d&#8217;un jet d&#8217;eau de faible puissance ou laiss\u00e9es \u00e0 l&#8217;\u00e9tat naturel ; une \u00e9ventuelle petite accumulation de mousse n&#8217;affectera pas le bon fonctionnement du produit.\r\n\r\n<strong>Indice de protection des lampes : IP68<\/strong>[\/vc_column_text][\/vc_tta_section][vc_tta_section title=&#8221;Puis-je personnaliser les produits et choisir la texture\/le marbre que je pr\u00e9f\u00e8re ?&#8221; tab_id=&#8221;1720689198475-e6bd5c73-1757&#8243;][vc_column_text]<strong>Bien s\u00fbr, c&#8217;est ce qui fait la beaut\u00e9 de nos produits !<\/strong> Vous pouvez choisir parmi une s\u00e9lection de marbres et de pierres naturelles la texture qui convient le mieux \u00e0 l&#8217;architecture et au style de votre jardin.\r\n\r\nD\u00e9couvrez <a href=\"https:\/\/essenzediluce.com\/fr\/texture\/\" target=\"_blank\" rel=\"noopener\"><u>toutes les textures<\/u><\/a> ou <a href=\"mailto:info@essenzediluce.com,&amp;cc=marketing@essenzediluce.com\"><u>contactez-nous<\/u><\/a> pour des demandes ad hoc.[\/vc_column_text][\/vc_tta_section][\/vc_tta_accordion][vc_empty_space][\/vc_column][\/vc_row][vc_row][vc_column][vc_empty_space][\/vc_column][\/vc_row][vc_row full_width=&#8221;stretch_row&#8221; css=&#8221;.vc_custom_1720703797583{background-color: #afbfb2 !important;}&#8221;][vc_column][vc_column_text]\r\n<h2 style=\"text-align: center;\"><strong><span style=\"color: #ffffff;\">SON POUR LE JARDIN<\/span><\/strong><\/h2>\r\n[\/vc_column_text][vc_tta_accordion shape=&#8221;square&#8221; color=&#8221;white&#8221; active_section=&#8221;0&#8243; collapsible_all=&#8221;true&#8221;][vc_tta_section title=&#8221;Les enceintes sont-elles branch\u00e9es, portables ou solaires ?&#8221; tab_id=&#8221;1720702442966-636e166b-2c3e&#8221;][vc_column_text]<strong>Tous nos produits sont reli\u00e9s par un c\u00e2ble d&#8217;alimentation<\/strong> \u00e0 l&#8217;alimentation \u00e9lectrique de la maison ou du b\u00e2timent et conviennent \u00e0 l&#8217;int\u00e9gration domotique nouvellement install\u00e9e ou \u00e0 d&#8217;autres syst\u00e8mes audio pr\u00e9install\u00e9s.\r\n<strong>Ils ne fonctionnent pas \u00e0 la lumi\u00e8re du soleil et ne sont pas portables.<\/strong>[\/vc_column_text][\/vc_tta_section][vc_tta_section title=&#8221;Que faut-il pour que les enceintes de jardin fonctionnent ?&#8221; tab_id=&#8221;1720702442992-b52ec624-fa7f&#8221;][vc_column_text]Un amplificateur et\/ou un r\u00e9cepteur (selon le mod\u00e8le) sont n\u00e9cessaires pour installer les enceintes ext\u00e9rieures.\r\n\r\n<strong>Toute votre musique pr\u00e9f\u00e9r\u00e9e via WiFi, Bluetooth, USB, AUX\/Line In<\/strong> :\r\n\r\nInt\u00e9gration de vos services de streaming musicaux pr\u00e9f\u00e9r\u00e9s\r\n+ Reproduction de la musique via l&#8217;application Smartphone\r\n+ Int\u00e9gration dans un syst\u00e8me existant\r\n+ Technologie multi-room[\/vc_column_text][\/vc_tta_section][vc_tta_section title=&#8221;Combien d&#8217;enceintes ext\u00e9rieures sont n\u00e9cessaires pour couvrir la surface de mon jardin ?&#8221; tab_id=&#8221;1720702443022-d4d36954-a140&#8243;][vc_column_text]Le nombre de haut-parleurs ne varie pas seulement en fonction de la taille de l&#8217;espace. Dans le jardin, il peut y avoir diff\u00e9rentes &#8220;zones&#8221; o\u00f9 le son doit \u00eatre uniform\u00e9ment pr\u00e9sent : zone de la piscine, zone de la pergola, zone de s\u00e9jour, etc.\r\nEn g\u00e9n\u00e9ral, ces zones peuvent \u00eatre consid\u00e9r\u00e9es :\r\n<ul>\r\n \t<li>n.2 enceintes: de 25m2 \u00e0 80m2<\/li>\r\n \t<li>n.4 enceintes: de 90m2 \u00e0 140m2<\/li>\r\n \t<li>n.5\/6 enceintes: de 150m2 \u00e0 190m2<\/li>\r\n \t<li>sur le projet<\/li>\r\n<\/ul>\r\n[\/vc_column_text][\/vc_tta_section][vc_tta_section title=&#8221;Menhir Sound ou Menhir Sound PRO ? Que choisir ?&#8221; tab_id=&#8221;1720702443054-77801f21-4eed&#8221;][vc_column_text]<a href=\"https:\/\/essenzediluce.com\/fr\/produits\/enceinte-exterieur-menhir-sound\/\"><strong><u>MENHIR SOUND 30w<\/u><\/strong><\/a>: pour les <strong>grandes surfaces<\/strong> o\u00f9 l\u2019uniformit\u00e9 de la pression acoustique et la diffusion homog\u00e8ne hi-fi sont requises. <strong>Id\u00e9al pour la musique de fond<\/strong> bien distribu\u00e9e dans l\u2019espace.\r\n\r\n<a href=\"https:\/\/essenzediluce.com\/fr\/produits\/enceinte-exterieur-puissante-menhir-sound-pro\/\"><strong><u>MENHIR SOUND PRO 220W<\/u><\/strong><\/a>: Id\u00e9al pour les <strong>espaces priv\u00e9s ou publics, de taille restreinte ou moyenne<\/strong> o\u00f9 la qualit\u00e9 audio omnidirectionnelle, la <strong>puissance<\/strong> et la tr\u00e8s <strong>haute fid\u00e9lit\u00e9<\/strong> sont requises.[\/vc_column_text][\/vc_tta_section][vc_tta_section title=&#8221;Le haut-parleur d&#8217;ext\u00e9rieur est-il fragile ou n\u00e9cessite-t-il beaucoup d&#8217;entretien ?&#8221; tab_id=&#8221;1720706837827-e3e0d688-cf72&#8243;][vc_column_text]Les <strong>enceintes d&#8217;ext\u00e9rieur<\/strong> sont \u00e9quip\u00e9es de <strong>haut-parleurs tropicalis\u00e9s<\/strong> pour une <strong>r\u00e9sistance in\u00e9gal\u00e9e aux \u00e9claboussures, aux embruns, au sable et aux conditions m\u00e9t\u00e9orologiques les plus d\u00e9favorables<\/strong>. <strong>Le syst\u00e8me de construction ne permet pas la condensation ni la p\u00e9n\u00e9tration d&#8217;insectes ou de r\u00e9sidus naturels.<\/strong>\r\n\r\nElles peuvent \u00eatre facilement nettoy\u00e9es \u00e0 l&#8217;aide d&#8217;un jet d&#8217;eau de faible puissance (<strong>le jet d&#8217;eau doit \u00eatre positionn\u00e9 du haut vers le bas du Menhir, jamais de l&#8217;avant ou du c\u00f4t\u00e9, le bo\u00eetier du haut-parleur ne doit pas \u00eatre directement mouill\u00e9<\/strong>) ou elles peuvent \u00eatre laiss\u00e9es dans leur \u00e9tat naturel, la formation \u00e9ventuelle de petites mousses n&#8217;affectant pas le bon fonctionnement du produit.\r\n\r\n<strong>Indice de protection des enceintes d&#8217;ext\u00e9rieur : IP65<\/strong>[\/vc_column_text][\/vc_tta_section][vc_tta_section title=&#8221;Puis-je personnaliser les produits et choisir la texture\/le marbre que je pr\u00e9f\u00e8re ?&#8221; tab_id=&#8221;1720702443084-d971a546-832f&#8221;][vc_column_text]Bien s\u00fbr, c&#8217;est ce qui fait la beaut\u00e9 de nos produits ! Vous pouvez choisir parmi une s\u00e9lection de marbres et de pierres naturelles la texture qui convient le mieux \u00e0 l&#8217;architecture et au style de votre jardin.\r\n\r\nD\u00e9couvrez <a href=\"https:\/\/essenzediluce.com\/fr\/texture\/\" target=\"_blank\" rel=\"noopener\"><u>toutes les textures<\/u><\/a> ou <a href=\"mailto:info@essenzediluce.com,&amp;cc=marketing@essenzediluce.com\"><u>contactez-nous<\/u><\/a> pour des demandes ad hoc.[\/vc_column_text][\/vc_tta_section][\/vc_tta_accordion][vc_empty_space][\/vc_column][\/vc_row][vc_row][vc_column][vc_empty_space][\/vc_column][\/vc_row][vc_row full_width=&#8221;stretch_row_content&#8221;][vc_column width=&#8221;1\/4&#8243;][\/vc_column][vc_column width=&#8221;1\/2&#8243;][vc_column_text css=&#8221;.vc_custom_1720702793334{margin-bottom: 0px !important;border-bottom-width: 0px !important;padding-bottom: 0px !important;}&#8221;]\r\n<h2 style=\"text-align: center;\">D&#8217;autres doutes ?<\/h2>\r\n<p style=\"text-align: center;\">Remplissez le formulaire ci-dessous pour plus d&#8217;informations sur les produits, le catalogue, les prix et les revendeurs, nous serons heureux de r\u00e9pondre \u00e0 toutes vos questions !<\/p>\r\n[\/vc_column_text]\n<div class=\"wpcf7 no-js\" id=\"wpcf7-f20907-o1\" lang=\"fr-FR\" dir=\"ltr\" data-wpcf7-id=\"20907\">\n<div class=\"screen-reader-response\"><p role=\"status\" aria-live=\"polite\" aria-atomic=\"true\"><\/p> <ul><\/ul><\/div>\n<form action=\"\/fr\/wp-json\/wp\/v2\/pages\/19287#wpcf7-f20907-o1\" method=\"post\" class=\"wpcf7-form init\" aria-label=\"Formulaire de contact\" novalidate=\"novalidate\" data-status=\"init\">\n<div style=\"display: none;\">\n<input type=\"hidden\" name=\"_wpcf7\" value=\"20907\" \/>\n<input type=\"hidden\" name=\"_wpcf7_version\" value=\"6.0.6\" \/>\n<input type=\"hidden\" name=\"_wpcf7_locale\" value=\"fr_FR\" \/>\n<input type=\"hidden\" name=\"_wpcf7_unit_tag\" value=\"wpcf7-f20907-o1\" \/>\n<input type=\"hidden\" name=\"_wpcf7_container_post\" value=\"0\" \/>\n<input type=\"hidden\" name=\"_wpcf7_posted_data_hash\" value=\"\" \/>\n<\/div>\n<div class=\"two-column\">\n\t<div class=\"left\">\n\t\t<p><span class=\"wpcf7-form-control-wrap\" data-name=\"your-name\"><input size=\"40\" maxlength=\"400\" class=\"wpcf7-form-control wpcf7-text wpcf7-validates-as-required\" aria-required=\"true\" aria-invalid=\"false\" placeholder=\"Nom*\" value=\"\" type=\"text\" name=\"your-name\" \/><\/span>\n\t\t<\/p>\n\t<\/div>\n\t<div class=\"right\">\n\t\t<p><span class=\"wpcf7-form-control-wrap\" data-name=\"your-surname\"><input size=\"40\" maxlength=\"400\" class=\"wpcf7-form-control wpcf7-text wpcf7-validates-as-required\" aria-required=\"true\" aria-invalid=\"false\" placeholder=\"Nom de Famille*\" value=\"\" type=\"text\" name=\"your-surname\" \/><\/span>\n\t\t<\/p>\n\t<\/div>\n<\/div>\n<div class=\"two-column\">\n\t<div class=\"left comp-left\">\n\t\t<p><span class=\"wpcf7-form-control-wrap\" data-name=\"phone\"><input size=\"40\" maxlength=\"400\" class=\"wpcf7-form-control wpcf7-tel wpcf7-validates-as-required wpcf7-text wpcf7-validates-as-tel\" aria-required=\"true\" aria-invalid=\"false\" placeholder=\"T\u00e9l\u00e9phone*\" value=\"\" type=\"tel\" name=\"phone\" \/><\/span>\n\t\t<\/p>\n\t<\/div>\n\t<div class=\"right comp-right\">\n\t\t<p><span class=\"wpcf7-form-control-wrap\" data-name=\"your-email\"><input size=\"40\" maxlength=\"400\" class=\"wpcf7-form-control wpcf7-email wpcf7-validates-as-required wpcf7-text wpcf7-validates-as-email\" aria-required=\"true\" aria-invalid=\"false\" placeholder=\"E-mail*\" value=\"\" type=\"email\" name=\"your-email\" \/><\/span>\n\t\t<\/p>\n\t<\/div>\n<\/div>\n<div class=\"two-column\">\n\t<div class=\"left\">\n\t\t<p><span class=\"wpcf7-form-control-wrap\" data-name=\"citta\"><input size=\"40\" maxlength=\"400\" class=\"wpcf7-form-control wpcf7-text wpcf7-validates-as-required\" aria-required=\"true\" aria-invalid=\"false\" placeholder=\"Ville*\" value=\"\" type=\"text\" name=\"citta\" \/><\/span>\n\t\t<\/p>\n\t<\/div>\n\t<div class=\"right\">\n\t\t<p><span class=\"wpcf7-form-control-wrap\" data-name=\"CAP\"><input size=\"40\" maxlength=\"400\" class=\"wpcf7-form-control wpcf7-text\" aria-invalid=\"false\" placeholder=\"Code Postal\" value=\"\" type=\"text\" name=\"CAP\" \/><\/span>\n\t\t<\/p>\n\t<\/div>\n<\/div>\n<div class=\"comp\">\n\t<p><span class=\"wpcf7-form-control-wrap\" data-name=\"company\"><input size=\"40\" maxlength=\"400\" class=\"wpcf7-form-control wpcf7-text\" aria-invalid=\"false\" placeholder=\"Soci\u00e9t\u00e9\" value=\"\" type=\"text\" name=\"company\" \/><\/span>\n\t<\/p>\n<\/div>\n<div>\n\t<p>R\u00f4le*: <span class=\"wpcf7-form-control-wrap\" data-name=\"ruolo\"><select class=\"wpcf7-form-control wpcf7-select wpcf7-validates-as-required\" aria-required=\"true\" aria-invalid=\"false\" name=\"ruolo\"><option value=\"\">&#8212;Veuillez choisir une option&#8212;<\/option><option value=\"Private\">Private<\/option><option value=\"Architecte\">Architecte<\/option><option value=\"Jardinier\">Jardinier<\/option><option value=\"Architecte paysagiste\">Architecte paysagiste<\/option><option value=\"D\u00e9taillant\">D\u00e9taillant<\/option><option value=\"Installateur\">Installateur<\/option><\/select><\/span>\n\t<\/p>\n<\/div>\n<div class=\"message\">\n\t<p><span class=\"wpcf7-form-control-wrap\" data-name=\"your-message\"><textarea cols=\"40\" rows=\"10\" maxlength=\"2000\" class=\"wpcf7-form-control wpcf7-textarea wpcf7-validates-as-required\" aria-required=\"true\" aria-invalid=\"false\" placeholder=\"Message*\" name=\"your-message\"><\/textarea><\/span>\n\t<\/p>\n<\/div>\n<div>\n\t<p><span class=\"wpcf7-form-control-wrap\" data-name=\"accept-this\"><span class=\"wpcf7-form-control wpcf7-acceptance\"><span class=\"wpcf7-list-item\"><input type=\"checkbox\" name=\"accept-this\" value=\"1\" aria-invalid=\"false\" \/><\/span><\/span><\/span> OUI, J'ACCEPTE LES TERMES ET CONDITIONS: Je consens au traitement de mes donn\u00e9es personnelles dans le seul but de traiter ma demande et sa mise \u00e0 jour.<a class=\"fancybox-iframe {width:100%,height:100%}\" href=\"https:\/\/essenzediluce.com\/privacy-policy\/\"><strong>Privacy Policy<\/strong><\/a>\n\t<\/p>\n<\/div>\n<div>\n\t<p><span class=\"wpcf7-form-control-wrap\" data-name=\"your-consent-sendinblue\"><span class=\"wpcf7-form-control wpcf7-acceptance optional\"><span class=\"wpcf7-list-item\"><label><input type=\"checkbox\" name=\"your-consent-sendinblue\" value=\"1\" aria-invalid=\"false\" \/><span class=\"wpcf7-list-item-label\">INSCRIVEZ-MOI \u00c0 LA NEWSLETTER<\/span><\/label><\/span><\/span><\/span>: Je souhaite recevoir des communications et des mises \u00e0 jour sur les projets, les nouveaux produits et les \u00e9v\u00e9nements.\n\t<\/p>\n<\/div>\n<div>\n\t<p><input class=\"wpcf7-form-control wpcf7-submit has-spinner\" type=\"submit\" value=\"Envoyer\" \/>\n\t<\/p>\n<\/div><div class=\"wpcf7-response-output\" aria-hidden=\"true\"><\/div>\n<\/form>\n<\/div>\n[\/vc_column][vc_column width=&#8221;1\/4&#8243;][\/vc_column][\/vc_row]<\/div>","protected":false},"excerpt":{"rendered":"<p>[vc_row][vc_column][vc_empty_space height=&#8221;50px&#8221;][\/vc_column][\/vc_row][vc_row][vc_column width=&#8221;1\/6&#8243;][\/vc_column][vc_column width=&#8221;2\/3&#8243;][vc_column_text css=&#8221;.vc_custom_1720704364864{margin-bottom: 0px !important;border-bottom-width: 0px !important;padding-bottom: 0px !important;}&#8221;] QUESTIONS FR\u00c9QUENTES (FAQ) [\/vc_column_text][vc_column_text css=&#8221;.vc_custom_1720706604855{margin-top: 0px !important;border-top-width: 0px !important;padding-top: 0px !important;}&#8221;] Voir les r\u00e9ponses aux questions fr\u00e9quemment pos\u00e9es sur nos produits d&#8217;\u00e9clairage de jardin et d&#8217;audio d&#8217;ext\u00e9rieur. [\/vc_column_text][\/vc_column][vc_column width=&#8221;1\/6&#8243;][\/vc_column][\/vc_row][vc_row&hellip;<\/p>\n<p> <a class=\"more-link\" href=\"https:\/\/essenzediluce.com\/fr\/faq\/\">Lire la suite<\/a><\/p>\n","protected":false},"author":13,"featured_media":15809,"parent":0,"menu_order":0,"comment_status":"closed","ping_status":"closed","template":"","meta":{"footnotes":""},"class_list":["post-19287","page","type-page","status-publish","has-post-thumbnail"],"yoast_head":"<!-- This site is optimized with the Yoast SEO plugin v24.5 - https:\/\/yoast.com\/wordpress\/plugins\/seo\/ -->\n<title>FAQ - Essenze di Luce<\/title>\n<meta name=\"description\" content=\"Voir les r\u00e9ponses aux questions fr\u00e9quemment pos\u00e9es sur nos produits d&#039;\u00e9clairage de jardin et d&#039;audio d&#039;ext\u00e9rieur.\" \/>\n<meta name=\"robots\" content=\"index, follow, max-snippet:-1, max-image-preview:large, max-video-preview:-1\" \/>\n<link rel=\"canonical\" href=\"https:\/\/essenzediluce.com\/fr\/faq\/\" \/>\n<meta property=\"og:locale\" content=\"fr_FR\" \/>\n<meta property=\"og:type\" content=\"article\" \/>\n<meta property=\"og:title\" content=\"FAQ - Essenze di Luce\" \/>\n<meta property=\"og:description\" content=\"Voir les r\u00e9ponses aux questions fr\u00e9quemment pos\u00e9es sur nos produits d&#039;\u00e9clairage de jardin et d&#039;audio d&#039;ext\u00e9rieur.\" \/>\n<meta property=\"og:url\" content=\"https:\/\/essenzediluce.com\/fr\/faq\/\" \/>\n<meta property=\"og:site_name\" content=\"Essenze di Luce\" \/>\n<meta property=\"article:publisher\" content=\"https:\/\/www.facebook.com\/essenzediluce.italy\/\" \/>\n<meta property=\"article:modified_time\" content=\"2024-12-12T15:35:04+00:00\" \/>\n<meta property=\"og:image\" content=\"https:\/\/essenzediluce.com\/wp-content\/uploads\/2023\/06\/EL-Villa-Wisteria-Menhir-di-Luce-Soft.jpg\" \/>\n\t<meta property=\"og:image:width\" content=\"1500\" \/>\n\t<meta property=\"og:image:height\" content=\"1000\" \/>\n\t<meta property=\"og:image:type\" content=\"image\/jpeg\" \/>\n<meta name=\"twitter:card\" content=\"summary_large_image\" \/>\n<meta name=\"twitter:label1\" content=\"Dur\u00e9e de lecture estim\u00e9e\" \/>\n\t<meta name=\"twitter:data1\" content=\"5 minutes\" \/>\n<script type=\"application\/ld+json\" class=\"yoast-schema-graph\">{\"@context\":\"https:\/\/schema.org\",\"@graph\":[{\"@type\":\"WebPage\",\"@id\":\"https:\/\/essenzediluce.com\/fr\/faq\/\",\"url\":\"https:\/\/essenzediluce.com\/fr\/faq\/\",\"name\":\"FAQ - Essenze di Luce\",\"isPartOf\":{\"@id\":\"https:\/\/essenzediluce.com\/#website\"},\"primaryImageOfPage\":{\"@id\":\"https:\/\/essenzediluce.com\/fr\/faq\/#primaryimage\"},\"image\":{\"@id\":\"https:\/\/essenzediluce.com\/fr\/faq\/#primaryimage\"},\"thumbnailUrl\":\"https:\/\/essenzediluce.com\/wp-content\/uploads\/2023\/06\/EL-Villa-Wisteria-Menhir-di-Luce-Soft.jpg\",\"datePublished\":\"2024-07-11T14:36:56+00:00\",\"dateModified\":\"2024-12-12T15:35:04+00:00\",\"description\":\"Voir les r\u00e9ponses aux questions fr\u00e9quemment pos\u00e9es sur nos produits d'\u00e9clairage de jardin et d'audio d'ext\u00e9rieur.\",\"breadcrumb\":{\"@id\":\"https:\/\/essenzediluce.com\/fr\/faq\/#breadcrumb\"},\"inLanguage\":\"fr-FR\",\"potentialAction\":[{\"@type\":\"ReadAction\",\"target\":[\"https:\/\/essenzediluce.com\/fr\/faq\/\"]}]},{\"@type\":\"ImageObject\",\"inLanguage\":\"fr-FR\",\"@id\":\"https:\/\/essenzediluce.com\/fr\/faq\/#primaryimage\",\"url\":\"https:\/\/essenzediluce.com\/wp-content\/uploads\/2023\/06\/EL-Villa-Wisteria-Menhir-di-Luce-Soft.jpg\",\"contentUrl\":\"https:\/\/essenzediluce.com\/wp-content\/uploads\/2023\/06\/EL-Villa-Wisteria-Menhir-di-Luce-Soft.jpg\",\"width\":1500,\"height\":1000,\"caption\":\"Lampade da esterno, lampade da giardino, lampade da esterno in marmo, lampade in marmo\"},{\"@type\":\"BreadcrumbList\",\"@id\":\"https:\/\/essenzediluce.com\/fr\/faq\/#breadcrumb\",\"itemListElement\":[{\"@type\":\"ListItem\",\"position\":1,\"name\":\"Home\",\"item\":\"https:\/\/essenzediluce.com\/fr\/\"},{\"@type\":\"ListItem\",\"position\":2,\"name\":\"FAQ\"}]},{\"@type\":\"WebSite\",\"@id\":\"https:\/\/essenzediluce.com\/#website\",\"url\":\"https:\/\/essenzediluce.com\/\",\"name\":\"Essenze di Luce\",\"description\":\"\",\"publisher\":{\"@id\":\"https:\/\/essenzediluce.com\/#organization\"},\"potentialAction\":[{\"@type\":\"SearchAction\",\"target\":{\"@type\":\"EntryPoint\",\"urlTemplate\":\"https:\/\/essenzediluce.com\/?s={search_term_string}\"},\"query-input\":{\"@type\":\"PropertyValueSpecification\",\"valueRequired\":true,\"valueName\":\"search_term_string\"}}],\"inLanguage\":\"fr-FR\"},{\"@type\":\"Organization\",\"@id\":\"https:\/\/essenzediluce.com\/#organization\",\"name\":\"Essenze di Luce\",\"url\":\"https:\/\/essenzediluce.com\/\",\"logo\":{\"@type\":\"ImageObject\",\"inLanguage\":\"fr-FR\",\"@id\":\"https:\/\/essenzediluce.com\/#\/schema\/logo\/image\/\",\"url\":\"https:\/\/essenzediluce.com\/wp-content\/uploads\/2017\/03\/el.jpg\",\"contentUrl\":\"https:\/\/essenzediluce.com\/wp-content\/uploads\/2017\/03\/el.jpg\",\"width\":512,\"height\":512,\"caption\":\"Essenze di Luce\"},\"image\":{\"@id\":\"https:\/\/essenzediluce.com\/#\/schema\/logo\/image\/\"},\"sameAs\":[\"https:\/\/www.facebook.com\/essenzediluce.italy\/\",\"https:\/\/www.instagram.com\/essenzediluce\/\",\"https:\/\/www.youtube.com\/channel\/UCXKJKPfUYADaJMEm_9NAvrA\"]}]}<\/script>\n<!-- \/ Yoast SEO plugin. -->","yoast_head_json":{"title":"FAQ - Essenze di Luce","description":"Voir les r\u00e9ponses aux questions fr\u00e9quemment pos\u00e9es sur nos produits d'\u00e9clairage de jardin et d'audio d'ext\u00e9rieur.","robots":{"index":"index","follow":"follow","max-snippet":"max-snippet:-1","max-image-preview":"max-image-preview:large","max-video-preview":"max-video-preview:-1"},"canonical":"https:\/\/essenzediluce.com\/fr\/faq\/","og_locale":"fr_FR","og_type":"article","og_title":"FAQ - Essenze di Luce","og_description":"Voir les r\u00e9ponses aux questions fr\u00e9quemment pos\u00e9es sur nos produits d'\u00e9clairage de jardin et d'audio d'ext\u00e9rieur.","og_url":"https:\/\/essenzediluce.com\/fr\/faq\/","og_site_name":"Essenze di Luce","article_publisher":"https:\/\/www.facebook.com\/essenzediluce.italy\/","article_modified_time":"2024-12-12T15:35:04+00:00","og_image":[{"width":1500,"height":1000,"url":"https:\/\/essenzediluce.com\/wp-content\/uploads\/2023\/06\/EL-Villa-Wisteria-Menhir-di-Luce-Soft.jpg","type":"image\/jpeg"}],"twitter_card":"summary_large_image","twitter_misc":{"Dur\u00e9e de lecture estim\u00e9e":"5 minutes"},"schema":{"@context":"https:\/\/schema.org","@graph":[{"@type":"WebPage","@id":"https:\/\/essenzediluce.com\/fr\/faq\/","url":"https:\/\/essenzediluce.com\/fr\/faq\/","name":"FAQ - Essenze di Luce","isPartOf":{"@id":"https:\/\/essenzediluce.com\/#website"},"primaryImageOfPage":{"@id":"https:\/\/essenzediluce.com\/fr\/faq\/#primaryimage"},"image":{"@id":"https:\/\/essenzediluce.com\/fr\/faq\/#primaryimage"},"thumbnailUrl":"https:\/\/essenzediluce.com\/wp-content\/uploads\/2023\/06\/EL-Villa-Wisteria-Menhir-di-Luce-Soft.jpg","datePublished":"2024-07-11T14:36:56+00:00","dateModified":"2024-12-12T15:35:04+00:00","description":"Voir les r\u00e9ponses aux questions fr\u00e9quemment pos\u00e9es sur nos produits d'\u00e9clairage de jardin et d'audio d'ext\u00e9rieur.","breadcrumb":{"@id":"https:\/\/essenzediluce.com\/fr\/faq\/#breadcrumb"},"inLanguage":"fr-FR","potentialAction":[{"@type":"ReadAction","target":["https:\/\/essenzediluce.com\/fr\/faq\/"]}]},{"@type":"ImageObject","inLanguage":"fr-FR","@id":"https:\/\/essenzediluce.com\/fr\/faq\/#primaryimage","url":"https:\/\/essenzediluce.com\/wp-content\/uploads\/2023\/06\/EL-Villa-Wisteria-Menhir-di-Luce-Soft.jpg","contentUrl":"https:\/\/essenzediluce.com\/wp-content\/uploads\/2023\/06\/EL-Villa-Wisteria-Menhir-di-Luce-Soft.jpg","width":1500,"height":1000,"caption":"Lampade da esterno, lampade da giardino, lampade da esterno in marmo, lampade in marmo"},{"@type":"BreadcrumbList","@id":"https:\/\/essenzediluce.com\/fr\/faq\/#breadcrumb","itemListElement":[{"@type":"ListItem","position":1,"name":"Home","item":"https:\/\/essenzediluce.com\/fr\/"},{"@type":"ListItem","position":2,"name":"FAQ"}]},{"@type":"WebSite","@id":"https:\/\/essenzediluce.com\/#website","url":"https:\/\/essenzediluce.com\/","name":"Essenze di Luce","description":"","publisher":{"@id":"https:\/\/essenzediluce.com\/#organization"},"potentialAction":[{"@type":"SearchAction","target":{"@type":"EntryPoint","urlTemplate":"https:\/\/essenzediluce.com\/?s={search_term_string}"},"query-input":{"@type":"PropertyValueSpecification","valueRequired":true,"valueName":"search_term_string"}}],"inLanguage":"fr-FR"},{"@type":"Organization","@id":"https:\/\/essenzediluce.com\/#organization","name":"Essenze di Luce","url":"https:\/\/essenzediluce.com\/","logo":{"@type":"ImageObject","inLanguage":"fr-FR","@id":"https:\/\/essenzediluce.com\/#\/schema\/logo\/image\/","url":"https:\/\/essenzediluce.com\/wp-content\/uploads\/2017\/03\/el.jpg","contentUrl":"https:\/\/essenzediluce.com\/wp-content\/uploads\/2017\/03\/el.jpg","width":512,"height":512,"caption":"Essenze di Luce"},"image":{"@id":"https:\/\/essenzediluce.com\/#\/schema\/logo\/image\/"},"sameAs":["https:\/\/www.facebook.com\/essenzediluce.italy\/","https:\/\/www.instagram.com\/essenzediluce\/","https:\/\/www.youtube.com\/channel\/UCXKJKPfUYADaJMEm_9NAvrA"]}]}},"_links":{"self":[{"href":"https:\/\/essenzediluce.com\/fr\/wp-json\/wp\/v2\/pages\/19287"}],"collection":[{"href":"https:\/\/essenzediluce.com\/fr\/wp-json\/wp\/v2\/pages"}],"about":[{"href":"https:\/\/essenzediluce.com\/fr\/wp-json\/wp\/v2\/types\/page"}],"author":[{"embeddable":true,"href":"https:\/\/essenzediluce.com\/fr\/wp-json\/wp\/v2\/users\/13"}],"replies":[{"embeddable":true,"href":"https:\/\/essenzediluce.com\/fr\/wp-json\/wp\/v2\/comments?post=19287"}],"version-history":[{"count":8,"href":"https:\/\/essenzediluce.com\/fr\/wp-json\/wp\/v2\/pages\/19287\/revisions"}],"predecessor-version":[{"id":20953,"href":"https:\/\/essenzediluce.com\/fr\/wp-json\/wp\/v2\/pages\/19287\/revisions\/20953"}],"wp:featuredmedia":[{"embeddable":true,"href":"https:\/\/essenzediluce.com\/fr\/wp-json\/wp\/v2\/media\/15809"}],"wp:attachment":[{"href":"https:\/\/essenzediluce.com\/fr\/wp-json\/wp\/v2\/media?parent=19287"}],"curies":[{"name":"wp","href":"https:\/\/api.w.org\/{rel}","templated":true}]}}