{"id":22407,"date":"2026-01-22T13:40:38","date_gmt":"2026-01-22T12:40:38","guid":{"rendered":"https:\/\/essenzediluce.com\/?page_id=22407"},"modified":"2026-01-28T12:23:15","modified_gmt":"2026-01-28T11:23:15","slug":"collection-atmosphere","status":"publish","type":"page","link":"https:\/\/essenzediluce.com\/fr\/collection-atmosphere\/","title":{"rendered":"Collection Atmosph\u00e8re"},"content":{"rendered":"<div class=\"wpb-content-wrapper\">[vc_row][vc_column][vc_empty_space][\/vc_column][\/vc_row][vc_row][vc_column][vc_single_image image=&#8221;22930&#8243; img_size=&#8221;713&#215;215&#8243; alignment=&#8221;center&#8221; css=&#8221;.vc_custom_1769085818522{margin-bottom: 0px !important;border-bottom-width: 0px !important;padding-bottom: 0px !important;}&#8221;][vc_column_text css=&#8221;&#8221;]\r\n<h1 style=\"text-align: center;\">COLLECTION ATMOSPHERE<\/h1>\r\n<h2 style=\"text-align: center;\">Menhir : notre lampe la plus iconique<\/h2>\r\n[\/vc_column_text][vc_column_text css=&#8221;&#8221;]<span style=\"color: #ffffff;\">Menhir notre lampe la plus iconique<\/span>\r\nLa <strong>Collection Atmosphere<\/strong> est n\u00e9e de l&#8217;id\u00e9e d&#8217;<strong>associer le marbre et la lumi\u00e8re dans des produits d&#8217;\u00e9clairage ext\u00e9rieur uniques et reconnaissables<\/strong>. <strong>Le Menhir est le symbole de notre histoire et de la Collection Atmosphere<\/strong>. Premier du genre, c&#8217;est un objet lumineux en marbre enti\u00e8rement fait \u00e0 la main, num\u00e9rot\u00e9 et personnalisable. Sa pr\u00e9sence spectaculaire transforme les espaces ext\u00e9rieurs, cr\u00e9ant des atmosph\u00e8res uniques et suggestives. C&#8217;est le produit le plus reconnaissable de notre entreprise, la \u00ab signature \u00bb de notre marque dans le monde de l&#8217;\u00e9clairage.[\/vc_column_text][\/vc_column][\/vc_row][vc_row full_width=&#8221;stretch_row_content&#8221;][vc_column width=&#8221;1\/6&#8243;][\/vc_column][vc_column width=&#8221;1\/6&#8243;][vc_single_image image=&#8221;18751&#8243; img_size=&#8221;300&#215;450&#8243; alignment=&#8221;center&#8221; onclick=&#8221;custom_link&#8221; css_animation=&#8221;fadeIn&#8221; css=&#8221;.vc_custom_1763116846094{margin-bottom: 0px !important;border-bottom-width: 0px !important;padding-bottom: 0px !important;}&#8221; link=&#8221;https:\/\/essenzediluce.com\/fr\/produits\/eclairage-exterieur-menhir-di-luce\/&#8221;][vc_column_text css=&#8221;&#8221;]\r\n<p style=\"text-align: center;\"><em>Menhir di Luce<\/em><\/p>\r\n[\/vc_column_text][\/vc_column][vc_column width=&#8221;1\/6&#8243;][vc_single_image image=&#8221;22198&#8243; img_size=&#8221;300&#215;450&#8243; alignment=&#8221;center&#8221; onclick=&#8221;custom_link&#8221; css_animation=&#8221;fadeIn&#8221; css=&#8221;.vc_custom_1763116888056{margin-bottom: 0px !important;border-bottom-width: 0px !important;padding-bottom: 0px !important;}&#8221; link=&#8221;https:\/\/essenzediluce.com\/fr\/produits\/eclairage-piscine-menhir-pool\/&#8221;][vc_column_text css=&#8221;&#8221;]\r\n<p style=\"text-align: center;\"><em>Menhir Pool<\/em><\/p>\r\n[\/vc_column_text][\/vc_column][vc_column width=&#8221;1\/6&#8243;][vc_single_image image=&#8221;22395&#8243; img_size=&#8221;300&#215;450&#8243; alignment=&#8221;center&#8221; onclick=&#8221;custom_link&#8221; css_animation=&#8221;fadeIn&#8221; css=&#8221;.vc_custom_1763116909567{margin-bottom: 0px !important;border-bottom-width: 0px !important;padding-bottom: 0px !important;}&#8221; link=&#8221;https:\/\/essenzediluce.com\/fr\/produits\/eclairage-massifs-fleuris-ray\/&#8221;][vc_column_text css=&#8221;&#8221;]\r\n<p style=\"text-align: center;\"><em>Ray<\/em><\/p>\r\n[\/vc_column_text][\/vc_column][vc_column width=&#8221;1\/6&#8243;][vc_single_image image=&#8221;22400&#8243; img_size=&#8221;300&#215;450&#8243; alignment=&#8221;center&#8221; onclick=&#8221;custom_link&#8221; css_animation=&#8221;fadeIn&#8221; css=&#8221;.vc_custom_1763116924655{margin-bottom: 0px !important;border-bottom-width: 0px !important;padding-bottom: 0px !important;}&#8221; link=&#8221;https:\/\/essenzediluce.com\/fr\/produits\/lampes-d-exterieur-menhir-minimal\/&#8221;][vc_column_text css=&#8221;&#8221;]\r\n<p style=\"text-align: center;\"><em>Menhir Minimal<\/em><\/p>\r\n[\/vc_column_text][\/vc_column][vc_column width=&#8221;1\/6&#8243;][\/vc_column][\/vc_row][vc_row][vc_column][vc_column_text css=&#8221;&#8221;]<strong>Chaque lampe est fabriqu\u00e9e \u00e0 la main dans notre atelier dans le Frioul<\/strong>, alliant savoir-faire artisanal, soin et technique. <strong>Le marbre est le fil rouge de la collection : il habille chaque produit<\/strong>, des formes iconiques du Menhir aux lignes plus minimalistes, conf\u00e9rant continuit\u00e9 et identit\u00e9 \u00e0 toutes les pi\u00e8ces. La collection est con\u00e7ue pour ceux qui souhaitent mettre en valeur leurs jardins, terrasses et espaces ouverts avec des <strong>produits \u00e9l\u00e9gants, durables et au caract\u00e8re distinctif.<\/strong> <span style=\"color: #ffffff;\">Menhir notre lampe la plus iconique<\/span>[\/vc_column_text][\/vc_column][\/vc_row][vc_row][vc_column][vc_column_text css=&#8221;&#8221;]\r\n<h2 style=\"text-align: center;\">Produits de la Collection Atmosph\u00e9re<\/h2>\r\n[\/vc_column_text][\/vc_column][\/vc_row][vc_row full_width=&#8221;stretch_row_content&#8221; gap=&#8221;25&#8243; equal_height=&#8221;yes&#8221; css=&#8221;.vc_custom_1762272213313{margin-bottom: 30px !important;}&#8221;][vc_column width=&#8221;1\/4&#8243;][\/vc_column][vc_column width=&#8221;1\/4&#8243;][vc_empty_space height=&#8221;20&#8243;][vc_single_image image=&#8221;13341&#8243; img_size=&#8221;full&#8221; alignment=&#8221;center&#8221; onclick=&#8221;custom_link&#8221; css=&#8221;.vc_custom_1763116992726{margin-bottom: 0px !important;border-bottom-width: 0px !important;padding-bottom: 0px !important;}&#8221; link=&#8221;https:\/\/essenzediluce.com\/fr\/produits\/eclairage-exterieur-menhir-di-luce\/&#8221;][vc_column_text css=&#8221;.vc_custom_1763117133057{margin-bottom: 0px !important;}&#8221;]<strong>MENHIR DI LUCE<\/strong>\r\nLampe iconique qui fusionne mati\u00e8re et lumi\u00e8re, con\u00e7ue pour cr\u00e9er des ambiances \u00e9motionnelles dans les jardins et sur les terrasses.[\/vc_column_text][vc_btn title=&#8221;En savoir plus sur Menhir di Luce&#8221; style=&#8221;gradient-custom&#8221; gradient_custom_color_1=&#8221;#C8BEAA&#8221; gradient_custom_color_2=&#8221;#E1E1E1&#8243; gradient_text_color=&#8221;#000000&#8243; align=&#8221;center&#8221; i_icon_fontawesome=&#8221;fas fa-arrow-circle-right&#8221; css=&#8221;.vc_custom_1763117047770{margin-top: 0px !important;margin-right: 0px !important;margin-bottom: 0px !important;margin-left: 0px !important;border-top-width: 0px !important;border-right-width: 0px !important;border-bottom-width: 0px !important;border-left-width: 0px !important;padding-top: 0px !important;padding-right: 0px !important;padding-bottom: 0px !important;padding-left: 0px !important;}&#8221; add_icon=&#8221;true&#8221; link=&#8221;url:https%3A%2F%2Fessenzediluce.com%2Ffr%2Fproduits%2Feclairage-exterieur-menhir-di-luce%2F|title:Menhir%20di%20Luce&#8221;][\/vc_column][vc_column width=&#8221;1\/4&#8243;][vc_empty_space height=&#8221;20&#8243;][vc_single_image image=&#8221;12511&#8243; img_size=&#8221;300&#215;320&#8243; alignment=&#8221;center&#8221; onclick=&#8221;custom_link&#8221; css=&#8221;.vc_custom_1763117006899{margin-bottom: 0px !important;border-bottom-width: 0px !important;padding-bottom: 0px !important;}&#8221; link=&#8221;https:\/\/essenzediluce.com\/fr\/produits\/lampes-d-exterieur-menhir-minimal\/&#8221;][vc_column_text css=&#8221;.vc_custom_1763117180787{margin-bottom: 0px !important;}&#8221;]<strong>MENHIR MINIMAL<\/strong>\r\nVersion minimaliste, cette lampe conserve toute la force expressive du marbre dans un design moderne et polyvalent.[\/vc_column_text][vc_btn title=&#8221;En savoir plus sur Menhir Minimal&#8221; style=&#8221;gradient-custom&#8221; gradient_custom_color_1=&#8221;#C8BEAA&#8221; gradient_custom_color_2=&#8221;#E1E1E1&#8243; gradient_text_color=&#8221;#000000&#8243; align=&#8221;center&#8221; i_icon_fontawesome=&#8221;fas fa-arrow-circle-right&#8221; css=&#8221;.vc_custom_1763117075963{margin-top: 0px !important;margin-right: 0px !important;margin-bottom: 0px !important;margin-left: 0px !important;border-top-width: 0px !important;border-right-width: 0px !important;border-bottom-width: 0px !important;border-left-width: 0px !important;padding-top: 0px !important;padding-right: 0px !important;padding-bottom: 0px !important;padding-left: 0px !important;}&#8221; add_icon=&#8221;true&#8221; link=&#8221;url:https%3A%2F%2Fessenzediluce.com%2Ffr%2Fproduits%2Flampes-d-exterieur-menhir-minimal%2F|title:Menhir%20Minimal&#8221;][\/vc_column][vc_column width=&#8221;1\/4&#8243;][\/vc_column][\/vc_row][vc_row full_width=&#8221;stretch_row_content&#8221; gap=&#8221;25&#8243; equal_height=&#8221;yes&#8221; css=&#8221;.vc_custom_1762272256355{margin-bottom: 30px !important;}&#8221;][vc_column width=&#8221;1\/4&#8243;][\/vc_column][vc_column width=&#8221;1\/4&#8243;][vc_empty_space height=&#8221;20&#8243;][vc_single_image image=&#8221;17103&#8243; img_size=&#8221;320&#215;320&#8243; alignment=&#8221;center&#8221; onclick=&#8221;custom_link&#8221; css=&#8221;.vc_custom_1763117013718{margin-bottom: 0px !important;border-bottom-width: 0px !important;padding-bottom: 0px !important;}&#8221; link=&#8221;https:\/\/essenzediluce.com\/fr\/produits\/eclairage-piscine-menhir-pool\/&#8221;][vc_column_text css=&#8221;.vc_custom_1763117194010{margin-bottom: 0px !important;}&#8221;]<strong>MENHIR POOL<\/strong>\r\nCon\u00e7u pour les piscines naturelles et les espaces aquatiques, il \u00e9claire sous et au-dessus du niveau de l&#8217;eau, pour un effet sc\u00e9nographique sans \u00e9gal.[\/vc_column_text][vc_btn title=&#8221;En savoir plus sur Menhir Pool&#8221; style=&#8221;gradient-custom&#8221; gradient_custom_color_1=&#8221;#C8BEAA&#8221; gradient_custom_color_2=&#8221;#E1E1E1&#8243; gradient_text_color=&#8221;#000000&#8243; align=&#8221;center&#8221; i_icon_fontawesome=&#8221;fas fa-arrow-circle-right&#8221; css=&#8221;.vc_custom_1763117102814{margin-top: 0px !important;margin-right: 0px !important;margin-bottom: 0px !important;margin-left: 0px !important;border-top-width: 0px !important;border-right-width: 0px !important;border-bottom-width: 0px !important;border-left-width: 0px !important;padding-top: 0px !important;padding-right: 0px !important;padding-bottom: 0px !important;padding-left: 0px !important;}&#8221; add_icon=&#8221;true&#8221; link=&#8221;url:https%3A%2F%2Fessenzediluce.com%2Ffr%2Fproduits%2Feclairage-piscine-menhir-pool%2F|title:Menhir%20Pool&#8221;][\/vc_column][vc_column width=&#8221;1\/4&#8243;][vc_empty_space height=&#8221;20&#8243;][vc_single_image image=&#8221;17906&#8243; img_size=&#8221;320&#215;320&#8243; alignment=&#8221;center&#8221; onclick=&#8221;custom_link&#8221; css=&#8221;.vc_custom_1763117019148{margin-bottom: 0px !important;border-bottom-width: 0px !important;padding-bottom: 0px !important;}&#8221; link=&#8221;https:\/\/essenzediluce.com\/fr\/produits\/eclairage-massifs-fleuris-ray\/&#8221;][vc_column_text css=&#8221;.vc_custom_1769162366201{margin-bottom: 0px !important;}&#8221;]<strong>RAY\r\n<\/strong>La forme du galet s&#8217;associe au verre satin\u00e9 dans une petite lampe id\u00e9ale pour les parterres de fleurs et les petits espaces verts.[\/vc_column_text][vc_btn title=&#8221;En savoir plus sur Ray&#8221; style=&#8221;gradient-custom&#8221; gradient_custom_color_1=&#8221;#C8BEAA&#8221; gradient_custom_color_2=&#8221;#E1E1E1&#8243; gradient_text_color=&#8221;#000000&#8243; align=&#8221;center&#8221; i_icon_fontawesome=&#8221;fas fa-arrow-circle-right&#8221; css=&#8221;.vc_custom_1763117120747{margin-top: 0px !important;margin-right: 0px !important;margin-bottom: 0px !important;margin-left: 0px !important;border-top-width: 0px !important;border-right-width: 0px !important;border-bottom-width: 0px !important;border-left-width: 0px !important;padding-top: 0px !important;padding-right: 0px !important;padding-bottom: 0px !important;padding-left: 0px !important;}&#8221; add_icon=&#8221;true&#8221; link=&#8221;url:https%3A%2F%2Fessenzediluce.com%2Ffr%2Fproduits%2Feclairage-massifs-fleuris-ray%2F|title:Ray&#8221;][\/vc_column][vc_column width=&#8221;1\/4&#8243;][\/vc_column][\/vc_row][vc_row][vc_column][vc_empty_space][\/vc_column][\/vc_row][vc_row full_width=&#8221;stretch_row&#8221; css=&#8221;.vc_custom_1762270780303{background-color: #F2F2F2 !important;}&#8221;][vc_column][vc_empty_space height=&#8221;20&#8243;][vc_column_text css=&#8221;&#8221;]\r\n<h4 style=\"text-align: center;\">Chaque lampe de la collection Atmosfera est plus qu&#8217;un simple objet lumineux : c&#8217;est une pi\u00e8ce unique en marbre, r\u00e9alis\u00e9e avec passion et pr\u00e9cision artisanale. Le choix des mat\u00e9riaux, le travail manuel et le souci du d\u00e9tail font de chaque produit un \u00e9l\u00e9ment qui refl\u00e8te l&#8217;identit\u00e9 de ceux qui le choisissent.\r\nUn choix authentique pour ceux qui aiment le plein air avec style.<\/h4>\r\n[\/vc_column_text][vc_empty_space height=&#8221;20&#8243;][\/vc_column][\/vc_row][vc_row][vc_column][vc_column_text css=&#8221;&#8221;]\r\n<h2 style=\"text-align: center;\">Contactez-nous pour plus d&#8217;informations sur les lampes en marbre pour l&#8217;ext\u00e9rieur<\/h2>\r\n[\/vc_column_text]\n<div class=\"wpcf7 no-js\" id=\"wpcf7-f20907-o1\" lang=\"fr-FR\" dir=\"ltr\" data-wpcf7-id=\"20907\">\n<div class=\"screen-reader-response\"><p role=\"status\" aria-live=\"polite\" aria-atomic=\"true\"><\/p> <ul><\/ul><\/div>\n<form action=\"\/fr\/wp-json\/wp\/v2\/pages\/22407#wpcf7-f20907-o1\" method=\"post\" class=\"wpcf7-form init\" aria-label=\"Formulaire de contact\" novalidate=\"novalidate\" data-status=\"init\">\n<div style=\"display: none;\">\n<input type=\"hidden\" name=\"_wpcf7\" value=\"20907\" \/>\n<input type=\"hidden\" name=\"_wpcf7_version\" value=\"6.0.6\" \/>\n<input type=\"hidden\" name=\"_wpcf7_locale\" value=\"fr_FR\" \/>\n<input type=\"hidden\" name=\"_wpcf7_unit_tag\" value=\"wpcf7-f20907-o1\" \/>\n<input type=\"hidden\" name=\"_wpcf7_container_post\" value=\"0\" \/>\n<input type=\"hidden\" name=\"_wpcf7_posted_data_hash\" value=\"\" \/>\n<\/div>\n<div class=\"two-column\">\n\t<div class=\"left\">\n\t\t<p><span class=\"wpcf7-form-control-wrap\" data-name=\"your-name\"><input size=\"40\" maxlength=\"400\" class=\"wpcf7-form-control wpcf7-text wpcf7-validates-as-required\" aria-required=\"true\" aria-invalid=\"false\" placeholder=\"Nom*\" value=\"\" type=\"text\" name=\"your-name\" \/><\/span>\n\t\t<\/p>\n\t<\/div>\n\t<div class=\"right\">\n\t\t<p><span class=\"wpcf7-form-control-wrap\" data-name=\"your-surname\"><input size=\"40\" maxlength=\"400\" class=\"wpcf7-form-control wpcf7-text wpcf7-validates-as-required\" aria-required=\"true\" aria-invalid=\"false\" placeholder=\"Nom de Famille*\" value=\"\" type=\"text\" name=\"your-surname\" \/><\/span>\n\t\t<\/p>\n\t<\/div>\n<\/div>\n<div class=\"two-column\">\n\t<div class=\"left comp-left\">\n\t\t<p><span class=\"wpcf7-form-control-wrap\" data-name=\"phone\"><input size=\"40\" maxlength=\"400\" class=\"wpcf7-form-control wpcf7-tel wpcf7-validates-as-required wpcf7-text wpcf7-validates-as-tel\" aria-required=\"true\" aria-invalid=\"false\" placeholder=\"T\u00e9l\u00e9phone*\" value=\"\" type=\"tel\" name=\"phone\" \/><\/span>\n\t\t<\/p>\n\t<\/div>\n\t<div class=\"right comp-right\">\n\t\t<p><span class=\"wpcf7-form-control-wrap\" data-name=\"your-email\"><input size=\"40\" maxlength=\"400\" class=\"wpcf7-form-control wpcf7-email wpcf7-validates-as-required wpcf7-text wpcf7-validates-as-email\" aria-required=\"true\" aria-invalid=\"false\" placeholder=\"E-mail*\" value=\"\" type=\"email\" name=\"your-email\" \/><\/span>\n\t\t<\/p>\n\t<\/div>\n<\/div>\n<div class=\"two-column\">\n\t<div class=\"left\">\n\t\t<p><span class=\"wpcf7-form-control-wrap\" data-name=\"citta\"><input size=\"40\" maxlength=\"400\" class=\"wpcf7-form-control wpcf7-text wpcf7-validates-as-required\" aria-required=\"true\" aria-invalid=\"false\" placeholder=\"Ville*\" value=\"\" type=\"text\" name=\"citta\" \/><\/span>\n\t\t<\/p>\n\t<\/div>\n\t<div class=\"right\">\n\t\t<p><span class=\"wpcf7-form-control-wrap\" data-name=\"CAP\"><input size=\"40\" maxlength=\"400\" class=\"wpcf7-form-control wpcf7-text\" aria-invalid=\"false\" placeholder=\"Code Postal\" value=\"\" type=\"text\" name=\"CAP\" \/><\/span>\n\t\t<\/p>\n\t<\/div>\n<\/div>\n<div class=\"comp\">\n\t<p><span class=\"wpcf7-form-control-wrap\" data-name=\"company\"><input size=\"40\" maxlength=\"400\" class=\"wpcf7-form-control wpcf7-text\" aria-invalid=\"false\" placeholder=\"Soci\u00e9t\u00e9\" value=\"\" type=\"text\" name=\"company\" \/><\/span>\n\t<\/p>\n<\/div>\n<div>\n\t<p>R\u00f4le*: <span class=\"wpcf7-form-control-wrap\" data-name=\"ruolo\"><select class=\"wpcf7-form-control wpcf7-select wpcf7-validates-as-required\" aria-required=\"true\" aria-invalid=\"false\" name=\"ruolo\"><option value=\"\">&#8212;Veuillez choisir une option&#8212;<\/option><option value=\"Private\">Private<\/option><option value=\"Architecte\">Architecte<\/option><option value=\"Jardinier\">Jardinier<\/option><option value=\"Architecte paysagiste\">Architecte paysagiste<\/option><option value=\"D\u00e9taillant\">D\u00e9taillant<\/option><option value=\"Installateur\">Installateur<\/option><\/select><\/span>\n\t<\/p>\n<\/div>\n<div class=\"message\">\n\t<p><span class=\"wpcf7-form-control-wrap\" data-name=\"your-message\"><textarea cols=\"40\" rows=\"10\" maxlength=\"2000\" class=\"wpcf7-form-control wpcf7-textarea wpcf7-validates-as-required\" aria-required=\"true\" aria-invalid=\"false\" placeholder=\"Message*\" name=\"your-message\"><\/textarea><\/span>\n\t<\/p>\n<\/div>\n<div>\n\t<p><span class=\"wpcf7-form-control-wrap\" data-name=\"accept-this\"><span class=\"wpcf7-form-control wpcf7-acceptance\"><span class=\"wpcf7-list-item\"><input type=\"checkbox\" name=\"accept-this\" value=\"1\" aria-invalid=\"false\" \/><\/span><\/span><\/span> OUI, J'ACCEPTE LES TERMES ET CONDITIONS: Je consens au traitement de mes donn\u00e9es personnelles dans le seul but de traiter ma demande et sa mise \u00e0 jour.<a class=\"fancybox-iframe {width:100%,height:100%}\" href=\"https:\/\/essenzediluce.com\/privacy-policy\/\"><strong>Privacy Policy<\/strong><\/a>\n\t<\/p>\n<\/div>\n<div>\n\t<p><span class=\"wpcf7-form-control-wrap\" data-name=\"your-consent-sendinblue\"><span class=\"wpcf7-form-control wpcf7-acceptance optional\"><span class=\"wpcf7-list-item\"><label><input type=\"checkbox\" name=\"your-consent-sendinblue\" value=\"1\" aria-invalid=\"false\" \/><span class=\"wpcf7-list-item-label\">INSCRIVEZ-MOI \u00c0 LA NEWSLETTER<\/span><\/label><\/span><\/span><\/span>: Je souhaite recevoir des communications et des mises \u00e0 jour sur les projets, les nouveaux produits et les \u00e9v\u00e9nements.\n\t<\/p>\n<\/div>\n<div>\n\t<p><input class=\"wpcf7-form-control wpcf7-submit has-spinner\" type=\"submit\" value=\"Envoyer\" \/>\n\t<\/p>\n<\/div><div class=\"wpcf7-response-output\" aria-hidden=\"true\"><\/div>\n<\/form>\n<\/div>\n[\/vc_column][\/vc_row]<\/div>","protected":false},"excerpt":{"rendered":"<p>[vc_row][vc_column][vc_empty_space][\/vc_column][\/vc_row][vc_row][vc_column][vc_single_image image=&#8221;22930&#8243; img_size=&#8221;713&#215;215&#8243; alignment=&#8221;center&#8221; css=&#8221;.vc_custom_1769085818522{margin-bottom: 0px !important;border-bottom-width: 0px !important;padding-bottom: 0px !important;}&#8221;][vc_column_text css=&#8221;&#8221;] COLLECTION ATMOSPHERE Menhir : notre lampe la plus iconique [\/vc_column_text][vc_column_text css=&#8221;&#8221;]Menhir notre lampe la plus iconique La Collection Atmosphere est n\u00e9e de l&#8217;id\u00e9e d&#8217;associer le marbre et la&hellip;<\/p>\n<p> <a class=\"more-link\" href=\"https:\/\/essenzediluce.com\/fr\/collection-atmosphere\/\">Lire la suite<\/a><\/p>\n","protected":false},"author":13,"featured_media":22420,"parent":0,"menu_order":0,"comment_status":"closed","ping_status":"closed","template":"","meta":{"footnotes":""},"class_list":["post-22407","page","type-page","status-publish","has-post-thumbnail"],"yoast_head":"<!-- This site is optimized with the Yoast SEO plugin v24.5 - https:\/\/yoast.com\/wordpress\/plugins\/seo\/ -->\n<title>Collection Atmosph\u00e8re : Menhir notre lampe la plus iconique - Essenze di Luce<\/title>\n<meta name=\"description\" content=\"Menhir notre lampe la plus iconique : d\u00e9couvrez toutes les lampes d&#039;ext\u00e9rieur en marbre de la collection Atmosfera.\" \/>\n<meta name=\"robots\" content=\"index, follow, max-snippet:-1, max-image-preview:large, max-video-preview:-1\" \/>\n<link rel=\"canonical\" href=\"https:\/\/essenzediluce.com\/fr\/collection-atmosphere\/\" \/>\n<meta property=\"og:locale\" content=\"fr_FR\" \/>\n<meta property=\"og:type\" content=\"article\" \/>\n<meta property=\"og:title\" content=\"Collection Atmosph\u00e8re : Menhir notre lampe la plus iconique - Essenze di Luce\" \/>\n<meta property=\"og:description\" content=\"Menhir notre lampe la plus iconique : d\u00e9couvrez toutes les lampes d&#039;ext\u00e9rieur en marbre de la collection Atmosfera.\" \/>\n<meta property=\"og:url\" content=\"https:\/\/essenzediluce.com\/fr\/collection-atmosphere\/\" \/>\n<meta property=\"og:site_name\" content=\"Essenze di Luce\" \/>\n<meta property=\"article:publisher\" content=\"https:\/\/www.facebook.com\/essenzediluce.italy\/\" \/>\n<meta property=\"article:modified_time\" content=\"2026-01-28T11:23:15+00:00\" \/>\n<meta property=\"og:image\" content=\"https:\/\/essenzediluce.com\/wp-content\/uploads\/2025\/11\/Collezione-Atmosfera.png\" \/>\n\t<meta property=\"og:image:width\" content=\"800\" \/>\n\t<meta property=\"og:image:height\" content=\"800\" \/>\n\t<meta property=\"og:image:type\" content=\"image\/png\" \/>\n<meta name=\"twitter:card\" content=\"summary_large_image\" \/>\n<meta name=\"twitter:label1\" content=\"Dur\u00e9e de lecture estim\u00e9e\" \/>\n\t<meta name=\"twitter:data1\" content=\"4 minutes\" \/>\n<script type=\"application\/ld+json\" class=\"yoast-schema-graph\">{\"@context\":\"https:\/\/schema.org\",\"@graph\":[{\"@type\":\"WebPage\",\"@id\":\"https:\/\/essenzediluce.com\/fr\/collection-atmosphere\/\",\"url\":\"https:\/\/essenzediluce.com\/fr\/collection-atmosphere\/\",\"name\":\"Collection Atmosph\u00e8re : Menhir notre lampe la plus iconique - Essenze di Luce\",\"isPartOf\":{\"@id\":\"https:\/\/essenzediluce.com\/#website\"},\"primaryImageOfPage\":{\"@id\":\"https:\/\/essenzediluce.com\/fr\/collection-atmosphere\/#primaryimage\"},\"image\":{\"@id\":\"https:\/\/essenzediluce.com\/fr\/collection-atmosphere\/#primaryimage\"},\"thumbnailUrl\":\"https:\/\/essenzediluce.com\/wp-content\/uploads\/2025\/11\/Collezione-Atmosfera.png\",\"datePublished\":\"2026-01-22T12:40:38+00:00\",\"dateModified\":\"2026-01-28T11:23:15+00:00\",\"description\":\"Menhir notre lampe la plus iconique : d\u00e9couvrez toutes les lampes d'ext\u00e9rieur en marbre de la collection Atmosfera.\",\"breadcrumb\":{\"@id\":\"https:\/\/essenzediluce.com\/fr\/collection-atmosphere\/#breadcrumb\"},\"inLanguage\":\"fr-FR\",\"potentialAction\":[{\"@type\":\"ReadAction\",\"target\":[\"https:\/\/essenzediluce.com\/fr\/collection-atmosphere\/\"]}]},{\"@type\":\"ImageObject\",\"inLanguage\":\"fr-FR\",\"@id\":\"https:\/\/essenzediluce.com\/fr\/collection-atmosphere\/#primaryimage\",\"url\":\"https:\/\/essenzediluce.com\/wp-content\/uploads\/2025\/11\/Collezione-Atmosfera.png\",\"contentUrl\":\"https:\/\/essenzediluce.com\/wp-content\/uploads\/2025\/11\/Collezione-Atmosfera.png\",\"width\":800,\"height\":800,\"caption\":\"Lampada da esterno in marmo collezione Atmosfera\"},{\"@type\":\"BreadcrumbList\",\"@id\":\"https:\/\/essenzediluce.com\/fr\/collection-atmosphere\/#breadcrumb\",\"itemListElement\":[{\"@type\":\"ListItem\",\"position\":1,\"name\":\"Home\",\"item\":\"https:\/\/essenzediluce.com\/fr\/\"},{\"@type\":\"ListItem\",\"position\":2,\"name\":\"Collection Atmosph\u00e8re\"}]},{\"@type\":\"WebSite\",\"@id\":\"https:\/\/essenzediluce.com\/#website\",\"url\":\"https:\/\/essenzediluce.com\/\",\"name\":\"Essenze di Luce\",\"description\":\"\",\"publisher\":{\"@id\":\"https:\/\/essenzediluce.com\/#organization\"},\"potentialAction\":[{\"@type\":\"SearchAction\",\"target\":{\"@type\":\"EntryPoint\",\"urlTemplate\":\"https:\/\/essenzediluce.com\/?s={search_term_string}\"},\"query-input\":{\"@type\":\"PropertyValueSpecification\",\"valueRequired\":true,\"valueName\":\"search_term_string\"}}],\"inLanguage\":\"fr-FR\"},{\"@type\":\"Organization\",\"@id\":\"https:\/\/essenzediluce.com\/#organization\",\"name\":\"Essenze di Luce\",\"url\":\"https:\/\/essenzediluce.com\/\",\"logo\":{\"@type\":\"ImageObject\",\"inLanguage\":\"fr-FR\",\"@id\":\"https:\/\/essenzediluce.com\/#\/schema\/logo\/image\/\",\"url\":\"https:\/\/essenzediluce.com\/wp-content\/uploads\/2017\/03\/el.jpg\",\"contentUrl\":\"https:\/\/essenzediluce.com\/wp-content\/uploads\/2017\/03\/el.jpg\",\"width\":512,\"height\":512,\"caption\":\"Essenze di Luce\"},\"image\":{\"@id\":\"https:\/\/essenzediluce.com\/#\/schema\/logo\/image\/\"},\"sameAs\":[\"https:\/\/www.facebook.com\/essenzediluce.italy\/\",\"https:\/\/www.instagram.com\/essenzediluce\/\",\"https:\/\/www.youtube.com\/channel\/UCXKJKPfUYADaJMEm_9NAvrA\"]}]}<\/script>\n<!-- \/ Yoast SEO plugin. -->","yoast_head_json":{"title":"Collection Atmosph\u00e8re : Menhir notre lampe la plus iconique - Essenze di Luce","description":"Menhir notre lampe la plus iconique : d\u00e9couvrez toutes les lampes d'ext\u00e9rieur en marbre de la collection Atmosfera.","robots":{"index":"index","follow":"follow","max-snippet":"max-snippet:-1","max-image-preview":"max-image-preview:large","max-video-preview":"max-video-preview:-1"},"canonical":"https:\/\/essenzediluce.com\/fr\/collection-atmosphere\/","og_locale":"fr_FR","og_type":"article","og_title":"Collection Atmosph\u00e8re : Menhir notre lampe la plus iconique - Essenze di Luce","og_description":"Menhir notre lampe la plus iconique : d\u00e9couvrez toutes les lampes d'ext\u00e9rieur en marbre de la collection Atmosfera.","og_url":"https:\/\/essenzediluce.com\/fr\/collection-atmosphere\/","og_site_name":"Essenze di Luce","article_publisher":"https:\/\/www.facebook.com\/essenzediluce.italy\/","article_modified_time":"2026-01-28T11:23:15+00:00","og_image":[{"width":800,"height":800,"url":"https:\/\/essenzediluce.com\/wp-content\/uploads\/2025\/11\/Collezione-Atmosfera.png","type":"image\/png"}],"twitter_card":"summary_large_image","twitter_misc":{"Dur\u00e9e de lecture estim\u00e9e":"4 minutes"},"schema":{"@context":"https:\/\/schema.org","@graph":[{"@type":"WebPage","@id":"https:\/\/essenzediluce.com\/fr\/collection-atmosphere\/","url":"https:\/\/essenzediluce.com\/fr\/collection-atmosphere\/","name":"Collection Atmosph\u00e8re : Menhir notre lampe la plus iconique - Essenze di Luce","isPartOf":{"@id":"https:\/\/essenzediluce.com\/#website"},"primaryImageOfPage":{"@id":"https:\/\/essenzediluce.com\/fr\/collection-atmosphere\/#primaryimage"},"image":{"@id":"https:\/\/essenzediluce.com\/fr\/collection-atmosphere\/#primaryimage"},"thumbnailUrl":"https:\/\/essenzediluce.com\/wp-content\/uploads\/2025\/11\/Collezione-Atmosfera.png","datePublished":"2026-01-22T12:40:38+00:00","dateModified":"2026-01-28T11:23:15+00:00","description":"Menhir notre lampe la plus iconique : d\u00e9couvrez toutes les lampes d'ext\u00e9rieur en marbre de la collection Atmosfera.","breadcrumb":{"@id":"https:\/\/essenzediluce.com\/fr\/collection-atmosphere\/#breadcrumb"},"inLanguage":"fr-FR","potentialAction":[{"@type":"ReadAction","target":["https:\/\/essenzediluce.com\/fr\/collection-atmosphere\/"]}]},{"@type":"ImageObject","inLanguage":"fr-FR","@id":"https:\/\/essenzediluce.com\/fr\/collection-atmosphere\/#primaryimage","url":"https:\/\/essenzediluce.com\/wp-content\/uploads\/2025\/11\/Collezione-Atmosfera.png","contentUrl":"https:\/\/essenzediluce.com\/wp-content\/uploads\/2025\/11\/Collezione-Atmosfera.png","width":800,"height":800,"caption":"Lampada da esterno in marmo collezione Atmosfera"},{"@type":"BreadcrumbList","@id":"https:\/\/essenzediluce.com\/fr\/collection-atmosphere\/#breadcrumb","itemListElement":[{"@type":"ListItem","position":1,"name":"Home","item":"https:\/\/essenzediluce.com\/fr\/"},{"@type":"ListItem","position":2,"name":"Collection Atmosph\u00e8re"}]},{"@type":"WebSite","@id":"https:\/\/essenzediluce.com\/#website","url":"https:\/\/essenzediluce.com\/","name":"Essenze di Luce","description":"","publisher":{"@id":"https:\/\/essenzediluce.com\/#organization"},"potentialAction":[{"@type":"SearchAction","target":{"@type":"EntryPoint","urlTemplate":"https:\/\/essenzediluce.com\/?s={search_term_string}"},"query-input":{"@type":"PropertyValueSpecification","valueRequired":true,"valueName":"search_term_string"}}],"inLanguage":"fr-FR"},{"@type":"Organization","@id":"https:\/\/essenzediluce.com\/#organization","name":"Essenze di Luce","url":"https:\/\/essenzediluce.com\/","logo":{"@type":"ImageObject","inLanguage":"fr-FR","@id":"https:\/\/essenzediluce.com\/#\/schema\/logo\/image\/","url":"https:\/\/essenzediluce.com\/wp-content\/uploads\/2017\/03\/el.jpg","contentUrl":"https:\/\/essenzediluce.com\/wp-content\/uploads\/2017\/03\/el.jpg","width":512,"height":512,"caption":"Essenze di Luce"},"image":{"@id":"https:\/\/essenzediluce.com\/#\/schema\/logo\/image\/"},"sameAs":["https:\/\/www.facebook.com\/essenzediluce.italy\/","https:\/\/www.instagram.com\/essenzediluce\/","https:\/\/www.youtube.com\/channel\/UCXKJKPfUYADaJMEm_9NAvrA"]}]}},"_links":{"self":[{"href":"https:\/\/essenzediluce.com\/fr\/wp-json\/wp\/v2\/pages\/22407"}],"collection":[{"href":"https:\/\/essenzediluce.com\/fr\/wp-json\/wp\/v2\/pages"}],"about":[{"href":"https:\/\/essenzediluce.com\/fr\/wp-json\/wp\/v2\/types\/page"}],"author":[{"embeddable":true,"href":"https:\/\/essenzediluce.com\/fr\/wp-json\/wp\/v2\/users\/13"}],"replies":[{"embeddable":true,"href":"https:\/\/essenzediluce.com\/fr\/wp-json\/wp\/v2\/comments?post=22407"}],"version-history":[{"count":6,"href":"https:\/\/essenzediluce.com\/fr\/wp-json\/wp\/v2\/pages\/22407\/revisions"}],"predecessor-version":[{"id":23025,"href":"https:\/\/essenzediluce.com\/fr\/wp-json\/wp\/v2\/pages\/22407\/revisions\/23025"}],"wp:featuredmedia":[{"embeddable":true,"href":"https:\/\/essenzediluce.com\/fr\/wp-json\/wp\/v2\/media\/22420"}],"wp:attachment":[{"href":"https:\/\/essenzediluce.com\/fr\/wp-json\/wp\/v2\/media?parent=22407"}],"curies":[{"name":"wp","href":"https:\/\/api.w.org\/{rel}","templated":true}]}}