{"id":22563,"date":"2026-01-22T14:08:22","date_gmt":"2026-01-22T13:08:22","guid":{"rendered":"https:\/\/essenzediluce.com\/?page_id=22563"},"modified":"2026-01-28T12:33:24","modified_gmt":"2026-01-28T11:33:24","slug":"collection-audio","status":"publish","type":"page","link":"https:\/\/essenzediluce.com\/fr\/collection-audio\/","title":{"rendered":"Collection Audio"},"content":{"rendered":"<div class=\"wpb-content-wrapper\">[vc_row][vc_column][vc_empty_space][\/vc_column][\/vc_row][vc_row full_width=&#8221;stretch_row&#8221;][vc_column][vc_single_image image=&#8221;22263&#8243; img_size=&#8221;500X133&#8243; alignment=&#8221;center&#8221; css=&#8221;.vc_custom_1762852051452{margin-bottom: 20px !important;border-bottom-width: 0px !important;padding-bottom: 0px !important;}&#8221;][vc_empty_space][vc_column_text css=&#8221;&#8221;]\r\n<h1 style=\"text-align: center;\">AUDIO COLLECTION<\/h1>\r\n<h2 style=\"text-align: center;\">Haut-parleurs d&#8217;ext\u00e9rieur en pierre naturelle<\/h2>\r\n[\/vc_column_text][vc_column_text css=&#8221;.vc_custom_1768551563791{margin-top: 0px !important;margin-bottom: 0px !important;border-top-width: 0px !important;border-bottom-width: 0px !important;padding-top: 0px !important;padding-bottom: 0px !important;}&#8221;]\r\n<p style=\"text-align: center;\">La Collection Audio se compose de produits qui allient <strong>technologie sonore, \u00e9clairage et design artisanal<\/strong> dans des pi\u00e8ces uniques, originales et reconnaissables : les Menhirs, ic\u00f4nes de notre savoir-faire artisanal. Chaque diffuseur sonore est <strong>sculpt\u00e9 \u00e0 la main dans le marbre et num\u00e9rot\u00e9 individuellement<\/strong>. Gr\u00e2ce \u00e0 son syst\u00e8me d&#8217;\u00e9clairage LED int\u00e9gr\u00e9, il transforme l&#8217;espace ext\u00e9rieur en un environnement exclusif.<\/p>\r\n<p style=\"text-align: center;\"><strong>Aucun haut-parleur apparent<\/strong>, aucun d\u00e9tail technique qui perturbe le regard. Seulement un d<strong>esign et une atmosph\u00e8re purs,<\/strong> pour des espaces ext\u00e9rieurs exclusifs o\u00f9 vivre une <strong>exp\u00e9rience sonore immersive dans chaque recoin du jardin<\/strong>. Avec la Collection Audio, <strong>la musique fait partie int\u00e9grante du paysage<\/strong>.<\/p>\r\n<p style=\"text-align: center;\"><span style=\"color: #ffffff;\">Haut-parleurs d&#8217;ext\u00e9rieur en pierre naturelle<\/span><\/p>\r\n[\/vc_column_text][\/vc_column][\/vc_row][vc_row full_width=&#8221;stretch_row_content&#8221; gap=&#8221;30&#8243; css=&#8221;.vc_custom_1768551577787{margin-top: 0px !important;margin-bottom: 0px !important;border-top-width: 0px !important;border-bottom-width: 0px !important;padding-top: 0px !important;padding-bottom: 0px !important;background-color: #FFFFFF !important;}&#8221;][vc_column css=&#8221;.vc_custom_1768551570594{margin-top: 0px !important;margin-bottom: 0px !important;border-top-width: 0px !important;border-bottom-width: 0px !important;padding-top: 0px !important;padding-bottom: 0px !important;}&#8221;][vc_column_text css=&#8221;.vc_custom_1767784604430{margin-bottom: 0px !important;border-bottom-width: 0px !important;padding-bottom: 0px !important;}&#8221;]\r\n<h2 style=\"text-align: center;\">Les haut-parleurs de la Collection Audio<\/h2>\r\n[\/vc_column_text][\/vc_column][vc_column width=&#8221;1\/5&#8243;][\/vc_column][vc_column width=&#8221;1\/5&#8243; css=&#8221;.vc_custom_1763624048699{margin-top: 0px !important;border-top-width: 0px !important;padding-top: 0px !important;}&#8221;][vc_single_image image=&#8221;22315&#8243; img_size=&#8221;800&#215;800&#8243; alignment=&#8221;center&#8221; style=&#8221;vc_box_rounded&#8221; onclick=&#8221;custom_link&#8221; css_animation=&#8221;fadeIn&#8221; css=&#8221;.vc_custom_1767784652534{margin-top: 0px !important;margin-bottom: 0px !important;border-top-width: 0px !important;border-bottom-width: 0px !important;padding-top: 0px !important;padding-bottom: 0px !important;}&#8221; link=&#8221;https:\/\/essenzediluce.com\/fr\/produits\/enceinte-exterieur-menhir-sound\/&#8221;][vc_column_text css=&#8221;&#8221;]\r\n<h4 style=\"text-align: center;\"><strong>MENHIR SOUND 30W<\/strong><\/h4>\r\n[\/vc_column_text][vc_btn title=&#8221;D\u00e9couvrez Menhir Sound&#8221; style=&#8221;gradient&#8221; gradient_color_1=&#8221;chino&#8221; gradient_color_2=&#8221;black&#8221; align=&#8221;center&#8221; i_icon_fontawesome=&#8221;fas fa-arrow-circle-right&#8221; css=&#8221;.vc_custom_1767784645170{margin-top: 0px !important;margin-right: 0px !important;margin-bottom: 0px !important;margin-left: 0px !important;border-top-width: 0px !important;border-right-width: 0px !important;border-bottom-width: 0px !important;border-left-width: 0px !important;padding-top: 0px !important;padding-right: 0px !important;padding-bottom: 0px !important;padding-left: 0px !important;}&#8221; add_icon=&#8221;true&#8221; link=&#8221;url:https%3A%2F%2Fessenzediluce.com%2Ffr%2Fproduits%2Fenceinte-exterieur-menhir-sound%2F|title:Menhir%20Sound&#8221;][vc_column_text css=&#8221;.vc_custom_1767784740155{margin-bottom: 0px !important;border-bottom-width: 0px !important;padding-bottom: 0px !important;}&#8221;]\r\n<p style=\"text-align: center;\">Haut-parleur avec \u00e9clairage int\u00e9gr\u00e9, adapt\u00e9 aux lieux publics ou priv\u00e9s o\u00f9 l&#8217;on privil\u00e9gie la musique d&#8217;ambiance.<\/p>\r\n[\/vc_column_text][\/vc_column][vc_column width=&#8221;1\/5&#8243; css=&#8221;.vc_custom_1763624055787{margin-top: 0px !important;border-top-width: 0px !important;padding-top: 0px !important;}&#8221;][vc_single_image image=&#8221;22319&#8243; img_size=&#8221;800&#215;800&#8243; alignment=&#8221;center&#8221; style=&#8221;vc_box_rounded&#8221; onclick=&#8221;custom_link&#8221; css_animation=&#8221;fadeIn&#8221; css=&#8221;.vc_custom_1767784660000{margin-top: 0px !important;margin-bottom: 0px !important;border-top-width: 0px !important;border-bottom-width: 0px !important;padding-top: 0px !important;padding-bottom: 0px !important;}&#8221; link=&#8221;https:\/\/essenzediluce.com\/fr\/produits\/enceinte-exterieur-menhir-sound\/&#8221;][vc_column_text css=&#8221;&#8221;]\r\n<h4 style=\"text-align: center;\"><strong>MENHIR MINIMAL SOUND 30W<\/strong><\/h4>\r\n[\/vc_column_text][vc_btn title=&#8221;D\u00e9couvrez Menhir Minimal Sound&#8221; style=&#8221;gradient&#8221; gradient_color_1=&#8221;chino&#8221; gradient_color_2=&#8221;black&#8221; align=&#8221;center&#8221; i_icon_fontawesome=&#8221;fas fa-arrow-circle-right&#8221; css=&#8221;.vc_custom_1767784681282{margin-top: 0px !important;margin-right: 0px !important;margin-bottom: 0px !important;margin-left: 0px !important;border-top-width: 0px !important;border-right-width: 0px !important;border-bottom-width: 0px !important;border-left-width: 0px !important;padding-top: 0px !important;padding-right: 0px !important;padding-bottom: 0px !important;padding-left: 0px !important;}&#8221; add_icon=&#8221;true&#8221; link=&#8221;url:https%3A%2F%2Fessenzediluce.com%2Ffr%2Fproduits%2Fenceinte-exterieur-menhir-sound%2F|title:Menhir%20Sound&#8221;][vc_column_text css=&#8221;.vc_custom_1767784755208{margin-bottom: 0px !important;border-bottom-width: 0px !important;padding-bottom: 0px !important;}&#8221;]\r\n<p style=\"text-align: center;\">Haut-parleur en marbre poli g\u00e9om\u00e9trique, adapt\u00e9 aux espaces o\u00f9 une musique de fond et une puissance mod\u00e9r\u00e9e sont requises.<\/p>\r\n[\/vc_column_text][\/vc_column][vc_column width=&#8221;1\/5&#8243; css=&#8221;.vc_custom_1763624063072{margin-top: 0px !important;border-top-width: 0px !important;padding-top: 0px !important;}&#8221;][vc_single_image image=&#8221;22310&#8243; img_size=&#8221;800&#215;800&#8243; alignment=&#8221;center&#8221; style=&#8221;vc_box_rounded&#8221; onclick=&#8221;custom_link&#8221; css_animation=&#8221;fadeIn&#8221; css=&#8221;.vc_custom_1767784709001{margin-top: 0px !important;margin-bottom: 0px !important;border-top-width: 0px !important;border-bottom-width: 0px !important;padding-top: 0px !important;padding-bottom: 0px !important;}&#8221; link=&#8221;https:\/\/essenzediluce.com\/fr\/produits\/enceinte-exterieur-puissante-menhir-sound-pro\/&#8221;][vc_column_text css=&#8221;&#8221;]\r\n<h4 style=\"text-align: center;\"><strong>MENHIR SOUND PRO 220W<\/strong><\/h4>\r\n[\/vc_column_text][vc_btn title=&#8221;D\u00e9couvrez Menhir Sound PRO&#8221; style=&#8221;gradient&#8221; gradient_color_1=&#8221;chino&#8221; gradient_color_2=&#8221;black&#8221; align=&#8221;center&#8221; i_icon_fontawesome=&#8221;fas fa-arrow-circle-right&#8221; css=&#8221;.vc_custom_1767784701510{margin-top: 0px !important;margin-right: 0px !important;margin-bottom: 0px !important;margin-left: 0px !important;border-top-width: 0px !important;border-right-width: 0px !important;border-bottom-width: 0px !important;border-left-width: 0px !important;padding-top: 0px !important;padding-right: 0px !important;padding-bottom: 0px !important;padding-left: 0px !important;}&#8221; add_icon=&#8221;true&#8221; link=&#8221;url:https%3A%2F%2Fessenzediluce.com%2Ffr%2Fproduits%2Fenceinte-exterieur-puissante-menhir-sound-pro%2F|title:Menhir%20Sound%20PRO&#8221;][vc_column_text css=&#8221;.vc_custom_1767784784307{margin-bottom: 0px !important;border-bottom-width: 0px !important;padding-bottom: 0px !important;}&#8221;]\r\n<p style=\"text-align: center;\">Haut-parleur pour les environnements n\u00e9cessitant une puissance sonore sup\u00e9rieure. Lentille acoustique + woofer int\u00e9gr\u00e9. 220 W au total.<\/p>\r\n[\/vc_column_text][\/vc_column][vc_column width=&#8221;1\/5&#8243; css=&#8221;.vc_custom_1763624041423{margin-top: 0px !important;border-top-width: 0px !important;padding-top: 0px !important;}&#8221;][\/vc_column][\/vc_row][vc_row][vc_column][vc_column_text css=&#8221;&#8221;]\r\n<p style=\"text-align: center;\"><em>Chaque pi\u00e8ce \u00e9tant <strong>r\u00e9alis\u00e9e \u00e0 la main, unique et personnalisable<\/strong>, les images sont purement indicatives.<\/em><\/p>\r\n[\/vc_column_text][\/vc_column][\/vc_row][vc_row full_width=&#8221;stretch_row&#8221; css=&#8221;.vc_custom_1763624456248{background-color: #E8E5E5 !important;}&#8221;][vc_column width=&#8221;1\/6&#8243;][\/vc_column][vc_column width=&#8221;2\/3&#8243;][vc_column_text css=&#8221;.vc_custom_1767784836560{margin-top: 0px !important;border-top-width: 0px !important;padding-top: 0px !important;}&#8221;]\r\n<h2>TOUTE VOTRE MUSIQUE PR\u00c9F\u00c9R\u00c9E !<\/h2>\r\n<h3><strong>WiFi, Bluetooth, USB, AUX\/Line In<\/strong><\/h3>\r\nInt\u00e9gration de vos services de musique en streaming pr\u00e9f\u00e9r\u00e9s\r\n+ Lecture musicale via une application pour smartphone avec technologie multi-pi\u00e8ces[\/vc_column_text][vc_single_image image=&#8221;15723&#8243; img_size=&#8221;full&#8221; alignment=&#8221;center&#8221;][\/vc_column][vc_column width=&#8221;1\/6&#8243;][\/vc_column][\/vc_row][vc_row][vc_column][vc_empty_space][\/vc_column][\/vc_row][vc_row][vc_column][vc_column_text css=&#8221;&#8221;]\r\n<h2 style=\"text-align: center;\">Contactez-nous pour obtenir plus d&#8217;informations sur les haut-parleurs d&#8217;ext\u00e9rieur en pierre naturelle<\/h2>\r\n[\/vc_column_text]\n<div class=\"wpcf7 no-js\" id=\"wpcf7-f20907-o1\" lang=\"fr-FR\" dir=\"ltr\" data-wpcf7-id=\"20907\">\n<div class=\"screen-reader-response\"><p role=\"status\" aria-live=\"polite\" aria-atomic=\"true\"><\/p> <ul><\/ul><\/div>\n<form action=\"\/fr\/wp-json\/wp\/v2\/pages\/22563#wpcf7-f20907-o1\" method=\"post\" class=\"wpcf7-form init\" aria-label=\"Formulaire de contact\" novalidate=\"novalidate\" data-status=\"init\">\n<div style=\"display: none;\">\n<input type=\"hidden\" name=\"_wpcf7\" value=\"20907\" \/>\n<input type=\"hidden\" name=\"_wpcf7_version\" value=\"6.0.6\" \/>\n<input type=\"hidden\" name=\"_wpcf7_locale\" value=\"fr_FR\" \/>\n<input type=\"hidden\" name=\"_wpcf7_unit_tag\" value=\"wpcf7-f20907-o1\" \/>\n<input type=\"hidden\" name=\"_wpcf7_container_post\" value=\"0\" \/>\n<input type=\"hidden\" name=\"_wpcf7_posted_data_hash\" value=\"\" \/>\n<\/div>\n<div class=\"two-column\">\n\t<div class=\"left\">\n\t\t<p><span class=\"wpcf7-form-control-wrap\" data-name=\"your-name\"><input size=\"40\" maxlength=\"400\" class=\"wpcf7-form-control wpcf7-text wpcf7-validates-as-required\" aria-required=\"true\" aria-invalid=\"false\" placeholder=\"Nom*\" value=\"\" type=\"text\" name=\"your-name\" \/><\/span>\n\t\t<\/p>\n\t<\/div>\n\t<div class=\"right\">\n\t\t<p><span class=\"wpcf7-form-control-wrap\" data-name=\"your-surname\"><input size=\"40\" maxlength=\"400\" class=\"wpcf7-form-control wpcf7-text wpcf7-validates-as-required\" aria-required=\"true\" aria-invalid=\"false\" placeholder=\"Nom de Famille*\" value=\"\" type=\"text\" name=\"your-surname\" \/><\/span>\n\t\t<\/p>\n\t<\/div>\n<\/div>\n<div class=\"two-column\">\n\t<div class=\"left comp-left\">\n\t\t<p><span class=\"wpcf7-form-control-wrap\" data-name=\"phone\"><input size=\"40\" maxlength=\"400\" class=\"wpcf7-form-control wpcf7-tel wpcf7-validates-as-required wpcf7-text wpcf7-validates-as-tel\" aria-required=\"true\" aria-invalid=\"false\" placeholder=\"T\u00e9l\u00e9phone*\" value=\"\" type=\"tel\" name=\"phone\" \/><\/span>\n\t\t<\/p>\n\t<\/div>\n\t<div class=\"right comp-right\">\n\t\t<p><span class=\"wpcf7-form-control-wrap\" data-name=\"your-email\"><input size=\"40\" maxlength=\"400\" class=\"wpcf7-form-control wpcf7-email wpcf7-validates-as-required wpcf7-text wpcf7-validates-as-email\" aria-required=\"true\" aria-invalid=\"false\" placeholder=\"E-mail*\" value=\"\" type=\"email\" name=\"your-email\" \/><\/span>\n\t\t<\/p>\n\t<\/div>\n<\/div>\n<div class=\"two-column\">\n\t<div class=\"left\">\n\t\t<p><span class=\"wpcf7-form-control-wrap\" data-name=\"citta\"><input size=\"40\" maxlength=\"400\" class=\"wpcf7-form-control wpcf7-text wpcf7-validates-as-required\" aria-required=\"true\" aria-invalid=\"false\" placeholder=\"Ville*\" value=\"\" type=\"text\" name=\"citta\" \/><\/span>\n\t\t<\/p>\n\t<\/div>\n\t<div class=\"right\">\n\t\t<p><span class=\"wpcf7-form-control-wrap\" data-name=\"CAP\"><input size=\"40\" maxlength=\"400\" class=\"wpcf7-form-control wpcf7-text\" aria-invalid=\"false\" placeholder=\"Code Postal\" value=\"\" type=\"text\" name=\"CAP\" \/><\/span>\n\t\t<\/p>\n\t<\/div>\n<\/div>\n<div class=\"comp\">\n\t<p><span class=\"wpcf7-form-control-wrap\" data-name=\"company\"><input size=\"40\" maxlength=\"400\" class=\"wpcf7-form-control wpcf7-text\" aria-invalid=\"false\" placeholder=\"Soci\u00e9t\u00e9\" value=\"\" type=\"text\" name=\"company\" \/><\/span>\n\t<\/p>\n<\/div>\n<div>\n\t<p>R\u00f4le*: <span class=\"wpcf7-form-control-wrap\" data-name=\"ruolo\"><select class=\"wpcf7-form-control wpcf7-select wpcf7-validates-as-required\" aria-required=\"true\" aria-invalid=\"false\" name=\"ruolo\"><option value=\"\">&#8212;Veuillez choisir une option&#8212;<\/option><option value=\"Private\">Private<\/option><option value=\"Architecte\">Architecte<\/option><option value=\"Jardinier\">Jardinier<\/option><option value=\"Architecte paysagiste\">Architecte paysagiste<\/option><option value=\"D\u00e9taillant\">D\u00e9taillant<\/option><option value=\"Installateur\">Installateur<\/option><\/select><\/span>\n\t<\/p>\n<\/div>\n<div class=\"message\">\n\t<p><span class=\"wpcf7-form-control-wrap\" data-name=\"your-message\"><textarea cols=\"40\" rows=\"10\" maxlength=\"2000\" class=\"wpcf7-form-control wpcf7-textarea wpcf7-validates-as-required\" aria-required=\"true\" aria-invalid=\"false\" placeholder=\"Message*\" name=\"your-message\"><\/textarea><\/span>\n\t<\/p>\n<\/div>\n<div>\n\t<p><span class=\"wpcf7-form-control-wrap\" data-name=\"accept-this\"><span class=\"wpcf7-form-control wpcf7-acceptance\"><span class=\"wpcf7-list-item\"><input type=\"checkbox\" name=\"accept-this\" value=\"1\" aria-invalid=\"false\" \/><\/span><\/span><\/span> OUI, J'ACCEPTE LES TERMES ET CONDITIONS: Je consens au traitement de mes donn\u00e9es personnelles dans le seul but de traiter ma demande et sa mise \u00e0 jour.<a class=\"fancybox-iframe {width:100%,height:100%}\" href=\"https:\/\/essenzediluce.com\/privacy-policy\/\"><strong>Privacy Policy<\/strong><\/a>\n\t<\/p>\n<\/div>\n<div>\n\t<p><span class=\"wpcf7-form-control-wrap\" data-name=\"your-consent-sendinblue\"><span class=\"wpcf7-form-control wpcf7-acceptance optional\"><span class=\"wpcf7-list-item\"><label><input type=\"checkbox\" name=\"your-consent-sendinblue\" value=\"1\" aria-invalid=\"false\" \/><span class=\"wpcf7-list-item-label\">INSCRIVEZ-MOI \u00c0 LA NEWSLETTER<\/span><\/label><\/span><\/span><\/span>: Je souhaite recevoir des communications et des mises \u00e0 jour sur les projets, les nouveaux produits et les \u00e9v\u00e9nements.\n\t<\/p>\n<\/div>\n<div>\n\t<p><input class=\"wpcf7-form-control wpcf7-submit has-spinner\" type=\"submit\" value=\"Envoyer\" \/>\n\t<\/p>\n<\/div><div class=\"wpcf7-response-output\" aria-hidden=\"true\"><\/div>\n<\/form>\n<\/div>\n[\/vc_column][\/vc_row]<\/div>","protected":false},"excerpt":{"rendered":"<p>[vc_row][vc_column][vc_empty_space][\/vc_column][\/vc_row][vc_row full_width=&#8221;stretch_row&#8221;][vc_column][vc_single_image image=&#8221;22263&#8243; img_size=&#8221;500X133&#8243; alignment=&#8221;center&#8221; css=&#8221;.vc_custom_1762852051452{margin-bottom: 20px !important;border-bottom-width: 0px !important;padding-bottom: 0px !important;}&#8221;][vc_empty_space][vc_column_text css=&#8221;&#8221;] AUDIO COLLECTION Haut-parleurs d&#8217;ext\u00e9rieur en pierre naturelle [\/vc_column_text][vc_column_text css=&#8221;.vc_custom_1768551563791{margin-top: 0px !important;margin-bottom: 0px !important;border-top-width: 0px !important;border-bottom-width: 0px !important;padding-top: 0px !important;padding-bottom: 0px !important;}&#8221;] La Collection Audio se compose de&hellip;<\/p>\n<p> <a class=\"more-link\" href=\"https:\/\/essenzediluce.com\/fr\/collection-audio\/\">Lire la suite<\/a><\/p>\n","protected":false},"author":13,"featured_media":23098,"parent":0,"menu_order":0,"comment_status":"closed","ping_status":"closed","template":"","meta":{"footnotes":""},"class_list":["post-22563","page","type-page","status-publish","has-post-thumbnail"],"yoast_head":"<!-- This site is optimized with the Yoast SEO plugin v24.5 - https:\/\/yoast.com\/wordpress\/plugins\/seo\/ -->\n<title>Collection Audio - Essenze di Luce<\/title>\n<meta name=\"description\" content=\"Haut-parleurs d&#039;ext\u00e9rieur en pierre naturelle : d\u00e9couvrez tous les mod\u00e8les de la collection Audio et contactez-nous pour plus d&#039;informations\" \/>\n<meta name=\"robots\" content=\"index, follow, max-snippet:-1, max-image-preview:large, max-video-preview:-1\" \/>\n<link rel=\"canonical\" href=\"https:\/\/essenzediluce.com\/fr\/collection-audio\/\" \/>\n<meta property=\"og:locale\" content=\"fr_FR\" \/>\n<meta property=\"og:type\" content=\"article\" \/>\n<meta property=\"og:title\" content=\"Collection Audio - Essenze di Luce\" \/>\n<meta property=\"og:description\" content=\"Haut-parleurs d&#039;ext\u00e9rieur en pierre naturelle : d\u00e9couvrez tous les mod\u00e8les de la collection Audio et contactez-nous pour plus d&#039;informations\" \/>\n<meta property=\"og:url\" content=\"https:\/\/essenzediluce.com\/fr\/collection-audio\/\" \/>\n<meta property=\"og:site_name\" content=\"Essenze di Luce\" \/>\n<meta property=\"article:publisher\" content=\"https:\/\/www.facebook.com\/essenzediluce.italy\/\" \/>\n<meta property=\"article:modified_time\" content=\"2026-01-28T11:33:24+00:00\" \/>\n<meta property=\"og:image\" content=\"https:\/\/essenzediluce.com\/wp-content\/uploads\/2026\/01\/EL-Prodotti-Collezione-Audio.jpg\" \/>\n\t<meta property=\"og:image:width\" content=\"500\" \/>\n\t<meta property=\"og:image:height\" content=\"500\" \/>\n\t<meta property=\"og:image:type\" content=\"image\/jpeg\" \/>\n<meta name=\"twitter:card\" content=\"summary_large_image\" \/>\n<meta name=\"twitter:label1\" content=\"Dur\u00e9e de lecture estim\u00e9e\" \/>\n\t<meta name=\"twitter:data1\" content=\"4 minutes\" \/>\n<script type=\"application\/ld+json\" class=\"yoast-schema-graph\">{\"@context\":\"https:\/\/schema.org\",\"@graph\":[{\"@type\":\"WebPage\",\"@id\":\"https:\/\/essenzediluce.com\/fr\/collection-audio\/\",\"url\":\"https:\/\/essenzediluce.com\/fr\/collection-audio\/\",\"name\":\"Collection Audio - Essenze di Luce\",\"isPartOf\":{\"@id\":\"https:\/\/essenzediluce.com\/#website\"},\"primaryImageOfPage\":{\"@id\":\"https:\/\/essenzediluce.com\/fr\/collection-audio\/#primaryimage\"},\"image\":{\"@id\":\"https:\/\/essenzediluce.com\/fr\/collection-audio\/#primaryimage\"},\"thumbnailUrl\":\"https:\/\/essenzediluce.com\/wp-content\/uploads\/2026\/01\/EL-Prodotti-Collezione-Audio.jpg\",\"datePublished\":\"2026-01-22T13:08:22+00:00\",\"dateModified\":\"2026-01-28T11:33:24+00:00\",\"description\":\"Haut-parleurs d'ext\u00e9rieur en pierre naturelle : d\u00e9couvrez tous les mod\u00e8les de la collection Audio et contactez-nous pour plus d'informations\",\"breadcrumb\":{\"@id\":\"https:\/\/essenzediluce.com\/fr\/collection-audio\/#breadcrumb\"},\"inLanguage\":\"fr-FR\",\"potentialAction\":[{\"@type\":\"ReadAction\",\"target\":[\"https:\/\/essenzediluce.com\/fr\/collection-audio\/\"]}]},{\"@type\":\"ImageObject\",\"inLanguage\":\"fr-FR\",\"@id\":\"https:\/\/essenzediluce.com\/fr\/collection-audio\/#primaryimage\",\"url\":\"https:\/\/essenzediluce.com\/wp-content\/uploads\/2026\/01\/EL-Prodotti-Collezione-Audio.jpg\",\"contentUrl\":\"https:\/\/essenzediluce.com\/wp-content\/uploads\/2026\/01\/EL-Prodotti-Collezione-Audio.jpg\",\"width\":500,\"height\":500,\"caption\":\"Collezione Audio Diffusori sonori per esterno\"},{\"@type\":\"BreadcrumbList\",\"@id\":\"https:\/\/essenzediluce.com\/fr\/collection-audio\/#breadcrumb\",\"itemListElement\":[{\"@type\":\"ListItem\",\"position\":1,\"name\":\"Home\",\"item\":\"https:\/\/essenzediluce.com\/fr\/\"},{\"@type\":\"ListItem\",\"position\":2,\"name\":\"Collection Audio\"}]},{\"@type\":\"WebSite\",\"@id\":\"https:\/\/essenzediluce.com\/#website\",\"url\":\"https:\/\/essenzediluce.com\/\",\"name\":\"Essenze di Luce\",\"description\":\"\",\"publisher\":{\"@id\":\"https:\/\/essenzediluce.com\/#organization\"},\"potentialAction\":[{\"@type\":\"SearchAction\",\"target\":{\"@type\":\"EntryPoint\",\"urlTemplate\":\"https:\/\/essenzediluce.com\/?s={search_term_string}\"},\"query-input\":{\"@type\":\"PropertyValueSpecification\",\"valueRequired\":true,\"valueName\":\"search_term_string\"}}],\"inLanguage\":\"fr-FR\"},{\"@type\":\"Organization\",\"@id\":\"https:\/\/essenzediluce.com\/#organization\",\"name\":\"Essenze di Luce\",\"url\":\"https:\/\/essenzediluce.com\/\",\"logo\":{\"@type\":\"ImageObject\",\"inLanguage\":\"fr-FR\",\"@id\":\"https:\/\/essenzediluce.com\/#\/schema\/logo\/image\/\",\"url\":\"https:\/\/essenzediluce.com\/wp-content\/uploads\/2017\/03\/el.jpg\",\"contentUrl\":\"https:\/\/essenzediluce.com\/wp-content\/uploads\/2017\/03\/el.jpg\",\"width\":512,\"height\":512,\"caption\":\"Essenze di Luce\"},\"image\":{\"@id\":\"https:\/\/essenzediluce.com\/#\/schema\/logo\/image\/\"},\"sameAs\":[\"https:\/\/www.facebook.com\/essenzediluce.italy\/\",\"https:\/\/www.instagram.com\/essenzediluce\/\",\"https:\/\/www.youtube.com\/channel\/UCXKJKPfUYADaJMEm_9NAvrA\"]}]}<\/script>\n<!-- \/ Yoast SEO plugin. -->","yoast_head_json":{"title":"Collection Audio - Essenze di Luce","description":"Haut-parleurs d'ext\u00e9rieur en pierre naturelle : d\u00e9couvrez tous les mod\u00e8les de la collection Audio et contactez-nous pour plus d'informations","robots":{"index":"index","follow":"follow","max-snippet":"max-snippet:-1","max-image-preview":"max-image-preview:large","max-video-preview":"max-video-preview:-1"},"canonical":"https:\/\/essenzediluce.com\/fr\/collection-audio\/","og_locale":"fr_FR","og_type":"article","og_title":"Collection Audio - Essenze di Luce","og_description":"Haut-parleurs d'ext\u00e9rieur en pierre naturelle : d\u00e9couvrez tous les mod\u00e8les de la collection Audio et contactez-nous pour plus d'informations","og_url":"https:\/\/essenzediluce.com\/fr\/collection-audio\/","og_site_name":"Essenze di Luce","article_publisher":"https:\/\/www.facebook.com\/essenzediluce.italy\/","article_modified_time":"2026-01-28T11:33:24+00:00","og_image":[{"width":500,"height":500,"url":"https:\/\/essenzediluce.com\/wp-content\/uploads\/2026\/01\/EL-Prodotti-Collezione-Audio.jpg","type":"image\/jpeg"}],"twitter_card":"summary_large_image","twitter_misc":{"Dur\u00e9e de lecture estim\u00e9e":"4 minutes"},"schema":{"@context":"https:\/\/schema.org","@graph":[{"@type":"WebPage","@id":"https:\/\/essenzediluce.com\/fr\/collection-audio\/","url":"https:\/\/essenzediluce.com\/fr\/collection-audio\/","name":"Collection Audio - Essenze di Luce","isPartOf":{"@id":"https:\/\/essenzediluce.com\/#website"},"primaryImageOfPage":{"@id":"https:\/\/essenzediluce.com\/fr\/collection-audio\/#primaryimage"},"image":{"@id":"https:\/\/essenzediluce.com\/fr\/collection-audio\/#primaryimage"},"thumbnailUrl":"https:\/\/essenzediluce.com\/wp-content\/uploads\/2026\/01\/EL-Prodotti-Collezione-Audio.jpg","datePublished":"2026-01-22T13:08:22+00:00","dateModified":"2026-01-28T11:33:24+00:00","description":"Haut-parleurs d'ext\u00e9rieur en pierre naturelle : d\u00e9couvrez tous les mod\u00e8les de la collection Audio et contactez-nous pour plus d'informations","breadcrumb":{"@id":"https:\/\/essenzediluce.com\/fr\/collection-audio\/#breadcrumb"},"inLanguage":"fr-FR","potentialAction":[{"@type":"ReadAction","target":["https:\/\/essenzediluce.com\/fr\/collection-audio\/"]}]},{"@type":"ImageObject","inLanguage":"fr-FR","@id":"https:\/\/essenzediluce.com\/fr\/collection-audio\/#primaryimage","url":"https:\/\/essenzediluce.com\/wp-content\/uploads\/2026\/01\/EL-Prodotti-Collezione-Audio.jpg","contentUrl":"https:\/\/essenzediluce.com\/wp-content\/uploads\/2026\/01\/EL-Prodotti-Collezione-Audio.jpg","width":500,"height":500,"caption":"Collezione Audio Diffusori sonori per esterno"},{"@type":"BreadcrumbList","@id":"https:\/\/essenzediluce.com\/fr\/collection-audio\/#breadcrumb","itemListElement":[{"@type":"ListItem","position":1,"name":"Home","item":"https:\/\/essenzediluce.com\/fr\/"},{"@type":"ListItem","position":2,"name":"Collection Audio"}]},{"@type":"WebSite","@id":"https:\/\/essenzediluce.com\/#website","url":"https:\/\/essenzediluce.com\/","name":"Essenze di Luce","description":"","publisher":{"@id":"https:\/\/essenzediluce.com\/#organization"},"potentialAction":[{"@type":"SearchAction","target":{"@type":"EntryPoint","urlTemplate":"https:\/\/essenzediluce.com\/?s={search_term_string}"},"query-input":{"@type":"PropertyValueSpecification","valueRequired":true,"valueName":"search_term_string"}}],"inLanguage":"fr-FR"},{"@type":"Organization","@id":"https:\/\/essenzediluce.com\/#organization","name":"Essenze di Luce","url":"https:\/\/essenzediluce.com\/","logo":{"@type":"ImageObject","inLanguage":"fr-FR","@id":"https:\/\/essenzediluce.com\/#\/schema\/logo\/image\/","url":"https:\/\/essenzediluce.com\/wp-content\/uploads\/2017\/03\/el.jpg","contentUrl":"https:\/\/essenzediluce.com\/wp-content\/uploads\/2017\/03\/el.jpg","width":512,"height":512,"caption":"Essenze di Luce"},"image":{"@id":"https:\/\/essenzediluce.com\/#\/schema\/logo\/image\/"},"sameAs":["https:\/\/www.facebook.com\/essenzediluce.italy\/","https:\/\/www.instagram.com\/essenzediluce\/","https:\/\/www.youtube.com\/channel\/UCXKJKPfUYADaJMEm_9NAvrA"]}]}},"_links":{"self":[{"href":"https:\/\/essenzediluce.com\/fr\/wp-json\/wp\/v2\/pages\/22563"}],"collection":[{"href":"https:\/\/essenzediluce.com\/fr\/wp-json\/wp\/v2\/pages"}],"about":[{"href":"https:\/\/essenzediluce.com\/fr\/wp-json\/wp\/v2\/types\/page"}],"author":[{"embeddable":true,"href":"https:\/\/essenzediluce.com\/fr\/wp-json\/wp\/v2\/users\/13"}],"replies":[{"embeddable":true,"href":"https:\/\/essenzediluce.com\/fr\/wp-json\/wp\/v2\/comments?post=22563"}],"version-history":[{"count":3,"href":"https:\/\/essenzediluce.com\/fr\/wp-json\/wp\/v2\/pages\/22563\/revisions"}],"predecessor-version":[{"id":22742,"href":"https:\/\/essenzediluce.com\/fr\/wp-json\/wp\/v2\/pages\/22563\/revisions\/22742"}],"wp:featuredmedia":[{"embeddable":true,"href":"https:\/\/essenzediluce.com\/fr\/wp-json\/wp\/v2\/media\/23098"}],"wp:attachment":[{"href":"https:\/\/essenzediluce.com\/fr\/wp-json\/wp\/v2\/media?parent=22563"}],"curies":[{"name":"wp","href":"https:\/\/api.w.org\/{rel}","templated":true}]}}