{"id":20736,"date":"2023-06-15T11:07:55","date_gmt":"2023-06-15T09:07:55","guid":{"rendered":"https:\/\/essenzediluce.com\/?post_type=work&#038;p=20736"},"modified":"2025-03-04T12:06:18","modified_gmt":"2025-03-04T11:06:18","slug":"jardin-mm-rome","status":"publish","type":"work","link":"https:\/\/essenzediluce.com\/fr\/realisation\/jardin-mm-rome\/","title":{"rendered":"Jardin M&#038;M, Rome"},"content":{"rendered":"<div class=\"wpb-content-wrapper\">[vc_row][vc_column][vc_column_text css=&#8221;&#8221;]\r\n<h2 style=\"text-align: center;\">L&#8217;hospitalit\u00e9 italienne du Giardino M&amp;M con\u00e7u dans un esprit d&#8217;exclusivit\u00e9 avec Menhir Sound.<\/h2>\r\nJuste \u00e0 l&#8217;ext\u00e9rieur du centre de Rome se trouve le jardin priv\u00e9 de M&amp;M, une petite oasis de verdure luxuriante r\u00e9am\u00e9nag\u00e9e pour cr\u00e9er <strong>un espace en plein air en toute intimit\u00e9, cr\u00e9ant une harmonie unique et \u00e9vocatrice de verdure, de lumi\u00e8re et de son<\/strong>.\r\n\r\nPiscine \u00e0 d\u00e9bordement, salon en plein air et salon adjacent \u00e0 la piscine : l&#8217;\u00e9clairage du jardin et la v\u00e9g\u00e9tation m\u00e9diterran\u00e9enne ont \u00e9t\u00e9 con\u00e7us pour diff\u00e9rencier les zones et le moment de la journ\u00e9e o\u00f9 l&#8217;on en fait l&#8217;exp\u00e9rience. Des projecteurs et des tiges lumineuses soulignent le m\u00e9lange de diff\u00e9rentes esp\u00e8ces de plantes n\u00e9cessitant peu d&#8217;entretien, et des appliques murales cr\u00e9ent des effets de lumi\u00e8re rasante sur les murs p\u00e9rim\u00e9triques. Mais ce sont les <a href=\"https:\/\/essenzediluce.com\/fr\/produits\/enceinte-exterieur-menhir-sound\/\"><strong><u>Menhir Sound<\/u><\/strong><\/a> qui sont les vedettes incontest\u00e9es : deux <strong>enceintes audio ext\u00e9rieures<\/strong> qui, avec leurs 300 kilogrammes de marbre italien et leur puissance de 30 W chacune, offrent aux visiteurs une exp\u00e9rience de r\u00eave en plein air, avec une musique de fond et un \u00e9clairage qui cr\u00e9ent une atmosph\u00e8re \u00e9vocatrice \u00e0 la tomb\u00e9e du jour.\r\n\r\nL&#8217;<strong>esth\u00e9tique incomparable<\/strong> de la texture Italian Flowery Grey, avec des <strong>facettes blanches et grises<\/strong>, a \u00e9t\u00e9 le choix parfait pour l&#8217;inclusion des Menhirs dans un projet qui a fait de la couleur la pierre angulaire de l&#8217;<strong>\u00e9l\u00e9gance et de l&#8217;\u00e9quilibre<\/strong> : le corten, les tons verts vifs des plantes et le gris de la pierre naturelle.\r\n\r\nLe projet, r\u00e9alis\u00e9 par Abitoverde avec la collaboration d&#8217;Emiliana Onorii &#8211; landscaper &amp; garden designer, a donn\u00e9 vie \u00e0 un environnement ext\u00e9rieur compl\u00e8tement r\u00e9nov\u00e9 au nom du <strong>design et de la modernit\u00e9<\/strong>, pr\u00eat \u00e0 recevoir les h\u00f4tes de la mani\u00e8re la plus accueillante qui soit, \u00e0 l&#8217;italienne ![\/vc_column_text][\/vc_column][\/vc_row][vc_row][vc_column][vc_empty_space height=&#8221;20&#8243;][\/vc_column][\/vc_row][vc_row css=&#8221;.vc_custom_1667905575040{margin-bottom: 0px !important;}&#8221;][vc_column width=&#8221;1\/4&#8243;][vc_column_text]<strong>PROJET<\/strong>: Abitoverde Srl + Emiliana Onorii[\/vc_column_text][\/vc_column][vc_column width=&#8221;1\/4&#8243;][vc_column_text]<strong>PRODUIT<\/strong>: <a href=\"https:\/\/essenzediluce.com\/fr\/produits\/enceinte-exterieur-menhir-sound\/\"><u>Menhir Sound<\/u><\/a>[\/vc_column_text][\/vc_column][vc_column width=&#8221;1\/4&#8243;][vc_column_text]<b>TEXTURE<\/b>: <a href=\"https:\/\/essenzediluce.com\/fr\/texture\/\"><u>Italian Flowery Grey<\/u><\/a>[\/vc_column_text][\/vc_column][vc_column width=&#8221;1\/4&#8243;][vc_column_text]<strong>CREDITS<\/strong>: <a href=\"https:\/\/www.abitoverde.it\/\" target=\"_blank\" rel=\"noopener\"><u>Abitoverde Srl Roma<\/u><\/a>[\/vc_column_text][\/vc_column][\/vc_row][vc_row][vc_column][vc_empty_space height=&#8221;20&#8243;][\/vc_column][\/vc_row]<\/div>","protected":false},"excerpt":{"rendered":"<p>[vc_row][vc_column][vc_column_text css=&#8221;&#8221;] L&#8217;hospitalit\u00e9 italienne du Giardino M&amp;M con\u00e7u dans un esprit d&#8217;exclusivit\u00e9 avec Menhir Sound. Juste \u00e0 l&#8217;ext\u00e9rieur du centre de Rome se trouve le jardin priv\u00e9 de M&amp;M, une petite oasis de verdure luxuriante r\u00e9am\u00e9nag\u00e9e pour cr\u00e9er un espace&hellip;<\/p>\n<p> <a class=\"more-link\" href=\"https:\/\/essenzediluce.com\/fr\/realisation\/jardin-mm-rome\/\">Lire la suite<\/a><\/p>\n","protected":false},"featured_media":15430,"comment_status":"closed","ping_status":"closed","template":"","work_genre":[182],"class_list":{"0":"post-20736","1":"work","2":"type-work","3":"status-publish","4":"has-post-thumbnail","6":"work_genre-realisation"},"yoast_head":"<!-- This site is optimized with the Yoast SEO plugin v24.5 - https:\/\/yoast.com\/wordpress\/plugins\/seo\/ -->\n<title>R\u00e9alisations | Jardin M&amp;M, Rome - Essenze di Luce<\/title>\n<meta name=\"description\" content=\"D\u00e9couvrez nos r\u00e9alisations les plus exclusives et laissez-vous inspirer par la galerie de photos de ce jardin priv\u00e9 situ\u00e9 \u00e0 la p\u00e9riph\u00e9rie de Rome.\" \/>\n<meta name=\"robots\" content=\"index, follow, max-snippet:-1, max-image-preview:large, max-video-preview:-1\" \/>\n<link rel=\"canonical\" href=\"https:\/\/essenzediluce.com\/fr\/realisation\/jardin-mm-rome\/\" \/>\n<meta property=\"og:locale\" content=\"fr_FR\" \/>\n<meta property=\"og:type\" content=\"article\" \/>\n<meta property=\"og:title\" content=\"R\u00e9alisations | Jardin M&amp;M, Rome - Essenze di Luce\" \/>\n<meta property=\"og:description\" content=\"D\u00e9couvrez nos r\u00e9alisations les plus exclusives et laissez-vous inspirer par la galerie de photos de ce jardin priv\u00e9 situ\u00e9 \u00e0 la p\u00e9riph\u00e9rie de Rome.\" \/>\n<meta property=\"og:url\" content=\"https:\/\/essenzediluce.com\/fr\/realisation\/jardin-mm-rome\/\" \/>\n<meta property=\"og:site_name\" content=\"Essenze di Luce\" \/>\n<meta property=\"article:publisher\" content=\"https:\/\/www.facebook.com\/essenzediluce.italy\/\" \/>\n<meta property=\"article:modified_time\" content=\"2025-03-04T11:06:18+00:00\" \/>\n<meta property=\"og:image\" content=\"https:\/\/essenzediluce.com\/wp-content\/uploads\/2023\/05\/EL-Realizzazioni-Roma-Abito-Verde-1-LR-1.jpg\" \/>\n\t<meta property=\"og:image:width\" content=\"1500\" \/>\n\t<meta property=\"og:image:height\" content=\"1125\" \/>\n\t<meta property=\"og:image:type\" content=\"image\/jpeg\" \/>\n<meta name=\"twitter:card\" content=\"summary_large_image\" \/>\n<meta name=\"twitter:label1\" content=\"Dur\u00e9e de lecture estim\u00e9e\" \/>\n\t<meta name=\"twitter:data1\" content=\"2 minutes\" \/>\n<script type=\"application\/ld+json\" class=\"yoast-schema-graph\">{\"@context\":\"https:\/\/schema.org\",\"@graph\":[{\"@type\":\"WebPage\",\"@id\":\"https:\/\/essenzediluce.com\/fr\/realisation\/jardin-mm-rome\/\",\"url\":\"https:\/\/essenzediluce.com\/fr\/realisation\/jardin-mm-rome\/\",\"name\":\"R\u00e9alisations | Jardin M&M, Rome - Essenze di Luce\",\"isPartOf\":{\"@id\":\"https:\/\/essenzediluce.com\/#website\"},\"primaryImageOfPage\":{\"@id\":\"https:\/\/essenzediluce.com\/fr\/realisation\/jardin-mm-rome\/#primaryimage\"},\"image\":{\"@id\":\"https:\/\/essenzediluce.com\/fr\/realisation\/jardin-mm-rome\/#primaryimage\"},\"thumbnailUrl\":\"https:\/\/essenzediluce.com\/wp-content\/uploads\/2023\/05\/EL-Realizzazioni-Roma-Abito-Verde-1-LR-1.jpg\",\"datePublished\":\"2023-06-15T09:07:55+00:00\",\"dateModified\":\"2025-03-04T11:06:18+00:00\",\"description\":\"D\u00e9couvrez nos r\u00e9alisations les plus exclusives et laissez-vous inspirer par la galerie de photos de ce jardin priv\u00e9 situ\u00e9 \u00e0 la p\u00e9riph\u00e9rie de Rome.\",\"breadcrumb\":{\"@id\":\"https:\/\/essenzediluce.com\/fr\/realisation\/jardin-mm-rome\/#breadcrumb\"},\"inLanguage\":\"fr-FR\",\"potentialAction\":[{\"@type\":\"ReadAction\",\"target\":[\"https:\/\/essenzediluce.com\/fr\/realisation\/jardin-mm-rome\/\"]}]},{\"@type\":\"ImageObject\",\"inLanguage\":\"fr-FR\",\"@id\":\"https:\/\/essenzediluce.com\/fr\/realisation\/jardin-mm-rome\/#primaryimage\",\"url\":\"https:\/\/essenzediluce.com\/wp-content\/uploads\/2023\/05\/EL-Realizzazioni-Roma-Abito-Verde-1-LR-1.jpg\",\"contentUrl\":\"https:\/\/essenzediluce.com\/wp-content\/uploads\/2023\/05\/EL-Realizzazioni-Roma-Abito-Verde-1-LR-1.jpg\",\"width\":1500,\"height\":1125,\"caption\":\"Impianto audio per esterno\"},{\"@type\":\"BreadcrumbList\",\"@id\":\"https:\/\/essenzediluce.com\/fr\/realisation\/jardin-mm-rome\/#breadcrumb\",\"itemListElement\":[{\"@type\":\"ListItem\",\"position\":1,\"name\":\"Home\",\"item\":\"https:\/\/essenzediluce.com\/fr\/\"},{\"@type\":\"ListItem\",\"position\":2,\"name\":\"Jardin M&#038;M, Rome\"}]},{\"@type\":\"WebSite\",\"@id\":\"https:\/\/essenzediluce.com\/#website\",\"url\":\"https:\/\/essenzediluce.com\/\",\"name\":\"Essenze di Luce\",\"description\":\"\",\"publisher\":{\"@id\":\"https:\/\/essenzediluce.com\/#organization\"},\"potentialAction\":[{\"@type\":\"SearchAction\",\"target\":{\"@type\":\"EntryPoint\",\"urlTemplate\":\"https:\/\/essenzediluce.com\/?s={search_term_string}\"},\"query-input\":{\"@type\":\"PropertyValueSpecification\",\"valueRequired\":true,\"valueName\":\"search_term_string\"}}],\"inLanguage\":\"fr-FR\"},{\"@type\":\"Organization\",\"@id\":\"https:\/\/essenzediluce.com\/#organization\",\"name\":\"Essenze di Luce\",\"url\":\"https:\/\/essenzediluce.com\/\",\"logo\":{\"@type\":\"ImageObject\",\"inLanguage\":\"fr-FR\",\"@id\":\"https:\/\/essenzediluce.com\/#\/schema\/logo\/image\/\",\"url\":\"https:\/\/essenzediluce.com\/wp-content\/uploads\/2017\/03\/el.jpg\",\"contentUrl\":\"https:\/\/essenzediluce.com\/wp-content\/uploads\/2017\/03\/el.jpg\",\"width\":512,\"height\":512,\"caption\":\"Essenze di Luce\"},\"image\":{\"@id\":\"https:\/\/essenzediluce.com\/#\/schema\/logo\/image\/\"},\"sameAs\":[\"https:\/\/www.facebook.com\/essenzediluce.italy\/\",\"https:\/\/www.instagram.com\/essenzediluce\/\",\"https:\/\/www.youtube.com\/channel\/UCXKJKPfUYADaJMEm_9NAvrA\"]}]}<\/script>\n<!-- \/ Yoast SEO plugin. -->","yoast_head_json":{"title":"R\u00e9alisations | Jardin M&M, Rome - Essenze di Luce","description":"D\u00e9couvrez nos r\u00e9alisations les plus exclusives et laissez-vous inspirer par la galerie de photos de ce jardin priv\u00e9 situ\u00e9 \u00e0 la p\u00e9riph\u00e9rie de Rome.","robots":{"index":"index","follow":"follow","max-snippet":"max-snippet:-1","max-image-preview":"max-image-preview:large","max-video-preview":"max-video-preview:-1"},"canonical":"https:\/\/essenzediluce.com\/fr\/realisation\/jardin-mm-rome\/","og_locale":"fr_FR","og_type":"article","og_title":"R\u00e9alisations | Jardin M&M, Rome - Essenze di Luce","og_description":"D\u00e9couvrez nos r\u00e9alisations les plus exclusives et laissez-vous inspirer par la galerie de photos de ce jardin priv\u00e9 situ\u00e9 \u00e0 la p\u00e9riph\u00e9rie de Rome.","og_url":"https:\/\/essenzediluce.com\/fr\/realisation\/jardin-mm-rome\/","og_site_name":"Essenze di Luce","article_publisher":"https:\/\/www.facebook.com\/essenzediluce.italy\/","article_modified_time":"2025-03-04T11:06:18+00:00","og_image":[{"width":1500,"height":1125,"url":"https:\/\/essenzediluce.com\/wp-content\/uploads\/2023\/05\/EL-Realizzazioni-Roma-Abito-Verde-1-LR-1.jpg","type":"image\/jpeg"}],"twitter_card":"summary_large_image","twitter_misc":{"Dur\u00e9e de lecture estim\u00e9e":"2 minutes"},"schema":{"@context":"https:\/\/schema.org","@graph":[{"@type":"WebPage","@id":"https:\/\/essenzediluce.com\/fr\/realisation\/jardin-mm-rome\/","url":"https:\/\/essenzediluce.com\/fr\/realisation\/jardin-mm-rome\/","name":"R\u00e9alisations | Jardin M&M, Rome - Essenze di Luce","isPartOf":{"@id":"https:\/\/essenzediluce.com\/#website"},"primaryImageOfPage":{"@id":"https:\/\/essenzediluce.com\/fr\/realisation\/jardin-mm-rome\/#primaryimage"},"image":{"@id":"https:\/\/essenzediluce.com\/fr\/realisation\/jardin-mm-rome\/#primaryimage"},"thumbnailUrl":"https:\/\/essenzediluce.com\/wp-content\/uploads\/2023\/05\/EL-Realizzazioni-Roma-Abito-Verde-1-LR-1.jpg","datePublished":"2023-06-15T09:07:55+00:00","dateModified":"2025-03-04T11:06:18+00:00","description":"D\u00e9couvrez nos r\u00e9alisations les plus exclusives et laissez-vous inspirer par la galerie de photos de ce jardin priv\u00e9 situ\u00e9 \u00e0 la p\u00e9riph\u00e9rie de Rome.","breadcrumb":{"@id":"https:\/\/essenzediluce.com\/fr\/realisation\/jardin-mm-rome\/#breadcrumb"},"inLanguage":"fr-FR","potentialAction":[{"@type":"ReadAction","target":["https:\/\/essenzediluce.com\/fr\/realisation\/jardin-mm-rome\/"]}]},{"@type":"ImageObject","inLanguage":"fr-FR","@id":"https:\/\/essenzediluce.com\/fr\/realisation\/jardin-mm-rome\/#primaryimage","url":"https:\/\/essenzediluce.com\/wp-content\/uploads\/2023\/05\/EL-Realizzazioni-Roma-Abito-Verde-1-LR-1.jpg","contentUrl":"https:\/\/essenzediluce.com\/wp-content\/uploads\/2023\/05\/EL-Realizzazioni-Roma-Abito-Verde-1-LR-1.jpg","width":1500,"height":1125,"caption":"Impianto audio per esterno"},{"@type":"BreadcrumbList","@id":"https:\/\/essenzediluce.com\/fr\/realisation\/jardin-mm-rome\/#breadcrumb","itemListElement":[{"@type":"ListItem","position":1,"name":"Home","item":"https:\/\/essenzediluce.com\/fr\/"},{"@type":"ListItem","position":2,"name":"Jardin M&#038;M, Rome"}]},{"@type":"WebSite","@id":"https:\/\/essenzediluce.com\/#website","url":"https:\/\/essenzediluce.com\/","name":"Essenze di Luce","description":"","publisher":{"@id":"https:\/\/essenzediluce.com\/#organization"},"potentialAction":[{"@type":"SearchAction","target":{"@type":"EntryPoint","urlTemplate":"https:\/\/essenzediluce.com\/?s={search_term_string}"},"query-input":{"@type":"PropertyValueSpecification","valueRequired":true,"valueName":"search_term_string"}}],"inLanguage":"fr-FR"},{"@type":"Organization","@id":"https:\/\/essenzediluce.com\/#organization","name":"Essenze di Luce","url":"https:\/\/essenzediluce.com\/","logo":{"@type":"ImageObject","inLanguage":"fr-FR","@id":"https:\/\/essenzediluce.com\/#\/schema\/logo\/image\/","url":"https:\/\/essenzediluce.com\/wp-content\/uploads\/2017\/03\/el.jpg","contentUrl":"https:\/\/essenzediluce.com\/wp-content\/uploads\/2017\/03\/el.jpg","width":512,"height":512,"caption":"Essenze di Luce"},"image":{"@id":"https:\/\/essenzediluce.com\/#\/schema\/logo\/image\/"},"sameAs":["https:\/\/www.facebook.com\/essenzediluce.italy\/","https:\/\/www.instagram.com\/essenzediluce\/","https:\/\/www.youtube.com\/channel\/UCXKJKPfUYADaJMEm_9NAvrA"]}]}},"_links":{"self":[{"href":"https:\/\/essenzediluce.com\/fr\/wp-json\/wp\/v2\/work\/20736"}],"collection":[{"href":"https:\/\/essenzediluce.com\/fr\/wp-json\/wp\/v2\/work"}],"about":[{"href":"https:\/\/essenzediluce.com\/fr\/wp-json\/wp\/v2\/types\/work"}],"replies":[{"embeddable":true,"href":"https:\/\/essenzediluce.com\/fr\/wp-json\/wp\/v2\/comments?post=20736"}],"wp:featuredmedia":[{"embeddable":true,"href":"https:\/\/essenzediluce.com\/fr\/wp-json\/wp\/v2\/media\/15430"}],"wp:attachment":[{"href":"https:\/\/essenzediluce.com\/fr\/wp-json\/wp\/v2\/media?parent=20736"}],"wp:term":[{"taxonomy":"work_genre","embeddable":true,"href":"https:\/\/essenzediluce.com\/fr\/wp-json\/wp\/v2\/work_genre?post=20736"}],"curies":[{"name":"wp","href":"https:\/\/api.w.org\/{rel}","templated":true}]}}