{"id":20740,"date":"2023-01-12T11:07:55","date_gmt":"2023-01-12T10:07:55","guid":{"rendered":"https:\/\/essenzediluce.com\/?post_type=work&#038;p=20740"},"modified":"2025-03-04T12:07:08","modified_gmt":"2025-03-04T11:07:08","slug":"private-villa-cosenza","status":"publish","type":"work","link":"https:\/\/essenzediluce.com\/fr\/realisation\/private-villa-cosenza\/","title":{"rendered":"Private Villa Cosenza"},"content":{"rendered":"<div class=\"wpb-content-wrapper\">[vc_row][vc_column][vc_column_text css=&#8221;&#8221;]\r\n<h2 style=\"text-align: center;\">Menhir : nouveau concept de fonctionnalit\u00e9 et de design pour l&#8217;ext\u00e9rieur<\/h2>\r\nLe syst\u00e8me combin\u00e9 de lumi\u00e8re et de son du Menhir d&#8217;Essenze di Luce est la cl\u00e9 pour rendre l&#8217;ext\u00e9rieur d&#8217;une villa priv\u00e9e dans la r\u00e9gion de Cosenza \u00e0 la fois fonctionnel et excitant.\r\n\r\nUne maison de style moderne, caract\u00e9ris\u00e9e par des d\u00e9tails architecturaux typiques de la r\u00e9gion m\u00e9diterran\u00e9enne, donnant directement sur la mer. D\u00e9velopp\u00e9e enti\u00e8rement sur un \u00e9tage, la maison laisse beaucoup d&#8217;espace pour l&#8217;espace ext\u00e9rieur qui, gr\u00e2ce aux temp\u00e9ratures douces de la Calabre, est v\u00e9cu la plupart de l&#8217;ann\u00e9e.\r\n\r\n<strong><a href=\"https:\/\/essenzediluce.com\/fr\/produits\/bornes-d-eclairage-stake\/\" target=\"_blank\" rel=\"noopener\"><u>Stake<\/u><\/a>, le lampadaire de jardin<\/strong>, r\u00e9pondait parfaitement \u00e0 la n\u00e9cessit\u00e9 d&#8217;un <strong>\u00e9clairage ext\u00e9rieur technique<\/strong> : la solution id\u00e9ale pour \u00e9clairer le chemin menant du portail \u00e0 la porte d&#8217;entr\u00e9e, dans le respect de l&#8217;architecture de la villa. Gr\u00e2ce \u00e0 la caract\u00e9ristique de conception de la lumi\u00e8re LED verticale et filiforme int\u00e9gr\u00e9e \u00e0 l&#8217;int\u00e9rieur de la pierre naturelle, l&#8217;\u00e9l\u00e9gant et fonctionnel Stake est parfait pour les contextes r\u00e9sidentiels ou les h\u00f4tels de luxe.\r\n\r\nPour compl\u00e9ter le travail et rendre le jardin fonctionnel \u00e0 toute heure du jour et de la nuit, il a \u00e9t\u00e9 d\u00e9cid\u00e9 d&#8217;ajouter au projet un m\u00e9lange \u00e9quilibr\u00e9 de produits con\u00e7us pour illuminer la v\u00e9g\u00e9tation et les d\u00e9tails architecturaux de la propri\u00e9t\u00e9, ainsi que des haut-parleurs audio ext\u00e9rieurs \u00e0 forte puissance sonore, pour vivre le jardin \u00e0 plein r\u00e9gime.\u00a0Les <a href=\"https:\/\/essenzediluce.com\/fr\/produits\/eclairage-exterieur-menhir-di-luce\/\" target=\"_blank\" rel=\"noopener\"><strong><u>Menhir di Luce Soft et Cross<\/u><\/strong><\/a>, avec diff\u00e9rents niveaux de luminosit\u00e9, ont permis de mettre en valeur les points cl\u00e9s du jardin et de la zone de s\u00e9jour, en cr\u00e9ant un <strong>\u00e9clairage ext\u00e9rieur diffus<\/strong>, homog\u00e8ne et suggestif le soir, et un grand impact sc\u00e9nique et architectural le jour.\r\n\r\n<a href=\"https:\/\/essenzediluce.com\/fr\/produits\/enceinte-exterieur-puissante-menhir-sound-pro\/\" target=\"_blank\" rel=\"noopener\"><strong><u>Menhir Sound Pro<\/u><\/strong><\/a> a r\u00e9alis\u00e9 le projet de main de ma\u00eetre : une <strong>enceinte audio ext\u00e9rieure<\/strong> en pierre naturelle de trois quintaux avec \u00e9clairage LED, haut-parleur en n\u00e9odyme et woofer int\u00e9gr\u00e9 \u00e0 l&#8217;int\u00e9rieur. La conception de l&#8217;emplacement du Menhir Sound Pro dans le jardin permet aux invit\u00e9s d&#8217;\u00e9couter de la musique en st\u00e9r\u00e9o, avec une puissance et une fid\u00e9lit\u00e9 sonore \u00e9lev\u00e9es, qu&#8217;ils se trouvent dans le salon ou dans la zone de la piscine, car il est <strong>parfaitement r\u00e9sistant aux \u00e9claboussures d&#8217;eau et \u00e0 toutes les conditions m\u00e9t\u00e9orologiques.<\/strong>[\/vc_column_text][\/vc_column][\/vc_row][vc_row][vc_column][vc_empty_space height=&#8221;20&#8243;][\/vc_column][\/vc_row][vc_row css=&#8221;.vc_custom_1667905575040{margin-bottom: 0px !important;}&#8221;][vc_column width=&#8221;1\/4&#8243;][vc_column_text]<strong>PROJET<\/strong>: Essenze di Luce[\/vc_column_text][\/vc_column][vc_column width=&#8221;1\/4&#8243;][vc_column_text]<strong>PRODUITS<\/strong>: <a href=\"https:\/\/essenzediluce.com\/fr\/produits\/bornes-d-eclairage-stake\/\" target=\"_blank\" rel=\"noopener\">Stake<\/a>, <a href=\"https:\/\/essenzediluce.com\/fr\/produits\/eclairage-exterieur-menhir-di-luce\/\" target=\"_blank\" rel=\"noopener\">Soft et\u00a0Cross<\/a>, <a href=\"https:\/\/essenzediluce.com\/fr\/produits\/enceinte-exterieur-puissante-menhir-sound-pro\/\" target=\"_blank\" rel=\"noopener\">Menhir Sound Pro<\/a>[\/vc_column_text][\/vc_column][vc_column width=&#8221;1\/4&#8243;][vc_column_text]<b>TEXTURE<\/b>: <a href=\"https:\/\/essenzediluce.com\/fr\/texture\/\" target=\"_blank\" rel=\"noopener\">Italian Flowery Grey<\/a>[\/vc_column_text][\/vc_column][vc_column width=&#8221;1\/4&#8243;][vc_column_text]<strong>CREDITS<\/strong>: Luca Defant Photographer[\/vc_column_text][\/vc_column][\/vc_row][vc_row][vc_column][vc_empty_space height=&#8221;20&#8243;][\/vc_column][\/vc_row]<\/div>","protected":false},"excerpt":{"rendered":"<p>[vc_row][vc_column][vc_column_text css=&#8221;&#8221;] Menhir : nouveau concept de fonctionnalit\u00e9 et de design pour l&#8217;ext\u00e9rieur Le syst\u00e8me combin\u00e9 de lumi\u00e8re et de son du Menhir d&#8217;Essenze di Luce est la cl\u00e9 pour rendre l&#8217;ext\u00e9rieur d&#8217;une villa priv\u00e9e dans la r\u00e9gion de Cosenza&hellip;<\/p>\n<p> <a class=\"more-link\" href=\"https:\/\/essenzediluce.com\/fr\/realisation\/private-villa-cosenza\/\">Lire la suite<\/a><\/p>\n","protected":false},"featured_media":14733,"comment_status":"closed","ping_status":"closed","template":"","work_genre":[182],"class_list":{"0":"post-20740","1":"work","2":"type-work","3":"status-publish","4":"has-post-thumbnail","6":"work_genre-realisation"},"yoast_head":"<!-- This site is optimized with the Yoast SEO plugin v24.5 - https:\/\/yoast.com\/wordpress\/plugins\/seo\/ -->\n<title>R\u00e9alisations - Private Villa Cosenza - Essenze di Luce<\/title>\n<meta name=\"description\" content=\"D\u00e9couvrez nos r\u00e9alisations les plus exclusives et laissez-vous inspirer par la galerie de photos de Cosenza, Italie.\" \/>\n<meta name=\"robots\" content=\"index, follow, max-snippet:-1, max-image-preview:large, max-video-preview:-1\" \/>\n<link rel=\"canonical\" href=\"https:\/\/essenzediluce.com\/fr\/realisation\/private-villa-cosenza\/\" \/>\n<meta property=\"og:locale\" content=\"fr_FR\" \/>\n<meta property=\"og:type\" content=\"article\" \/>\n<meta property=\"og:title\" content=\"R\u00e9alisations - Private Villa Cosenza - Essenze di Luce\" \/>\n<meta property=\"og:description\" content=\"D\u00e9couvrez nos r\u00e9alisations les plus exclusives et laissez-vous inspirer par la galerie de photos de Cosenza, Italie.\" \/>\n<meta property=\"og:url\" content=\"https:\/\/essenzediluce.com\/fr\/realisation\/private-villa-cosenza\/\" \/>\n<meta property=\"og:site_name\" content=\"Essenze di Luce\" \/>\n<meta property=\"article:publisher\" content=\"https:\/\/www.facebook.com\/essenzediluce.italy\/\" \/>\n<meta property=\"article:modified_time\" content=\"2025-03-04T11:07:08+00:00\" \/>\n<meta property=\"og:image\" content=\"https:\/\/essenzediluce.com\/wp-content\/uploads\/2023\/03\/EL-WebSite-Slider-Menhir-di-Luce-1.jpg\" \/>\n\t<meta property=\"og:image:width\" content=\"1701\" \/>\n\t<meta property=\"og:image:height\" content=\"956\" \/>\n\t<meta property=\"og:image:type\" content=\"image\/jpeg\" \/>\n<meta name=\"twitter:card\" content=\"summary_large_image\" \/>\n<meta name=\"twitter:label1\" content=\"Dur\u00e9e de lecture estim\u00e9e\" \/>\n\t<meta name=\"twitter:data1\" content=\"3 minutes\" \/>\n<script type=\"application\/ld+json\" class=\"yoast-schema-graph\">{\"@context\":\"https:\/\/schema.org\",\"@graph\":[{\"@type\":\"WebPage\",\"@id\":\"https:\/\/essenzediluce.com\/fr\/realisation\/private-villa-cosenza\/\",\"url\":\"https:\/\/essenzediluce.com\/fr\/realisation\/private-villa-cosenza\/\",\"name\":\"R\u00e9alisations - Private Villa Cosenza - Essenze di Luce\",\"isPartOf\":{\"@id\":\"https:\/\/essenzediluce.com\/#website\"},\"primaryImageOfPage\":{\"@id\":\"https:\/\/essenzediluce.com\/fr\/realisation\/private-villa-cosenza\/#primaryimage\"},\"image\":{\"@id\":\"https:\/\/essenzediluce.com\/fr\/realisation\/private-villa-cosenza\/#primaryimage\"},\"thumbnailUrl\":\"https:\/\/essenzediluce.com\/wp-content\/uploads\/2023\/03\/EL-WebSite-Slider-Menhir-di-Luce-1.jpg\",\"datePublished\":\"2023-01-12T10:07:55+00:00\",\"dateModified\":\"2025-03-04T11:07:08+00:00\",\"description\":\"D\u00e9couvrez nos r\u00e9alisations les plus exclusives et laissez-vous inspirer par la galerie de photos de Cosenza, Italie.\",\"breadcrumb\":{\"@id\":\"https:\/\/essenzediluce.com\/fr\/realisation\/private-villa-cosenza\/#breadcrumb\"},\"inLanguage\":\"fr-FR\",\"potentialAction\":[{\"@type\":\"ReadAction\",\"target\":[\"https:\/\/essenzediluce.com\/fr\/realisation\/private-villa-cosenza\/\"]}]},{\"@type\":\"ImageObject\",\"inLanguage\":\"fr-FR\",\"@id\":\"https:\/\/essenzediluce.com\/fr\/realisation\/private-villa-cosenza\/#primaryimage\",\"url\":\"https:\/\/essenzediluce.com\/wp-content\/uploads\/2023\/03\/EL-WebSite-Slider-Menhir-di-Luce-1.jpg\",\"contentUrl\":\"https:\/\/essenzediluce.com\/wp-content\/uploads\/2023\/03\/EL-WebSite-Slider-Menhir-di-Luce-1.jpg\",\"width\":1701,\"height\":956,\"caption\":\"Lampade Da Terra Per Esterno in marmo e diffusori per esterno\"},{\"@type\":\"BreadcrumbList\",\"@id\":\"https:\/\/essenzediluce.com\/fr\/realisation\/private-villa-cosenza\/#breadcrumb\",\"itemListElement\":[{\"@type\":\"ListItem\",\"position\":1,\"name\":\"Home\",\"item\":\"https:\/\/essenzediluce.com\/fr\/\"},{\"@type\":\"ListItem\",\"position\":2,\"name\":\"Private Villa Cosenza\"}]},{\"@type\":\"WebSite\",\"@id\":\"https:\/\/essenzediluce.com\/#website\",\"url\":\"https:\/\/essenzediluce.com\/\",\"name\":\"Essenze di Luce\",\"description\":\"\",\"publisher\":{\"@id\":\"https:\/\/essenzediluce.com\/#organization\"},\"potentialAction\":[{\"@type\":\"SearchAction\",\"target\":{\"@type\":\"EntryPoint\",\"urlTemplate\":\"https:\/\/essenzediluce.com\/?s={search_term_string}\"},\"query-input\":{\"@type\":\"PropertyValueSpecification\",\"valueRequired\":true,\"valueName\":\"search_term_string\"}}],\"inLanguage\":\"fr-FR\"},{\"@type\":\"Organization\",\"@id\":\"https:\/\/essenzediluce.com\/#organization\",\"name\":\"Essenze di Luce\",\"url\":\"https:\/\/essenzediluce.com\/\",\"logo\":{\"@type\":\"ImageObject\",\"inLanguage\":\"fr-FR\",\"@id\":\"https:\/\/essenzediluce.com\/#\/schema\/logo\/image\/\",\"url\":\"https:\/\/essenzediluce.com\/wp-content\/uploads\/2017\/03\/el.jpg\",\"contentUrl\":\"https:\/\/essenzediluce.com\/wp-content\/uploads\/2017\/03\/el.jpg\",\"width\":512,\"height\":512,\"caption\":\"Essenze di Luce\"},\"image\":{\"@id\":\"https:\/\/essenzediluce.com\/#\/schema\/logo\/image\/\"},\"sameAs\":[\"https:\/\/www.facebook.com\/essenzediluce.italy\/\",\"https:\/\/www.instagram.com\/essenzediluce\/\",\"https:\/\/www.youtube.com\/channel\/UCXKJKPfUYADaJMEm_9NAvrA\"]}]}<\/script>\n<!-- \/ Yoast SEO plugin. -->","yoast_head_json":{"title":"R\u00e9alisations - Private Villa Cosenza - Essenze di Luce","description":"D\u00e9couvrez nos r\u00e9alisations les plus exclusives et laissez-vous inspirer par la galerie de photos de Cosenza, Italie.","robots":{"index":"index","follow":"follow","max-snippet":"max-snippet:-1","max-image-preview":"max-image-preview:large","max-video-preview":"max-video-preview:-1"},"canonical":"https:\/\/essenzediluce.com\/fr\/realisation\/private-villa-cosenza\/","og_locale":"fr_FR","og_type":"article","og_title":"R\u00e9alisations - Private Villa Cosenza - Essenze di Luce","og_description":"D\u00e9couvrez nos r\u00e9alisations les plus exclusives et laissez-vous inspirer par la galerie de photos de Cosenza, Italie.","og_url":"https:\/\/essenzediluce.com\/fr\/realisation\/private-villa-cosenza\/","og_site_name":"Essenze di Luce","article_publisher":"https:\/\/www.facebook.com\/essenzediluce.italy\/","article_modified_time":"2025-03-04T11:07:08+00:00","og_image":[{"width":1701,"height":956,"url":"https:\/\/essenzediluce.com\/wp-content\/uploads\/2023\/03\/EL-WebSite-Slider-Menhir-di-Luce-1.jpg","type":"image\/jpeg"}],"twitter_card":"summary_large_image","twitter_misc":{"Dur\u00e9e de lecture estim\u00e9e":"3 minutes"},"schema":{"@context":"https:\/\/schema.org","@graph":[{"@type":"WebPage","@id":"https:\/\/essenzediluce.com\/fr\/realisation\/private-villa-cosenza\/","url":"https:\/\/essenzediluce.com\/fr\/realisation\/private-villa-cosenza\/","name":"R\u00e9alisations - Private Villa Cosenza - Essenze di Luce","isPartOf":{"@id":"https:\/\/essenzediluce.com\/#website"},"primaryImageOfPage":{"@id":"https:\/\/essenzediluce.com\/fr\/realisation\/private-villa-cosenza\/#primaryimage"},"image":{"@id":"https:\/\/essenzediluce.com\/fr\/realisation\/private-villa-cosenza\/#primaryimage"},"thumbnailUrl":"https:\/\/essenzediluce.com\/wp-content\/uploads\/2023\/03\/EL-WebSite-Slider-Menhir-di-Luce-1.jpg","datePublished":"2023-01-12T10:07:55+00:00","dateModified":"2025-03-04T11:07:08+00:00","description":"D\u00e9couvrez nos r\u00e9alisations les plus exclusives et laissez-vous inspirer par la galerie de photos de Cosenza, Italie.","breadcrumb":{"@id":"https:\/\/essenzediluce.com\/fr\/realisation\/private-villa-cosenza\/#breadcrumb"},"inLanguage":"fr-FR","potentialAction":[{"@type":"ReadAction","target":["https:\/\/essenzediluce.com\/fr\/realisation\/private-villa-cosenza\/"]}]},{"@type":"ImageObject","inLanguage":"fr-FR","@id":"https:\/\/essenzediluce.com\/fr\/realisation\/private-villa-cosenza\/#primaryimage","url":"https:\/\/essenzediluce.com\/wp-content\/uploads\/2023\/03\/EL-WebSite-Slider-Menhir-di-Luce-1.jpg","contentUrl":"https:\/\/essenzediluce.com\/wp-content\/uploads\/2023\/03\/EL-WebSite-Slider-Menhir-di-Luce-1.jpg","width":1701,"height":956,"caption":"Lampade Da Terra Per Esterno in marmo e diffusori per esterno"},{"@type":"BreadcrumbList","@id":"https:\/\/essenzediluce.com\/fr\/realisation\/private-villa-cosenza\/#breadcrumb","itemListElement":[{"@type":"ListItem","position":1,"name":"Home","item":"https:\/\/essenzediluce.com\/fr\/"},{"@type":"ListItem","position":2,"name":"Private Villa Cosenza"}]},{"@type":"WebSite","@id":"https:\/\/essenzediluce.com\/#website","url":"https:\/\/essenzediluce.com\/","name":"Essenze di Luce","description":"","publisher":{"@id":"https:\/\/essenzediluce.com\/#organization"},"potentialAction":[{"@type":"SearchAction","target":{"@type":"EntryPoint","urlTemplate":"https:\/\/essenzediluce.com\/?s={search_term_string}"},"query-input":{"@type":"PropertyValueSpecification","valueRequired":true,"valueName":"search_term_string"}}],"inLanguage":"fr-FR"},{"@type":"Organization","@id":"https:\/\/essenzediluce.com\/#organization","name":"Essenze di Luce","url":"https:\/\/essenzediluce.com\/","logo":{"@type":"ImageObject","inLanguage":"fr-FR","@id":"https:\/\/essenzediluce.com\/#\/schema\/logo\/image\/","url":"https:\/\/essenzediluce.com\/wp-content\/uploads\/2017\/03\/el.jpg","contentUrl":"https:\/\/essenzediluce.com\/wp-content\/uploads\/2017\/03\/el.jpg","width":512,"height":512,"caption":"Essenze di Luce"},"image":{"@id":"https:\/\/essenzediluce.com\/#\/schema\/logo\/image\/"},"sameAs":["https:\/\/www.facebook.com\/essenzediluce.italy\/","https:\/\/www.instagram.com\/essenzediluce\/","https:\/\/www.youtube.com\/channel\/UCXKJKPfUYADaJMEm_9NAvrA"]}]}},"_links":{"self":[{"href":"https:\/\/essenzediluce.com\/fr\/wp-json\/wp\/v2\/work\/20740"}],"collection":[{"href":"https:\/\/essenzediluce.com\/fr\/wp-json\/wp\/v2\/work"}],"about":[{"href":"https:\/\/essenzediluce.com\/fr\/wp-json\/wp\/v2\/types\/work"}],"replies":[{"embeddable":true,"href":"https:\/\/essenzediluce.com\/fr\/wp-json\/wp\/v2\/comments?post=20740"}],"wp:featuredmedia":[{"embeddable":true,"href":"https:\/\/essenzediluce.com\/fr\/wp-json\/wp\/v2\/media\/14733"}],"wp:attachment":[{"href":"https:\/\/essenzediluce.com\/fr\/wp-json\/wp\/v2\/media?parent=20740"}],"wp:term":[{"taxonomy":"work_genre","embeddable":true,"href":"https:\/\/essenzediluce.com\/fr\/wp-json\/wp\/v2\/work_genre?post=20740"}],"curies":[{"name":"wp","href":"https:\/\/api.w.org\/{rel}","templated":true}]}}