{"id":20747,"date":"2023-04-04T11:07:55","date_gmt":"2023-04-04T09:07:55","guid":{"rendered":"https:\/\/essenzediluce.com\/?post_type=work&#038;p=20747"},"modified":"2025-03-04T12:06:42","modified_gmt":"2025-03-04T11:06:42","slug":"private-villa-parma","status":"publish","type":"work","link":"https:\/\/essenzediluce.com\/fr\/realisation\/private-villa-parma\/","title":{"rendered":"Private Villa Parma"},"content":{"rendered":"<div class=\"wpb-content-wrapper\">[vc_row][vc_column][vc_column_text]\r\n<h1 style=\"text-align: center;\">Se d\u00e9tendre sur la terrasse du toit, au coucher du soleil, au son de Sound Pro<\/h1>\r\n[\/vc_column_text][vc_column_text]Une ferme historique situ\u00e9e au sommet d&#8217;une colline dans la campagne de Parme, un lieu isol\u00e9 o\u00f9 la nature et la pr\u00e9sence d&#8217;animaux sauvages constituent le cadre de la villa, qui a \u00e9t\u00e9 r\u00e9nov\u00e9e avec art en r\u00e9cup\u00e9rant les \u00e9l\u00e9ments d&#8217;origine, comme les pierres soutenant les murs ext\u00e9rieurs de la maison et la structure typique des fermes du d\u00e9but du XXe si\u00e8cle.\r\n\r\nL&#8217;installation de deux <a href=\"https:\/\/essenzediluce.com\/fr\/produits\/enceinte-exterieur-puissante-menhir-sound-pro\/\" target=\"_blank\" rel=\"noopener\"><u>Menhir Sound Pro<\/u><\/a> a permis d&#8217;embellir la zone ext\u00e9rieure de la maison, compos\u00e9e de l&#8217;espace piscine et de la terrasse habitable, gr\u00e2ce \u00e0 l&#8217;<strong>int\u00e9gration du syst\u00e8me d&#8217;\u00e9clairage \u00e0 LED et de la sonorisation ext\u00e9rieure<\/strong> en un seul produit &#8220;habill\u00e9&#8221; de pierre naturelle.\r\n\r\nLe Menhir Sound Pro abrite deux sources LED \u00e0 l&#8217;int\u00e9rieur, qui \u00e9clairent le jardin de mani\u00e8re diffuse et directionnelle et s&#8217;int\u00e8grent parfaitement \u00e0 l&#8217;\u00e9clairage pr\u00e9existant \u00e0 l&#8217;ext\u00e9rieur de la maison, mettant en valeur les \u00e9l\u00e9ments architecturaux les plus caract\u00e9ristiques. Toute <strong>la ligne d&#8217;\u00e9clairage est connect\u00e9e au syst\u00e8me d&#8217;\u00e9clairage central de la maison<\/strong> pour un contr\u00f4le de l&#8217;\u00e9clairage plus convivial et simplifi\u00e9.\r\n\r\nCompte tenu de la situation isol\u00e9e de la r\u00e9sidence, les propri\u00e9taires ont opt\u00e9 pour le Menhir Sound Pro afin de b\u00e9n\u00e9ficier de<strong> deux haut-parleurs audio<\/strong> capables de reproduire un son de <strong>tr\u00e8s haute puissance et de tr\u00e8s haute fid\u00e9lit\u00e9<\/strong> pour les soir\u00e9es festives en compagnie, gr\u00e2ce \u00e0 une puissance de 220W chacun. L&#8217;amplificateur Menhir est connect\u00e9 via le r\u00e9seau wi-fi de la maison et la reproduction du son est facilement g\u00e9r\u00e9e via une application sp\u00e9ciale sur un Smartphone.\r\n\r\nLe projet a \u00e9t\u00e9 \u00e9tudi\u00e9 dans les moindres d\u00e9tails afin de lier <strong>design et tradition<\/strong> par l&#8217;utilisation de mat\u00e9riaux naturels, comme la pierre, et la cr\u00e9ation d&#8217;un espace de vie en plein air adjacent \u00e0 la maison et minimaliste, qui laisse entrevoir le paysage environnant.\r\n\r\n<a href=\"https:\/\/essenzediluce.com\/fr\/texture\/\"><u>Trani<\/u><\/a>, la texture choisie pour le Menhir Sound Pro, est une pierre typique des Pouilles aux tons sableux chauds et aux veines brunes, refl\u00e9tant les nuances de la nature environnante.\r\n\r\nL&#8217;effet est spectaculaire et unique.[\/vc_column_text][\/vc_column][\/vc_row][vc_row][vc_column][vc_empty_space height=&#8221;20&#8243;][\/vc_column][\/vc_row][vc_row][vc_column width=&#8221;1\/3&#8243;][\/vc_column][vc_column width=&#8221;1\/3&#8243;][vc_column_text]\r\n<p style=\"text-align: center;\"><strong>Notre projet publi\u00e9 dans le magazine<\/strong>\r\n<a href=\"https:\/\/essenzediluce.com\/fr\/press-outdoor-living-design-technology-04-2023\/\" target=\"_blank\" rel=\"noopener\"><strong><u>ZOUTDOOR Living Design Technology<\/u><\/strong><\/a><\/p>\r\n[\/vc_column_text][vc_single_image image=&#8221;15133&#8243; img_size=&#8221;full&#8221; alignment=&#8221;center&#8221; onclick=&#8221;custom_link&#8221; img_link_target=&#8221;_blank&#8221; css=&#8221;.vc_custom_1682580788611{margin-top: 0px !important;border-top-width: 0px !important;padding-top: 0px !important;}&#8221; link=&#8221;https:\/\/essenzediluce.com\/fr\/press-outdoor-living-design-technology-04-2023\/&#8221;][\/vc_column][vc_column width=&#8221;1\/3&#8243;][\/vc_column][\/vc_row][vc_row][vc_column][vc_empty_space height=&#8221;20&#8243;][\/vc_column][\/vc_row][vc_row css=&#8221;.vc_custom_1667905575040{margin-bottom: 0px !important;}&#8221;][vc_column width=&#8221;1\/4&#8243;][vc_column_text]<strong>PROJET<\/strong>: Essenze di Luce, Fanfoni Home Solutions Srl (PR)[\/vc_column_text][\/vc_column][vc_column width=&#8221;1\/4&#8243;][vc_column_text]<strong>PRODUIT<\/strong>: <a href=\"https:\/\/essenzediluce.com\/fr\/produits\/enceinte-exterieur-puissante-menhir-sound-pro\/\" target=\"_blank\" rel=\"noopener\">Menhir Sound Pro<\/a>[\/vc_column_text][\/vc_column][vc_column width=&#8221;1\/4&#8243;][vc_column_text]<b>TEXTURE<\/b>: <a href=\"https:\/\/essenzediluce.com\/fr\/texture\/\" target=\"_blank\" rel=\"noopener\">Italian Flowery Grey<\/a>[\/vc_column_text][\/vc_column][vc_column width=&#8221;1\/4&#8243;][vc_column_text]<strong>CREDITS<\/strong>: Luca Defant Photographer[\/vc_column_text][\/vc_column][\/vc_row][vc_row][vc_column][vc_empty_space height=&#8221;20&#8243;][\/vc_column][\/vc_row]<\/div>","protected":false},"excerpt":{"rendered":"<p>[vc_row][vc_column][vc_column_text] Se d\u00e9tendre sur la terrasse du toit, au coucher du soleil, au son de Sound Pro [\/vc_column_text][vc_column_text]Une ferme historique situ\u00e9e au sommet d&#8217;une colline dans la campagne de Parme, un lieu isol\u00e9 o\u00f9 la nature et la pr\u00e9sence d&#8217;animaux&hellip;<\/p>\n<p> <a class=\"more-link\" href=\"https:\/\/essenzediluce.com\/fr\/realisation\/private-villa-parma\/\">Lire la suite<\/a><\/p>\n","protected":false},"featured_media":14178,"comment_status":"closed","ping_status":"closed","template":"","work_genre":[182],"class_list":{"0":"post-20747","1":"work","2":"type-work","3":"status-publish","4":"has-post-thumbnail","6":"work_genre-realisation"},"yoast_head":"<!-- This site is optimized with the Yoast SEO plugin v24.5 - https:\/\/yoast.com\/wordpress\/plugins\/seo\/ -->\n<title>R\u00e9alisations - Private Villa Parma - Eclairage et musique ext\u00e9rieurs<\/title>\n<meta name=\"description\" content=\"D\u00e9couvrez nos r\u00e9alisations les plus exclusives et laissez-vous inspirer par la galerie de photos de cette villa priv\u00e9e \u00e0 Sala Baganza, Parme.\" \/>\n<meta name=\"robots\" content=\"index, follow, max-snippet:-1, max-image-preview:large, max-video-preview:-1\" \/>\n<link rel=\"canonical\" href=\"https:\/\/essenzediluce.com\/fr\/realisation\/private-villa-parma\/\" \/>\n<meta property=\"og:locale\" content=\"fr_FR\" \/>\n<meta property=\"og:type\" content=\"article\" \/>\n<meta property=\"og:title\" content=\"R\u00e9alisations - Private Villa Parma - Eclairage et musique ext\u00e9rieurs\" \/>\n<meta property=\"og:description\" content=\"D\u00e9couvrez nos r\u00e9alisations les plus exclusives et laissez-vous inspirer par la galerie de photos de cette villa priv\u00e9e \u00e0 Sala Baganza, Parme.\" \/>\n<meta property=\"og:url\" content=\"https:\/\/essenzediluce.com\/fr\/realisation\/private-villa-parma\/\" \/>\n<meta property=\"og:site_name\" content=\"Essenze di Luce\" \/>\n<meta property=\"article:publisher\" content=\"https:\/\/www.facebook.com\/essenzediluce.italy\/\" \/>\n<meta property=\"article:modified_time\" content=\"2025-03-04T11:06:42+00:00\" \/>\n<meta property=\"og:image\" content=\"https:\/\/essenzediluce.com\/wp-content\/uploads\/2023\/02\/EL-Menhir-Sound-Pro-Sala-Baganza-6-LR.jpg\" \/>\n\t<meta property=\"og:image:width\" content=\"2000\" \/>\n\t<meta property=\"og:image:height\" content=\"1333\" \/>\n\t<meta property=\"og:image:type\" content=\"image\/jpeg\" \/>\n<meta name=\"twitter:card\" content=\"summary_large_image\" \/>\n<meta name=\"twitter:label1\" content=\"Dur\u00e9e de lecture estim\u00e9e\" \/>\n\t<meta name=\"twitter:data1\" content=\"3 minutes\" \/>\n<script type=\"application\/ld+json\" class=\"yoast-schema-graph\">{\"@context\":\"https:\/\/schema.org\",\"@graph\":[{\"@type\":\"WebPage\",\"@id\":\"https:\/\/essenzediluce.com\/fr\/realisation\/private-villa-parma\/\",\"url\":\"https:\/\/essenzediluce.com\/fr\/realisation\/private-villa-parma\/\",\"name\":\"R\u00e9alisations - Private Villa Parma - Eclairage et musique ext\u00e9rieurs\",\"isPartOf\":{\"@id\":\"https:\/\/essenzediluce.com\/#website\"},\"primaryImageOfPage\":{\"@id\":\"https:\/\/essenzediluce.com\/fr\/realisation\/private-villa-parma\/#primaryimage\"},\"image\":{\"@id\":\"https:\/\/essenzediluce.com\/fr\/realisation\/private-villa-parma\/#primaryimage\"},\"thumbnailUrl\":\"https:\/\/essenzediluce.com\/wp-content\/uploads\/2023\/02\/EL-Menhir-Sound-Pro-Sala-Baganza-6-LR.jpg\",\"datePublished\":\"2023-04-04T09:07:55+00:00\",\"dateModified\":\"2025-03-04T11:06:42+00:00\",\"description\":\"D\u00e9couvrez nos r\u00e9alisations les plus exclusives et laissez-vous inspirer par la galerie de photos de cette villa priv\u00e9e \u00e0 Sala Baganza, Parme.\",\"breadcrumb\":{\"@id\":\"https:\/\/essenzediluce.com\/fr\/realisation\/private-villa-parma\/#breadcrumb\"},\"inLanguage\":\"fr-FR\",\"potentialAction\":[{\"@type\":\"ReadAction\",\"target\":[\"https:\/\/essenzediluce.com\/fr\/realisation\/private-villa-parma\/\"]}]},{\"@type\":\"ImageObject\",\"inLanguage\":\"fr-FR\",\"@id\":\"https:\/\/essenzediluce.com\/fr\/realisation\/private-villa-parma\/#primaryimage\",\"url\":\"https:\/\/essenzediluce.com\/wp-content\/uploads\/2023\/02\/EL-Menhir-Sound-Pro-Sala-Baganza-6-LR.jpg\",\"contentUrl\":\"https:\/\/essenzediluce.com\/wp-content\/uploads\/2023\/02\/EL-Menhir-Sound-Pro-Sala-Baganza-6-LR.jpg\",\"width\":2000,\"height\":1333,\"caption\":\"Lampade Da Terra Per Esterno in marmo e diffusori per esterno di lusso\"},{\"@type\":\"BreadcrumbList\",\"@id\":\"https:\/\/essenzediluce.com\/fr\/realisation\/private-villa-parma\/#breadcrumb\",\"itemListElement\":[{\"@type\":\"ListItem\",\"position\":1,\"name\":\"Home\",\"item\":\"https:\/\/essenzediluce.com\/fr\/\"},{\"@type\":\"ListItem\",\"position\":2,\"name\":\"Private Villa Parma\"}]},{\"@type\":\"WebSite\",\"@id\":\"https:\/\/essenzediluce.com\/#website\",\"url\":\"https:\/\/essenzediluce.com\/\",\"name\":\"Essenze di Luce\",\"description\":\"\",\"publisher\":{\"@id\":\"https:\/\/essenzediluce.com\/#organization\"},\"potentialAction\":[{\"@type\":\"SearchAction\",\"target\":{\"@type\":\"EntryPoint\",\"urlTemplate\":\"https:\/\/essenzediluce.com\/?s={search_term_string}\"},\"query-input\":{\"@type\":\"PropertyValueSpecification\",\"valueRequired\":true,\"valueName\":\"search_term_string\"}}],\"inLanguage\":\"fr-FR\"},{\"@type\":\"Organization\",\"@id\":\"https:\/\/essenzediluce.com\/#organization\",\"name\":\"Essenze di Luce\",\"url\":\"https:\/\/essenzediluce.com\/\",\"logo\":{\"@type\":\"ImageObject\",\"inLanguage\":\"fr-FR\",\"@id\":\"https:\/\/essenzediluce.com\/#\/schema\/logo\/image\/\",\"url\":\"https:\/\/essenzediluce.com\/wp-content\/uploads\/2017\/03\/el.jpg\",\"contentUrl\":\"https:\/\/essenzediluce.com\/wp-content\/uploads\/2017\/03\/el.jpg\",\"width\":512,\"height\":512,\"caption\":\"Essenze di Luce\"},\"image\":{\"@id\":\"https:\/\/essenzediluce.com\/#\/schema\/logo\/image\/\"},\"sameAs\":[\"https:\/\/www.facebook.com\/essenzediluce.italy\/\",\"https:\/\/www.instagram.com\/essenzediluce\/\",\"https:\/\/www.youtube.com\/channel\/UCXKJKPfUYADaJMEm_9NAvrA\"]}]}<\/script>\n<!-- \/ Yoast SEO plugin. -->","yoast_head_json":{"title":"R\u00e9alisations - Private Villa Parma - Eclairage et musique ext\u00e9rieurs","description":"D\u00e9couvrez nos r\u00e9alisations les plus exclusives et laissez-vous inspirer par la galerie de photos de cette villa priv\u00e9e \u00e0 Sala Baganza, Parme.","robots":{"index":"index","follow":"follow","max-snippet":"max-snippet:-1","max-image-preview":"max-image-preview:large","max-video-preview":"max-video-preview:-1"},"canonical":"https:\/\/essenzediluce.com\/fr\/realisation\/private-villa-parma\/","og_locale":"fr_FR","og_type":"article","og_title":"R\u00e9alisations - Private Villa Parma - Eclairage et musique ext\u00e9rieurs","og_description":"D\u00e9couvrez nos r\u00e9alisations les plus exclusives et laissez-vous inspirer par la galerie de photos de cette villa priv\u00e9e \u00e0 Sala Baganza, Parme.","og_url":"https:\/\/essenzediluce.com\/fr\/realisation\/private-villa-parma\/","og_site_name":"Essenze di Luce","article_publisher":"https:\/\/www.facebook.com\/essenzediluce.italy\/","article_modified_time":"2025-03-04T11:06:42+00:00","og_image":[{"width":2000,"height":1333,"url":"https:\/\/essenzediluce.com\/wp-content\/uploads\/2023\/02\/EL-Menhir-Sound-Pro-Sala-Baganza-6-LR.jpg","type":"image\/jpeg"}],"twitter_card":"summary_large_image","twitter_misc":{"Dur\u00e9e de lecture estim\u00e9e":"3 minutes"},"schema":{"@context":"https:\/\/schema.org","@graph":[{"@type":"WebPage","@id":"https:\/\/essenzediluce.com\/fr\/realisation\/private-villa-parma\/","url":"https:\/\/essenzediluce.com\/fr\/realisation\/private-villa-parma\/","name":"R\u00e9alisations - Private Villa Parma - Eclairage et musique ext\u00e9rieurs","isPartOf":{"@id":"https:\/\/essenzediluce.com\/#website"},"primaryImageOfPage":{"@id":"https:\/\/essenzediluce.com\/fr\/realisation\/private-villa-parma\/#primaryimage"},"image":{"@id":"https:\/\/essenzediluce.com\/fr\/realisation\/private-villa-parma\/#primaryimage"},"thumbnailUrl":"https:\/\/essenzediluce.com\/wp-content\/uploads\/2023\/02\/EL-Menhir-Sound-Pro-Sala-Baganza-6-LR.jpg","datePublished":"2023-04-04T09:07:55+00:00","dateModified":"2025-03-04T11:06:42+00:00","description":"D\u00e9couvrez nos r\u00e9alisations les plus exclusives et laissez-vous inspirer par la galerie de photos de cette villa priv\u00e9e \u00e0 Sala Baganza, Parme.","breadcrumb":{"@id":"https:\/\/essenzediluce.com\/fr\/realisation\/private-villa-parma\/#breadcrumb"},"inLanguage":"fr-FR","potentialAction":[{"@type":"ReadAction","target":["https:\/\/essenzediluce.com\/fr\/realisation\/private-villa-parma\/"]}]},{"@type":"ImageObject","inLanguage":"fr-FR","@id":"https:\/\/essenzediluce.com\/fr\/realisation\/private-villa-parma\/#primaryimage","url":"https:\/\/essenzediluce.com\/wp-content\/uploads\/2023\/02\/EL-Menhir-Sound-Pro-Sala-Baganza-6-LR.jpg","contentUrl":"https:\/\/essenzediluce.com\/wp-content\/uploads\/2023\/02\/EL-Menhir-Sound-Pro-Sala-Baganza-6-LR.jpg","width":2000,"height":1333,"caption":"Lampade Da Terra Per Esterno in marmo e diffusori per esterno di lusso"},{"@type":"BreadcrumbList","@id":"https:\/\/essenzediluce.com\/fr\/realisation\/private-villa-parma\/#breadcrumb","itemListElement":[{"@type":"ListItem","position":1,"name":"Home","item":"https:\/\/essenzediluce.com\/fr\/"},{"@type":"ListItem","position":2,"name":"Private Villa Parma"}]},{"@type":"WebSite","@id":"https:\/\/essenzediluce.com\/#website","url":"https:\/\/essenzediluce.com\/","name":"Essenze di Luce","description":"","publisher":{"@id":"https:\/\/essenzediluce.com\/#organization"},"potentialAction":[{"@type":"SearchAction","target":{"@type":"EntryPoint","urlTemplate":"https:\/\/essenzediluce.com\/?s={search_term_string}"},"query-input":{"@type":"PropertyValueSpecification","valueRequired":true,"valueName":"search_term_string"}}],"inLanguage":"fr-FR"},{"@type":"Organization","@id":"https:\/\/essenzediluce.com\/#organization","name":"Essenze di Luce","url":"https:\/\/essenzediluce.com\/","logo":{"@type":"ImageObject","inLanguage":"fr-FR","@id":"https:\/\/essenzediluce.com\/#\/schema\/logo\/image\/","url":"https:\/\/essenzediluce.com\/wp-content\/uploads\/2017\/03\/el.jpg","contentUrl":"https:\/\/essenzediluce.com\/wp-content\/uploads\/2017\/03\/el.jpg","width":512,"height":512,"caption":"Essenze di Luce"},"image":{"@id":"https:\/\/essenzediluce.com\/#\/schema\/logo\/image\/"},"sameAs":["https:\/\/www.facebook.com\/essenzediluce.italy\/","https:\/\/www.instagram.com\/essenzediluce\/","https:\/\/www.youtube.com\/channel\/UCXKJKPfUYADaJMEm_9NAvrA"]}]}},"_links":{"self":[{"href":"https:\/\/essenzediluce.com\/fr\/wp-json\/wp\/v2\/work\/20747"}],"collection":[{"href":"https:\/\/essenzediluce.com\/fr\/wp-json\/wp\/v2\/work"}],"about":[{"href":"https:\/\/essenzediluce.com\/fr\/wp-json\/wp\/v2\/types\/work"}],"replies":[{"embeddable":true,"href":"https:\/\/essenzediluce.com\/fr\/wp-json\/wp\/v2\/comments?post=20747"}],"wp:featuredmedia":[{"embeddable":true,"href":"https:\/\/essenzediluce.com\/fr\/wp-json\/wp\/v2\/media\/14178"}],"wp:attachment":[{"href":"https:\/\/essenzediluce.com\/fr\/wp-json\/wp\/v2\/media?parent=20747"}],"wp:term":[{"taxonomy":"work_genre","embeddable":true,"href":"https:\/\/essenzediluce.com\/fr\/wp-json\/wp\/v2\/work_genre?post=20747"}],"curies":[{"name":"wp","href":"https:\/\/api.w.org\/{rel}","templated":true}]}}