{"id":20752,"date":"2023-07-06T11:07:56","date_gmt":"2023-07-06T09:07:56","guid":{"rendered":"https:\/\/essenzediluce.com\/?post_type=work&#038;p=20752"},"modified":"2025-03-04T12:06:00","modified_gmt":"2025-03-04T11:06:00","slug":"villa-wisteria","status":"publish","type":"work","link":"https:\/\/essenzediluce.com\/fr\/realisation\/villa-wisteria\/","title":{"rendered":"Villa Wisteria"},"content":{"rendered":"<div class=\"wpb-content-wrapper\">[vc_row][vc_column][vc_column_text]\r\n<h1 style=\"text-align: center;\">La lumi\u00e8re sc\u00e9nographique des Menhirs illumine l&#8217;espace ext\u00e9rieur de la villa Wisteria<\/h1>\r\n[\/vc_column_text][vc_column_text]Les Menhirs di Luce, pour leur raffinement et leur beaut\u00e9 naturelle, ont \u00e9t\u00e9 <strong>choisis pour illuminer la splendeur architecturale de la Villa Wisteria<\/strong>, reconnue parmi les Villas et les b\u00e2timents d&#8217;int\u00e9r\u00eat historique de la ville de Trieste.\r\n\r\nCon\u00e7u par l&#8217;ing\u00e9nieur Giuseppe Dimmer et construite au d\u00e9but des ann\u00e9es 1900, la villa a repris vie aujourd&#8217;hui gr\u00e2ce \u00e0 un important travail de r\u00e9novation et gr\u00e2ce \u00e0 l&#8217;utilisation d&#8217;un maximum de mat\u00e9riaux locaux caract\u00e9ristiques, afin de valoriser la r\u00e9gion du Karst et ses ressources. Et c\u2019est pr\u00e9cis\u00e9ment selon cette philosophie qu\u2019il a \u00e9t\u00e9 d\u00e9cid\u00e9 d&#8217;inclure dans le projet les Menhirs d&#8217;Essenze di Luce pour l&#8217;<strong>\u00e9clairage de l&#8217;espace ext\u00e9rieur<\/strong>: des lampes d&#8217;ext\u00e9rieur fabriqu\u00e9es dans la r\u00e9gion du Frioul, \u00e0 la main, <strong>en pierre naturelle<\/strong> italienne Flowery Grey, un marbre local ayant pour <strong>couleur dominante le gris-bleu avec des veines de couleur plus chaude<\/strong>, extrait en Carnia (r\u00e9gion historico g\u00e9ographique montagneuse).\r\n\r\nTrois <a href=\"https:\/\/essenzediluce.com\/fr\/produits\/eclairage-exterieur-menhir-di-luce\/\" target=\"_blank\" rel=\"noopener\"><u>Menhirs di Luce Soft<\/u><\/a> plac\u00e9s dans l&#8217;entr\u00e9e accueillent les invit\u00e9s avec leur unique faisceau de lumi\u00e8re horizontal, illuminant le trottoir et en d\u00e9limitant le p\u00e9rim\u00e8tre du portail, le long du parking, jusqu&#8217;\u00e0 l&#8217;entr\u00e9e de la villa. Entr\u00e9e o\u00f9 se trouve un exemplaire <a href=\"https:\/\/essenzediluce.com\/fr\/produits\/eclairage-exterieur-menhir-di-luce\/\" target=\"_blank\" rel=\"noopener\"><u>Menhir di Luce Cross<\/u><\/a>: trois cents kilos de pur marbre carnique divis\u00e9 en trois parties lumineuses qui flanque la villa dans toute sa majest\u00e9.\r\nEn continuant \u00e0 travers le jardin, nous trouvons le <a href=\"https:\/\/essenzediluce.com\/fr\/produits\/bornes-d-eclairage-stake\/\" target=\"_blank\" rel=\"noopener\"><u>Stake<\/u><\/a> <strong>\u00e9clairant la passerelle<\/strong> menant \u00e0 la serre, un b\u00e2timent horizontal, nouvellement construit, en bois, pierre karstique et acier corten qui est reli\u00e9 \u00e0 la villa principale. Le Stake offre une <strong>lumi\u00e8re technique verticale pour le jardin<\/strong> et contraste avec la g\u00e9om\u00e9trie horizontale du jardin de graviers qui divise les deux structures et garantit l&#8217;intimit\u00e9 et la tranquillit\u00e9 des h\u00f4tes. Le choix de la texture Black Pillar Ardesia pour les lampes d&#8217;ext\u00e9rieur n&#8217;est pas al\u00e9atoire: en effet, l&#8217;ardoise, gr\u00e2ce \u00e0 la pr\u00e9sence naturelle d&#8217;oxyde de fer, a tendance \u00e0 lib\u00e9rer des taches de couleur rouille au fil du temps, dans une parfaite harmonie chromatique avec le corten d\u00e9j\u00e0 existant.\r\n\r\nUn red\u00e9veloppement \u00e0 la pointe de la technique qui respecte l&#8217;architecture, l&#8217;histoire et le territoire.[\/vc_column_text][\/vc_column][\/vc_row][vc_row][vc_column][vc_empty_space height=&#8221;20&#8243;][\/vc_column][\/vc_row][vc_row css=&#8221;.vc_custom_1667905575040{margin-bottom: 0px !important;}&#8221;][vc_column width=&#8221;1\/4&#8243;][vc_column_text]<strong>PROJET<\/strong>: Essenze di Luce[\/vc_column_text][\/vc_column][vc_column width=&#8221;1\/4&#8243;][vc_column_text]<strong>PRODUITS<\/strong>: <a href=\"https:\/\/essenzediluce.com\/fr\/produits\/eclairage-exterieur-menhir-di-luce\/\" target=\"_blank\" rel=\"noopener\"><u>Menhir di Luce<\/u><\/a>, <a href=\"https:\/\/essenzediluce.com\/fr\/produits\/bornes-d-eclairage-stake\/\" target=\"_blank\" rel=\"noopener\"><u>Stake<\/u><\/a>[\/vc_column_text][\/vc_column][vc_column width=&#8221;1\/4&#8243;][vc_column_text]<b>TEXTURE<\/b>: <a href=\"https:\/\/essenzediluce.com\/fr\/produits\/bornes-d-eclairage-stake\/\" target=\"_blank\" rel=\"noopener\"><u>Italian Flowery Grey, Ardesia Black Pillar<\/u><\/a>[\/vc_column_text][\/vc_column][vc_column width=&#8221;1\/4&#8243;][vc_column_text]<strong>CREDITS<\/strong>: Villa Wisteria Srl, Luca Defant Photographer, Marino Sterle Photographer[\/vc_column_text][\/vc_column][\/vc_row][vc_row][vc_column][vc_empty_space height=&#8221;20&#8243;][\/vc_column][\/vc_row]<\/div>","protected":false},"excerpt":{"rendered":"<p>[vc_row][vc_column][vc_column_text] La lumi\u00e8re sc\u00e9nographique des Menhirs illumine l&#8217;espace ext\u00e9rieur de la villa Wisteria [\/vc_column_text][vc_column_text]Les Menhirs di Luce, pour leur raffinement et leur beaut\u00e9 naturelle, ont \u00e9t\u00e9 choisis pour illuminer la splendeur architecturale de la Villa Wisteria, reconnue parmi les Villas&hellip;<\/p>\n<p> <a class=\"more-link\" href=\"https:\/\/essenzediluce.com\/fr\/realisation\/villa-wisteria\/\">Lire la suite<\/a><\/p>\n","protected":false},"featured_media":15789,"comment_status":"closed","ping_status":"closed","template":"","work_genre":[182],"class_list":{"0":"post-20752","1":"work","2":"type-work","3":"status-publish","4":"has-post-thumbnail","6":"work_genre-realisation"},"yoast_head":"<!-- This site is optimized with the Yoast SEO plugin v24.5 - https:\/\/yoast.com\/wordpress\/plugins\/seo\/ -->\n<title>Villa Wisteria - Essenze di Luce<\/title>\n<meta name=\"description\" content=\"Les meilleures projets d&#039;\u00e9clairage de jardin : d\u00e9couvrez comment Menhir a rendu spectaculaire l&#039;espace ext\u00e9rieur de la Villa Wisteria \u00e0 Opicina.\" \/>\n<meta name=\"robots\" content=\"index, follow, max-snippet:-1, max-image-preview:large, max-video-preview:-1\" \/>\n<link rel=\"canonical\" href=\"https:\/\/essenzediluce.com\/fr\/realisation\/villa-wisteria\/\" \/>\n<meta property=\"og:locale\" content=\"fr_FR\" \/>\n<meta property=\"og:type\" content=\"article\" \/>\n<meta property=\"og:title\" content=\"Villa Wisteria - Essenze di Luce\" \/>\n<meta property=\"og:description\" content=\"Les meilleures projets d&#039;\u00e9clairage de jardin : d\u00e9couvrez comment Menhir a rendu spectaculaire l&#039;espace ext\u00e9rieur de la Villa Wisteria \u00e0 Opicina.\" \/>\n<meta property=\"og:url\" content=\"https:\/\/essenzediluce.com\/fr\/realisation\/villa-wisteria\/\" \/>\n<meta property=\"og:site_name\" content=\"Essenze di Luce\" \/>\n<meta property=\"article:publisher\" content=\"https:\/\/www.facebook.com\/essenzediluce.italy\/\" \/>\n<meta property=\"article:modified_time\" content=\"2025-03-04T11:06:00+00:00\" \/>\n<meta property=\"og:image\" content=\"https:\/\/essenzediluce.com\/wp-content\/uploads\/2023\/06\/EL-Villa-Wisteria.jpg\" \/>\n\t<meta property=\"og:image:width\" content=\"1500\" \/>\n\t<meta property=\"og:image:height\" content=\"1000\" \/>\n\t<meta property=\"og:image:type\" content=\"image\/jpeg\" \/>\n<meta name=\"twitter:card\" content=\"summary_large_image\" \/>\n<meta name=\"twitter:label1\" content=\"Dur\u00e9e de lecture estim\u00e9e\" \/>\n\t<meta name=\"twitter:data1\" content=\"3 minutes\" \/>\n<script type=\"application\/ld+json\" class=\"yoast-schema-graph\">{\"@context\":\"https:\/\/schema.org\",\"@graph\":[{\"@type\":\"WebPage\",\"@id\":\"https:\/\/essenzediluce.com\/fr\/realisation\/villa-wisteria\/\",\"url\":\"https:\/\/essenzediluce.com\/fr\/realisation\/villa-wisteria\/\",\"name\":\"Villa Wisteria - Essenze di Luce\",\"isPartOf\":{\"@id\":\"https:\/\/essenzediluce.com\/#website\"},\"primaryImageOfPage\":{\"@id\":\"https:\/\/essenzediluce.com\/fr\/realisation\/villa-wisteria\/#primaryimage\"},\"image\":{\"@id\":\"https:\/\/essenzediluce.com\/fr\/realisation\/villa-wisteria\/#primaryimage\"},\"thumbnailUrl\":\"https:\/\/essenzediluce.com\/wp-content\/uploads\/2023\/06\/EL-Villa-Wisteria.jpg\",\"datePublished\":\"2023-07-06T09:07:56+00:00\",\"dateModified\":\"2025-03-04T11:06:00+00:00\",\"description\":\"Les meilleures projets d'\u00e9clairage de jardin : d\u00e9couvrez comment Menhir a rendu spectaculaire l'espace ext\u00e9rieur de la Villa Wisteria \u00e0 Opicina.\",\"breadcrumb\":{\"@id\":\"https:\/\/essenzediluce.com\/fr\/realisation\/villa-wisteria\/#breadcrumb\"},\"inLanguage\":\"fr-FR\",\"potentialAction\":[{\"@type\":\"ReadAction\",\"target\":[\"https:\/\/essenzediluce.com\/fr\/realisation\/villa-wisteria\/\"]}]},{\"@type\":\"ImageObject\",\"inLanguage\":\"fr-FR\",\"@id\":\"https:\/\/essenzediluce.com\/fr\/realisation\/villa-wisteria\/#primaryimage\",\"url\":\"https:\/\/essenzediluce.com\/wp-content\/uploads\/2023\/06\/EL-Villa-Wisteria.jpg\",\"contentUrl\":\"https:\/\/essenzediluce.com\/wp-content\/uploads\/2023\/06\/EL-Villa-Wisteria.jpg\",\"width\":1500,\"height\":1000,\"caption\":\"Lampade da Esterno Menhir di Luce Villa Wisteria\"},{\"@type\":\"BreadcrumbList\",\"@id\":\"https:\/\/essenzediluce.com\/fr\/realisation\/villa-wisteria\/#breadcrumb\",\"itemListElement\":[{\"@type\":\"ListItem\",\"position\":1,\"name\":\"Home\",\"item\":\"https:\/\/essenzediluce.com\/fr\/\"},{\"@type\":\"ListItem\",\"position\":2,\"name\":\"Villa Wisteria\"}]},{\"@type\":\"WebSite\",\"@id\":\"https:\/\/essenzediluce.com\/#website\",\"url\":\"https:\/\/essenzediluce.com\/\",\"name\":\"Essenze di Luce\",\"description\":\"\",\"publisher\":{\"@id\":\"https:\/\/essenzediluce.com\/#organization\"},\"potentialAction\":[{\"@type\":\"SearchAction\",\"target\":{\"@type\":\"EntryPoint\",\"urlTemplate\":\"https:\/\/essenzediluce.com\/?s={search_term_string}\"},\"query-input\":{\"@type\":\"PropertyValueSpecification\",\"valueRequired\":true,\"valueName\":\"search_term_string\"}}],\"inLanguage\":\"fr-FR\"},{\"@type\":\"Organization\",\"@id\":\"https:\/\/essenzediluce.com\/#organization\",\"name\":\"Essenze di Luce\",\"url\":\"https:\/\/essenzediluce.com\/\",\"logo\":{\"@type\":\"ImageObject\",\"inLanguage\":\"fr-FR\",\"@id\":\"https:\/\/essenzediluce.com\/#\/schema\/logo\/image\/\",\"url\":\"https:\/\/essenzediluce.com\/wp-content\/uploads\/2017\/03\/el.jpg\",\"contentUrl\":\"https:\/\/essenzediluce.com\/wp-content\/uploads\/2017\/03\/el.jpg\",\"width\":512,\"height\":512,\"caption\":\"Essenze di Luce\"},\"image\":{\"@id\":\"https:\/\/essenzediluce.com\/#\/schema\/logo\/image\/\"},\"sameAs\":[\"https:\/\/www.facebook.com\/essenzediluce.italy\/\",\"https:\/\/www.instagram.com\/essenzediluce\/\",\"https:\/\/www.youtube.com\/channel\/UCXKJKPfUYADaJMEm_9NAvrA\"]}]}<\/script>\n<!-- \/ Yoast SEO plugin. -->","yoast_head_json":{"title":"Villa Wisteria - Essenze di Luce","description":"Les meilleures projets d'\u00e9clairage de jardin : d\u00e9couvrez comment Menhir a rendu spectaculaire l'espace ext\u00e9rieur de la Villa Wisteria \u00e0 Opicina.","robots":{"index":"index","follow":"follow","max-snippet":"max-snippet:-1","max-image-preview":"max-image-preview:large","max-video-preview":"max-video-preview:-1"},"canonical":"https:\/\/essenzediluce.com\/fr\/realisation\/villa-wisteria\/","og_locale":"fr_FR","og_type":"article","og_title":"Villa Wisteria - Essenze di Luce","og_description":"Les meilleures projets d'\u00e9clairage de jardin : d\u00e9couvrez comment Menhir a rendu spectaculaire l'espace ext\u00e9rieur de la Villa Wisteria \u00e0 Opicina.","og_url":"https:\/\/essenzediluce.com\/fr\/realisation\/villa-wisteria\/","og_site_name":"Essenze di Luce","article_publisher":"https:\/\/www.facebook.com\/essenzediluce.italy\/","article_modified_time":"2025-03-04T11:06:00+00:00","og_image":[{"width":1500,"height":1000,"url":"https:\/\/essenzediluce.com\/wp-content\/uploads\/2023\/06\/EL-Villa-Wisteria.jpg","type":"image\/jpeg"}],"twitter_card":"summary_large_image","twitter_misc":{"Dur\u00e9e de lecture estim\u00e9e":"3 minutes"},"schema":{"@context":"https:\/\/schema.org","@graph":[{"@type":"WebPage","@id":"https:\/\/essenzediluce.com\/fr\/realisation\/villa-wisteria\/","url":"https:\/\/essenzediluce.com\/fr\/realisation\/villa-wisteria\/","name":"Villa Wisteria - Essenze di Luce","isPartOf":{"@id":"https:\/\/essenzediluce.com\/#website"},"primaryImageOfPage":{"@id":"https:\/\/essenzediluce.com\/fr\/realisation\/villa-wisteria\/#primaryimage"},"image":{"@id":"https:\/\/essenzediluce.com\/fr\/realisation\/villa-wisteria\/#primaryimage"},"thumbnailUrl":"https:\/\/essenzediluce.com\/wp-content\/uploads\/2023\/06\/EL-Villa-Wisteria.jpg","datePublished":"2023-07-06T09:07:56+00:00","dateModified":"2025-03-04T11:06:00+00:00","description":"Les meilleures projets d'\u00e9clairage de jardin : d\u00e9couvrez comment Menhir a rendu spectaculaire l'espace ext\u00e9rieur de la Villa Wisteria \u00e0 Opicina.","breadcrumb":{"@id":"https:\/\/essenzediluce.com\/fr\/realisation\/villa-wisteria\/#breadcrumb"},"inLanguage":"fr-FR","potentialAction":[{"@type":"ReadAction","target":["https:\/\/essenzediluce.com\/fr\/realisation\/villa-wisteria\/"]}]},{"@type":"ImageObject","inLanguage":"fr-FR","@id":"https:\/\/essenzediluce.com\/fr\/realisation\/villa-wisteria\/#primaryimage","url":"https:\/\/essenzediluce.com\/wp-content\/uploads\/2023\/06\/EL-Villa-Wisteria.jpg","contentUrl":"https:\/\/essenzediluce.com\/wp-content\/uploads\/2023\/06\/EL-Villa-Wisteria.jpg","width":1500,"height":1000,"caption":"Lampade da Esterno Menhir di Luce Villa Wisteria"},{"@type":"BreadcrumbList","@id":"https:\/\/essenzediluce.com\/fr\/realisation\/villa-wisteria\/#breadcrumb","itemListElement":[{"@type":"ListItem","position":1,"name":"Home","item":"https:\/\/essenzediluce.com\/fr\/"},{"@type":"ListItem","position":2,"name":"Villa Wisteria"}]},{"@type":"WebSite","@id":"https:\/\/essenzediluce.com\/#website","url":"https:\/\/essenzediluce.com\/","name":"Essenze di Luce","description":"","publisher":{"@id":"https:\/\/essenzediluce.com\/#organization"},"potentialAction":[{"@type":"SearchAction","target":{"@type":"EntryPoint","urlTemplate":"https:\/\/essenzediluce.com\/?s={search_term_string}"},"query-input":{"@type":"PropertyValueSpecification","valueRequired":true,"valueName":"search_term_string"}}],"inLanguage":"fr-FR"},{"@type":"Organization","@id":"https:\/\/essenzediluce.com\/#organization","name":"Essenze di Luce","url":"https:\/\/essenzediluce.com\/","logo":{"@type":"ImageObject","inLanguage":"fr-FR","@id":"https:\/\/essenzediluce.com\/#\/schema\/logo\/image\/","url":"https:\/\/essenzediluce.com\/wp-content\/uploads\/2017\/03\/el.jpg","contentUrl":"https:\/\/essenzediluce.com\/wp-content\/uploads\/2017\/03\/el.jpg","width":512,"height":512,"caption":"Essenze di Luce"},"image":{"@id":"https:\/\/essenzediluce.com\/#\/schema\/logo\/image\/"},"sameAs":["https:\/\/www.facebook.com\/essenzediluce.italy\/","https:\/\/www.instagram.com\/essenzediluce\/","https:\/\/www.youtube.com\/channel\/UCXKJKPfUYADaJMEm_9NAvrA"]}]}},"_links":{"self":[{"href":"https:\/\/essenzediluce.com\/fr\/wp-json\/wp\/v2\/work\/20752"}],"collection":[{"href":"https:\/\/essenzediluce.com\/fr\/wp-json\/wp\/v2\/work"}],"about":[{"href":"https:\/\/essenzediluce.com\/fr\/wp-json\/wp\/v2\/types\/work"}],"replies":[{"embeddable":true,"href":"https:\/\/essenzediluce.com\/fr\/wp-json\/wp\/v2\/comments?post=20752"}],"wp:featuredmedia":[{"embeddable":true,"href":"https:\/\/essenzediluce.com\/fr\/wp-json\/wp\/v2\/media\/15789"}],"wp:attachment":[{"href":"https:\/\/essenzediluce.com\/fr\/wp-json\/wp\/v2\/media?parent=20752"}],"wp:term":[{"taxonomy":"work_genre","embeddable":true,"href":"https:\/\/essenzediluce.com\/fr\/wp-json\/wp\/v2\/work_genre?post=20752"}],"curies":[{"name":"wp","href":"https:\/\/api.w.org\/{rel}","templated":true}]}}