{"id":21332,"date":"2025-03-04T08:31:49","date_gmt":"2025-03-04T07:31:49","guid":{"rendered":"https:\/\/essenzediluce.com\/?post_type=work&#038;p=21332"},"modified":"2025-03-21T10:07:27","modified_gmt":"2025-03-21T09:07:27","slug":"private-villa-ravenna","status":"publish","type":"work","link":"https:\/\/essenzediluce.com\/fr\/realisation\/private-villa-ravenna\/","title":{"rendered":"Private Villa Ravenna"},"content":{"rendered":"<div class=\"wpb-content-wrapper\">[vc_row][vc_column][vc_empty_space][vc_column_text css=&#8221;&#8221;]\r\n<h2 style=\"text-align: center;\">Les Menhirs d&#8217;Essenze di Luce cr\u00e9ent l&#8217;atmosph\u00e8re parfaite dans un jardin aux tons d\u00e9sertiques<\/h2>\r\nUne oasis de d\u00e9tente et de confort qui commence par la transformation du jardin d&#8217;une villa immerg\u00e9e dans la splendide campagne de Ravenne, illumin\u00e9e par les <strong>Menhirs Essenze di Luce qui, en plus de cr\u00e9er un cadre lumineux et accueillant, animent les moments de convivialit\u00e9 gr\u00e2ce au syst\u00e8me de sonorisation int\u00e9gr\u00e9.<\/strong>\r\n\r\nCr\u00e9\u00e9 dans le but de cr\u00e9er un espace o\u00f9 les amis et la famille peuvent se r\u00e9unir pour profiter de moments de loisir et d&#8217;agr\u00e9gation, le jardin principal a \u00e9t\u00e9 con\u00e7u avec des zones distinctes : une zone \u00ab\u00a0piscine type lagon\u00a0\u00bb encadr\u00e9e d\u2019une cascade et de chaises longues et une zone \u00ab\u00a0living\u00a0\u00bb couverte avec deux pergolas, harmonieusement int\u00e9gr\u00e9es l&#8217;une \u00e0 l&#8217;autre par une passerelle menant \u00e0 l&#8217;entr\u00e9e de la maison.\r\n\r\nDans ce contexte, le positionnement strat\u00e9gique de quatre <a href=\"https:\/\/essenzediluce.com\/fr\/produits\/enceinte-exterieur-menhir-sound\/\" target=\"_blank\" rel=\"noopener\"><u>Menhir Sound 30W<\/u><\/a> et de deux <a href=\"https:\/\/essenzediluce.com\/fr\/produits\/enceinte-exterieur-puissante-menhir-sound-pro\/\" target=\"_blank\" rel=\"noopener\"><u>Menhir Sound Pro 220W<\/u><\/a> <strong>garantit une exp\u00e9rience sonore de haute qualit\u00e9 dans toute la zone ext\u00e9rieure, tout en illuminant l&#8217;espace environnant<\/strong>. La musique d&#8217;ambiance cr\u00e9e une atmosph\u00e8re propice \u00e0 la d\u00e9tente au bord de la piscine, et la possibilit\u00e9 d&#8217;augmenter le volume <strong>\u00e0 partir de votre smartphone<\/strong> vous permet de transformer votre jardin en un espace de f\u00eate anim\u00e9, gr\u00e2ce aux woofers int\u00e9gr\u00e9s dans les enceintes ext\u00e9rieures.\r\n\r\nLa continuit\u00e9 lumineuse et chromatique de cette oasis est compl\u00e9t\u00e9e par la pr\u00e9sence d&#8217;autres <a href=\"https:\/\/essenzediluce.com\/fr\/produits\/eclairage-exterieur-menhir-di-luce\/\" target=\"_blank\" rel=\"noopener\"><u>lampes de jardin Essenze di Luce<\/u><\/a> : Menhir di Luce Soft en Marbre Trani qui \u00e9claire les espaces verts, <a href=\"https:\/\/essenzediluce.com\/fr\/produits\/eclairage-massifs-fleuris-ray\/\" target=\"_blank\" rel=\"noopener\"><u>Ray<\/u><\/a> en Marbre Giallo Mori camoufl\u00e9 dans le grand parterre de fleurs accueillant galets et plantes vertes, et enfin <a href=\"https:\/\/essenzediluce.com\/fr\/produits\/bornes-d-eclairage-stake\/\" target=\"_blank\" rel=\"noopener\"><u>Stake<\/u><\/a> en Marbre Trani poli qui accompagne les invit\u00e9s lorsqu&#8217;ils franchissent le portail d&#8217;entr\u00e9e du jardin jusqu\u2019\u00e0 la villa.\r\n\r\nLa <strong>fusion des tons chauds et d\u00e9licats du Marbre Trani et de l&#8217;onyx Angel Spark avec lesquels les diffuseurs sonores et les lampes de jardin ont \u00e9t\u00e9 r\u00e9alis\u00e9s, s&#8217;accorde parfaitement avec les mat\u00e9riaux et les nuances <em>vanille<\/em> du projet.<\/strong>\u00a0Le r\u00e9sultat\u00a0: un espace ext\u00e9rieur harmonieux et raffin\u00e9, cr\u00e9\u00e9 pour c\u00e9l\u00e9brer la beaut\u00e9 du partage des moments de convivialit\u00e9.[\/vc_column_text][\/vc_column][\/vc_row][vc_row][vc_column][vc_empty_space height=&#8221;20&#8243;][\/vc_column][\/vc_row][vc_row css=&#8221;.vc_custom_1667905575040{margin-bottom: 0px !important;}&#8221;][vc_column width=&#8221;1\/4&#8243;][vc_column_text css=&#8221;&#8221;]<strong>PROJET<\/strong>: <a href=\"https:\/\/www.verde-acqua.com\/\" target=\"_blank\" rel=\"noopener\"><u>Verde&amp;Acqua Ravenna<\/u><\/a>[\/vc_column_text][\/vc_column][vc_column width=&#8221;1\/4&#8243;][vc_column_text css=&#8221;&#8221;]<strong>PRODUITS<\/strong>: <a href=\"https:\/\/essenzediluce.com\/fr\/produits\/enceinte-exterieur-menhir-sound\/\" target=\"_blank\" rel=\"noopener\"><u>Menhir Sound<\/u><\/a>, <a href=\"https:\/\/essenzediluce.com\/fr\/produits\/eclairage-exterieur-menhir-di-luce\/\" target=\"_blank\" rel=\"noopener\"><u>Menhir di Luce<\/u><\/a>, <a href=\"https:\/\/essenzediluce.com\/fr\/produits\/bornes-d-eclairage-stake\/\" target=\"_blank\" rel=\"noopener\"><u>Stake<\/u><\/a>, <a href=\"https:\/\/essenzediluce.com\/fr\/produits\/eclairage-massifs-fleuris-ray\/\" target=\"_blank\" rel=\"noopener\"><u>Ray<\/u><\/a>[\/vc_column_text][\/vc_column][vc_column width=&#8221;1\/4&#8243;][vc_column_text css=&#8221;&#8221;]<b>TEXTURE<\/b>: <a href=\"https:\/\/essenzediluce.com\/texture\/\" target=\"_blank\" rel=\"noopener\"><u>Onice Angel Spark<\/u>, <u>Marmo Trani<\/u><\/a>[\/vc_column_text][\/vc_column][vc_column width=&#8221;1\/4&#8243;][vc_column_text css=&#8221;&#8221;]<strong>CREDITS<\/strong>: <a href=\"https:\/\/fotograffia.eu\/\" target=\"_blank\" rel=\"noopener\"><u>Flavio Graffi Photographer<\/u><\/a>[\/vc_column_text][\/vc_column][\/vc_row][vc_row][vc_column][vc_empty_space height=&#8221;20&#8243;][\/vc_column][\/vc_row]<\/div>","protected":false},"excerpt":{"rendered":"<p>[vc_row][vc_column][vc_empty_space][vc_column_text css=&#8221;&#8221;] Les Menhirs d&#8217;Essenze di Luce cr\u00e9ent l&#8217;atmosph\u00e8re parfaite dans un jardin aux tons d\u00e9sertiques Une oasis de d\u00e9tente et de confort qui commence par la transformation du jardin d&#8217;une villa immerg\u00e9e dans la splendide campagne de Ravenne, illumin\u00e9e&hellip;<\/p>\n<p> <a class=\"more-link\" href=\"https:\/\/essenzediluce.com\/fr\/realisation\/private-villa-ravenna\/\">Lire la suite<\/a><\/p>\n","protected":false},"featured_media":21293,"comment_status":"closed","ping_status":"closed","template":"","work_genre":[182],"class_list":{"0":"post-21332","1":"work","2":"type-work","3":"status-publish","4":"has-post-thumbnail","6":"work_genre-realisation"},"yoast_head":"<!-- This site is optimized with the Yoast SEO plugin v24.5 - https:\/\/yoast.com\/wordpress\/plugins\/seo\/ -->\n<title>Private Villa Ravenna - Essenze di Luce<\/title>\n<meta name=\"robots\" content=\"index, follow, max-snippet:-1, max-image-preview:large, max-video-preview:-1\" \/>\n<link rel=\"canonical\" href=\"https:\/\/essenzediluce.com\/fr\/realisation\/private-villa-ravenna\/\" \/>\n<meta property=\"og:locale\" content=\"fr_FR\" \/>\n<meta property=\"og:type\" content=\"article\" \/>\n<meta property=\"og:title\" content=\"Private Villa Ravenna - Essenze di Luce\" \/>\n<meta property=\"og:description\" content=\"[vc_row][vc_column][vc_empty_space][vc_column_text css=&#8221;&#8221;] Les Menhirs d&#8217;Essenze di Luce cr\u00e9ent l&#8217;atmosph\u00e8re parfaite dans un jardin aux tons d\u00e9sertiques Une oasis de d\u00e9tente et de confort qui commence par la transformation du jardin d&#8217;une villa immerg\u00e9e dans la splendide campagne de Ravenne, illumin\u00e9e&hellip;  Lire la suite\" \/>\n<meta property=\"og:url\" content=\"https:\/\/essenzediluce.com\/fr\/realisation\/private-villa-ravenna\/\" \/>\n<meta property=\"og:site_name\" content=\"Essenze di Luce\" \/>\n<meta property=\"article:publisher\" content=\"https:\/\/www.facebook.com\/essenzediluce.italy\/\" \/>\n<meta property=\"article:modified_time\" content=\"2025-03-21T09:07:27+00:00\" \/>\n<meta property=\"og:image\" content=\"https:\/\/essenzediluce.com\/wp-content\/uploads\/2025\/02\/Impianto-audio-per-esterno-Essenze-di-Luce-Villa-Privata-Ravenna-COVER-IMG.jpg\" \/>\n\t<meta property=\"og:image:width\" content=\"1500\" \/>\n\t<meta property=\"og:image:height\" content=\"998\" \/>\n\t<meta property=\"og:image:type\" content=\"image\/jpeg\" \/>\n<meta name=\"twitter:card\" content=\"summary_large_image\" \/>\n<meta name=\"twitter:label1\" content=\"Dur\u00e9e de lecture estim\u00e9e\" \/>\n\t<meta name=\"twitter:data1\" content=\"3 minutes\" \/>\n<script type=\"application\/ld+json\" class=\"yoast-schema-graph\">{\"@context\":\"https:\/\/schema.org\",\"@graph\":[{\"@type\":\"WebPage\",\"@id\":\"https:\/\/essenzediluce.com\/fr\/realisation\/private-villa-ravenna\/\",\"url\":\"https:\/\/essenzediluce.com\/fr\/realisation\/private-villa-ravenna\/\",\"name\":\"Private Villa Ravenna - Essenze di Luce\",\"isPartOf\":{\"@id\":\"https:\/\/essenzediluce.com\/#website\"},\"primaryImageOfPage\":{\"@id\":\"https:\/\/essenzediluce.com\/fr\/realisation\/private-villa-ravenna\/#primaryimage\"},\"image\":{\"@id\":\"https:\/\/essenzediluce.com\/fr\/realisation\/private-villa-ravenna\/#primaryimage\"},\"thumbnailUrl\":\"https:\/\/essenzediluce.com\/wp-content\/uploads\/2025\/02\/Impianto-audio-per-esterno-Essenze-di-Luce-Villa-Privata-Ravenna-COVER-IMG.jpg\",\"datePublished\":\"2025-03-04T07:31:49+00:00\",\"dateModified\":\"2025-03-21T09:07:27+00:00\",\"breadcrumb\":{\"@id\":\"https:\/\/essenzediluce.com\/fr\/realisation\/private-villa-ravenna\/#breadcrumb\"},\"inLanguage\":\"fr-FR\",\"potentialAction\":[{\"@type\":\"ReadAction\",\"target\":[\"https:\/\/essenzediluce.com\/fr\/realisation\/private-villa-ravenna\/\"]}]},{\"@type\":\"ImageObject\",\"inLanguage\":\"fr-FR\",\"@id\":\"https:\/\/essenzediluce.com\/fr\/realisation\/private-villa-ravenna\/#primaryimage\",\"url\":\"https:\/\/essenzediluce.com\/wp-content\/uploads\/2025\/02\/Impianto-audio-per-esterno-Essenze-di-Luce-Villa-Privata-Ravenna-COVER-IMG.jpg\",\"contentUrl\":\"https:\/\/essenzediluce.com\/wp-content\/uploads\/2025\/02\/Impianto-audio-per-esterno-Essenze-di-Luce-Villa-Privata-Ravenna-COVER-IMG.jpg\",\"width\":1500,\"height\":998,\"caption\":\"Marmo Trani\"},{\"@type\":\"BreadcrumbList\",\"@id\":\"https:\/\/essenzediluce.com\/fr\/realisation\/private-villa-ravenna\/#breadcrumb\",\"itemListElement\":[{\"@type\":\"ListItem\",\"position\":1,\"name\":\"Home\",\"item\":\"https:\/\/essenzediluce.com\/fr\/\"},{\"@type\":\"ListItem\",\"position\":2,\"name\":\"Private Villa Ravenna\"}]},{\"@type\":\"WebSite\",\"@id\":\"https:\/\/essenzediluce.com\/#website\",\"url\":\"https:\/\/essenzediluce.com\/\",\"name\":\"Essenze di Luce\",\"description\":\"\",\"publisher\":{\"@id\":\"https:\/\/essenzediluce.com\/#organization\"},\"potentialAction\":[{\"@type\":\"SearchAction\",\"target\":{\"@type\":\"EntryPoint\",\"urlTemplate\":\"https:\/\/essenzediluce.com\/?s={search_term_string}\"},\"query-input\":{\"@type\":\"PropertyValueSpecification\",\"valueRequired\":true,\"valueName\":\"search_term_string\"}}],\"inLanguage\":\"fr-FR\"},{\"@type\":\"Organization\",\"@id\":\"https:\/\/essenzediluce.com\/#organization\",\"name\":\"Essenze di Luce\",\"url\":\"https:\/\/essenzediluce.com\/\",\"logo\":{\"@type\":\"ImageObject\",\"inLanguage\":\"fr-FR\",\"@id\":\"https:\/\/essenzediluce.com\/#\/schema\/logo\/image\/\",\"url\":\"https:\/\/essenzediluce.com\/wp-content\/uploads\/2017\/03\/el.jpg\",\"contentUrl\":\"https:\/\/essenzediluce.com\/wp-content\/uploads\/2017\/03\/el.jpg\",\"width\":512,\"height\":512,\"caption\":\"Essenze di Luce\"},\"image\":{\"@id\":\"https:\/\/essenzediluce.com\/#\/schema\/logo\/image\/\"},\"sameAs\":[\"https:\/\/www.facebook.com\/essenzediluce.italy\/\",\"https:\/\/www.instagram.com\/essenzediluce\/\",\"https:\/\/www.youtube.com\/channel\/UCXKJKPfUYADaJMEm_9NAvrA\"]}]}<\/script>\n<!-- \/ Yoast SEO plugin. -->","yoast_head_json":{"title":"Private Villa Ravenna - Essenze di Luce","robots":{"index":"index","follow":"follow","max-snippet":"max-snippet:-1","max-image-preview":"max-image-preview:large","max-video-preview":"max-video-preview:-1"},"canonical":"https:\/\/essenzediluce.com\/fr\/realisation\/private-villa-ravenna\/","og_locale":"fr_FR","og_type":"article","og_title":"Private Villa Ravenna - Essenze di Luce","og_description":"[vc_row][vc_column][vc_empty_space][vc_column_text css=&#8221;&#8221;] Les Menhirs d&#8217;Essenze di Luce cr\u00e9ent l&#8217;atmosph\u00e8re parfaite dans un jardin aux tons d\u00e9sertiques Une oasis de d\u00e9tente et de confort qui commence par la transformation du jardin d&#8217;une villa immerg\u00e9e dans la splendide campagne de Ravenne, illumin\u00e9e&hellip;  Lire la suite","og_url":"https:\/\/essenzediluce.com\/fr\/realisation\/private-villa-ravenna\/","og_site_name":"Essenze di Luce","article_publisher":"https:\/\/www.facebook.com\/essenzediluce.italy\/","article_modified_time":"2025-03-21T09:07:27+00:00","og_image":[{"width":1500,"height":998,"url":"https:\/\/essenzediluce.com\/wp-content\/uploads\/2025\/02\/Impianto-audio-per-esterno-Essenze-di-Luce-Villa-Privata-Ravenna-COVER-IMG.jpg","type":"image\/jpeg"}],"twitter_card":"summary_large_image","twitter_misc":{"Dur\u00e9e de lecture estim\u00e9e":"3 minutes"},"schema":{"@context":"https:\/\/schema.org","@graph":[{"@type":"WebPage","@id":"https:\/\/essenzediluce.com\/fr\/realisation\/private-villa-ravenna\/","url":"https:\/\/essenzediluce.com\/fr\/realisation\/private-villa-ravenna\/","name":"Private Villa Ravenna - Essenze di Luce","isPartOf":{"@id":"https:\/\/essenzediluce.com\/#website"},"primaryImageOfPage":{"@id":"https:\/\/essenzediluce.com\/fr\/realisation\/private-villa-ravenna\/#primaryimage"},"image":{"@id":"https:\/\/essenzediluce.com\/fr\/realisation\/private-villa-ravenna\/#primaryimage"},"thumbnailUrl":"https:\/\/essenzediluce.com\/wp-content\/uploads\/2025\/02\/Impianto-audio-per-esterno-Essenze-di-Luce-Villa-Privata-Ravenna-COVER-IMG.jpg","datePublished":"2025-03-04T07:31:49+00:00","dateModified":"2025-03-21T09:07:27+00:00","breadcrumb":{"@id":"https:\/\/essenzediluce.com\/fr\/realisation\/private-villa-ravenna\/#breadcrumb"},"inLanguage":"fr-FR","potentialAction":[{"@type":"ReadAction","target":["https:\/\/essenzediluce.com\/fr\/realisation\/private-villa-ravenna\/"]}]},{"@type":"ImageObject","inLanguage":"fr-FR","@id":"https:\/\/essenzediluce.com\/fr\/realisation\/private-villa-ravenna\/#primaryimage","url":"https:\/\/essenzediluce.com\/wp-content\/uploads\/2025\/02\/Impianto-audio-per-esterno-Essenze-di-Luce-Villa-Privata-Ravenna-COVER-IMG.jpg","contentUrl":"https:\/\/essenzediluce.com\/wp-content\/uploads\/2025\/02\/Impianto-audio-per-esterno-Essenze-di-Luce-Villa-Privata-Ravenna-COVER-IMG.jpg","width":1500,"height":998,"caption":"Marmo Trani"},{"@type":"BreadcrumbList","@id":"https:\/\/essenzediluce.com\/fr\/realisation\/private-villa-ravenna\/#breadcrumb","itemListElement":[{"@type":"ListItem","position":1,"name":"Home","item":"https:\/\/essenzediluce.com\/fr\/"},{"@type":"ListItem","position":2,"name":"Private Villa Ravenna"}]},{"@type":"WebSite","@id":"https:\/\/essenzediluce.com\/#website","url":"https:\/\/essenzediluce.com\/","name":"Essenze di Luce","description":"","publisher":{"@id":"https:\/\/essenzediluce.com\/#organization"},"potentialAction":[{"@type":"SearchAction","target":{"@type":"EntryPoint","urlTemplate":"https:\/\/essenzediluce.com\/?s={search_term_string}"},"query-input":{"@type":"PropertyValueSpecification","valueRequired":true,"valueName":"search_term_string"}}],"inLanguage":"fr-FR"},{"@type":"Organization","@id":"https:\/\/essenzediluce.com\/#organization","name":"Essenze di Luce","url":"https:\/\/essenzediluce.com\/","logo":{"@type":"ImageObject","inLanguage":"fr-FR","@id":"https:\/\/essenzediluce.com\/#\/schema\/logo\/image\/","url":"https:\/\/essenzediluce.com\/wp-content\/uploads\/2017\/03\/el.jpg","contentUrl":"https:\/\/essenzediluce.com\/wp-content\/uploads\/2017\/03\/el.jpg","width":512,"height":512,"caption":"Essenze di Luce"},"image":{"@id":"https:\/\/essenzediluce.com\/#\/schema\/logo\/image\/"},"sameAs":["https:\/\/www.facebook.com\/essenzediluce.italy\/","https:\/\/www.instagram.com\/essenzediluce\/","https:\/\/www.youtube.com\/channel\/UCXKJKPfUYADaJMEm_9NAvrA"]}]}},"_links":{"self":[{"href":"https:\/\/essenzediluce.com\/fr\/wp-json\/wp\/v2\/work\/21332"}],"collection":[{"href":"https:\/\/essenzediluce.com\/fr\/wp-json\/wp\/v2\/work"}],"about":[{"href":"https:\/\/essenzediluce.com\/fr\/wp-json\/wp\/v2\/types\/work"}],"replies":[{"embeddable":true,"href":"https:\/\/essenzediluce.com\/fr\/wp-json\/wp\/v2\/comments?post=21332"}],"wp:featuredmedia":[{"embeddable":true,"href":"https:\/\/essenzediluce.com\/fr\/wp-json\/wp\/v2\/media\/21293"}],"wp:attachment":[{"href":"https:\/\/essenzediluce.com\/fr\/wp-json\/wp\/v2\/media?parent=21332"}],"wp:term":[{"taxonomy":"work_genre","embeddable":true,"href":"https:\/\/essenzediluce.com\/fr\/wp-json\/wp\/v2\/work_genre?post=21332"}],"curies":[{"name":"wp","href":"https:\/\/api.w.org\/{rel}","templated":true}]}}