{"id":21470,"date":"2025-04-01T13:31:42","date_gmt":"2025-04-01T11:31:42","guid":{"rendered":"https:\/\/essenzediluce.com\/?post_type=work&#038;p=21470"},"modified":"2025-04-01T13:32:16","modified_gmt":"2025-04-01T11:32:16","slug":"private-villa-mogliano-veneto","status":"publish","type":"work","link":"https:\/\/essenzediluce.com\/fr\/realisation\/private-villa-mogliano-veneto\/","title":{"rendered":"Private Villa Mogliano Veneto"},"content":{"rendered":"<div class=\"wpb-content-wrapper\">[vc_row][vc_column][vc_empty_space][vc_column_text css=&#8221;&#8221;]\r\n<h2 style=\"text-align: center;\">Musique et convivialit\u00e9 en plein air sur une propri\u00e9t\u00e9 de campagne avec Menhir Essenze di Luce<\/h2>\r\nCe projet rappelle la valeur des espaces ext\u00e9rieurs \u00e0 une \u00e9poque o\u00f9 le d\u00e9sir de contact avec la nature et de partage est plus fort que jamais. De l&#8217;union de ces deux besoins est n\u00e9 un jardin o\u00f9 <strong>la musique et la lumi\u00e8re des Menhirs d&#8217;Essenze di Luce accueillent les invit\u00e9s avec style et sophistication<\/strong>.\r\n\r\n\u00c0 la recherche d&#8217;un <strong>mode de vie plus authentique<\/strong>, les propri\u00e9taires de cette long\u00e8re accueillante situ\u00e9e dans la campagne de Mogliano Veneto ont d\u00e9cid\u00e9 de laisser derri\u00e8re eux l&#8217;agitation de la vie urbaine pour embrasser la tranquillit\u00e9 d&#8217;une maison de campagne \u00e0 vivre pleinement, en transformant l&#8217;ext\u00e9rieur en un grand jardin bois\u00e9 avec une piscine et un espace de d\u00e9tente.\u00a0Un lieu id\u00e9al pour accueillir amis, coll\u00e8gues et famille pour des <strong>moments de convivialit\u00e9 en plein air<\/strong> o\u00f9 la diffusion sonore ne pouvait manquer.\r\n\r\nPour respecter l\u2019harmonie avec les couleurs de la b\u00e2tisse, quatre exemplaires de <a href=\"https:\/\/essenzediluce.com\/fr\/produits\/enceinte-exterieur-menhir-sound\/\" target=\"_blank\" rel=\"noopener\"><u>Menhir Sound<\/u><\/a> ont \u00e9t\u00e9 choisis dans la <strong>texture Italian Flowery Grey<\/strong>, un marbre italien caract\u00e9ris\u00e9 par des veines roses et rouge\u00e2tres, strat\u00e9giquement positionn\u00e9s pour <strong>garantir une \u00e9coute parfaite o\u00f9 que l&#8217;on se trouve dans le jardin<\/strong>.\r\n\r\nM\u00eame la vue jouit de la splendeur des <strong>lumi\u00e8res sc\u00e9niques gr\u00e2ce au syst\u00e8me d&#8217;\u00e9clairage \u00e0 LED int\u00e9gr\u00e9 aux haut-parleurs du jardin<\/strong> et aux autres exemplaires du <a href=\"https:\/\/essenzediluce.com\/fr\/produits\/eclairage-exterieur-menhir-di-luce\/\" target=\"_blank\" rel=\"noopener\"><u>Menhir di Luce<\/u><\/a>, plac\u00e9s \u00e0 l&#8217;entr\u00e9e de la propri\u00e9t\u00e9 et dans la zone bois\u00e9e, capables de <strong>cr\u00e9er l&#8217;atmosph\u00e8re parfaite pour les soir\u00e9es en plein air<\/strong>, en captivant les invit\u00e9s au premier coup d&#8217;\u0153il gr\u00e2ce \u00e0 leur naturel unique et tridimensionnel.[\/vc_column_text][\/vc_column][\/vc_row][vc_row][vc_column][vc_empty_space height=&#8221;20&#8243;][\/vc_column][\/vc_row][vc_row css=&#8221;.vc_custom_1667905575040{margin-bottom: 0px !important;}&#8221;][vc_column width=&#8221;1\/4&#8243;][vc_column_text css=&#8221;&#8221;]<strong>PROJET<\/strong>: <a href=\"https:\/\/www.vivaibulegato.com\/\" target=\"_blank\" rel=\"noopener\"><u>Vivai Bulegato Treviso<\/u><\/a>[\/vc_column_text][\/vc_column][vc_column width=&#8221;1\/4&#8243;][vc_column_text css=&#8221;&#8221;]<strong>PRODUITS<\/strong>: <a href=\"https:\/\/essenzediluce.com\/prodotti\/diffusore-per-esterno-menhir-sound\/\" target=\"_blank\" rel=\"noopener\"><u>Menhir Sound<\/u><\/a>, <a href=\"https:\/\/essenzediluce.com\/prodotti\/illuminazione-giardino-menhir-di-luce\/\" target=\"_blank\" rel=\"noopener\"><u>Menhir di Luce<\/u><\/a>[\/vc_column_text][\/vc_column][vc_column width=&#8221;1\/4&#8243;][vc_column_text]<b>TEXTURE<\/b>: <a href=\"https:\/\/essenzediluce.com\/texture\/\" target=\"_blank\" rel=\"noopener\"><u>Italian Flowery Grey<\/u><\/a>[\/vc_column_text][\/vc_column][vc_column width=&#8221;1\/4&#8243;][vc_column_text css=&#8221;&#8221;]<strong>CREDITS<\/strong>: <a href=\"https:\/\/fotograffia.eu\/\" target=\"_blank\" rel=\"noopener\"><u>Flavio Graffi Photographer<\/u><\/a>[\/vc_column_text][\/vc_column][\/vc_row][vc_row][vc_column][vc_empty_space height=&#8221;20&#8243;][\/vc_column][\/vc_row]<\/div>","protected":false},"excerpt":{"rendered":"<p>[vc_row][vc_column][vc_empty_space][vc_column_text css=&#8221;&#8221;] Musique et convivialit\u00e9 en plein air sur une propri\u00e9t\u00e9 de campagne avec Menhir Essenze di Luce Ce projet rappelle la valeur des espaces ext\u00e9rieurs \u00e0 une \u00e9poque o\u00f9 le d\u00e9sir de contact avec la nature et de partage&hellip;<\/p>\n<p> <a class=\"more-link\" href=\"https:\/\/essenzediluce.com\/fr\/realisation\/private-villa-mogliano-veneto\/\">Lire la suite<\/a><\/p>\n","protected":false},"featured_media":21270,"comment_status":"closed","ping_status":"closed","template":"","work_genre":[182],"class_list":{"0":"post-21470","1":"work","2":"type-work","3":"status-publish","4":"has-post-thumbnail","6":"work_genre-realisation"},"yoast_head":"<!-- This site is optimized with the Yoast SEO plugin v24.5 - https:\/\/yoast.com\/wordpress\/plugins\/seo\/ -->\n<title>Enceintes ext\u00e9rieures en marbre pour Private Villa Mogliano Veneto - Essenze di Luce<\/title>\n<meta name=\"description\" content=\"Enceintes ext\u00e9rieures en marbre italien pur pour un jardin exclusif dans une villa priv\u00e9e de la r\u00e9gion de Tr\u00e9vise. En savoir plus !\" \/>\n<meta name=\"robots\" content=\"index, follow, max-snippet:-1, max-image-preview:large, max-video-preview:-1\" \/>\n<link rel=\"canonical\" href=\"https:\/\/essenzediluce.com\/fr\/realisation\/private-villa-mogliano-veneto\/\" \/>\n<meta property=\"og:locale\" content=\"fr_FR\" \/>\n<meta property=\"og:type\" content=\"article\" \/>\n<meta property=\"og:title\" content=\"Enceintes ext\u00e9rieures en marbre pour Private Villa Mogliano Veneto - Essenze di Luce\" \/>\n<meta property=\"og:description\" content=\"Enceintes ext\u00e9rieures en marbre italien pur pour un jardin exclusif dans une villa priv\u00e9e de la r\u00e9gion de Tr\u00e9vise. En savoir plus !\" \/>\n<meta property=\"og:url\" content=\"https:\/\/essenzediluce.com\/fr\/realisation\/private-villa-mogliano-veneto\/\" \/>\n<meta property=\"og:site_name\" content=\"Essenze di Luce\" \/>\n<meta property=\"article:publisher\" content=\"https:\/\/www.facebook.com\/essenzediluce.italy\/\" \/>\n<meta property=\"article:modified_time\" content=\"2025-04-01T11:32:16+00:00\" \/>\n<meta property=\"og:image\" content=\"https:\/\/essenzediluce.com\/wp-content\/uploads\/2025\/02\/Altoparlanti-da-esterno-Essenze-di-Luce-Villa-Privata-Mogliano-Vto-COVER-IMG.jpg\" \/>\n\t<meta property=\"og:image:width\" content=\"1329\" \/>\n\t<meta property=\"og:image:height\" content=\"886\" \/>\n\t<meta property=\"og:image:type\" content=\"image\/jpeg\" \/>\n<meta name=\"twitter:card\" content=\"summary_large_image\" \/>\n<meta name=\"twitter:label1\" content=\"Dur\u00e9e de lecture estim\u00e9e\" \/>\n\t<meta name=\"twitter:data1\" content=\"2 minutes\" \/>\n<script type=\"application\/ld+json\" class=\"yoast-schema-graph\">{\"@context\":\"https:\/\/schema.org\",\"@graph\":[{\"@type\":\"WebPage\",\"@id\":\"https:\/\/essenzediluce.com\/fr\/realisation\/private-villa-mogliano-veneto\/\",\"url\":\"https:\/\/essenzediluce.com\/fr\/realisation\/private-villa-mogliano-veneto\/\",\"name\":\"Enceintes ext\u00e9rieures en marbre pour Private Villa Mogliano Veneto - Essenze di Luce\",\"isPartOf\":{\"@id\":\"https:\/\/essenzediluce.com\/#website\"},\"primaryImageOfPage\":{\"@id\":\"https:\/\/essenzediluce.com\/fr\/realisation\/private-villa-mogliano-veneto\/#primaryimage\"},\"image\":{\"@id\":\"https:\/\/essenzediluce.com\/fr\/realisation\/private-villa-mogliano-veneto\/#primaryimage\"},\"thumbnailUrl\":\"https:\/\/essenzediluce.com\/wp-content\/uploads\/2025\/02\/Altoparlanti-da-esterno-Essenze-di-Luce-Villa-Privata-Mogliano-Vto-COVER-IMG.jpg\",\"datePublished\":\"2025-04-01T11:31:42+00:00\",\"dateModified\":\"2025-04-01T11:32:16+00:00\",\"description\":\"Enceintes ext\u00e9rieures en marbre italien pur pour un jardin exclusif dans une villa priv\u00e9e de la r\u00e9gion de Tr\u00e9vise. En savoir plus !\",\"breadcrumb\":{\"@id\":\"https:\/\/essenzediluce.com\/fr\/realisation\/private-villa-mogliano-veneto\/#breadcrumb\"},\"inLanguage\":\"fr-FR\",\"potentialAction\":[{\"@type\":\"ReadAction\",\"target\":[\"https:\/\/essenzediluce.com\/fr\/realisation\/private-villa-mogliano-veneto\/\"]}]},{\"@type\":\"ImageObject\",\"inLanguage\":\"fr-FR\",\"@id\":\"https:\/\/essenzediluce.com\/fr\/realisation\/private-villa-mogliano-veneto\/#primaryimage\",\"url\":\"https:\/\/essenzediluce.com\/wp-content\/uploads\/2025\/02\/Altoparlanti-da-esterno-Essenze-di-Luce-Villa-Privata-Mogliano-Vto-COVER-IMG.jpg\",\"contentUrl\":\"https:\/\/essenzediluce.com\/wp-content\/uploads\/2025\/02\/Altoparlanti-da-esterno-Essenze-di-Luce-Villa-Privata-Mogliano-Vto-COVER-IMG.jpg\",\"width\":1329,\"height\":886,\"caption\":\"Altoparlanti da esterno\"},{\"@type\":\"BreadcrumbList\",\"@id\":\"https:\/\/essenzediluce.com\/fr\/realisation\/private-villa-mogliano-veneto\/#breadcrumb\",\"itemListElement\":[{\"@type\":\"ListItem\",\"position\":1,\"name\":\"Home\",\"item\":\"https:\/\/essenzediluce.com\/fr\/\"},{\"@type\":\"ListItem\",\"position\":2,\"name\":\"Private Villa Mogliano Veneto\"}]},{\"@type\":\"WebSite\",\"@id\":\"https:\/\/essenzediluce.com\/#website\",\"url\":\"https:\/\/essenzediluce.com\/\",\"name\":\"Essenze di Luce\",\"description\":\"\",\"publisher\":{\"@id\":\"https:\/\/essenzediluce.com\/#organization\"},\"potentialAction\":[{\"@type\":\"SearchAction\",\"target\":{\"@type\":\"EntryPoint\",\"urlTemplate\":\"https:\/\/essenzediluce.com\/?s={search_term_string}\"},\"query-input\":{\"@type\":\"PropertyValueSpecification\",\"valueRequired\":true,\"valueName\":\"search_term_string\"}}],\"inLanguage\":\"fr-FR\"},{\"@type\":\"Organization\",\"@id\":\"https:\/\/essenzediluce.com\/#organization\",\"name\":\"Essenze di Luce\",\"url\":\"https:\/\/essenzediluce.com\/\",\"logo\":{\"@type\":\"ImageObject\",\"inLanguage\":\"fr-FR\",\"@id\":\"https:\/\/essenzediluce.com\/#\/schema\/logo\/image\/\",\"url\":\"https:\/\/essenzediluce.com\/wp-content\/uploads\/2017\/03\/el.jpg\",\"contentUrl\":\"https:\/\/essenzediluce.com\/wp-content\/uploads\/2017\/03\/el.jpg\",\"width\":512,\"height\":512,\"caption\":\"Essenze di Luce\"},\"image\":{\"@id\":\"https:\/\/essenzediluce.com\/#\/schema\/logo\/image\/\"},\"sameAs\":[\"https:\/\/www.facebook.com\/essenzediluce.italy\/\",\"https:\/\/www.instagram.com\/essenzediluce\/\",\"https:\/\/www.youtube.com\/channel\/UCXKJKPfUYADaJMEm_9NAvrA\"]}]}<\/script>\n<!-- \/ Yoast SEO plugin. -->","yoast_head_json":{"title":"Enceintes ext\u00e9rieures en marbre pour Private Villa Mogliano Veneto - Essenze di Luce","description":"Enceintes ext\u00e9rieures en marbre italien pur pour un jardin exclusif dans une villa priv\u00e9e de la r\u00e9gion de Tr\u00e9vise. En savoir plus !","robots":{"index":"index","follow":"follow","max-snippet":"max-snippet:-1","max-image-preview":"max-image-preview:large","max-video-preview":"max-video-preview:-1"},"canonical":"https:\/\/essenzediluce.com\/fr\/realisation\/private-villa-mogliano-veneto\/","og_locale":"fr_FR","og_type":"article","og_title":"Enceintes ext\u00e9rieures en marbre pour Private Villa Mogliano Veneto - Essenze di Luce","og_description":"Enceintes ext\u00e9rieures en marbre italien pur pour un jardin exclusif dans une villa priv\u00e9e de la r\u00e9gion de Tr\u00e9vise. En savoir plus !","og_url":"https:\/\/essenzediluce.com\/fr\/realisation\/private-villa-mogliano-veneto\/","og_site_name":"Essenze di Luce","article_publisher":"https:\/\/www.facebook.com\/essenzediluce.italy\/","article_modified_time":"2025-04-01T11:32:16+00:00","og_image":[{"width":1329,"height":886,"url":"https:\/\/essenzediluce.com\/wp-content\/uploads\/2025\/02\/Altoparlanti-da-esterno-Essenze-di-Luce-Villa-Privata-Mogliano-Vto-COVER-IMG.jpg","type":"image\/jpeg"}],"twitter_card":"summary_large_image","twitter_misc":{"Dur\u00e9e de lecture estim\u00e9e":"2 minutes"},"schema":{"@context":"https:\/\/schema.org","@graph":[{"@type":"WebPage","@id":"https:\/\/essenzediluce.com\/fr\/realisation\/private-villa-mogliano-veneto\/","url":"https:\/\/essenzediluce.com\/fr\/realisation\/private-villa-mogliano-veneto\/","name":"Enceintes ext\u00e9rieures en marbre pour Private Villa Mogliano Veneto - Essenze di Luce","isPartOf":{"@id":"https:\/\/essenzediluce.com\/#website"},"primaryImageOfPage":{"@id":"https:\/\/essenzediluce.com\/fr\/realisation\/private-villa-mogliano-veneto\/#primaryimage"},"image":{"@id":"https:\/\/essenzediluce.com\/fr\/realisation\/private-villa-mogliano-veneto\/#primaryimage"},"thumbnailUrl":"https:\/\/essenzediluce.com\/wp-content\/uploads\/2025\/02\/Altoparlanti-da-esterno-Essenze-di-Luce-Villa-Privata-Mogliano-Vto-COVER-IMG.jpg","datePublished":"2025-04-01T11:31:42+00:00","dateModified":"2025-04-01T11:32:16+00:00","description":"Enceintes ext\u00e9rieures en marbre italien pur pour un jardin exclusif dans une villa priv\u00e9e de la r\u00e9gion de Tr\u00e9vise. En savoir plus !","breadcrumb":{"@id":"https:\/\/essenzediluce.com\/fr\/realisation\/private-villa-mogliano-veneto\/#breadcrumb"},"inLanguage":"fr-FR","potentialAction":[{"@type":"ReadAction","target":["https:\/\/essenzediluce.com\/fr\/realisation\/private-villa-mogliano-veneto\/"]}]},{"@type":"ImageObject","inLanguage":"fr-FR","@id":"https:\/\/essenzediluce.com\/fr\/realisation\/private-villa-mogliano-veneto\/#primaryimage","url":"https:\/\/essenzediluce.com\/wp-content\/uploads\/2025\/02\/Altoparlanti-da-esterno-Essenze-di-Luce-Villa-Privata-Mogliano-Vto-COVER-IMG.jpg","contentUrl":"https:\/\/essenzediluce.com\/wp-content\/uploads\/2025\/02\/Altoparlanti-da-esterno-Essenze-di-Luce-Villa-Privata-Mogliano-Vto-COVER-IMG.jpg","width":1329,"height":886,"caption":"Altoparlanti da esterno"},{"@type":"BreadcrumbList","@id":"https:\/\/essenzediluce.com\/fr\/realisation\/private-villa-mogliano-veneto\/#breadcrumb","itemListElement":[{"@type":"ListItem","position":1,"name":"Home","item":"https:\/\/essenzediluce.com\/fr\/"},{"@type":"ListItem","position":2,"name":"Private Villa Mogliano Veneto"}]},{"@type":"WebSite","@id":"https:\/\/essenzediluce.com\/#website","url":"https:\/\/essenzediluce.com\/","name":"Essenze di Luce","description":"","publisher":{"@id":"https:\/\/essenzediluce.com\/#organization"},"potentialAction":[{"@type":"SearchAction","target":{"@type":"EntryPoint","urlTemplate":"https:\/\/essenzediluce.com\/?s={search_term_string}"},"query-input":{"@type":"PropertyValueSpecification","valueRequired":true,"valueName":"search_term_string"}}],"inLanguage":"fr-FR"},{"@type":"Organization","@id":"https:\/\/essenzediluce.com\/#organization","name":"Essenze di Luce","url":"https:\/\/essenzediluce.com\/","logo":{"@type":"ImageObject","inLanguage":"fr-FR","@id":"https:\/\/essenzediluce.com\/#\/schema\/logo\/image\/","url":"https:\/\/essenzediluce.com\/wp-content\/uploads\/2017\/03\/el.jpg","contentUrl":"https:\/\/essenzediluce.com\/wp-content\/uploads\/2017\/03\/el.jpg","width":512,"height":512,"caption":"Essenze di Luce"},"image":{"@id":"https:\/\/essenzediluce.com\/#\/schema\/logo\/image\/"},"sameAs":["https:\/\/www.facebook.com\/essenzediluce.italy\/","https:\/\/www.instagram.com\/essenzediluce\/","https:\/\/www.youtube.com\/channel\/UCXKJKPfUYADaJMEm_9NAvrA"]}]}},"_links":{"self":[{"href":"https:\/\/essenzediluce.com\/fr\/wp-json\/wp\/v2\/work\/21470"}],"collection":[{"href":"https:\/\/essenzediluce.com\/fr\/wp-json\/wp\/v2\/work"}],"about":[{"href":"https:\/\/essenzediluce.com\/fr\/wp-json\/wp\/v2\/types\/work"}],"replies":[{"embeddable":true,"href":"https:\/\/essenzediluce.com\/fr\/wp-json\/wp\/v2\/comments?post=21470"}],"wp:featuredmedia":[{"embeddable":true,"href":"https:\/\/essenzediluce.com\/fr\/wp-json\/wp\/v2\/media\/21270"}],"wp:attachment":[{"href":"https:\/\/essenzediluce.com\/fr\/wp-json\/wp\/v2\/media?parent=21470"}],"wp:term":[{"taxonomy":"work_genre","embeddable":true,"href":"https:\/\/essenzediluce.com\/fr\/wp-json\/wp\/v2\/work_genre?post=21470"}],"curies":[{"name":"wp","href":"https:\/\/api.w.org\/{rel}","templated":true}]}}